{"id":2425,"date":"2022-07-12T12:15:49","date_gmt":"2022-07-12T10:15:49","guid":{"rendered":"https:\/\/chorkunst.de\/?page_id=2425"},"modified":"2026-08-31T14:32:57","modified_gmt":"2026-08-31T12:32:57","slug":"basis-kinderchor-chor-ii","status":"publish","type":"page","link":"https:\/\/chorkunst.de\/en\/kinderchoere\/basis-kinderchor-chor-ii\/","title":{"rendered":"Basis Kinderchor &#8211; Chor II"},"content":{"rendered":"<div data-elementor-type=\"wp-page\" data-elementor-id=\"2425\" class=\"elementor elementor-2425\" data-elementor-post-type=\"page\">\n\t\t\t\t\t\t<section class=\"elementor-section elementor-top-section elementor-element elementor-element-2fe4aa6 elementor-section-height-min-height elementor-section-boxed elementor-section-height-default elementor-section-items-middle\" data-id=\"2fe4aa6\" data-element_type=\"section\" data-e-type=\"section\" data-settings=\"{&quot;background_background&quot;:&quot;classic&quot;}\">\n\t\t\t\t\t\t\t<div class=\"elementor-background-overlay\"><\/div>\n\t\t\t\t\t\t\t<div class=\"elementor-container elementor-column-gap-default\">\n\t\t\t\t\t<div class=\"elementor-column elementor-col-100 elementor-top-column elementor-element elementor-element-7542cfc\" data-id=\"7542cfc\" data-element_type=\"column\" data-e-type=\"column\" data-settings=\"{&quot;background_background&quot;:&quot;classic&quot;}\">\n\t\t\t<div class=\"elementor-widget-wrap\">\n\t\t\t\t\t\t\t<\/div>\n\t\t<\/div>\n\t\t\t\t\t<\/div>\n\t\t<\/section>\n\t\t\t\t<section class=\"elementor-section elementor-top-section elementor-element elementor-element-827b691 elementor-section-boxed elementor-section-height-default elementor-section-height-default\" data-id=\"827b691\" data-element_type=\"section\" data-e-type=\"section\" data-settings=\"{&quot;background_background&quot;:&quot;classic&quot;}\">\n\t\t\t\t\t\t<div class=\"elementor-container elementor-column-gap-default\">\n\t\t\t\t\t<div class=\"elementor-column elementor-col-100 elementor-top-column elementor-element elementor-element-761153b\" data-id=\"761153b\" data-element_type=\"column\" data-e-type=\"column\" data-settings=\"{&quot;background_background&quot;:&quot;classic&quot;}\">\n\t\t\t<div class=\"elementor-widget-wrap elementor-element-populated\">\n\t\t\t\t\t\t<section class=\"elementor-section elementor-inner-section elementor-element elementor-element-321d938 elementor-section-boxed elementor-section-height-default elementor-section-height-default\" data-id=\"321d938\" data-element_type=\"section\" data-e-type=\"section\">\n\t\t\t\t\t\t<div class=\"elementor-container elementor-column-gap-default\">\n\t\t\t\t\t<div class=\"elementor-column elementor-col-100 elementor-inner-column elementor-element elementor-element-9f3cd3b\" data-id=\"9f3cd3b\" data-element_type=\"column\" data-e-type=\"column\">\n\t\t\t<div class=\"elementor-widget-wrap elementor-element-populated\">\n\t\t\t\t\t\t<div class=\"elementor-element elementor-element-2f5f4d0 elementor-widget elementor-widget-heading\" data-id=\"2f5f4d0\" data-element_type=\"widget\" data-e-type=\"widget\" data-widget_type=\"heading.default\">\n\t\t\t\t<div class=\"elementor-widget-container\">\n\t\t\t\t\t<h1 class=\"elementor-heading-title elementor-size-default\">Junior Children\u2019s Choir in Munich<\/h1>\t\t\t\t<\/div>\n\t\t\t\t<\/div>\n\t\t\t\t<div class=\"elementor-element elementor-element-338b670 elementor-widget elementor-widget-text-editor\" data-id=\"338b670\" data-element_type=\"widget\" data-e-type=\"widget\" data-widget_type=\"text-editor.default\">\n\t\t\t\t<div class=\"elementor-widget-container\">\n\t\t\t\t\t\t\t\t\t<p class=\"PDq2pG_selectionAnchorContainer\" data-start=\"529\" data-end=\"727\"><strong data-start=\"529\" data-end=\"727\">In the Junior Children\u2019s Choir of the Munich School of Choral Arts, children aged 6 to 9 develop their voices and musical skills through singing together.<\/strong><span class=\"PDq2pG_selectionAnchor\" aria-hidden=\"true\"><\/span><\/p><p data-start=\"732\" data-end=\"1021\">Building on their first musical experiences, the children learn to listen more consciously to their own voices and to the sound of the group. Ear training, rhythm, basic music notation, breathing and articulation are gradually integrated into the choir rehearsals.<\/p><p data-start=\"1026\" data-end=\"1169\">At the same time, the children gain their first experience performing in concerts and are musically prepared for their future work in the Concert Choir.<\/p>\t\t\t\t\t\t\t\t<\/div>\n\t\t\t\t<\/div>\n\t\t\t\t\t<\/div>\n\t\t<\/div>\n\t\t\t\t\t<\/div>\n\t\t<\/section>\n\t\t\t\t<div class=\"elementor-element elementor-element-e6c36bf elementor-mobile-align-center elementor-align-center elementor-widget elementor-widget-button\" data-id=\"e6c36bf\" data-element_type=\"widget\" data-e-type=\"widget\" data-widget_type=\"button.default\">\n\t\t\t\t<div class=\"elementor-widget-container\">\n\t\t\t\t\t\t\t\t\t<div class=\"elementor-button-wrapper\">\n\t\t\t\t\t<a class=\"elementor-button elementor-button-link elementor-size-sm\" href=\"\/en\/casting\/\">\n\t\t\t\t\t\t<span class=\"elementor-button-content-wrapper\">\n\t\t\t\t\t\t\t\t\t<span class=\"elementor-button-text\">Register for an Audition<\/span>\n\t\t\t\t\t<\/span>\n\t\t\t\t\t<\/a>\n\t\t\t\t<\/div>\n\t\t\t\t\t\t\t\t<\/div>\n\t\t\t\t<\/div>\n\t\t\t\t\t<\/div>\n\t\t<\/div>\n\t\t\t\t\t<\/div>\n\t\t<\/section>\n\t\t\t\t<section class=\"elementor-section elementor-top-section elementor-element elementor-element-318df9d elementor-section-boxed elementor-section-height-default elementor-section-height-default\" data-id=\"318df9d\" data-element_type=\"section\" data-e-type=\"section\">\n\t\t\t\t\t\t<div class=\"elementor-container elementor-column-gap-default\">\n\t\t\t\t\t<div class=\"elementor-column elementor-col-100 elementor-top-column elementor-element elementor-element-6b8a5c3\" data-id=\"6b8a5c3\" data-element_type=\"column\" data-e-type=\"column\" data-settings=\"{&quot;background_background&quot;:&quot;classic&quot;}\">\n\t\t\t<div class=\"elementor-widget-wrap elementor-element-populated\">\n\t\t\t\t\t\t<section class=\"elementor-section elementor-inner-section elementor-element elementor-element-1c740a8 elementor-section-boxed elementor-section-height-default elementor-section-height-default\" data-id=\"1c740a8\" data-element_type=\"section\" data-e-type=\"section\">\n\t\t\t\t\t\t<div class=\"elementor-container elementor-column-gap-default\">\n\t\t\t\t\t<div class=\"elementor-column elementor-col-33 elementor-inner-column elementor-element elementor-element-f3b7150\" data-id=\"f3b7150\" data-element_type=\"column\" data-e-type=\"column\" data-settings=\"{&quot;background_background&quot;:&quot;classic&quot;}\">\n\t\t\t<div class=\"elementor-widget-wrap elementor-element-populated\">\n\t\t\t\t\t\t<div class=\"elementor-element elementor-element-89bf656 elementor-widget elementor-widget-image\" data-id=\"89bf656\" data-element_type=\"widget\" data-e-type=\"widget\" data-widget_type=\"image.default\">\n\t\t\t\t<div class=\"elementor-widget-container\">\n\t\t\t\t\t\t\t\t\t\t\t\t\t\t\t<img fetchpriority=\"high\" decoding=\"async\" width=\"1200\" height=\"1200\" src=\"https:\/\/chorkunst.de\/wp-content\/uploads\/2022\/07\/Kultur-EV_Targeted-hearing-training.png\" class=\"attachment-full size-full wp-image-2543\" alt=\"Icon Ohr\" srcset=\"https:\/\/chorkunst.de\/wp-content\/uploads\/2022\/07\/Kultur-EV_Targeted-hearing-training.png 1200w, https:\/\/chorkunst.de\/wp-content\/uploads\/2022\/07\/Kultur-EV_Targeted-hearing-training-300x300.png 300w, https:\/\/chorkunst.de\/wp-content\/uploads\/2022\/07\/Kultur-EV_Targeted-hearing-training-1024x1024.png 1024w, https:\/\/chorkunst.de\/wp-content\/uploads\/2022\/07\/Kultur-EV_Targeted-hearing-training-150x150.png 150w, https:\/\/chorkunst.de\/wp-content\/uploads\/2022\/07\/Kultur-EV_Targeted-hearing-training-768x768.png 768w\" sizes=\"(max-width: 1200px) 100vw, 1200px\" \/>\t\t\t\t\t\t\t\t\t\t\t\t\t\t\t<\/div>\n\t\t\t\t<\/div>\n\t\t\t\t<div class=\"elementor-element elementor-element-3aacf8c elementor-widget elementor-widget-heading\" data-id=\"3aacf8c\" data-element_type=\"widget\" data-e-type=\"widget\" data-widget_type=\"heading.default\">\n\t\t\t\t<div class=\"elementor-widget-container\">\n\t\t\t\t\t<h3 class=\"elementor-heading-title elementor-size-default\">Ear Training and Musical Awareness<\/h3>\t\t\t\t<\/div>\n\t\t\t\t<\/div>\n\t\t\t\t<div class=\"elementor-element elementor-element-a31cf46 elementor-widget elementor-widget-text-editor\" data-id=\"a31cf46\" data-element_type=\"widget\" data-e-type=\"widget\" data-widget_type=\"text-editor.default\">\n\t\t\t\t<div class=\"elementor-widget-container\">\n\t\t\t\t\t\t\t\t\t<p><span>The children learn to recognise pitches and melodies more confidently and gradually develop their musical ear.<\/span><\/p>\t\t\t\t\t\t\t\t<\/div>\n\t\t\t\t<\/div>\n\t\t\t\t\t<\/div>\n\t\t<\/div>\n\t\t\t\t<div class=\"elementor-column elementor-col-33 elementor-inner-column elementor-element elementor-element-20998f7\" data-id=\"20998f7\" data-element_type=\"column\" data-e-type=\"column\" data-settings=\"{&quot;background_background&quot;:&quot;classic&quot;}\">\n\t\t\t<div class=\"elementor-widget-wrap elementor-element-populated\">\n\t\t\t\t\t\t<div class=\"elementor-element elementor-element-d14b928 elementor-widget elementor-widget-image\" data-id=\"d14b928\" data-element_type=\"widget\" data-e-type=\"widget\" data-widget_type=\"image.default\">\n\t\t\t\t<div class=\"elementor-widget-container\">\n\t\t\t\t\t\t\t\t\t\t\t\t\t\t\t<img decoding=\"async\" width=\"1200\" height=\"1200\" src=\"https:\/\/chorkunst.de\/wp-content\/uploads\/2022\/07\/Kultur-EV-singing.png\" class=\"attachment-full size-full wp-image-2545\" alt=\"Icon S\u00e4nger\" srcset=\"https:\/\/chorkunst.de\/wp-content\/uploads\/2022\/07\/Kultur-EV-singing.png 1200w, https:\/\/chorkunst.de\/wp-content\/uploads\/2022\/07\/Kultur-EV-singing-300x300.png 300w, https:\/\/chorkunst.de\/wp-content\/uploads\/2022\/07\/Kultur-EV-singing-1024x1024.png 1024w, https:\/\/chorkunst.de\/wp-content\/uploads\/2022\/07\/Kultur-EV-singing-150x150.png 150w, https:\/\/chorkunst.de\/wp-content\/uploads\/2022\/07\/Kultur-EV-singing-768x768.png 768w\" sizes=\"(max-width: 1200px) 100vw, 1200px\" \/>\t\t\t\t\t\t\t\t\t\t\t\t\t\t\t<\/div>\n\t\t\t\t<\/div>\n\t\t\t\t<div class=\"elementor-element elementor-element-4c68c25 elementor-widget elementor-widget-heading\" data-id=\"4c68c25\" data-element_type=\"widget\" data-e-type=\"widget\" data-widget_type=\"heading.default\">\n\t\t\t\t<div class=\"elementor-widget-container\">\n\t\t\t\t\t<h3 class=\"elementor-heading-title elementor-size-default\">Voice, Breathing and Articulation<\/h3>\t\t\t\t<\/div>\n\t\t\t\t<\/div>\n\t\t\t\t<div class=\"elementor-element elementor-element-48db248 elementor-widget elementor-widget-text-editor\" data-id=\"48db248\" data-element_type=\"widget\" data-e-type=\"widget\" data-widget_type=\"text-editor.default\">\n\t\t\t\t<div class=\"elementor-widget-container\">\n\t\t\t\t\t\t\t\t\t<p><span>Age-appropriate vocal training helps the children use their voices consciously and further develop their breathing, articulation and sound.<\/span><\/p>\t\t\t\t\t\t\t\t<\/div>\n\t\t\t\t<\/div>\n\t\t\t\t\t<\/div>\n\t\t<\/div>\n\t\t\t\t<div class=\"elementor-column elementor-col-33 elementor-inner-column elementor-element elementor-element-ab7cfb5\" data-id=\"ab7cfb5\" data-element_type=\"column\" data-e-type=\"column\" data-settings=\"{&quot;background_background&quot;:&quot;classic&quot;}\">\n\t\t\t<div class=\"elementor-widget-wrap elementor-element-populated\">\n\t\t\t\t\t\t<div class=\"elementor-element elementor-element-78373c0 elementor-widget elementor-widget-image\" data-id=\"78373c0\" data-element_type=\"widget\" data-e-type=\"widget\" data-widget_type=\"image.default\">\n\t\t\t\t<div class=\"elementor-widget-container\">\n\t\t\t\t\t\t\t\t\t\t\t\t\t\t\t<img decoding=\"async\" width=\"1200\" height=\"1200\" src=\"https:\/\/chorkunst.de\/wp-content\/uploads\/2022\/07\/Kultur-EV-concert.png\" class=\"attachment-full size-full wp-image-2546\" alt=\"Icon B\u00fchne\" srcset=\"https:\/\/chorkunst.de\/wp-content\/uploads\/2022\/07\/Kultur-EV-concert.png 1200w, https:\/\/chorkunst.de\/wp-content\/uploads\/2022\/07\/Kultur-EV-concert-300x300.png 300w, https:\/\/chorkunst.de\/wp-content\/uploads\/2022\/07\/Kultur-EV-concert-1024x1024.png 1024w, https:\/\/chorkunst.de\/wp-content\/uploads\/2022\/07\/Kultur-EV-concert-150x150.png 150w, https:\/\/chorkunst.de\/wp-content\/uploads\/2022\/07\/Kultur-EV-concert-768x768.png 768w\" sizes=\"(max-width: 1200px) 100vw, 1200px\" \/>\t\t\t\t\t\t\t\t\t\t\t\t\t\t\t<\/div>\n\t\t\t\t<\/div>\n\t\t\t\t<div class=\"elementor-element elementor-element-eb87234 elementor-widget elementor-widget-heading\" data-id=\"eb87234\" data-element_type=\"widget\" data-e-type=\"widget\" data-widget_type=\"heading.default\">\n\t\t\t\t<div class=\"elementor-widget-container\">\n\t\t\t\t\t<h3 class=\"elementor-heading-title elementor-size-default\">Singing Together and Concert Experience<\/h3>\t\t\t\t<\/div>\n\t\t\t\t<\/div>\n\t\t\t\t<div class=\"elementor-element elementor-element-c52b9b9 elementor-widget elementor-widget-text-editor\" data-id=\"c52b9b9\" data-element_type=\"widget\" data-e-type=\"widget\" data-widget_type=\"text-editor.default\">\n\t\t\t\t<div class=\"elementor-widget-container\">\n\t\t\t\t\t\t\t\t\t<p><span>In the choir, the children learn to listen to one another, make music together and gain their first experience performing on stage.<\/span><\/p>\t\t\t\t\t\t\t\t<\/div>\n\t\t\t\t<\/div>\n\t\t\t\t\t<\/div>\n\t\t<\/div>\n\t\t\t\t\t<\/div>\n\t\t<\/section>\n\t\t\t\t\t<\/div>\n\t\t<\/div>\n\t\t\t\t\t<\/div>\n\t\t<\/section>\n\t\t\t\t<section class=\"elementor-section elementor-top-section elementor-element elementor-element-abeeb39 elementor-section-boxed elementor-section-height-default elementor-section-height-default\" data-id=\"abeeb39\" data-element_type=\"section\" data-e-type=\"section\" data-settings=\"{&quot;background_background&quot;:&quot;classic&quot;}\">\n\t\t\t\t\t\t<div class=\"elementor-container elementor-column-gap-default\">\n\t\t\t\t\t<div class=\"elementor-column elementor-col-100 elementor-top-column elementor-element elementor-element-c83d1ad\" data-id=\"c83d1ad\" data-element_type=\"column\" data-e-type=\"column\" data-settings=\"{&quot;background_background&quot;:&quot;classic&quot;}\">\n\t\t\t<div class=\"elementor-widget-wrap elementor-element-populated\">\n\t\t\t\t\t\t<section class=\"elementor-section elementor-inner-section elementor-element elementor-element-f027d72 elementor-section-boxed elementor-section-height-default elementor-section-height-default\" data-id=\"f027d72\" data-element_type=\"section\" data-e-type=\"section\">\n\t\t\t\t\t\t<div class=\"elementor-container elementor-column-gap-default\">\n\t\t\t\t\t<div class=\"elementor-column elementor-col-100 elementor-inner-column elementor-element elementor-element-e626c9b\" data-id=\"e626c9b\" data-element_type=\"column\" data-e-type=\"column\">\n\t\t\t<div class=\"elementor-widget-wrap elementor-element-populated\">\n\t\t\t\t\t\t<div class=\"elementor-element elementor-element-ed4373f elementor-widget elementor-widget-heading\" data-id=\"ed4373f\" data-element_type=\"widget\" data-e-type=\"widget\" data-widget_type=\"heading.default\">\n\t\t\t\t<div class=\"elementor-widget-container\">\n\t\t\t\t\t<h3 class=\"elementor-heading-title elementor-size-default\">Musical Training in the Junior Children\u2019s Choir<\/h3>\t\t\t\t<\/div>\n\t\t\t\t<\/div>\n\t\t\t\t<div class=\"elementor-element elementor-element-a97edf4 elementor-widget elementor-widget-text-editor\" data-id=\"a97edf4\" data-element_type=\"widget\" data-e-type=\"widget\" data-widget_type=\"text-editor.default\">\n\t\t\t\t<div class=\"elementor-widget-container\">\n\t\t\t\t\t\t\t\t\t<p class=\"PDq2pG_selectionAnchorContainer\" data-start=\"2198\" data-end=\"2417\"><strong data-start=\"2198\" data-end=\"2417\">The Junior Children\u2019s Choir is the next stage after our Preparatory Choir. Children aged 6 to 9 deepen their previous musical experience and become increasingly confident in singing together.<\/strong><span class=\"PDq2pG_selectionAnchor\" aria-hidden=\"true\"><\/span><\/p><p data-start=\"2422\" data-end=\"2658\">An important part of the choir\u2019s work is developing musical awareness. The children learn to recognise melodies and rhythms confidently, read basic musical notation and respond to the conductor\u2019s gestures.<\/p><p data-start=\"2663\" data-end=\"2865\">At the same time, their voices are developed in an age-appropriate way. Breathing, articulation, intonation and a conscious approach to vocal sound are directly integrated into singing together.<\/p><p data-start=\"2870\" data-end=\"3065\">As they gain experience, the children learn to sing their own part with greater confidence within the group, listen to other voices and take responsibility for the overall choral sound.<\/p><p data-start=\"3070\" data-end=\"3337\">Alongside musical development, concentration, reliability and attentive listening to one another also play an important role. Concerts and shared projects give the children the opportunity to experience their musical work on stage and to grow together as a choir.<\/p><p data-start=\"3342\" data-end=\"3438\"><strong data-start=\"3342\" data-end=\"3438\">Rehearsals of the Junior Children\u2019s Choir take place on Mondays and Wednesdays from 5:00 to 6:30 p.m.<\/strong><\/p>\t\t\t\t\t\t\t\t<\/div>\n\t\t\t\t<\/div>\n\t\t\t\t\t<\/div>\n\t\t<\/div>\n\t\t\t\t\t<\/div>\n\t\t<\/section>\n\t\t\t\t\t<\/div>\n\t\t<\/div>\n\t\t\t\t\t<\/div>\n\t\t<\/section>\n\t\t\t\t<section class=\"elementor-section elementor-top-section elementor-element elementor-element-dfebd1c elementor-section-boxed elementor-section-height-default elementor-section-height-default\" data-id=\"dfebd1c\" data-element_type=\"section\" data-e-type=\"section\" data-settings=\"{&quot;background_background&quot;:&quot;classic&quot;}\">\n\t\t\t\t\t\t\t<div class=\"elementor-background-overlay\"><\/div>\n\t\t\t\t\t\t\t<div class=\"elementor-container elementor-column-gap-default\">\n\t\t\t\t\t<div class=\"elementor-column elementor-col-100 elementor-top-column elementor-element elementor-element-ab12062\" data-id=\"ab12062\" data-element_type=\"column\" data-e-type=\"column\" data-settings=\"{&quot;background_background&quot;:&quot;classic&quot;}\">\n\t\t\t<div class=\"elementor-widget-wrap elementor-element-populated\">\n\t\t\t\t\t\t<div class=\"elementor-element elementor-element-8136473 elementor-widget elementor-widget-menu-anchor\" data-id=\"8136473\" data-element_type=\"widget\" data-e-type=\"widget\" data-widget_type=\"menu-anchor.default\">\n\t\t\t\t<div class=\"elementor-widget-container\">\n\t\t\t\t\t\t\t<div class=\"elementor-menu-anchor\" id=\"zumcasting\"><\/div>\n\t\t\t\t\t\t<\/div>\n\t\t\t\t<\/div>\n\t\t\t\t<div class=\"elementor-element elementor-element-2e3cb6b elementor-widget elementor-widget-heading\" data-id=\"2e3cb6b\" data-element_type=\"widget\" data-e-type=\"widget\" data-widget_type=\"heading.default\">\n\t\t\t\t<div class=\"elementor-widget-container\">\n\t\t\t\t\t<h3 class=\"elementor-heading-title elementor-size-default\">Would your child like to sing in our Junior Children\u2019s Choir? Get to know our choir school at a free, no-obligation audition.<\/h3>\t\t\t\t<\/div>\n\t\t\t\t<\/div>\n\t\t\t\t<div class=\"elementor-element elementor-element-f9e18ef elementor-mobile-align-center elementor-align-center elementor-widget elementor-widget-button\" data-id=\"f9e18ef\" data-element_type=\"widget\" data-e-type=\"widget\" data-widget_type=\"button.default\">\n\t\t\t\t<div class=\"elementor-widget-container\">\n\t\t\t\t\t\t\t\t\t<div class=\"elementor-button-wrapper\">\n\t\t\t\t\t<a class=\"elementor-button elementor-button-link elementor-size-sm\" href=\"\/en\/casting\/\">\n\t\t\t\t\t\t<span class=\"elementor-button-content-wrapper\">\n\t\t\t\t\t\t\t\t\t<span class=\"elementor-button-text\">Register for an Audition<\/span>\n\t\t\t\t\t<\/span>\n\t\t\t\t\t<\/a>\n\t\t\t\t<\/div>\n\t\t\t\t\t\t\t\t<\/div>\n\t\t\t\t<\/div>\n\t\t\t\t\t<\/div>\n\t\t<\/div>\n\t\t\t\t\t<\/div>\n\t\t<\/section>\n\t\t\t\t<\/div>","protected":false},"excerpt":{"rendered":"<p>Basis-Kinderchor in M\u00fcnchen Im Basis-Kinderchor der Schule f\u00fcr Chorkunst M\u00fcnchen singen Kinder im Alter von 6 bis 9 Jahren, die ihre Stimme und ihre musikalischen F\u00e4higkeiten im gemeinsamen Singen weiterentwickeln m\u00f6chten. Aufbauend auf den ersten musikalischen Erfahrungen lernen die Kinder, bewusster auf ihre eigene Stimme und auf den Klang der Gruppe zu h\u00f6ren. Geh\u00f6rbildung, Rhythmus, [&hellip;]<\/p>","protected":false},"author":4,"featured_media":0,"parent":2421,"menu_order":0,"comment_status":"closed","ping_status":"closed","template":"","meta":{"footnotes":""},"class_list":["post-2425","page","type-page","status-publish","hentry"],"yoast_head":"<!-- This site is optimized with the Yoast SEO plugin v27.4 - https:\/\/yoast.com\/product\/yoast-seo-wordpress\/ -->\n<title>Basis-Kinderchor M\u00fcnchen | Kinder 6\u20139 Jahre<\/title>\n<meta name=\"description\" content=\"Basis-Kinderchor M\u00fcnchen f\u00fcr Kinder von 6 bis 9 Jahren: Stimme, Geh\u00f6r und musikalische F\u00e4higkeiten entwickeln und gemeinsam im Chor singen.\" \/>\n<meta name=\"robots\" content=\"index, follow, max-snippet:-1, max-image-preview:large, max-video-preview:-1\" \/>\n<link rel=\"canonical\" href=\"https:\/\/chorkunst.de\/en\/kinderchoere\/basis-kinderchor-chor-ii\/\" \/>\n<meta property=\"og:locale\" content=\"en_US\" \/>\n<meta property=\"og:type\" content=\"article\" \/>\n<meta property=\"og:title\" content=\"Basis-Kinderchor M\u00fcnchen | Kinder 6\u20139 Jahre\" \/>\n<meta property=\"og:description\" content=\"Basis-Kinderchor M\u00fcnchen f\u00fcr Kinder von 6 bis 9 Jahren: Stimme, Geh\u00f6r und musikalische F\u00e4higkeiten entwickeln und gemeinsam im Chor singen.\" \/>\n<meta property=\"og:url\" content=\"https:\/\/chorkunst.de\/en\/kinderchoere\/basis-kinderchor-chor-ii\/\" \/>\n<meta property=\"og:site_name\" content=\"Schule f\u00fcr Chorkunst M\u00fcnchen\" \/>\n<meta property=\"article:modified_time\" content=\"2026-08-31T12:32:57+00:00\" \/>\n<meta property=\"og:image\" content=\"https:\/\/chorkunst.de\/wp-content\/uploads\/2022\/07\/Kultur-EV_Targeted-hearing-training.png\" \/>\n<meta name=\"twitter:card\" content=\"summary_large_image\" \/>\n<meta name=\"twitter:label1\" content=\"Est. reading time\" \/>\n\t<meta name=\"twitter:data1\" content=\"3 minutes\" \/>\n<script type=\"application\/ld+json\" class=\"yoast-schema-graph\">{\"@context\":\"https:\\\/\\\/schema.org\",\"@graph\":[{\"@type\":\"WebPage\",\"@id\":\"https:\\\/\\\/chorkunst.de\\\/kinderchoere\\\/basis-kinderchor-chor-ii\\\/\",\"url\":\"https:\\\/\\\/chorkunst.de\\\/kinderchoere\\\/basis-kinderchor-chor-ii\\\/\",\"name\":\"Basis-Kinderchor M\u00fcnchen | Kinder 6\u20139 Jahre\",\"isPartOf\":{\"@id\":\"https:\\\/\\\/chorkunst.de\\\/#website\"},\"primaryImageOfPage\":{\"@id\":\"https:\\\/\\\/chorkunst.de\\\/kinderchoere\\\/basis-kinderchor-chor-ii\\\/#primaryimage\"},\"image\":{\"@id\":\"https:\\\/\\\/chorkunst.de\\\/kinderchoere\\\/basis-kinderchor-chor-ii\\\/#primaryimage\"},\"thumbnailUrl\":\"https:\\\/\\\/chorkunst.de\\\/wp-content\\\/uploads\\\/2022\\\/07\\\/Kultur-EV_Targeted-hearing-training.png\",\"datePublished\":\"2022-07-12T10:15:49+00:00\",\"dateModified\":\"2026-08-31T12:32:57+00:00\",\"description\":\"Basis-Kinderchor M\u00fcnchen f\u00fcr Kinder von 6 bis 9 Jahren: Stimme, Geh\u00f6r und musikalische F\u00e4higkeiten entwickeln und gemeinsam im Chor singen.\",\"breadcrumb\":{\"@id\":\"https:\\\/\\\/chorkunst.de\\\/kinderchoere\\\/basis-kinderchor-chor-ii\\\/#breadcrumb\"},\"inLanguage\":\"en-US\",\"potentialAction\":[{\"@type\":\"ReadAction\",\"target\":[\"https:\\\/\\\/chorkunst.de\\\/kinderchoere\\\/basis-kinderchor-chor-ii\\\/\"]}]},{\"@type\":\"ImageObject\",\"inLanguage\":\"en-US\",\"@id\":\"https:\\\/\\\/chorkunst.de\\\/kinderchoere\\\/basis-kinderchor-chor-ii\\\/#primaryimage\",\"url\":\"https:\\\/\\\/chorkunst.de\\\/wp-content\\\/uploads\\\/2022\\\/07\\\/Kultur-EV_Targeted-hearing-training.png\",\"contentUrl\":\"https:\\\/\\\/chorkunst.de\\\/wp-content\\\/uploads\\\/2022\\\/07\\\/Kultur-EV_Targeted-hearing-training.png\"},{\"@type\":\"BreadcrumbList\",\"@id\":\"https:\\\/\\\/chorkunst.de\\\/kinderchoere\\\/basis-kinderchor-chor-ii\\\/#breadcrumb\",\"itemListElement\":[{\"@type\":\"ListItem\",\"position\":1,\"name\":\"Startseite\",\"item\":\"https:\\\/\\\/chorkunst.de\\\/\"},{\"@type\":\"ListItem\",\"position\":2,\"name\":\"Kinderch\u00f6re\",\"item\":\"https:\\\/\\\/chorkunst.de\\\/kinderchoere\\\/\"},{\"@type\":\"ListItem\",\"position\":3,\"name\":\"Basis Kinderchor &#8211; Chor II\"}]},{\"@type\":\"WebSite\",\"@id\":\"https:\\\/\\\/chorkunst.de\\\/#website\",\"url\":\"https:\\\/\\\/chorkunst.de\\\/\",\"name\":\"Schule f\u00fcr Chorkunst M\u00fcnchen\",\"description\":\"\",\"publisher\":{\"@id\":\"https:\\\/\\\/chorkunst.de\\\/#organization\"},\"potentialAction\":[{\"@type\":\"SearchAction\",\"target\":{\"@type\":\"EntryPoint\",\"urlTemplate\":\"https:\\\/\\\/chorkunst.de\\\/?s={search_term_string}\"},\"query-input\":{\"@type\":\"PropertyValueSpecification\",\"valueRequired\":true,\"valueName\":\"search_term_string\"}}],\"inLanguage\":\"en-US\"},{\"@type\":\"Organization\",\"@id\":\"https:\\\/\\\/chorkunst.de\\\/#organization\",\"name\":\"Schule f\u00fcr Chorkunst M\u00fcnchen\",\"url\":\"https:\\\/\\\/chorkunst.de\\\/\",\"logo\":{\"@type\":\"ImageObject\",\"inLanguage\":\"en-US\",\"@id\":\"https:\\\/\\\/chorkunst.de\\\/#\\\/schema\\\/logo\\\/image\\\/\",\"url\":\"https:\\\/\\\/chorkunst.de\\\/wp-content\\\/uploads\\\/2022\\\/07\\\/BlauKopie.jpg\",\"contentUrl\":\"https:\\\/\\\/chorkunst.de\\\/wp-content\\\/uploads\\\/2022\\\/07\\\/BlauKopie.jpg\",\"width\":350,\"height\":350,\"caption\":\"Schule f\u00fcr Chorkunst M\u00fcnchen\"},\"image\":{\"@id\":\"https:\\\/\\\/chorkunst.de\\\/#\\\/schema\\\/logo\\\/image\\\/\"}}]}<\/script>\n<!-- \/ Yoast SEO plugin. -->","yoast_head_json":{"title":"Basis-Kinderchor M\u00fcnchen | Kinder 6\u20139 Jahre","description":"Basis-Kinderchor M\u00fcnchen f\u00fcr Kinder von 6 bis 9 Jahren: Stimme, Geh\u00f6r und musikalische F\u00e4higkeiten entwickeln und gemeinsam im Chor singen.","robots":{"index":"index","follow":"follow","max-snippet":"max-snippet:-1","max-image-preview":"max-image-preview:large","max-video-preview":"max-video-preview:-1"},"canonical":"https:\/\/chorkunst.de\/en\/kinderchoere\/basis-kinderchor-chor-ii\/","og_locale":"en_US","og_type":"article","og_title":"Basis-Kinderchor M\u00fcnchen | Kinder 6\u20139 Jahre","og_description":"Basis-Kinderchor M\u00fcnchen f\u00fcr Kinder von 6 bis 9 Jahren: Stimme, Geh\u00f6r und musikalische F\u00e4higkeiten entwickeln und gemeinsam im Chor singen.","og_url":"https:\/\/chorkunst.de\/en\/kinderchoere\/basis-kinderchor-chor-ii\/","og_site_name":"Schule f\u00fcr Chorkunst M\u00fcnchen","article_modified_time":"2026-08-31T12:32:57+00:00","og_image":[{"url":"https:\/\/chorkunst.de\/wp-content\/uploads\/2022\/07\/Kultur-EV_Targeted-hearing-training.png","type":"","width":"","height":""}],"twitter_card":"summary_large_image","twitter_misc":{"Est. reading time":"3 minutes"},"schema":{"@context":"https:\/\/schema.org","@graph":[{"@type":"WebPage","@id":"https:\/\/chorkunst.de\/kinderchoere\/basis-kinderchor-chor-ii\/","url":"https:\/\/chorkunst.de\/kinderchoere\/basis-kinderchor-chor-ii\/","name":"Basis-Kinderchor M\u00fcnchen | Kinder 6\u20139 Jahre","isPartOf":{"@id":"https:\/\/chorkunst.de\/#website"},"primaryImageOfPage":{"@id":"https:\/\/chorkunst.de\/kinderchoere\/basis-kinderchor-chor-ii\/#primaryimage"},"image":{"@id":"https:\/\/chorkunst.de\/kinderchoere\/basis-kinderchor-chor-ii\/#primaryimage"},"thumbnailUrl":"https:\/\/chorkunst.de\/wp-content\/uploads\/2022\/07\/Kultur-EV_Targeted-hearing-training.png","datePublished":"2022-07-12T10:15:49+00:00","dateModified":"2026-08-31T12:32:57+00:00","description":"Basis-Kinderchor M\u00fcnchen f\u00fcr Kinder von 6 bis 9 Jahren: Stimme, Geh\u00f6r und musikalische F\u00e4higkeiten entwickeln und gemeinsam im Chor singen.","breadcrumb":{"@id":"https:\/\/chorkunst.de\/kinderchoere\/basis-kinderchor-chor-ii\/#breadcrumb"},"inLanguage":"en-US","potentialAction":[{"@type":"ReadAction","target":["https:\/\/chorkunst.de\/kinderchoere\/basis-kinderchor-chor-ii\/"]}]},{"@type":"ImageObject","inLanguage":"en-US","@id":"https:\/\/chorkunst.de\/kinderchoere\/basis-kinderchor-chor-ii\/#primaryimage","url":"https:\/\/chorkunst.de\/wp-content\/uploads\/2022\/07\/Kultur-EV_Targeted-hearing-training.png","contentUrl":"https:\/\/chorkunst.de\/wp-content\/uploads\/2022\/07\/Kultur-EV_Targeted-hearing-training.png"},{"@type":"BreadcrumbList","@id":"https:\/\/chorkunst.de\/kinderchoere\/basis-kinderchor-chor-ii\/#breadcrumb","itemListElement":[{"@type":"ListItem","position":1,"name":"Startseite","item":"https:\/\/chorkunst.de\/"},{"@type":"ListItem","position":2,"name":"Kinderch\u00f6re","item":"https:\/\/chorkunst.de\/kinderchoere\/"},{"@type":"ListItem","position":3,"name":"Basis Kinderchor &#8211; Chor II"}]},{"@type":"WebSite","@id":"https:\/\/chorkunst.de\/#website","url":"https:\/\/chorkunst.de\/","name":"Schule f\u00fcr Chorkunst M\u00fcnchen","description":"","publisher":{"@id":"https:\/\/chorkunst.de\/#organization"},"potentialAction":[{"@type":"SearchAction","target":{"@type":"EntryPoint","urlTemplate":"https:\/\/chorkunst.de\/?s={search_term_string}"},"query-input":{"@type":"PropertyValueSpecification","valueRequired":true,"valueName":"search_term_string"}}],"inLanguage":"en-US"},{"@type":"Organization","@id":"https:\/\/chorkunst.de\/#organization","name":"Schule f\u00fcr Chorkunst M\u00fcnchen","url":"https:\/\/chorkunst.de\/","logo":{"@type":"ImageObject","inLanguage":"en-US","@id":"https:\/\/chorkunst.de\/#\/schema\/logo\/image\/","url":"https:\/\/chorkunst.de\/wp-content\/uploads\/2022\/07\/BlauKopie.jpg","contentUrl":"https:\/\/chorkunst.de\/wp-content\/uploads\/2022\/07\/BlauKopie.jpg","width":350,"height":350,"caption":"Schule f\u00fcr Chorkunst M\u00fcnchen"},"image":{"@id":"https:\/\/chorkunst.de\/#\/schema\/logo\/image\/"}}]}},"_links":{"self":[{"href":"https:\/\/chorkunst.de\/en\/wp-json\/wp\/v2\/pages\/2425","targetHints":{"allow":["GET"]}}],"collection":[{"href":"https:\/\/chorkunst.de\/en\/wp-json\/wp\/v2\/pages"}],"about":[{"href":"https:\/\/chorkunst.de\/en\/wp-json\/wp\/v2\/types\/page"}],"author":[{"embeddable":true,"href":"https:\/\/chorkunst.de\/en\/wp-json\/wp\/v2\/users\/4"}],"replies":[{"embeddable":true,"href":"https:\/\/chorkunst.de\/en\/wp-json\/wp\/v2\/comments?post=2425"}],"version-history":[{"count":30,"href":"https:\/\/chorkunst.de\/en\/wp-json\/wp\/v2\/pages\/2425\/revisions"}],"predecessor-version":[{"id":3228,"href":"https:\/\/chorkunst.de\/en\/wp-json\/wp\/v2\/pages\/2425\/revisions\/3228"}],"up":[{"embeddable":true,"href":"https:\/\/chorkunst.de\/en\/wp-json\/wp\/v2\/pages\/2421"}],"wp:attachment":[{"href":"https:\/\/chorkunst.de\/en\/wp-json\/wp\/v2\/media?parent=2425"}],"curies":[{"name":"wp","href":"https:\/\/api.w.org\/{rel}","templated":true}]}}