{"id":2426,"date":"2022-07-12T12:17:32","date_gmt":"2022-07-12T10:17:32","guid":{"rendered":"https:\/\/chorkunst.de\/?page_id=2426"},"modified":"2026-08-29T15:55:01","modified_gmt":"2026-08-29T13:55:01","slug":"voices-of-munich","status":"publish","type":"page","link":"https:\/\/chorkunst.de\/en\/kinderchoere\/voices-of-munich\/","title":{"rendered":"Voices of Munich"},"content":{"rendered":"<div data-elementor-type=\"wp-page\" data-elementor-id=\"2426\" class=\"elementor elementor-2426\" data-elementor-post-type=\"page\">\n\t\t\t\t\t\t<section class=\"elementor-section elementor-top-section elementor-element elementor-element-6e84c18 elementor-section-height-min-height elementor-section-full_width elementor-section-height-default elementor-section-items-middle\" data-id=\"6e84c18\" data-element_type=\"section\" data-e-type=\"section\" data-settings=\"{&quot;background_background&quot;:&quot;classic&quot;}\">\n\t\t\t\t\t\t\t<div class=\"elementor-background-overlay\"><\/div>\n\t\t\t\t\t\t\t<div class=\"elementor-container elementor-column-gap-default\">\n\t\t\t\t\t<div class=\"elementor-column elementor-col-100 elementor-top-column elementor-element elementor-element-d9048ae\" data-id=\"d9048ae\" data-element_type=\"column\" data-e-type=\"column\" data-settings=\"{&quot;background_background&quot;:&quot;classic&quot;}\">\n\t\t\t<div class=\"elementor-widget-wrap\">\n\t\t\t\t\t\t\t<\/div>\n\t\t<\/div>\n\t\t\t\t\t<\/div>\n\t\t<\/section>\n\t\t\t\t<section class=\"elementor-section elementor-top-section elementor-element elementor-element-1a489bb elementor-section-boxed elementor-section-height-default elementor-section-height-default\" data-id=\"1a489bb\" data-element_type=\"section\" data-e-type=\"section\" data-settings=\"{&quot;background_background&quot;:&quot;classic&quot;}\">\n\t\t\t\t\t\t<div class=\"elementor-container elementor-column-gap-default\">\n\t\t\t\t\t<div class=\"elementor-column elementor-col-100 elementor-top-column elementor-element elementor-element-92ee0c2\" data-id=\"92ee0c2\" data-element_type=\"column\" data-e-type=\"column\" data-settings=\"{&quot;background_background&quot;:&quot;classic&quot;}\">\n\t\t\t<div class=\"elementor-widget-wrap elementor-element-populated\">\n\t\t\t\t\t\t<section class=\"elementor-section elementor-inner-section elementor-element elementor-element-8489f21 elementor-section-boxed elementor-section-height-default elementor-section-height-default\" data-id=\"8489f21\" data-element_type=\"section\" data-e-type=\"section\">\n\t\t\t\t\t\t<div class=\"elementor-container elementor-column-gap-default\">\n\t\t\t\t\t<div class=\"elementor-column elementor-col-100 elementor-inner-column elementor-element elementor-element-607adce\" data-id=\"607adce\" data-element_type=\"column\" data-e-type=\"column\">\n\t\t\t<div class=\"elementor-widget-wrap elementor-element-populated\">\n\t\t\t\t\t\t<div class=\"elementor-element elementor-element-c38f2a4 elementor-widget elementor-widget-heading\" data-id=\"c38f2a4\" data-element_type=\"widget\" data-e-type=\"widget\" data-widget_type=\"heading.default\">\n\t\t\t\t<div class=\"elementor-widget-container\">\n\t\t\t\t\t<h1 class=\"elementor-heading-title elementor-size-default\">Children\u2019s and Youth Choir \u201cVoices of Munich\u201d<\/h1>\t\t\t\t<\/div>\n\t\t\t\t<\/div>\n\t\t\t\t<div class=\"elementor-element elementor-element-20edc70 elementor-widget elementor-widget-text-editor\" data-id=\"20edc70\" data-element_type=\"widget\" data-e-type=\"widget\" data-widget_type=\"text-editor.default\">\n\t\t\t\t<div class=\"elementor-widget-container\">\n\t\t\t\t\t\t\t\t\t<p class=\"PDq2pG_selectionAnchorContainer\" data-start=\"122\" data-end=\"376\"><strong data-start=\"122\" data-end=\"209\">\u201cVoices of Munich\u201d is the children\u2019s and youth choir of the Munich School of Choral Arts.<\/strong> Children and young people from the age of 9 receive advanced musical training through regular choir rehearsals and vocal training.<span class=\"PDq2pG_selectionAnchor\" aria-hidden=\"true\"><\/span><\/p><p data-start=\"378\" data-end=\"625\">The focus is on developing a unified choral sound, vocal flexibility, musical independence and working on a diverse repertoire \u2013 from classical and sacred choral music to contemporary works.<\/p><p data-start=\"627\" data-end=\"987\">As the school\u2019s concert choir, the singers gain extensive stage experience through concerts, festivals, competitions, concert tours and professional productions. The choir also collaborates with renowned cultural institutions. International concert tours have taken \u201cVoices of Munich\u201d to Greece in 2024 and China in 2026.<\/p><p data-start=\"989\" data-end=\"1437\"><strong data-start=\"989\" data-end=\"1091\">Voices of Munich has received numerous awards at national and international choral competitions:<\/strong> in 2023, the choir won 3rd prize at the German Choir Competition; in 2024, it received two Gold Diplomas at the international Vox Lucensis Choir Competition in Lucca; and in 2025, it won two Gold Medals at the European Choir Games &amp; Grand Prix of Nations in Aarhus (Denmark). In 2026, the choir added another Gold Medal in the Champions Competition at the World Choir Games in Helsingborg (Sweden).<\/p><p data-start=\"1439\" data-end=\"1579\"><strong>Alongside its high musical standards, the ensemble is shaped by a strong sense of community, reliability and the joy of making music together.<\/strong><\/p>\t\t\t\t\t\t\t\t<\/div>\n\t\t\t\t<\/div>\n\t\t\t\t\t<\/div>\n\t\t<\/div>\n\t\t\t\t\t<\/div>\n\t\t<\/section>\n\t\t\t\t<div class=\"elementor-element elementor-element-868c8ec elementor-mobile-align-center elementor-align-center elementor-widget elementor-widget-button\" data-id=\"868c8ec\" data-element_type=\"widget\" data-e-type=\"widget\" data-widget_type=\"button.default\">\n\t\t\t\t<div class=\"elementor-widget-container\">\n\t\t\t\t\t\t\t\t\t<div class=\"elementor-button-wrapper\">\n\t\t\t\t\t<a class=\"elementor-button elementor-button-link elementor-size-sm\" href=\"\/en\/casting\/\">\n\t\t\t\t\t\t<span class=\"elementor-button-content-wrapper\">\n\t\t\t\t\t\t\t\t\t<span class=\"elementor-button-text\">Register for an Audition<\/span>\n\t\t\t\t\t<\/span>\n\t\t\t\t\t<\/a>\n\t\t\t\t<\/div>\n\t\t\t\t\t\t\t\t<\/div>\n\t\t\t\t<\/div>\n\t\t\t\t\t<\/div>\n\t\t<\/div>\n\t\t\t\t\t<\/div>\n\t\t<\/section>\n\t\t\t\t<section class=\"elementor-section elementor-top-section elementor-element elementor-element-ffa6fe6 elementor-section-boxed elementor-section-height-default elementor-section-height-default\" data-id=\"ffa6fe6\" data-element_type=\"section\" data-e-type=\"section\">\n\t\t\t\t\t\t<div class=\"elementor-container elementor-column-gap-default\">\n\t\t\t\t\t<div class=\"elementor-column elementor-col-100 elementor-top-column elementor-element elementor-element-b1101c2\" data-id=\"b1101c2\" data-element_type=\"column\" data-e-type=\"column\" data-settings=\"{&quot;background_background&quot;:&quot;classic&quot;}\">\n\t\t\t<div class=\"elementor-widget-wrap elementor-element-populated\">\n\t\t\t\t\t\t<section class=\"elementor-section elementor-inner-section elementor-element elementor-element-6c4f2e4 elementor-section-boxed elementor-section-height-default elementor-section-height-default\" data-id=\"6c4f2e4\" data-element_type=\"section\" data-e-type=\"section\">\n\t\t\t\t\t\t<div class=\"elementor-container elementor-column-gap-default\">\n\t\t\t\t\t<div class=\"elementor-column elementor-col-33 elementor-inner-column elementor-element elementor-element-f4739e5\" data-id=\"f4739e5\" data-element_type=\"column\" data-e-type=\"column\" data-settings=\"{&quot;background_background&quot;:&quot;classic&quot;}\">\n\t\t\t<div class=\"elementor-widget-wrap elementor-element-populated\">\n\t\t\t\t\t\t<div class=\"elementor-element elementor-element-0072eb3 elementor-widget elementor-widget-image\" data-id=\"0072eb3\" data-element_type=\"widget\" data-e-type=\"widget\" data-widget_type=\"image.default\">\n\t\t\t\t<div class=\"elementor-widget-container\">\n\t\t\t\t\t\t\t\t\t\t\t\t\t\t\t<img fetchpriority=\"high\" decoding=\"async\" width=\"1200\" height=\"1200\" src=\"https:\/\/chorkunst.de\/wp-content\/uploads\/2022\/07\/Kultur-EV-voice.png\" class=\"attachment-full size-full wp-image-2552\" alt=\"Icon Person\" srcset=\"https:\/\/chorkunst.de\/wp-content\/uploads\/2022\/07\/Kultur-EV-voice.png 1200w, https:\/\/chorkunst.de\/wp-content\/uploads\/2022\/07\/Kultur-EV-voice-300x300.png 300w, https:\/\/chorkunst.de\/wp-content\/uploads\/2022\/07\/Kultur-EV-voice-1024x1024.png 1024w, https:\/\/chorkunst.de\/wp-content\/uploads\/2022\/07\/Kultur-EV-voice-150x150.png 150w, https:\/\/chorkunst.de\/wp-content\/uploads\/2022\/07\/Kultur-EV-voice-768x768.png 768w\" sizes=\"(max-width: 1200px) 100vw, 1200px\" \/>\t\t\t\t\t\t\t\t\t\t\t\t\t\t\t<\/div>\n\t\t\t\t<\/div>\n\t\t\t\t<div class=\"elementor-element elementor-element-7f005f1 elementor-widget elementor-widget-heading\" data-id=\"7f005f1\" data-element_type=\"widget\" data-e-type=\"widget\" data-widget_type=\"heading.default\">\n\t\t\t\t<div class=\"elementor-widget-container\">\n\t\t\t\t\t<h3 class=\"elementor-heading-title elementor-size-default\">Voice and Musical Expression<\/h3>\t\t\t\t<\/div>\n\t\t\t\t<\/div>\n\t\t\t\t<div class=\"elementor-element elementor-element-f570671 elementor-widget elementor-widget-text-editor\" data-id=\"f570671\" data-element_type=\"widget\" data-e-type=\"widget\" data-widget_type=\"text-editor.default\">\n\t\t\t\t<div class=\"elementor-widget-container\">\n\t\t\t\t\t\t\t\t\t<p><span>Children and young people continue to develop their voices, expand their vocal abilities and learn to consciously shape sound, expression and articulation.<\/span><\/p>\t\t\t\t\t\t\t\t<\/div>\n\t\t\t\t<\/div>\n\t\t\t\t\t<\/div>\n\t\t<\/div>\n\t\t\t\t<div class=\"elementor-column elementor-col-33 elementor-inner-column elementor-element elementor-element-e41fccd\" data-id=\"e41fccd\" data-element_type=\"column\" data-e-type=\"column\" data-settings=\"{&quot;background_background&quot;:&quot;classic&quot;}\">\n\t\t\t<div class=\"elementor-widget-wrap elementor-element-populated\">\n\t\t\t\t\t\t<div class=\"elementor-element elementor-element-19eb561 elementor-widget elementor-widget-image\" data-id=\"19eb561\" data-element_type=\"widget\" data-e-type=\"widget\" data-widget_type=\"image.default\">\n\t\t\t\t<div class=\"elementor-widget-container\">\n\t\t\t\t\t\t\t\t\t\t\t\t\t\t\t<img decoding=\"async\" width=\"1200\" height=\"1200\" src=\"https:\/\/chorkunst.de\/wp-content\/uploads\/2022\/07\/Kultur-EV-concerts.png\" class=\"attachment-full size-full wp-image-2553\" alt=\"Icon B\u00fchne\" srcset=\"https:\/\/chorkunst.de\/wp-content\/uploads\/2022\/07\/Kultur-EV-concerts.png 1200w, https:\/\/chorkunst.de\/wp-content\/uploads\/2022\/07\/Kultur-EV-concerts-300x300.png 300w, https:\/\/chorkunst.de\/wp-content\/uploads\/2022\/07\/Kultur-EV-concerts-1024x1024.png 1024w, https:\/\/chorkunst.de\/wp-content\/uploads\/2022\/07\/Kultur-EV-concerts-150x150.png 150w, https:\/\/chorkunst.de\/wp-content\/uploads\/2022\/07\/Kultur-EV-concerts-768x768.png 768w\" sizes=\"(max-width: 1200px) 100vw, 1200px\" \/>\t\t\t\t\t\t\t\t\t\t\t\t\t\t\t<\/div>\n\t\t\t\t<\/div>\n\t\t\t\t<div class=\"elementor-element elementor-element-f99c060 elementor-widget elementor-widget-heading\" data-id=\"f99c060\" data-element_type=\"widget\" data-e-type=\"widget\" data-widget_type=\"heading.default\">\n\t\t\t\t<div class=\"elementor-widget-container\">\n\t\t\t\t\t<h3 class=\"elementor-heading-title elementor-size-default\">Concerts, Competitions and International Projects<\/h3>\t\t\t\t<\/div>\n\t\t\t\t<\/div>\n\t\t\t\t<div class=\"elementor-element elementor-element-bc0cf0b elementor-widget elementor-widget-text-editor\" data-id=\"bc0cf0b\" data-element_type=\"widget\" data-e-type=\"widget\" data-widget_type=\"text-editor.default\">\n\t\t\t\t<div class=\"elementor-widget-container\">\n\t\t\t\t\t\t\t\t\t<p><span>Regular performances, competitions, festivals and concert tours give the singers the opportunity to gain stage experience and make music together at a high level.<\/span><\/p>\t\t\t\t\t\t\t\t<\/div>\n\t\t\t\t<\/div>\n\t\t\t\t\t<\/div>\n\t\t<\/div>\n\t\t\t\t<div class=\"elementor-column elementor-col-33 elementor-inner-column elementor-element elementor-element-c2bded0\" data-id=\"c2bded0\" data-element_type=\"column\" data-e-type=\"column\" data-settings=\"{&quot;background_background&quot;:&quot;classic&quot;}\">\n\t\t\t<div class=\"elementor-widget-wrap elementor-element-populated\">\n\t\t\t\t\t\t<div class=\"elementor-element elementor-element-ed83412 elementor-widget elementor-widget-image\" data-id=\"ed83412\" data-element_type=\"widget\" data-e-type=\"widget\" data-widget_type=\"image.default\">\n\t\t\t\t<div class=\"elementor-widget-container\">\n\t\t\t\t\t\t\t\t\t\t\t\t\t\t\t<img decoding=\"async\" width=\"1200\" height=\"1200\" src=\"https:\/\/chorkunst.de\/wp-content\/uploads\/2022\/07\/Kultur-EV-choir.png\" class=\"attachment-full size-full wp-image-2554\" alt=\"Icon Personen mit Note\" srcset=\"https:\/\/chorkunst.de\/wp-content\/uploads\/2022\/07\/Kultur-EV-choir.png 1200w, https:\/\/chorkunst.de\/wp-content\/uploads\/2022\/07\/Kultur-EV-choir-300x300.png 300w, https:\/\/chorkunst.de\/wp-content\/uploads\/2022\/07\/Kultur-EV-choir-1024x1024.png 1024w, https:\/\/chorkunst.de\/wp-content\/uploads\/2022\/07\/Kultur-EV-choir-150x150.png 150w, https:\/\/chorkunst.de\/wp-content\/uploads\/2022\/07\/Kultur-EV-choir-768x768.png 768w\" sizes=\"(max-width: 1200px) 100vw, 1200px\" \/>\t\t\t\t\t\t\t\t\t\t\t\t\t\t\t<\/div>\n\t\t\t\t<\/div>\n\t\t\t\t<div class=\"elementor-element elementor-element-2bdc6a0 elementor-widget elementor-widget-heading\" data-id=\"2bdc6a0\" data-element_type=\"widget\" data-e-type=\"widget\" data-widget_type=\"heading.default\">\n\t\t\t\t<div class=\"elementor-widget-container\">\n\t\t\t\t\t<h3 class=\"elementor-heading-title elementor-size-default\">Part-Singing and Polyphony<\/h3>\t\t\t\t<\/div>\n\t\t\t\t<\/div>\n\t\t\t\t<div class=\"elementor-element elementor-element-036df58 elementor-widget elementor-widget-text-editor\" data-id=\"036df58\" data-element_type=\"widget\" data-e-type=\"widget\" data-widget_type=\"text-editor.default\">\n\t\t\t\t<div class=\"elementor-widget-container\">\n\t\t\t\t\t\t\t\t\t<p><span>Challenging multi-part repertoire develops musical independence, intonation and the ability to confidently contribute one\u2019s own voice to the overall sound of the choir.<\/span><\/p>\t\t\t\t\t\t\t\t<\/div>\n\t\t\t\t<\/div>\n\t\t\t\t\t<\/div>\n\t\t<\/div>\n\t\t\t\t\t<\/div>\n\t\t<\/section>\n\t\t\t\t\t<\/div>\n\t\t<\/div>\n\t\t\t\t\t<\/div>\n\t\t<\/section>\n\t\t\t\t<section class=\"elementor-section elementor-top-section elementor-element elementor-element-48aa7de elementor-section-boxed elementor-section-height-default elementor-section-height-default\" data-id=\"48aa7de\" data-element_type=\"section\" data-e-type=\"section\" data-settings=\"{&quot;background_background&quot;:&quot;classic&quot;}\">\n\t\t\t\t\t\t<div class=\"elementor-container elementor-column-gap-default\">\n\t\t\t\t\t<div class=\"elementor-column elementor-col-100 elementor-top-column elementor-element elementor-element-b6d2495\" data-id=\"b6d2495\" data-element_type=\"column\" data-e-type=\"column\" data-settings=\"{&quot;background_background&quot;:&quot;classic&quot;}\">\n\t\t\t<div class=\"elementor-widget-wrap elementor-element-populated\">\n\t\t\t\t\t\t<section class=\"elementor-section elementor-inner-section elementor-element elementor-element-7a3b9f0 elementor-section-boxed elementor-section-height-default elementor-section-height-default\" data-id=\"7a3b9f0\" data-element_type=\"section\" data-e-type=\"section\">\n\t\t\t\t\t\t<div class=\"elementor-container elementor-column-gap-default\">\n\t\t\t\t\t<div class=\"elementor-column elementor-col-100 elementor-inner-column elementor-element elementor-element-73930f7\" data-id=\"73930f7\" data-element_type=\"column\" data-e-type=\"column\">\n\t\t\t<div class=\"elementor-widget-wrap elementor-element-populated\">\n\t\t\t\t\t\t<div class=\"elementor-element elementor-element-8e55b10 elementor-widget elementor-widget-heading\" data-id=\"8e55b10\" data-element_type=\"widget\" data-e-type=\"widget\" data-widget_type=\"heading.default\">\n\t\t\t\t<div class=\"elementor-widget-container\">\n\t\t\t\t\t<h3 class=\"elementor-heading-title elementor-size-default\">Musical Work in the Concert Choir<\/h3>\t\t\t\t<\/div>\n\t\t\t\t<\/div>\n\t\t\t\t<div class=\"elementor-element elementor-element-f412401 elementor-widget elementor-widget-text-editor\" data-id=\"f412401\" data-element_type=\"widget\" data-e-type=\"widget\" data-widget_type=\"text-editor.default\">\n\t\t\t\t<div class=\"elementor-widget-container\">\n\t\t\t\t\t\t\t\t\t<p class=\"PDq2pG_selectionAnchorContainer\" data-start=\"3495\" data-end=\"3794\">In the concert choir, the musical skills acquired in the younger choir groups are developed further. The singers work on challenging multi-part and polyphonic choral repertoire.<span class=\"PDq2pG_selectionAnchor\" aria-hidden=\"true\"><\/span><\/p><p data-start=\"3799\" data-end=\"4034\">A particular focus is placed on conscious vocal development: intonation, breath control, articulation, sound production and vocal flexibility are continuously developed and directly integrated into the choir\u2019s work.<\/p><p data-start=\"4039\" data-end=\"4216\">At the same time, children and young people learn to work with increasing musical independence, listen to one another and take responsibility for the collective sound.<\/p><p data-start=\"4221\" data-end=\"4474\">Concerts, competitions, festivals, opera productions and international projects are an integral part of the work of \u201cVoices of Munich\u201d, giving the singers regular opportunities to broaden their musical and stage experience.<\/p><p data-start=\"4479\" data-end=\"4558\"><strong data-start=\"4479\" data-end=\"4558\">Choir rehearsals take place on Tuesdays and Fridays from 5:00 to 7:00 p.m.<\/strong><\/p>\t\t\t\t\t\t\t\t<\/div>\n\t\t\t\t<\/div>\n\t\t\t\t\t<\/div>\n\t\t<\/div>\n\t\t\t\t\t<\/div>\n\t\t<\/section>\n\t\t\t\t<div class=\"elementor-element elementor-element-d155a35 elementor-align-center elementor-widget elementor-widget-button\" data-id=\"d155a35\" data-element_type=\"widget\" data-e-type=\"widget\" data-widget_type=\"button.default\">\n\t\t\t\t<div class=\"elementor-widget-container\">\n\t\t\t\t\t\t\t\t\t<div class=\"elementor-button-wrapper\">\n\t\t\t\t\t<a class=\"elementor-button elementor-button-link elementor-size-md\" href=\"https:\/\/www.voicesofmunich.de\" target=\"_blank\">\n\t\t\t\t\t\t<span class=\"elementor-button-content-wrapper\">\n\t\t\t\t\t\t\t\t\t<span class=\"elementor-button-text\">Website<br>Voices of Munich<\/span>\n\t\t\t\t\t<\/span>\n\t\t\t\t\t<\/a>\n\t\t\t\t<\/div>\n\t\t\t\t\t\t\t\t<\/div>\n\t\t\t\t<\/div>\n\t\t\t\t\t<\/div>\n\t\t<\/div>\n\t\t\t\t\t<\/div>\n\t\t<\/section>\n\t\t\t\t<section class=\"elementor-section elementor-top-section elementor-element elementor-element-eba625c elementor-section-boxed elementor-section-height-default elementor-section-height-default\" data-id=\"eba625c\" data-element_type=\"section\" data-e-type=\"section\" data-settings=\"{&quot;background_background&quot;:&quot;classic&quot;}\">\n\t\t\t\t\t\t\t<div class=\"elementor-background-overlay\"><\/div>\n\t\t\t\t\t\t\t<div class=\"elementor-container elementor-column-gap-default\">\n\t\t\t\t\t<div class=\"elementor-column elementor-col-100 elementor-top-column elementor-element elementor-element-8155d58\" data-id=\"8155d58\" data-element_type=\"column\" data-e-type=\"column\" data-settings=\"{&quot;background_background&quot;:&quot;classic&quot;}\">\n\t\t\t<div class=\"elementor-widget-wrap elementor-element-populated\">\n\t\t\t\t\t\t<div class=\"elementor-element elementor-element-4138bcb elementor-widget elementor-widget-menu-anchor\" data-id=\"4138bcb\" data-element_type=\"widget\" data-e-type=\"widget\" data-widget_type=\"menu-anchor.default\">\n\t\t\t\t<div class=\"elementor-widget-container\">\n\t\t\t\t\t\t\t<div class=\"elementor-menu-anchor\" id=\"zumcasting\"><\/div>\n\t\t\t\t\t\t<\/div>\n\t\t\t\t<\/div>\n\t\t\t\t<div class=\"elementor-element elementor-element-2744289 elementor-widget elementor-widget-heading\" data-id=\"2744289\" data-element_type=\"widget\" data-e-type=\"widget\" data-widget_type=\"heading.default\">\n\t\t\t\t<div class=\"elementor-widget-container\">\n\t\t\t\t\t<h2 class=\"elementor-heading-title elementor-size-default\">Would you like your child to become part of \u201cVoices of Munich\u201d? Get to know us at a free audition.<\/h2>\t\t\t\t<\/div>\n\t\t\t\t<\/div>\n\t\t\t\t<div class=\"elementor-element elementor-element-1ca56a0 elementor-mobile-align-center elementor-align-center elementor-widget elementor-widget-button\" data-id=\"1ca56a0\" data-element_type=\"widget\" data-e-type=\"widget\" data-widget_type=\"button.default\">\n\t\t\t\t<div class=\"elementor-widget-container\">\n\t\t\t\t\t\t\t\t\t<div class=\"elementor-button-wrapper\">\n\t\t\t\t\t<a class=\"elementor-button elementor-button-link elementor-size-sm\" href=\"\/en\/casting\/\">\n\t\t\t\t\t\t<span class=\"elementor-button-content-wrapper\">\n\t\t\t\t\t\t\t\t\t<span class=\"elementor-button-text\">Register for an Audition<\/span>\n\t\t\t\t\t<\/span>\n\t\t\t\t\t<\/a>\n\t\t\t\t<\/div>\n\t\t\t\t\t\t\t\t<\/div>\n\t\t\t\t<\/div>\n\t\t\t\t\t<\/div>\n\t\t<\/div>\n\t\t\t\t\t<\/div>\n\t\t<\/section>\n\t\t\t\t<\/div>","protected":false},"excerpt":{"rendered":"<p>Kinder- und Jugendchor \u201eVoices of Munich\u201c \u201eVoices of Munich\u201c ist der Kinder- und Jugendchor der Schule f\u00fcr Chorkunst M\u00fcnchen. Kinder und Jugendliche ab 9 Jahren erhalten hier eine anspruchsvolle musikalische Ausbildung mit regelm\u00e4\u00dfigen Chorproben und Stimmbildung. Im Mittelpunkt stehen die Entwicklung eines gemeinsamen Chorklangs, stimmliche Flexibilit\u00e4t, musikalische Selbstst\u00e4ndigkeit und die Arbeit an einem vielseitigen Repertoire [&hellip;]<\/p>","protected":false},"author":4,"featured_media":0,"parent":2421,"menu_order":0,"comment_status":"closed","ping_status":"closed","template":"","meta":{"footnotes":""},"class_list":["post-2426","page","type-page","status-publish","hentry"],"yoast_head":"<!-- This site is optimized with the Yoast SEO plugin v27.4 - https:\/\/yoast.com\/product\/yoast-seo-wordpress\/ -->\n<title>Kinder- und Jugendchor M\u00fcnchen | Voices of Munich<\/title>\n<meta name=\"description\" content=\"Voices of Munich ist der Kinder- und Jugendchor der Schule f\u00fcr Chorkunst M\u00fcnchen f\u00fcr junge S\u00e4ngerinnen und S\u00e4nger ab 9 Jahren. Lernen Sie den Chor kennen.\" \/>\n<meta name=\"robots\" content=\"index, follow, max-snippet:-1, max-image-preview:large, max-video-preview:-1\" \/>\n<link rel=\"canonical\" href=\"https:\/\/chorkunst.de\/en\/kinderchoere\/voices-of-munich\/\" \/>\n<meta property=\"og:locale\" content=\"en_US\" \/>\n<meta property=\"og:type\" content=\"article\" \/>\n<meta property=\"og:title\" content=\"Kinder- und Jugendchor M\u00fcnchen | Voices of Munich\" \/>\n<meta property=\"og:description\" content=\"Voices of Munich ist der Kinder- und Jugendchor der Schule f\u00fcr Chorkunst M\u00fcnchen f\u00fcr junge S\u00e4ngerinnen und S\u00e4nger ab 9 Jahren. Lernen Sie den Chor kennen.\" \/>\n<meta property=\"og:url\" content=\"https:\/\/chorkunst.de\/en\/kinderchoere\/voices-of-munich\/\" \/>\n<meta property=\"og:site_name\" content=\"Schule f\u00fcr Chorkunst M\u00fcnchen\" \/>\n<meta property=\"article:modified_time\" content=\"2026-08-29T13:55:01+00:00\" \/>\n<meta property=\"og:image\" content=\"https:\/\/chorkunst.de\/wp-content\/uploads\/2022\/07\/Kultur-EV-voice.png\" \/>\n<meta name=\"twitter:card\" content=\"summary_large_image\" \/>\n<meta name=\"twitter:label1\" content=\"Est. reading time\" \/>\n\t<meta name=\"twitter:data1\" content=\"3 minutes\" \/>\n<script type=\"application\/ld+json\" class=\"yoast-schema-graph\">{\"@context\":\"https:\\\/\\\/schema.org\",\"@graph\":[{\"@type\":\"WebPage\",\"@id\":\"https:\\\/\\\/chorkunst.de\\\/kinderchoere\\\/voices-of-munich\\\/\",\"url\":\"https:\\\/\\\/chorkunst.de\\\/kinderchoere\\\/voices-of-munich\\\/\",\"name\":\"Kinder- und Jugendchor M\u00fcnchen | Voices of Munich\",\"isPartOf\":{\"@id\":\"https:\\\/\\\/chorkunst.de\\\/#website\"},\"primaryImageOfPage\":{\"@id\":\"https:\\\/\\\/chorkunst.de\\\/kinderchoere\\\/voices-of-munich\\\/#primaryimage\"},\"image\":{\"@id\":\"https:\\\/\\\/chorkunst.de\\\/kinderchoere\\\/voices-of-munich\\\/#primaryimage\"},\"thumbnailUrl\":\"https:\\\/\\\/chorkunst.de\\\/wp-content\\\/uploads\\\/2022\\\/07\\\/Kultur-EV-voice.png\",\"datePublished\":\"2022-07-12T10:17:32+00:00\",\"dateModified\":\"2026-08-29T13:55:01+00:00\",\"description\":\"Voices of Munich ist der Kinder- und Jugendchor der Schule f\u00fcr Chorkunst M\u00fcnchen f\u00fcr junge S\u00e4ngerinnen und S\u00e4nger ab 9 Jahren. Lernen Sie den Chor kennen.\",\"breadcrumb\":{\"@id\":\"https:\\\/\\\/chorkunst.de\\\/kinderchoere\\\/voices-of-munich\\\/#breadcrumb\"},\"inLanguage\":\"en-US\",\"potentialAction\":[{\"@type\":\"ReadAction\",\"target\":[\"https:\\\/\\\/chorkunst.de\\\/kinderchoere\\\/voices-of-munich\\\/\"]}]},{\"@type\":\"ImageObject\",\"inLanguage\":\"en-US\",\"@id\":\"https:\\\/\\\/chorkunst.de\\\/kinderchoere\\\/voices-of-munich\\\/#primaryimage\",\"url\":\"https:\\\/\\\/chorkunst.de\\\/wp-content\\\/uploads\\\/2022\\\/07\\\/Kultur-EV-voice.png\",\"contentUrl\":\"https:\\\/\\\/chorkunst.de\\\/wp-content\\\/uploads\\\/2022\\\/07\\\/Kultur-EV-voice.png\"},{\"@type\":\"BreadcrumbList\",\"@id\":\"https:\\\/\\\/chorkunst.de\\\/kinderchoere\\\/voices-of-munich\\\/#breadcrumb\",\"itemListElement\":[{\"@type\":\"ListItem\",\"position\":1,\"name\":\"Startseite\",\"item\":\"https:\\\/\\\/chorkunst.de\\\/\"},{\"@type\":\"ListItem\",\"position\":2,\"name\":\"Kinderch\u00f6re\",\"item\":\"https:\\\/\\\/chorkunst.de\\\/kinderchoere\\\/\"},{\"@type\":\"ListItem\",\"position\":3,\"name\":\"Voices of Munich\"}]},{\"@type\":\"WebSite\",\"@id\":\"https:\\\/\\\/chorkunst.de\\\/#website\",\"url\":\"https:\\\/\\\/chorkunst.de\\\/\",\"name\":\"Schule f\u00fcr Chorkunst M\u00fcnchen\",\"description\":\"\",\"publisher\":{\"@id\":\"https:\\\/\\\/chorkunst.de\\\/#organization\"},\"potentialAction\":[{\"@type\":\"SearchAction\",\"target\":{\"@type\":\"EntryPoint\",\"urlTemplate\":\"https:\\\/\\\/chorkunst.de\\\/?s={search_term_string}\"},\"query-input\":{\"@type\":\"PropertyValueSpecification\",\"valueRequired\":true,\"valueName\":\"search_term_string\"}}],\"inLanguage\":\"en-US\"},{\"@type\":\"Organization\",\"@id\":\"https:\\\/\\\/chorkunst.de\\\/#organization\",\"name\":\"Schule f\u00fcr Chorkunst M\u00fcnchen\",\"url\":\"https:\\\/\\\/chorkunst.de\\\/\",\"logo\":{\"@type\":\"ImageObject\",\"inLanguage\":\"en-US\",\"@id\":\"https:\\\/\\\/chorkunst.de\\\/#\\\/schema\\\/logo\\\/image\\\/\",\"url\":\"https:\\\/\\\/chorkunst.de\\\/wp-content\\\/uploads\\\/2022\\\/07\\\/BlauKopie.jpg\",\"contentUrl\":\"https:\\\/\\\/chorkunst.de\\\/wp-content\\\/uploads\\\/2022\\\/07\\\/BlauKopie.jpg\",\"width\":350,\"height\":350,\"caption\":\"Schule f\u00fcr Chorkunst M\u00fcnchen\"},\"image\":{\"@id\":\"https:\\\/\\\/chorkunst.de\\\/#\\\/schema\\\/logo\\\/image\\\/\"}}]}<\/script>\n<!-- \/ Yoast SEO plugin. -->","yoast_head_json":{"title":"Kinder- und Jugendchor M\u00fcnchen | Voices of Munich","description":"Voices of Munich ist der Kinder- und Jugendchor der Schule f\u00fcr Chorkunst M\u00fcnchen f\u00fcr junge S\u00e4ngerinnen und S\u00e4nger ab 9 Jahren. Lernen Sie den Chor kennen.","robots":{"index":"index","follow":"follow","max-snippet":"max-snippet:-1","max-image-preview":"max-image-preview:large","max-video-preview":"max-video-preview:-1"},"canonical":"https:\/\/chorkunst.de\/en\/kinderchoere\/voices-of-munich\/","og_locale":"en_US","og_type":"article","og_title":"Kinder- und Jugendchor M\u00fcnchen | Voices of Munich","og_description":"Voices of Munich ist der Kinder- und Jugendchor der Schule f\u00fcr Chorkunst M\u00fcnchen f\u00fcr junge S\u00e4ngerinnen und S\u00e4nger ab 9 Jahren. Lernen Sie den Chor kennen.","og_url":"https:\/\/chorkunst.de\/en\/kinderchoere\/voices-of-munich\/","og_site_name":"Schule f\u00fcr Chorkunst M\u00fcnchen","article_modified_time":"2026-08-29T13:55:01+00:00","og_image":[{"url":"https:\/\/chorkunst.de\/wp-content\/uploads\/2022\/07\/Kultur-EV-voice.png","type":"","width":"","height":""}],"twitter_card":"summary_large_image","twitter_misc":{"Est. reading time":"3 minutes"},"schema":{"@context":"https:\/\/schema.org","@graph":[{"@type":"WebPage","@id":"https:\/\/chorkunst.de\/kinderchoere\/voices-of-munich\/","url":"https:\/\/chorkunst.de\/kinderchoere\/voices-of-munich\/","name":"Kinder- und Jugendchor M\u00fcnchen | Voices of Munich","isPartOf":{"@id":"https:\/\/chorkunst.de\/#website"},"primaryImageOfPage":{"@id":"https:\/\/chorkunst.de\/kinderchoere\/voices-of-munich\/#primaryimage"},"image":{"@id":"https:\/\/chorkunst.de\/kinderchoere\/voices-of-munich\/#primaryimage"},"thumbnailUrl":"https:\/\/chorkunst.de\/wp-content\/uploads\/2022\/07\/Kultur-EV-voice.png","datePublished":"2022-07-12T10:17:32+00:00","dateModified":"2026-08-29T13:55:01+00:00","description":"Voices of Munich ist der Kinder- und Jugendchor der Schule f\u00fcr Chorkunst M\u00fcnchen f\u00fcr junge S\u00e4ngerinnen und S\u00e4nger ab 9 Jahren. Lernen Sie den Chor kennen.","breadcrumb":{"@id":"https:\/\/chorkunst.de\/kinderchoere\/voices-of-munich\/#breadcrumb"},"inLanguage":"en-US","potentialAction":[{"@type":"ReadAction","target":["https:\/\/chorkunst.de\/kinderchoere\/voices-of-munich\/"]}]},{"@type":"ImageObject","inLanguage":"en-US","@id":"https:\/\/chorkunst.de\/kinderchoere\/voices-of-munich\/#primaryimage","url":"https:\/\/chorkunst.de\/wp-content\/uploads\/2022\/07\/Kultur-EV-voice.png","contentUrl":"https:\/\/chorkunst.de\/wp-content\/uploads\/2022\/07\/Kultur-EV-voice.png"},{"@type":"BreadcrumbList","@id":"https:\/\/chorkunst.de\/kinderchoere\/voices-of-munich\/#breadcrumb","itemListElement":[{"@type":"ListItem","position":1,"name":"Startseite","item":"https:\/\/chorkunst.de\/"},{"@type":"ListItem","position":2,"name":"Kinderch\u00f6re","item":"https:\/\/chorkunst.de\/kinderchoere\/"},{"@type":"ListItem","position":3,"name":"Voices of Munich"}]},{"@type":"WebSite","@id":"https:\/\/chorkunst.de\/#website","url":"https:\/\/chorkunst.de\/","name":"Schule f\u00fcr Chorkunst M\u00fcnchen","description":"","publisher":{"@id":"https:\/\/chorkunst.de\/#organization"},"potentialAction":[{"@type":"SearchAction","target":{"@type":"EntryPoint","urlTemplate":"https:\/\/chorkunst.de\/?s={search_term_string}"},"query-input":{"@type":"PropertyValueSpecification","valueRequired":true,"valueName":"search_term_string"}}],"inLanguage":"en-US"},{"@type":"Organization","@id":"https:\/\/chorkunst.de\/#organization","name":"Schule f\u00fcr Chorkunst M\u00fcnchen","url":"https:\/\/chorkunst.de\/","logo":{"@type":"ImageObject","inLanguage":"en-US","@id":"https:\/\/chorkunst.de\/#\/schema\/logo\/image\/","url":"https:\/\/chorkunst.de\/wp-content\/uploads\/2022\/07\/BlauKopie.jpg","contentUrl":"https:\/\/chorkunst.de\/wp-content\/uploads\/2022\/07\/BlauKopie.jpg","width":350,"height":350,"caption":"Schule f\u00fcr Chorkunst M\u00fcnchen"},"image":{"@id":"https:\/\/chorkunst.de\/#\/schema\/logo\/image\/"}}]}},"_links":{"self":[{"href":"https:\/\/chorkunst.de\/en\/wp-json\/wp\/v2\/pages\/2426","targetHints":{"allow":["GET"]}}],"collection":[{"href":"https:\/\/chorkunst.de\/en\/wp-json\/wp\/v2\/pages"}],"about":[{"href":"https:\/\/chorkunst.de\/en\/wp-json\/wp\/v2\/types\/page"}],"author":[{"embeddable":true,"href":"https:\/\/chorkunst.de\/en\/wp-json\/wp\/v2\/users\/4"}],"replies":[{"embeddable":true,"href":"https:\/\/chorkunst.de\/en\/wp-json\/wp\/v2\/comments?post=2426"}],"version-history":[{"count":25,"href":"https:\/\/chorkunst.de\/en\/wp-json\/wp\/v2\/pages\/2426\/revisions"}],"predecessor-version":[{"id":3179,"href":"https:\/\/chorkunst.de\/en\/wp-json\/wp\/v2\/pages\/2426\/revisions\/3179"}],"up":[{"embeddable":true,"href":"https:\/\/chorkunst.de\/en\/wp-json\/wp\/v2\/pages\/2421"}],"wp:attachment":[{"href":"https:\/\/chorkunst.de\/en\/wp-json\/wp\/v2\/media?parent=2426"}],"curies":[{"name":"wp","href":"https:\/\/api.w.org\/{rel}","templated":true}]}}