{"id":2426,"date":"2022-07-12T12:17:32","date_gmt":"2022-07-12T10:17:32","guid":{"rendered":"https:\/\/chorkunst.de\/?page_id=2426"},"modified":"2026-01-10T12:39:40","modified_gmt":"2026-01-10T11:39:40","slug":"voices-of-munich","status":"publish","type":"page","link":"https:\/\/chorkunst.de\/en\/kinderchoere\/voices-of-munich\/","title":{"rendered":"Voices of Munich"},"content":{"rendered":"<div data-elementor-type=\"wp-page\" data-elementor-id=\"2426\" class=\"elementor elementor-2426\" data-elementor-post-type=\"page\">\n\t\t\t\t\t\t<section class=\"elementor-section elementor-top-section elementor-element elementor-element-6e84c18 elementor-section-height-min-height elementor-section-full_width elementor-section-height-default elementor-section-items-middle\" data-id=\"6e84c18\" data-element_type=\"section\" data-settings=\"{&quot;background_background&quot;:&quot;classic&quot;}\">\n\t\t\t\t\t\t\t<div class=\"elementor-background-overlay\"><\/div>\n\t\t\t\t\t\t\t<div class=\"elementor-container elementor-column-gap-default\">\n\t\t\t\t\t<div class=\"elementor-column elementor-col-100 elementor-top-column elementor-element elementor-element-d9048ae\" data-id=\"d9048ae\" data-element_type=\"column\" data-settings=\"{&quot;background_background&quot;:&quot;classic&quot;}\">\n\t\t\t<div class=\"elementor-widget-wrap\">\n\t\t\t\t\t\t\t<\/div>\n\t\t<\/div>\n\t\t\t\t\t<\/div>\n\t\t<\/section>\n\t\t\t\t<section class=\"elementor-section elementor-top-section elementor-element elementor-element-1a489bb elementor-section-boxed elementor-section-height-default elementor-section-height-default\" data-id=\"1a489bb\" data-element_type=\"section\" data-settings=\"{&quot;background_background&quot;:&quot;classic&quot;}\">\n\t\t\t\t\t\t<div class=\"elementor-container elementor-column-gap-default\">\n\t\t\t\t\t<div class=\"elementor-column elementor-col-100 elementor-top-column elementor-element elementor-element-92ee0c2\" data-id=\"92ee0c2\" data-element_type=\"column\" data-settings=\"{&quot;background_background&quot;:&quot;classic&quot;}\">\n\t\t\t<div class=\"elementor-widget-wrap elementor-element-populated\">\n\t\t\t\t\t\t<section class=\"elementor-section elementor-inner-section elementor-element elementor-element-8489f21 elementor-section-boxed elementor-section-height-default elementor-section-height-default\" data-id=\"8489f21\" data-element_type=\"section\">\n\t\t\t\t\t\t<div class=\"elementor-container elementor-column-gap-default\">\n\t\t\t\t\t<div class=\"elementor-column elementor-col-100 elementor-inner-column elementor-element elementor-element-607adce\" data-id=\"607adce\" data-element_type=\"column\">\n\t\t\t<div class=\"elementor-widget-wrap elementor-element-populated\">\n\t\t\t\t\t\t<div class=\"elementor-element elementor-element-c38f2a4 elementor-widget elementor-widget-heading\" data-id=\"c38f2a4\" data-element_type=\"widget\" data-widget_type=\"heading.default\">\n\t\t\t\t<div class=\"elementor-widget-container\">\n\t\t\t\t\t<h1 class=\"elementor-heading-title elementor-size-default\">The concert choir \"Voices of Munich\"<\/h1>\t\t\t\t<\/div>\n\t\t\t\t<\/div>\n\t\t\t\t<div class=\"elementor-element elementor-element-20edc70 elementor-widget elementor-widget-text-editor\" data-id=\"20edc70\" data-element_type=\"widget\" data-widget_type=\"text-editor.default\">\n\t\t\t\t<div class=\"elementor-widget-container\">\n\t\t\t\t\t\t\t\t\t<p>The Voices of Munich, the concert choir of the School of Choral Art, offers comprehensive musical training that includes vocal coaching, choir rehearsals, ear training, and music theory. Special emphasis is placed on the development of musical memory, a diverse repertoire, and vocal flexibility.<\/p><p>The choir regularly performs in concerts, festivals, special projects, and opera productions, including collaborations with the Bavarian State Opera and the Tyrolean Festival. In 2023, the Voices of Munich won 3rd place in the category \"Children\u2019s Choirs up to 16 years\" at the 11th German Choir Competition. In 2024, the choir participated in the Vox Lucensis International Choir Competition in Lucca, winning two gold diplomas in the categories \"Children\u2019s Choirs\" and \"Sacred A Cappella Music.\"<\/p><p>In 2025, the choir took part in the European Choir Games &amp; Grand Prix of Nations in Aarhus, Denmark, winning two gold medals in the categories \"Children\u2019s Choirs\" and \"Sacred A Cappella Music.\"<\/p><p>The choir also promotes international exchange, as seen in a concert tour to Greece in June 2024.<\/p><p>In addition to musical excellence, the choir places great importance on community and the personal development of its members.<\/p><p>Children from the age of 9 will find the perfect environment in our concert choir to further develop their existing skills and gain a broader understanding of music as a flexible and versatile art form.<\/p><p>If you are interested in joining our children's choirs in Munich, please feel free to register your child for a free audition with us.<\/p>\t\t\t\t\t\t\t\t<\/div>\n\t\t\t\t<\/div>\n\t\t\t\t\t<\/div>\n\t\t<\/div>\n\t\t\t\t\t<\/div>\n\t\t<\/section>\n\t\t\t\t<div class=\"elementor-element elementor-element-868c8ec elementor-mobile-align-center elementor-align-center elementor-widget elementor-widget-button\" data-id=\"868c8ec\" data-element_type=\"widget\" data-widget_type=\"button.default\">\n\t\t\t\t<div class=\"elementor-widget-container\">\n\t\t\t\t\t\t\t\t\t<div class=\"elementor-button-wrapper\">\n\t\t\t\t\t<a class=\"elementor-button elementor-button-link elementor-size-sm\" href=\"https:\/\/chorkunst.de\/en\/casting\/\">\n\t\t\t\t\t\t<span class=\"elementor-button-content-wrapper\">\n\t\t\t\t\t\t\t\t\t<span class=\"elementor-button-text\">Casting registration<\/span>\n\t\t\t\t\t<\/span>\n\t\t\t\t\t<\/a>\n\t\t\t\t<\/div>\n\t\t\t\t\t\t\t\t<\/div>\n\t\t\t\t<\/div>\n\t\t\t\t\t<\/div>\n\t\t<\/div>\n\t\t\t\t\t<\/div>\n\t\t<\/section>\n\t\t\t\t<section class=\"elementor-section elementor-top-section elementor-element elementor-element-ffa6fe6 elementor-section-boxed elementor-section-height-default elementor-section-height-default\" data-id=\"ffa6fe6\" data-element_type=\"section\">\n\t\t\t\t\t\t<div class=\"elementor-container elementor-column-gap-default\">\n\t\t\t\t\t<div class=\"elementor-column elementor-col-100 elementor-top-column elementor-element elementor-element-b1101c2\" data-id=\"b1101c2\" data-element_type=\"column\" data-settings=\"{&quot;background_background&quot;:&quot;classic&quot;}\">\n\t\t\t<div class=\"elementor-widget-wrap elementor-element-populated\">\n\t\t\t\t\t\t<section class=\"elementor-section elementor-inner-section elementor-element elementor-element-6c4f2e4 elementor-section-boxed elementor-section-height-default elementor-section-height-default\" data-id=\"6c4f2e4\" data-element_type=\"section\">\n\t\t\t\t\t\t<div class=\"elementor-container elementor-column-gap-default\">\n\t\t\t\t\t<div class=\"elementor-column elementor-col-33 elementor-inner-column elementor-element elementor-element-f4739e5\" data-id=\"f4739e5\" data-element_type=\"column\" data-settings=\"{&quot;background_background&quot;:&quot;classic&quot;}\">\n\t\t\t<div class=\"elementor-widget-wrap elementor-element-populated\">\n\t\t\t\t\t\t<div class=\"elementor-element elementor-element-0072eb3 elementor-widget elementor-widget-image\" data-id=\"0072eb3\" data-element_type=\"widget\" data-widget_type=\"image.default\">\n\t\t\t\t<div class=\"elementor-widget-container\">\n\t\t\t\t\t\t\t\t\t\t\t\t\t\t\t<img fetchpriority=\"high\" decoding=\"async\" width=\"1200\" height=\"1200\" src=\"https:\/\/chorkunst.de\/wp-content\/uploads\/2022\/07\/Kultur-EV-voice.png\" class=\"attachment-full size-full wp-image-2552\" alt=\"Icon Person\" srcset=\"https:\/\/chorkunst.de\/wp-content\/uploads\/2022\/07\/Kultur-EV-voice.png 1200w, https:\/\/chorkunst.de\/wp-content\/uploads\/2022\/07\/Kultur-EV-voice-300x300.png 300w, https:\/\/chorkunst.de\/wp-content\/uploads\/2022\/07\/Kultur-EV-voice-1024x1024.png 1024w, https:\/\/chorkunst.de\/wp-content\/uploads\/2022\/07\/Kultur-EV-voice-150x150.png 150w, https:\/\/chorkunst.de\/wp-content\/uploads\/2022\/07\/Kultur-EV-voice-768x768.png 768w\" sizes=\"(max-width: 1200px) 100vw, 1200px\" \/>\t\t\t\t\t\t\t\t\t\t\t\t\t\t\t<\/div>\n\t\t\t\t<\/div>\n\t\t\t\t<div class=\"elementor-element elementor-element-7f005f1 elementor-widget elementor-widget-heading\" data-id=\"7f005f1\" data-element_type=\"widget\" data-widget_type=\"heading.default\">\n\t\t\t\t<div class=\"elementor-widget-container\">\n\t\t\t\t\t<h3 class=\"elementor-heading-title elementor-size-default\">Developing the flexibility of the voice and expanding the vocal range<\/h3>\t\t\t\t<\/div>\n\t\t\t\t<\/div>\n\t\t\t\t<div class=\"elementor-element elementor-element-f570671 elementor-widget elementor-widget-text-editor\" data-id=\"f570671\" data-element_type=\"widget\" data-widget_type=\"text-editor.default\">\n\t\t\t\t<div class=\"elementor-widget-container\">\n\t\t\t\t\t\t\t\t\tChildren learn to develop the full potential of their voice and to also develop their own individual style.\t\t\t\t\t\t\t\t<\/div>\n\t\t\t\t<\/div>\n\t\t\t\t\t<\/div>\n\t\t<\/div>\n\t\t\t\t<div class=\"elementor-column elementor-col-33 elementor-inner-column elementor-element elementor-element-e41fccd\" data-id=\"e41fccd\" data-element_type=\"column\" data-settings=\"{&quot;background_background&quot;:&quot;classic&quot;}\">\n\t\t\t<div class=\"elementor-widget-wrap elementor-element-populated\">\n\t\t\t\t\t\t<div class=\"elementor-element elementor-element-19eb561 elementor-widget elementor-widget-image\" data-id=\"19eb561\" data-element_type=\"widget\" data-widget_type=\"image.default\">\n\t\t\t\t<div class=\"elementor-widget-container\">\n\t\t\t\t\t\t\t\t\t\t\t\t\t\t\t<img decoding=\"async\" width=\"1200\" height=\"1200\" src=\"https:\/\/chorkunst.de\/wp-content\/uploads\/2022\/07\/Kultur-EV-concerts.png\" class=\"attachment-full size-full wp-image-2553\" alt=\"Icon B\u00fchne\" srcset=\"https:\/\/chorkunst.de\/wp-content\/uploads\/2022\/07\/Kultur-EV-concerts.png 1200w, https:\/\/chorkunst.de\/wp-content\/uploads\/2022\/07\/Kultur-EV-concerts-300x300.png 300w, https:\/\/chorkunst.de\/wp-content\/uploads\/2022\/07\/Kultur-EV-concerts-1024x1024.png 1024w, https:\/\/chorkunst.de\/wp-content\/uploads\/2022\/07\/Kultur-EV-concerts-150x150.png 150w, https:\/\/chorkunst.de\/wp-content\/uploads\/2022\/07\/Kultur-EV-concerts-768x768.png 768w\" sizes=\"(max-width: 1200px) 100vw, 1200px\" \/>\t\t\t\t\t\t\t\t\t\t\t\t\t\t\t<\/div>\n\t\t\t\t<\/div>\n\t\t\t\t<div class=\"elementor-element elementor-element-f99c060 elementor-widget elementor-widget-heading\" data-id=\"f99c060\" data-element_type=\"widget\" data-widget_type=\"heading.default\">\n\t\t\t\t<div class=\"elementor-widget-container\">\n\t\t\t\t\t<h3 class=\"elementor-heading-title elementor-size-default\">Participation in public concerts, festivals, choir tours and other projects<\/h3>\t\t\t\t<\/div>\n\t\t\t\t<\/div>\n\t\t\t\t<div class=\"elementor-element elementor-element-bc0cf0b elementor-widget elementor-widget-text-editor\" data-id=\"bc0cf0b\" data-element_type=\"widget\" data-widget_type=\"text-editor.default\">\n\t\t\t\t<div class=\"elementor-widget-container\">\n\t\t\t\t\t\t\t\t\tThe children are given many opportunities to showcase their vocal talents at live concerts and other events.\t\t\t\t\t\t\t\t<\/div>\n\t\t\t\t<\/div>\n\t\t\t\t\t<\/div>\n\t\t<\/div>\n\t\t\t\t<div class=\"elementor-column elementor-col-33 elementor-inner-column elementor-element elementor-element-c2bded0\" data-id=\"c2bded0\" data-element_type=\"column\" data-settings=\"{&quot;background_background&quot;:&quot;classic&quot;}\">\n\t\t\t<div class=\"elementor-widget-wrap elementor-element-populated\">\n\t\t\t\t\t\t<div class=\"elementor-element elementor-element-ed83412 elementor-widget elementor-widget-image\" data-id=\"ed83412\" data-element_type=\"widget\" data-widget_type=\"image.default\">\n\t\t\t\t<div class=\"elementor-widget-container\">\n\t\t\t\t\t\t\t\t\t\t\t\t\t\t\t<img decoding=\"async\" width=\"1200\" height=\"1200\" src=\"https:\/\/chorkunst.de\/wp-content\/uploads\/2022\/07\/Kultur-EV-choir.png\" class=\"attachment-full size-full wp-image-2554\" alt=\"Icon Personen mit Note\" srcset=\"https:\/\/chorkunst.de\/wp-content\/uploads\/2022\/07\/Kultur-EV-choir.png 1200w, https:\/\/chorkunst.de\/wp-content\/uploads\/2022\/07\/Kultur-EV-choir-300x300.png 300w, https:\/\/chorkunst.de\/wp-content\/uploads\/2022\/07\/Kultur-EV-choir-1024x1024.png 1024w, https:\/\/chorkunst.de\/wp-content\/uploads\/2022\/07\/Kultur-EV-choir-150x150.png 150w, https:\/\/chorkunst.de\/wp-content\/uploads\/2022\/07\/Kultur-EV-choir-768x768.png 768w\" sizes=\"(max-width: 1200px) 100vw, 1200px\" \/>\t\t\t\t\t\t\t\t\t\t\t\t\t\t\t<\/div>\n\t\t\t\t<\/div>\n\t\t\t\t<div class=\"elementor-element elementor-element-2bdc6a0 elementor-widget elementor-widget-heading\" data-id=\"2bdc6a0\" data-element_type=\"widget\" data-widget_type=\"heading.default\">\n\t\t\t\t<div class=\"elementor-widget-container\">\n\t\t\t\t\t<h3 class=\"elementor-heading-title elementor-size-default\">Further development and polyphonic singing<\/h3>\t\t\t\t<\/div>\n\t\t\t\t<\/div>\n\t\t\t\t<div class=\"elementor-element elementor-element-036df58 elementor-widget elementor-widget-text-editor\" data-id=\"036df58\" data-element_type=\"widget\" data-widget_type=\"text-editor.default\">\n\t\t\t\t<div class=\"elementor-widget-container\">\n\t\t\t\t\t\t\t\t\t<p>The children learn complex techniques and contexts for polyphonic singing, the supreme discipline of any choir.<\/p>\t\t\t\t\t\t\t\t<\/div>\n\t\t\t\t<\/div>\n\t\t\t\t\t<\/div>\n\t\t<\/div>\n\t\t\t\t\t<\/div>\n\t\t<\/section>\n\t\t\t\t\t<\/div>\n\t\t<\/div>\n\t\t\t\t\t<\/div>\n\t\t<\/section>\n\t\t\t\t<section class=\"elementor-section elementor-top-section elementor-element elementor-element-48aa7de elementor-section-boxed elementor-section-height-default elementor-section-height-default\" data-id=\"48aa7de\" data-element_type=\"section\" data-settings=\"{&quot;background_background&quot;:&quot;classic&quot;}\">\n\t\t\t\t\t\t<div class=\"elementor-container elementor-column-gap-default\">\n\t\t\t\t\t<div class=\"elementor-column elementor-col-100 elementor-top-column elementor-element elementor-element-b6d2495\" data-id=\"b6d2495\" data-element_type=\"column\" data-settings=\"{&quot;background_background&quot;:&quot;classic&quot;}\">\n\t\t\t<div class=\"elementor-widget-wrap elementor-element-populated\">\n\t\t\t\t\t\t<section class=\"elementor-section elementor-inner-section elementor-element elementor-element-7a3b9f0 elementor-section-boxed elementor-section-height-default elementor-section-height-default\" data-id=\"7a3b9f0\" data-element_type=\"section\">\n\t\t\t\t\t\t<div class=\"elementor-container elementor-column-gap-default\">\n\t\t\t\t\t<div class=\"elementor-column elementor-col-100 elementor-inner-column elementor-element elementor-element-73930f7\" data-id=\"73930f7\" data-element_type=\"column\">\n\t\t\t<div class=\"elementor-widget-wrap elementor-element-populated\">\n\t\t\t\t\t\t<div class=\"elementor-element elementor-element-8e55b10 elementor-widget elementor-widget-heading\" data-id=\"8e55b10\" data-element_type=\"widget\" data-widget_type=\"heading.default\">\n\t\t\t\t<div class=\"elementor-widget-container\">\n\t\t\t\t\t<h3 class=\"elementor-heading-title elementor-size-default\">The contents of our concert children's choir<\/h3>\t\t\t\t<\/div>\n\t\t\t\t<\/div>\n\t\t\t\t<div class=\"elementor-element elementor-element-f412401 elementor-widget elementor-widget-text-editor\" data-id=\"f412401\" data-element_type=\"widget\" data-widget_type=\"text-editor.default\">\n\t\t\t\t<div class=\"elementor-widget-container\">\n\t\t\t\t\t\t\t\t\t<p>While in the pre and basic choirs, the focus was on the musical introduction to choral singing and the first development of a vocal basis, in the concert children's course, the children learn more complex techniques, advanced music theory such as comprehensive knowledge of music notation and the further development of their own voice.<\/p><p>Choirmaster Maksim Matsiushenkau teaches the children extended techniques for polyphonic singing, varied musical strokes and shadings, and chromaticism, with piano accompaniment by Kaori Kashimoto.<\/p><p>As part of the concert ensemble, the children will take part in many concerts, some of them large, and will be able to express and perform their musical talents on stage in front of a wide audience.<\/p><p>Our choir rehearsals for the Concert Children's Choir take place on Tuesdays and Fridays from 17:00 to 19:00.<\/p>\t\t\t\t\t\t\t\t<\/div>\n\t\t\t\t<\/div>\n\t\t\t\t\t<\/div>\n\t\t<\/div>\n\t\t\t\t\t<\/div>\n\t\t<\/section>\n\t\t\t\t<div class=\"elementor-element elementor-element-d155a35 elementor-align-center elementor-widget elementor-widget-button\" data-id=\"d155a35\" data-element_type=\"widget\" data-widget_type=\"button.default\">\n\t\t\t\t<div class=\"elementor-widget-container\">\n\t\t\t\t\t\t\t\t\t<div class=\"elementor-button-wrapper\">\n\t\t\t\t\t<a class=\"elementor-button elementor-button-link elementor-size-md\" href=\"https:\/\/www.voicesofmunich.de\" target=\"_blank\">\n\t\t\t\t\t\t<span class=\"elementor-button-content-wrapper\">\n\t\t\t\t\t\t\t\t\t<span class=\"elementor-button-text\">Website<br>Voices of Munich<\/span>\n\t\t\t\t\t<\/span>\n\t\t\t\t\t<\/a>\n\t\t\t\t<\/div>\n\t\t\t\t\t\t\t\t<\/div>\n\t\t\t\t<\/div>\n\t\t\t\t\t<\/div>\n\t\t<\/div>\n\t\t\t\t\t<\/div>\n\t\t<\/section>\n\t\t\t\t<section class=\"elementor-section elementor-top-section elementor-element elementor-element-eba625c elementor-section-boxed elementor-section-height-default elementor-section-height-default\" data-id=\"eba625c\" data-element_type=\"section\" data-settings=\"{&quot;background_background&quot;:&quot;classic&quot;}\">\n\t\t\t\t\t\t\t<div class=\"elementor-background-overlay\"><\/div>\n\t\t\t\t\t\t\t<div class=\"elementor-container elementor-column-gap-default\">\n\t\t\t\t\t<div class=\"elementor-column elementor-col-100 elementor-top-column elementor-element elementor-element-8155d58\" data-id=\"8155d58\" data-element_type=\"column\" data-settings=\"{&quot;background_background&quot;:&quot;classic&quot;}\">\n\t\t\t<div class=\"elementor-widget-wrap elementor-element-populated\">\n\t\t\t\t\t\t<div class=\"elementor-element elementor-element-4138bcb elementor-widget elementor-widget-menu-anchor\" data-id=\"4138bcb\" data-element_type=\"widget\" data-widget_type=\"menu-anchor.default\">\n\t\t\t\t<div class=\"elementor-widget-container\">\n\t\t\t\t\t\t\t<div class=\"elementor-menu-anchor\" id=\"zumcasting\"><\/div>\n\t\t\t\t\t\t<\/div>\n\t\t\t\t<\/div>\n\t\t\t\t<div class=\"elementor-element elementor-element-2744289 elementor-widget elementor-widget-heading\" data-id=\"2744289\" data-element_type=\"widget\" data-widget_type=\"heading.default\">\n\t\t\t\t<div class=\"elementor-widget-container\">\n\t\t\t\t\t<h2 class=\"elementor-heading-title elementor-size-default\">Would your child like to be part of our concert choir? Feel free to register them for a free audition.<\/h2>\t\t\t\t<\/div>\n\t\t\t\t<\/div>\n\t\t\t\t<div class=\"elementor-element elementor-element-1ca56a0 elementor-mobile-align-center elementor-align-center elementor-widget elementor-widget-button\" data-id=\"1ca56a0\" data-element_type=\"widget\" data-widget_type=\"button.default\">\n\t\t\t\t<div class=\"elementor-widget-container\">\n\t\t\t\t\t\t\t\t\t<div class=\"elementor-button-wrapper\">\n\t\t\t\t\t<a class=\"elementor-button elementor-button-link elementor-size-sm\" href=\"https:\/\/chorkunst.de\/en\/casting\/\">\n\t\t\t\t\t\t<span class=\"elementor-button-content-wrapper\">\n\t\t\t\t\t\t\t\t\t<span class=\"elementor-button-text\">Register for casting<\/span>\n\t\t\t\t\t<\/span>\n\t\t\t\t\t<\/a>\n\t\t\t\t<\/div>\n\t\t\t\t\t\t\t\t<\/div>\n\t\t\t\t<\/div>\n\t\t\t\t\t<\/div>\n\t\t<\/div>\n\t\t\t\t\t<\/div>\n\t\t<\/section>\n\t\t\t\t<\/div>","protected":false},"excerpt":{"rendered":"<p>Konzertchor &#8222;Voices of Munich&#8220; Die &#8222;Voices of Munich&#8220;, der Konzertchor der Schule f\u00fcr Chorkunst, bietet eine umfassende musikalische Ausbildung, die Gesangstraining, Chorproben, Geh\u00f6rbildung und Musiktheorie beinhaltet. Besonderer Wert wird auf die Entwicklung des musikalischen Ged\u00e4chtnisses, ein vielf\u00e4ltiges Repertoire und stimmliche Flexibilit\u00e4t gelegt. Der Chor tritt regelm\u00e4\u00dfig bei Konzerten, Festivals, Projekten und Opernproduktionen auf, darunter auch [&hellip;]<\/p>","protected":false},"author":4,"featured_media":0,"parent":2421,"menu_order":0,"comment_status":"closed","ping_status":"closed","template":"","meta":{"footnotes":""},"class_list":["post-2426","page","type-page","status-publish","hentry"],"yoast_head":"<!-- This site is optimized with the Yoast SEO plugin v19.2 - https:\/\/yoast.com\/wordpress\/plugins\/seo\/ -->\n<title>Konzertchor | Voices of Munich<\/title>\n<meta name=\"description\" content=\"Der Konzert Kinderchor der Schule f\u00fcr Chorkunst M\u00fcnchen ist f\u00fcr Kinder ab 9 Jahren geeignet. Hier nehmen die Kinder an Konzerten und Events teil. Weiterlesen.\" \/>\n<meta name=\"robots\" content=\"index, follow, max-snippet:-1, max-image-preview:large, max-video-preview:-1\" \/>\n<link rel=\"canonical\" href=\"https:\/\/chorkunst.de\/en\/kinderchoere\/voices-of-munich\/\" \/>\n<meta property=\"og:locale\" content=\"en_US\" \/>\n<meta property=\"og:type\" content=\"article\" \/>\n<meta property=\"og:title\" content=\"Konzertchor | Voices of Munich\" \/>\n<meta property=\"og:description\" content=\"Der Konzert Kinderchor der Schule f\u00fcr Chorkunst M\u00fcnchen ist f\u00fcr Kinder ab 9 Jahren geeignet. Hier nehmen die Kinder an Konzerten und Events teil. Weiterlesen.\" \/>\n<meta property=\"og:url\" content=\"https:\/\/chorkunst.de\/en\/kinderchoere\/voices-of-munich\/\" \/>\n<meta property=\"og:site_name\" content=\"Schule f\u00fcr Chorkunst M\u00fcnchen\" \/>\n<meta property=\"article:modified_time\" content=\"2026-01-10T11:39:40+00:00\" \/>\n<meta property=\"og:image\" content=\"https:\/\/chorkunst.de\/wp-content\/uploads\/2022\/07\/Kultur-EV-voice.png\" \/>\n<meta name=\"author\" content=\"design\" \/>\n<meta name=\"twitter:card\" content=\"summary_large_image\" \/>\n<meta name=\"twitter:label1\" content=\"Est. reading time\" \/>\n\t<meta name=\"twitter:data1\" content=\"2 minutes\" \/>\n<script type=\"application\/ld+json\" class=\"yoast-schema-graph\">{\"@context\":\"https:\/\/schema.org\",\"@graph\":[{\"@type\":\"WebSite\",\"@id\":\"https:\/\/chorkunst.de\/#website\",\"url\":\"https:\/\/chorkunst.de\/\",\"name\":\"Schule f\u00fcr Chorkunst M\u00fcnchen\",\"description\":\"\",\"potentialAction\":[{\"@type\":\"SearchAction\",\"target\":{\"@type\":\"EntryPoint\",\"urlTemplate\":\"https:\/\/chorkunst.de\/?s={search_term_string}\"},\"query-input\":\"required name=search_term_string\"}],\"inLanguage\":\"en-US\"},{\"@type\":\"ImageObject\",\"inLanguage\":\"en-US\",\"@id\":\"https:\/\/chorkunst.de\/kinderchoere\/voices-of-munich\/#primaryimage\",\"url\":\"https:\/\/chorkunst.de\/wp-content\/uploads\/2022\/07\/Kultur-EV-voice.png\",\"contentUrl\":\"https:\/\/chorkunst.de\/wp-content\/uploads\/2022\/07\/Kultur-EV-voice.png\",\"width\":1200,\"height\":1200,\"caption\":\"Icon Person\"},{\"@type\":\"WebPage\",\"@id\":\"https:\/\/chorkunst.de\/kinderchoere\/voices-of-munich\/#webpage\",\"url\":\"https:\/\/chorkunst.de\/kinderchoere\/voices-of-munich\/\",\"name\":\"Konzertchor | Voices of Munich\",\"isPartOf\":{\"@id\":\"https:\/\/chorkunst.de\/#website\"},\"primaryImageOfPage\":{\"@id\":\"https:\/\/chorkunst.de\/kinderchoere\/voices-of-munich\/#primaryimage\"},\"datePublished\":\"2022-07-12T10:17:32+00:00\",\"dateModified\":\"2026-01-10T11:39:40+00:00\",\"description\":\"Der Konzert Kinderchor der Schule f\u00fcr Chorkunst M\u00fcnchen ist f\u00fcr Kinder ab 9 Jahren geeignet. Hier nehmen die Kinder an Konzerten und Events teil. Weiterlesen.\",\"breadcrumb\":{\"@id\":\"https:\/\/chorkunst.de\/kinderchoere\/voices-of-munich\/#breadcrumb\"},\"inLanguage\":\"en-US\",\"potentialAction\":[{\"@type\":\"ReadAction\",\"target\":[\"https:\/\/chorkunst.de\/kinderchoere\/voices-of-munich\/\"]}]},{\"@type\":\"BreadcrumbList\",\"@id\":\"https:\/\/chorkunst.de\/kinderchoere\/voices-of-munich\/#breadcrumb\",\"itemListElement\":[{\"@type\":\"ListItem\",\"position\":1,\"name\":\"Startseite\",\"item\":\"https:\/\/chorkunst.de\/\"},{\"@type\":\"ListItem\",\"position\":2,\"name\":\"Kinderch\u00f6re\",\"item\":\"https:\/\/chorkunst.de\/kinderchoere\/\"},{\"@type\":\"ListItem\",\"position\":3,\"name\":\"Voices of Munich\"}]}]}<\/script>\n<!-- \/ Yoast SEO plugin. -->","yoast_head_json":{"title":"Konzertchor | Voices of Munich","description":"Der Konzert Kinderchor der Schule f\u00fcr Chorkunst M\u00fcnchen ist f\u00fcr Kinder ab 9 Jahren geeignet. Hier nehmen die Kinder an Konzerten und Events teil. Weiterlesen.","robots":{"index":"index","follow":"follow","max-snippet":"max-snippet:-1","max-image-preview":"max-image-preview:large","max-video-preview":"max-video-preview:-1"},"canonical":"https:\/\/chorkunst.de\/en\/kinderchoere\/voices-of-munich\/","og_locale":"en_US","og_type":"article","og_title":"Konzertchor | Voices of Munich","og_description":"Der Konzert Kinderchor der Schule f\u00fcr Chorkunst M\u00fcnchen ist f\u00fcr Kinder ab 9 Jahren geeignet. Hier nehmen die Kinder an Konzerten und Events teil. Weiterlesen.","og_url":"https:\/\/chorkunst.de\/en\/kinderchoere\/voices-of-munich\/","og_site_name":"Schule f\u00fcr Chorkunst M\u00fcnchen","article_modified_time":"2026-01-10T11:39:40+00:00","og_image":[{"url":"https:\/\/chorkunst.de\/wp-content\/uploads\/2022\/07\/Kultur-EV-voice.png"}],"author":"design","twitter_card":"summary_large_image","twitter_misc":{"Est. reading time":"2 minutes"},"schema":{"@context":"https:\/\/schema.org","@graph":[{"@type":"WebSite","@id":"https:\/\/chorkunst.de\/#website","url":"https:\/\/chorkunst.de\/","name":"Schule f\u00fcr Chorkunst M\u00fcnchen","description":"","potentialAction":[{"@type":"SearchAction","target":{"@type":"EntryPoint","urlTemplate":"https:\/\/chorkunst.de\/?s={search_term_string}"},"query-input":"required name=search_term_string"}],"inLanguage":"en-US"},{"@type":"ImageObject","inLanguage":"en-US","@id":"https:\/\/chorkunst.de\/kinderchoere\/voices-of-munich\/#primaryimage","url":"https:\/\/chorkunst.de\/wp-content\/uploads\/2022\/07\/Kultur-EV-voice.png","contentUrl":"https:\/\/chorkunst.de\/wp-content\/uploads\/2022\/07\/Kultur-EV-voice.png","width":1200,"height":1200,"caption":"Icon Person"},{"@type":"WebPage","@id":"https:\/\/chorkunst.de\/kinderchoere\/voices-of-munich\/#webpage","url":"https:\/\/chorkunst.de\/kinderchoere\/voices-of-munich\/","name":"Konzertchor | Voices of Munich","isPartOf":{"@id":"https:\/\/chorkunst.de\/#website"},"primaryImageOfPage":{"@id":"https:\/\/chorkunst.de\/kinderchoere\/voices-of-munich\/#primaryimage"},"datePublished":"2022-07-12T10:17:32+00:00","dateModified":"2026-01-10T11:39:40+00:00","description":"Der Konzert Kinderchor der Schule f\u00fcr Chorkunst M\u00fcnchen ist f\u00fcr Kinder ab 9 Jahren geeignet. Hier nehmen die Kinder an Konzerten und Events teil. Weiterlesen.","breadcrumb":{"@id":"https:\/\/chorkunst.de\/kinderchoere\/voices-of-munich\/#breadcrumb"},"inLanguage":"en-US","potentialAction":[{"@type":"ReadAction","target":["https:\/\/chorkunst.de\/kinderchoere\/voices-of-munich\/"]}]},{"@type":"BreadcrumbList","@id":"https:\/\/chorkunst.de\/kinderchoere\/voices-of-munich\/#breadcrumb","itemListElement":[{"@type":"ListItem","position":1,"name":"Startseite","item":"https:\/\/chorkunst.de\/"},{"@type":"ListItem","position":2,"name":"Kinderch\u00f6re","item":"https:\/\/chorkunst.de\/kinderchoere\/"},{"@type":"ListItem","position":3,"name":"Voices of Munich"}]}]}},"_links":{"self":[{"href":"https:\/\/chorkunst.de\/en\/wp-json\/wp\/v2\/pages\/2426","targetHints":{"allow":["GET"]}}],"collection":[{"href":"https:\/\/chorkunst.de\/en\/wp-json\/wp\/v2\/pages"}],"about":[{"href":"https:\/\/chorkunst.de\/en\/wp-json\/wp\/v2\/types\/page"}],"author":[{"embeddable":true,"href":"https:\/\/chorkunst.de\/en\/wp-json\/wp\/v2\/users\/4"}],"replies":[{"embeddable":true,"href":"https:\/\/chorkunst.de\/en\/wp-json\/wp\/v2\/comments?post=2426"}],"version-history":[{"count":0,"href":"https:\/\/chorkunst.de\/en\/wp-json\/wp\/v2\/pages\/2426\/revisions"}],"up":[{"embeddable":true,"href":"https:\/\/chorkunst.de\/en\/wp-json\/wp\/v2\/pages\/2421"}],"wp:attachment":[{"href":"https:\/\/chorkunst.de\/en\/wp-json\/wp\/v2\/media?parent=2426"}],"curies":[{"name":"wp","href":"https:\/\/api.w.org\/{rel}","templated":true}]}}