{"id":2437,"date":"2022-07-12T16:02:46","date_gmt":"2022-07-12T14:02:46","guid":{"rendered":"https:\/\/chorkunst.de\/?page_id=2437"},"modified":"2026-01-10T10:26:27","modified_gmt":"2026-01-10T09:26:27","slug":"ueber-uns","status":"publish","type":"page","link":"https:\/\/chorkunst.de\/en\/ueber-uns\/","title":{"rendered":"About us"},"content":{"rendered":"<div data-elementor-type=\"wp-page\" data-elementor-id=\"2437\" class=\"elementor elementor-2437\" data-elementor-post-type=\"page\">\n\t\t\t\t\t\t<section class=\"elementor-section elementor-top-section elementor-element elementor-element-fb021ab elementor-section-height-min-height elementor-section-boxed elementor-section-height-default elementor-section-items-middle\" data-id=\"fb021ab\" data-element_type=\"section\" data-settings=\"{&quot;background_background&quot;:&quot;classic&quot;}\">\n\t\t\t\t\t\t\t<div class=\"elementor-background-overlay\"><\/div>\n\t\t\t\t\t\t\t<div class=\"elementor-container elementor-column-gap-default\">\n\t\t\t\t\t<div class=\"elementor-column elementor-col-100 elementor-top-column elementor-element elementor-element-6f9bf98\" data-id=\"6f9bf98\" data-element_type=\"column\" data-settings=\"{&quot;background_background&quot;:&quot;classic&quot;}\">\n\t\t\t<div class=\"elementor-widget-wrap\">\n\t\t\t\t\t\t\t<\/div>\n\t\t<\/div>\n\t\t\t\t\t<\/div>\n\t\t<\/section>\n\t\t\t\t<section class=\"elementor-section elementor-top-section elementor-element elementor-element-6ba2e39 elementor-section-boxed elementor-section-height-default elementor-section-height-default\" data-id=\"6ba2e39\" data-element_type=\"section\" data-settings=\"{&quot;background_background&quot;:&quot;classic&quot;}\">\n\t\t\t\t\t\t<div class=\"elementor-container elementor-column-gap-default\">\n\t\t\t\t\t<div class=\"elementor-column elementor-col-100 elementor-top-column elementor-element elementor-element-e237879\" data-id=\"e237879\" data-element_type=\"column\" data-settings=\"{&quot;background_background&quot;:&quot;classic&quot;}\">\n\t\t\t<div class=\"elementor-widget-wrap elementor-element-populated\">\n\t\t\t\t\t\t<section class=\"elementor-section elementor-inner-section elementor-element elementor-element-1425453 elementor-section-boxed elementor-section-height-default elementor-section-height-default\" data-id=\"1425453\" data-element_type=\"section\">\n\t\t\t\t\t\t<div class=\"elementor-container elementor-column-gap-default\">\n\t\t\t\t\t<div class=\"elementor-column elementor-col-100 elementor-inner-column elementor-element elementor-element-3851599\" data-id=\"3851599\" data-element_type=\"column\">\n\t\t\t<div class=\"elementor-widget-wrap elementor-element-populated\">\n\t\t\t\t\t\t<div class=\"elementor-element elementor-element-7b8a40a elementor-widget elementor-widget-heading\" data-id=\"7b8a40a\" data-element_type=\"widget\" data-widget_type=\"heading.default\">\n\t\t\t\t<div class=\"elementor-widget-container\">\n\t\t\t\t\t<h1 class=\"elementor-heading-title elementor-size-default\">Learn more about our school for choral art in Munich.<\/h1>\t\t\t\t<\/div>\n\t\t\t\t<\/div>\n\t\t\t\t<div class=\"elementor-element elementor-element-2af2aad elementor-widget elementor-widget-text-editor\" data-id=\"2af2aad\" data-element_type=\"widget\" data-widget_type=\"text-editor.default\">\n\t\t\t\t<div class=\"elementor-widget-container\">\n\t\t\t\t\t\t\t\t\t<p>We are very pleased that you are interested in our music and singing school. You are welcome to get to know our school and the team better on the following pages.<\/p><p>Of course, we are also personally available for your concerns.<\/p>\t\t\t\t\t\t\t\t<\/div>\n\t\t\t\t<\/div>\n\t\t\t\t\t<\/div>\n\t\t<\/div>\n\t\t\t\t\t<\/div>\n\t\t<\/section>\n\t\t\t\t<div class=\"elementor-element elementor-element-e0853d6 elementor-mobile-align-center elementor-align-center elementor-widget elementor-widget-button\" data-id=\"e0853d6\" data-element_type=\"widget\" data-widget_type=\"button.default\">\n\t\t\t\t<div class=\"elementor-widget-container\">\n\t\t\t\t\t\t\t\t\t<div class=\"elementor-button-wrapper\">\n\t\t\t\t\t<a class=\"elementor-button elementor-button-link elementor-size-sm\" href=\"tel:+498912597793\">\n\t\t\t\t\t\t<span class=\"elementor-button-content-wrapper\">\n\t\t\t\t\t\t\t\t\t<span class=\"elementor-button-text\">08912 597793<\/span>\n\t\t\t\t\t<\/span>\n\t\t\t\t\t<\/a>\n\t\t\t\t<\/div>\n\t\t\t\t\t\t\t\t<\/div>\n\t\t\t\t<\/div>\n\t\t\t\t\t<\/div>\n\t\t<\/div>\n\t\t\t\t\t<\/div>\n\t\t<\/section>\n\t\t\t\t<section class=\"elementor-section elementor-top-section elementor-element elementor-element-7109a9c elementor-section-boxed elementor-section-height-default elementor-section-height-default\" data-id=\"7109a9c\" data-element_type=\"section\" data-settings=\"{&quot;background_background&quot;:&quot;classic&quot;}\">\n\t\t\t\t\t\t<div class=\"elementor-container elementor-column-gap-default\">\n\t\t\t\t\t<div class=\"elementor-column elementor-col-100 elementor-top-column elementor-element elementor-element-627bb6b\" data-id=\"627bb6b\" data-element_type=\"column\" data-settings=\"{&quot;background_background&quot;:&quot;classic&quot;}\">\n\t\t\t<div class=\"elementor-widget-wrap elementor-element-populated\">\n\t\t\t\t\t\t<section class=\"elementor-section elementor-inner-section elementor-element elementor-element-9b4ac31 elementor-section-boxed elementor-section-height-default elementor-section-height-default\" data-id=\"9b4ac31\" data-element_type=\"section\">\n\t\t\t\t\t\t<div class=\"elementor-container elementor-column-gap-default\">\n\t\t\t\t\t<div class=\"elementor-column elementor-col-100 elementor-inner-column elementor-element elementor-element-fc04440\" data-id=\"fc04440\" data-element_type=\"column\">\n\t\t\t<div class=\"elementor-widget-wrap elementor-element-populated\">\n\t\t\t\t\t\t<div class=\"elementor-element elementor-element-44ad444 elementor-widget elementor-widget-heading\" data-id=\"44ad444\" data-element_type=\"widget\" data-widget_type=\"heading.default\">\n\t\t\t\t<div class=\"elementor-widget-container\">\n\t\t\t\t\t<h3 class=\"elementor-heading-title elementor-size-default\">Our School of Choral Art - who we are<\/h3>\t\t\t\t<\/div>\n\t\t\t\t<\/div>\n\t\t\t\t<div class=\"elementor-element elementor-element-15378b5 elementor-widget elementor-widget-text-editor\" data-id=\"15378b5\" data-element_type=\"widget\" data-widget_type=\"text-editor.default\">\n\t\t\t\t<div class=\"elementor-widget-container\">\n\t\t\t\t\t\t\t\t\t<p>The Schule f\u00fcr Chormusik in Munich is a young choral school founded in 2014 under the direction of the renowned choral musician Maksim Matsiushenkau.<\/p><p>We provide children with an optimal environment for in-depth musical training in choral singing and offer training in music theory, ear training and voice training in addition to choral lessons.<\/p>\t\t\t\t\t\t\t\t<\/div>\n\t\t\t\t<\/div>\n\t\t\t\t\t<\/div>\n\t\t<\/div>\n\t\t\t\t\t<\/div>\n\t\t<\/section>\n\t\t\t\t\t<\/div>\n\t\t<\/div>\n\t\t\t\t\t<\/div>\n\t\t<\/section>\n\t\t\t\t<section class=\"elementor-section elementor-top-section elementor-element elementor-element-342736b elementor-section-content-middle elementor-section-boxed elementor-section-height-default elementor-section-height-default\" data-id=\"342736b\" data-element_type=\"section\" data-settings=\"{&quot;background_background&quot;:&quot;classic&quot;}\">\n\t\t\t\t\t\t<div class=\"elementor-container elementor-column-gap-default\">\n\t\t\t\t\t<div class=\"elementor-column elementor-col-50 elementor-top-column elementor-element elementor-element-ffa6b4e\" data-id=\"ffa6b4e\" data-element_type=\"column\" data-settings=\"{&quot;background_background&quot;:&quot;classic&quot;}\">\n\t\t\t<div class=\"elementor-widget-wrap elementor-element-populated\">\n\t\t\t\t\t\t<div class=\"elementor-element elementor-element-a31c92d elementor-widget elementor-widget-spacer\" data-id=\"a31c92d\" data-element_type=\"widget\" data-widget_type=\"spacer.default\">\n\t\t\t\t<div class=\"elementor-widget-container\">\n\t\t\t\t\t\t\t<div class=\"elementor-spacer\">\n\t\t\t<div class=\"elementor-spacer-inner\"><\/div>\n\t\t<\/div>\n\t\t\t\t\t\t<\/div>\n\t\t\t\t<\/div>\n\t\t\t\t\t<\/div>\n\t\t<\/div>\n\t\t\t\t<div class=\"elementor-column elementor-col-50 elementor-top-column elementor-element elementor-element-c944792\" data-id=\"c944792\" data-element_type=\"column\">\n\t\t\t<div class=\"elementor-widget-wrap elementor-element-populated\">\n\t\t\t\t\t\t<div class=\"elementor-element elementor-element-183a6ce elementor-widget elementor-widget-heading\" data-id=\"183a6ce\" data-element_type=\"widget\" data-widget_type=\"heading.default\">\n\t\t\t\t<div class=\"elementor-widget-container\">\n\t\t\t\t\t<h3 class=\"elementor-heading-title elementor-size-default\">Who sings in our choirs?<\/h3>\t\t\t\t<\/div>\n\t\t\t\t<\/div>\n\t\t\t\t<div class=\"elementor-element elementor-element-d489ae0 elementor-widget elementor-widget-text-editor\" data-id=\"d489ae0\" data-element_type=\"widget\" data-widget_type=\"text-editor.default\">\n\t\t\t\t<div class=\"elementor-widget-container\">\n\t\t\t\t\t\t\t\t\t<p>Our choirs are divided into three levels and currently consist of over 70 children aged 4 to 17.<\/p><p>Boys and girls always sing together in our choirs and thus discover the potential and individuality of a broad vocal spectrum at an early age.<\/p>\t\t\t\t\t\t\t\t<\/div>\n\t\t\t\t<\/div>\n\t\t\t\t\t<\/div>\n\t\t<\/div>\n\t\t\t\t\t<\/div>\n\t\t<\/section>\n\t\t\t\t<section class=\"elementor-section elementor-top-section elementor-element elementor-element-8eaf5de elementor-section-boxed elementor-section-height-default elementor-section-height-default\" data-id=\"8eaf5de\" data-element_type=\"section\" data-settings=\"{&quot;background_background&quot;:&quot;classic&quot;}\">\n\t\t\t\t\t\t<div class=\"elementor-container elementor-column-gap-default\">\n\t\t\t\t\t<div class=\"elementor-column elementor-col-100 elementor-top-column elementor-element elementor-element-c02930a\" data-id=\"c02930a\" data-element_type=\"column\" data-settings=\"{&quot;background_background&quot;:&quot;classic&quot;}\">\n\t\t\t<div class=\"elementor-widget-wrap elementor-element-populated\">\n\t\t\t\t\t\t<section class=\"elementor-section elementor-inner-section elementor-element elementor-element-46c32e1 elementor-section-boxed elementor-section-height-default elementor-section-height-default\" data-id=\"46c32e1\" data-element_type=\"section\">\n\t\t\t\t\t\t<div class=\"elementor-container elementor-column-gap-default\">\n\t\t\t\t\t<div class=\"elementor-column elementor-col-100 elementor-inner-column elementor-element elementor-element-9ec95a3\" data-id=\"9ec95a3\" data-element_type=\"column\">\n\t\t\t<div class=\"elementor-widget-wrap elementor-element-populated\">\n\t\t\t\t\t\t<div class=\"elementor-element elementor-element-d0e0501 elementor-widget elementor-widget-heading\" data-id=\"d0e0501\" data-element_type=\"widget\" data-widget_type=\"heading.default\">\n\t\t\t\t<div class=\"elementor-widget-container\">\n\t\t\t\t\t<h3 class=\"elementor-heading-title elementor-size-default\">How do we achieve our high standards?<\/h3>\t\t\t\t<\/div>\n\t\t\t\t<\/div>\n\t\t\t\t<div class=\"elementor-element elementor-element-12cc68b elementor-widget elementor-widget-text-editor\" data-id=\"12cc68b\" data-element_type=\"widget\" data-widget_type=\"text-editor.default\">\n\t\t\t\t<div class=\"elementor-widget-container\">\n\t\t\t\t\t\t\t\t\t<p>Our young singers understand that talent is not an innate thing but is accessible to everyone through diligent practice and learning from mistakes.<\/p><p>We rehearse twice a week with our choirs. Professional support from our music teachers forms the basis for intensive and enjoyable learning.<\/p><p style=\"font-weight: 400;\">And the effort pays off. Since the founding of the school for choral art, young singers have regularly participated in public concerts, festivals, choral tours, and other projects. In 2018, the concert choir of the choir school successfully took part in the international \"World Peace Choral Festival\" in Vienna and performed alongside the world-famous Vienna Boys' Choir. In 2021, children from the Munich School of Choral Art participated in the Tyrolean Festival and delivered a performance in Humperdinck's opera \"K\u00f6nigskinder\". Another significant project, in collaboration with the Bavarian State Opera for the second time, was the children's opera \"Jump!\" composed by Gordon Kampe. The opera premiered on December 9, 2022, and after a successful debut, it had seven more performances. In November 2022, the singers from the Munich School of Choral Art participated in the Bavarian Choir Competition and achieved great success, earning them a spot in the German Choir Competition held in Hanover in June 2023. They competed in the \"Children's Choirs up to the age of 16\" category and received a rating of \"participated with great success.\" Additionally, they were nominated for third place in Germany.<\/p>\t\t\t\t\t\t\t\t<\/div>\n\t\t\t\t<\/div>\n\t\t\t\t\t<\/div>\n\t\t<\/div>\n\t\t\t\t\t<\/div>\n\t\t<\/section>\n\t\t\t\t\t<\/div>\n\t\t<\/div>\n\t\t\t\t\t<\/div>\n\t\t<\/section>\n\t\t\t\t<section class=\"elementor-section elementor-top-section elementor-element elementor-element-e36c1c4 elementor-section-boxed elementor-section-height-default elementor-section-height-default\" data-id=\"e36c1c4\" data-element_type=\"section\">\n\t\t\t\t\t\t<div class=\"elementor-container elementor-column-gap-default\">\n\t\t\t\t\t<div class=\"elementor-column elementor-col-100 elementor-top-column elementor-element elementor-element-ba3e768\" data-id=\"ba3e768\" data-element_type=\"column\" data-settings=\"{&quot;background_background&quot;:&quot;classic&quot;}\">\n\t\t\t<div class=\"elementor-widget-wrap elementor-element-populated\">\n\t\t\t\t\t\t<div class=\"elementor-element elementor-element-dcbe530 elementor-widget elementor-widget-heading\" data-id=\"dcbe530\" data-element_type=\"widget\" data-widget_type=\"heading.default\">\n\t\t\t\t<div class=\"elementor-widget-container\">\n\t\t\t\t\t<h3 class=\"elementor-heading-title elementor-size-default\">More about our music school<\/h3>\t\t\t\t<\/div>\n\t\t\t\t<\/div>\n\t\t\t\t<div class=\"elementor-element elementor-element-c1fc9f4 elementor-widget elementor-widget-text-editor\" data-id=\"c1fc9f4\" data-element_type=\"widget\" data-widget_type=\"text-editor.default\">\n\t\t\t\t<div class=\"elementor-widget-container\">\n\t\t\t\t\t\t\t\t\t<p>On the following pages, you can get to know our team and find out about our fees and timetable. If you would like to support us financially, you can do so through our supporting association.<\/p>\t\t\t\t\t\t\t\t<\/div>\n\t\t\t\t<\/div>\n\t\t\t\t<section class=\"elementor-section elementor-inner-section elementor-element elementor-element-789178c elementor-section-boxed elementor-section-height-default elementor-section-height-default\" data-id=\"789178c\" data-element_type=\"section\">\n\t\t\t\t\t\t<div class=\"elementor-container elementor-column-gap-default\">\n\t\t\t\t\t<div class=\"elementor-column elementor-col-50 elementor-inner-column elementor-element elementor-element-c3bdacf\" data-id=\"c3bdacf\" data-element_type=\"column\">\n\t\t\t<div class=\"elementor-widget-wrap elementor-element-populated\">\n\t\t\t\t\t\t<div class=\"elementor-element elementor-element-4e70b7e elementor-cta--tablet-layout-image-left elementor-cta--mobile-layout-image-above elementor-cta--skin-classic elementor-animated-content elementor-bg-transform elementor-bg-transform-zoom-in elementor-widget elementor-widget-call-to-action\" data-id=\"4e70b7e\" data-element_type=\"widget\" data-widget_type=\"call-to-action.default\">\n\t\t\t\t<div class=\"elementor-widget-container\">\n\t\t\t\t\t\t\t<a class=\"elementor-cta\" href=\"\/en\/team\/\">\n\t\t\t\t\t<div class=\"elementor-cta__bg-wrapper\">\n\t\t\t\t<div class=\"elementor-cta__bg elementor-bg\" style=\"background-image: url(https:\/\/chorkunst.de\/wp-content\/uploads\/2022\/07\/Kulturev_team-pods.jpg);\" role=\"img\" aria-label=\"Kindergruppe auf Br\u00fccke\"><\/div>\n\t\t\t\t<div class=\"elementor-cta__bg-overlay\"><\/div>\n\t\t\t<\/div>\n\t\t\t\t\t\t\t<div class=\"elementor-cta__content\">\n\t\t\t\t\n\t\t\t\t\t\t\t\t\t<h3 class=\"elementor-cta__title elementor-cta__content-item elementor-content-item\">\n\t\t\t\t\t\tOur team\t\t\t\t\t<\/h3>\n\t\t\t\t\n\t\t\t\t\t\t\t\t\t<div class=\"elementor-cta__description elementor-cta__content-item elementor-content-item\">\n\t\t\t\t\t\tMeet the teachers at our school of choral music.\t\t\t\t\t<\/div>\n\t\t\t\t\n\t\t\t\t\t\t\t\t\t<div class=\"elementor-cta__button-wrapper elementor-cta__content-item elementor-content-item\">\n\t\t\t\t\t<span class=\"elementor-cta__button elementor-button elementor-size-xs\">\n\t\t\t\t\t\tLearn more\t\t\t\t\t<\/span>\n\t\t\t\t\t<\/div>\n\t\t\t\t\t\t\t<\/div>\n\t\t\t\t\t\t<\/a>\n\t\t\t\t\t\t<\/div>\n\t\t\t\t<\/div>\n\t\t\t\t\t<\/div>\n\t\t<\/div>\n\t\t\t\t<div class=\"elementor-column elementor-col-50 elementor-inner-column elementor-element elementor-element-962b583\" data-id=\"962b583\" data-element_type=\"column\">\n\t\t\t<div class=\"elementor-widget-wrap elementor-element-populated\">\n\t\t\t\t\t\t<div class=\"elementor-element elementor-element-c1a8a63 elementor-cta--tablet-layout-image-left elementor-cta--mobile-layout-image-above elementor-cta--layout-image-above elementor-cta--skin-classic elementor-animated-content elementor-bg-transform elementor-bg-transform-zoom-in elementor-widget elementor-widget-call-to-action\" data-id=\"c1a8a63\" data-element_type=\"widget\" data-widget_type=\"call-to-action.default\">\n\t\t\t\t<div class=\"elementor-widget-container\">\n\t\t\t\t\t\t\t<a class=\"elementor-cta\" href=\"\/en\/gebuehrenordnung\/\">\n\t\t\t\t\t<div class=\"elementor-cta__bg-wrapper\">\n\t\t\t\t<div class=\"elementor-cta__bg elementor-bg\" style=\"background-image: url(https:\/\/chorkunst.de\/wp-content\/uploads\/2026\/01\/FOTB7965-2-scaled.jpg);\" role=\"img\" aria-label=\"FOTB7965\"><\/div>\n\t\t\t\t<div class=\"elementor-cta__bg-overlay\"><\/div>\n\t\t\t<\/div>\n\t\t\t\t\t\t\t<div class=\"elementor-cta__content\">\n\t\t\t\t\n\t\t\t\t\t\t\t\t\t<h3 class=\"elementor-cta__title elementor-cta__content-item elementor-content-item\">\n\t\t\t\t\t\tFee schedule\t\t\t\t\t<\/h3>\n\t\t\t\t\n\t\t\t\t\t\t\t\t\t<div class=\"elementor-cta__description elementor-cta__content-item elementor-content-item\">\n\t\t\t\t\t\tInformation about the fees for music lessons.\t\t\t\t\t<\/div>\n\t\t\t\t\n\t\t\t\t\t\t\t\t\t<div class=\"elementor-cta__button-wrapper elementor-cta__content-item elementor-content-item\">\n\t\t\t\t\t<span class=\"elementor-cta__button elementor-button elementor-size-xs\">\n\t\t\t\t\t\tLearn more\t\t\t\t\t<\/span>\n\t\t\t\t\t<\/div>\n\t\t\t\t\t\t\t<\/div>\n\t\t\t\t\t\t<\/a>\n\t\t\t\t\t\t<\/div>\n\t\t\t\t<\/div>\n\t\t\t\t\t<\/div>\n\t\t<\/div>\n\t\t\t\t\t<\/div>\n\t\t<\/section>\n\t\t\t\t<section class=\"elementor-section elementor-inner-section elementor-element elementor-element-986ddd3 elementor-section-boxed elementor-section-height-default elementor-section-height-default\" data-id=\"986ddd3\" data-element_type=\"section\">\n\t\t\t\t\t\t<div class=\"elementor-container elementor-column-gap-default\">\n\t\t\t\t\t<div class=\"elementor-column elementor-col-50 elementor-inner-column elementor-element elementor-element-fa08440\" data-id=\"fa08440\" data-element_type=\"column\">\n\t\t\t<div class=\"elementor-widget-wrap elementor-element-populated\">\n\t\t\t\t\t\t<div class=\"elementor-element elementor-element-64005d8 elementor-cta--tablet-layout-image-left elementor-cta--mobile-layout-image-above elementor-cta--skin-classic elementor-animated-content elementor-bg-transform elementor-bg-transform-zoom-in elementor-widget elementor-widget-call-to-action\" data-id=\"64005d8\" data-element_type=\"widget\" data-widget_type=\"call-to-action.default\">\n\t\t\t\t<div class=\"elementor-widget-container\">\n\t\t\t\t\t\t\t<a class=\"elementor-cta\" href=\"\/en\/stundenplan\/\">\n\t\t\t\t\t<div class=\"elementor-cta__bg-wrapper\">\n\t\t\t\t<div class=\"elementor-cta__bg elementor-bg\" style=\"background-image: url(https:\/\/chorkunst.de\/wp-content\/uploads\/2022\/07\/Kulturev_Studentplan.jpg);\" role=\"img\" aria-label=\"Kinder lesen ein Buch\"><\/div>\n\t\t\t\t<div class=\"elementor-cta__bg-overlay\"><\/div>\n\t\t\t<\/div>\n\t\t\t\t\t\t\t<div class=\"elementor-cta__content\">\n\t\t\t\t\n\t\t\t\t\t\t\t\t\t<h3 class=\"elementor-cta__title elementor-cta__content-item elementor-content-item\">\n\t\t\t\t\t\tTimetable\t\t\t\t\t<\/h3>\n\t\t\t\t\n\t\t\t\t\t\t\t\t\t<div class=\"elementor-cta__description elementor-cta__content-item elementor-content-item\">\n\t\t\t\t\t\tTimetable for our children's choirs here.\t\t\t\t\t<\/div>\n\t\t\t\t\n\t\t\t\t\t\t\t\t\t<div class=\"elementor-cta__button-wrapper elementor-cta__content-item elementor-content-item\">\n\t\t\t\t\t<span class=\"elementor-cta__button elementor-button elementor-size-xs\">\n\t\t\t\t\t\tLearn more\t\t\t\t\t<\/span>\n\t\t\t\t\t<\/div>\n\t\t\t\t\t\t\t<\/div>\n\t\t\t\t\t\t<\/a>\n\t\t\t\t\t\t<\/div>\n\t\t\t\t<\/div>\n\t\t\t\t\t<\/div>\n\t\t<\/div>\n\t\t\t\t<div class=\"elementor-column elementor-col-50 elementor-inner-column elementor-element elementor-element-6929692\" data-id=\"6929692\" data-element_type=\"column\">\n\t\t\t<div class=\"elementor-widget-wrap elementor-element-populated\">\n\t\t\t\t\t\t<div class=\"elementor-element elementor-element-a1aef19 elementor-cta--tablet-layout-image-left elementor-cta--mobile-layout-image-above elementor-cta--skin-classic elementor-animated-content elementor-bg-transform elementor-bg-transform-zoom-in elementor-widget elementor-widget-call-to-action\" data-id=\"a1aef19\" data-element_type=\"widget\" data-widget_type=\"call-to-action.default\">\n\t\t\t\t<div class=\"elementor-widget-container\">\n\t\t\t\t\t\t\t<a class=\"elementor-cta\" href=\"https:\/\/chorkunst.de\/en\/ueber-uns\/traegerverein\/\">\n\t\t\t\t\t<div class=\"elementor-cta__bg-wrapper\">\n\t\t\t\t<div class=\"elementor-cta__bg elementor-bg\" style=\"background-image: url(https:\/\/chorkunst.de\/wp-content\/uploads\/2026\/01\/3Q9A3604-2-scaled.jpg);\" role=\"img\" aria-label=\"3Q9A3604 2\"><\/div>\n\t\t\t\t<div class=\"elementor-cta__bg-overlay\"><\/div>\n\t\t\t<\/div>\n\t\t\t\t\t\t\t<div class=\"elementor-cta__content\">\n\t\t\t\t\n\t\t\t\t\t\t\t\t\t<h3 class=\"elementor-cta__title elementor-cta__content-item elementor-content-item\">\n\t\t\t\t\t\tSupporting association\t\t\t\t\t<\/h3>\n\t\t\t\t\n\t\t\t\t\t\t\t\t\t<div class=\"elementor-cta__description elementor-cta__content-item elementor-content-item\">\n\t\t\t\t\t\tThe non-profit Association CHORKUNST INTERNATIONAL e.V. has set itself the task of supporting choral art in Munich. It, therefore, helps our choir school with financial and organisational matters.\t\t\t\t\t<\/div>\n\t\t\t\t\n\t\t\t\t\t\t\t\t\t<div class=\"elementor-cta__button-wrapper elementor-cta__content-item elementor-content-item\">\n\t\t\t\t\t<span class=\"elementor-cta__button elementor-button elementor-size-xs\">\n\t\t\t\t\t\tPress reports\t\t\t\t\t<\/span>\n\t\t\t\t\t<\/div>\n\t\t\t\t\t\t\t<\/div>\n\t\t\t\t\t\t<\/a>\n\t\t\t\t\t\t<\/div>\n\t\t\t\t<\/div>\n\t\t\t\t\t<\/div>\n\t\t<\/div>\n\t\t\t\t\t<\/div>\n\t\t<\/section>\n\t\t\t\t\t<\/div>\n\t\t<\/div>\n\t\t\t\t\t<\/div>\n\t\t<\/section>\n\t\t\t\t<section class=\"elementor-section elementor-top-section elementor-element elementor-element-460e398 elementor-section-boxed elementor-section-height-default elementor-section-height-default\" data-id=\"460e398\" data-element_type=\"section\" data-settings=\"{&quot;background_background&quot;:&quot;classic&quot;}\">\n\t\t\t\t\t\t<div class=\"elementor-container elementor-column-gap-default\">\n\t\t\t\t\t<div class=\"elementor-column elementor-col-50 elementor-top-column elementor-element elementor-element-3211e13\" data-id=\"3211e13\" data-element_type=\"column\" data-settings=\"{&quot;background_background&quot;:&quot;classic&quot;}\">\n\t\t\t<div class=\"elementor-widget-wrap elementor-element-populated\">\n\t\t\t\t\t\t<div class=\"elementor-element elementor-element-abfa77b elementor-widget elementor-widget-heading\" data-id=\"abfa77b\" data-element_type=\"widget\" data-widget_type=\"heading.default\">\n\t\t\t\t<div class=\"elementor-widget-container\">\n\t\t\t\t\t<h4 class=\"elementor-heading-title elementor-size-default\">The School of Choral Art Munich receives project-related funding from.<\/h4>\t\t\t\t<\/div>\n\t\t\t\t<\/div>\n\t\t\t\t<div class=\"elementor-element elementor-element-f96338c elementor-widget elementor-widget-gallery\" data-id=\"f96338c\" data-element_type=\"widget\" data-settings=\"{&quot;columns&quot;:3,&quot;columns_mobile&quot;:2,&quot;gap&quot;:{&quot;unit&quot;:&quot;px&quot;,&quot;size&quot;:15,&quot;sizes&quot;:[]},&quot;lazyload&quot;:&quot;yes&quot;,&quot;gallery_layout&quot;:&quot;grid&quot;,&quot;columns_tablet&quot;:2,&quot;gap_tablet_extra&quot;:{&quot;unit&quot;:&quot;px&quot;,&quot;size&quot;:10,&quot;sizes&quot;:[]},&quot;gap_tablet&quot;:{&quot;unit&quot;:&quot;px&quot;,&quot;size&quot;:10,&quot;sizes&quot;:[]},&quot;gap_mobile&quot;:{&quot;unit&quot;:&quot;px&quot;,&quot;size&quot;:10,&quot;sizes&quot;:[]},&quot;link_to&quot;:&quot;file&quot;,&quot;aspect_ratio&quot;:&quot;3:2&quot;,&quot;overlay_background&quot;:&quot;yes&quot;,&quot;content_hover_animation&quot;:&quot;fade-in&quot;}\" data-widget_type=\"gallery.default\">\n\t\t\t\t<div class=\"elementor-widget-container\">\n\t\t\t\t\t\t\t<div class=\"elementor-gallery__container\">\n\t\t\t\t\t\t\t<a class=\"e-gallery-item elementor-gallery-item elementor-animated-content\" href=\"https:\/\/chorkunst.de\/wp-content\/uploads\/2022\/07\/paul-nikolai-1.jpg\" data-elementor-open-lightbox=\"yes\" data-elementor-lightbox-slideshow=\"f96338c\" data-e-action-hash=\"#elementor-action%3Aaction%3Dlightbox%26settings%3DeyJpZCI6MjUxMiwidXJsIjoiaHR0cHM6XC9cL2Nob3JrdW5zdC5kZVwvd3AtY29udGVudFwvdXBsb2Fkc1wvMjAyMlwvMDdcL3BhdWwtbmlrb2xhaS0xLmpwZyIsInNsaWRlc2hvdyI6ImY5NjMzOGMifQ%3D%3D\">\n\t\t\t\t\t<div class=\"e-gallery-image elementor-gallery-item__image\" data-thumbnail=\"https:\/\/chorkunst.de\/wp-content\/uploads\/2022\/07\/paul-nikolai-1.jpg\" data-width=\"350\" data-height=\"244\" aria-label=\"Logo Paul Nikolai Ehlers Stiftung\" role=\"img\" ><\/div>\n\t\t\t\t\t\t\t\t\t\t\t<div class=\"elementor-gallery-item__overlay\"><\/div>\n\t\t\t\t\t\t\t\t\t\t\t\t\t\t<\/a>\n\t\t\t\t\t\t\t<a class=\"e-gallery-item elementor-gallery-item elementor-animated-content\" href=\"https:\/\/chorkunst.de\/wp-content\/uploads\/2022\/07\/kultureferat-1.jpg\" data-elementor-open-lightbox=\"yes\" data-elementor-lightbox-slideshow=\"f96338c\" data-e-action-hash=\"#elementor-action%3Aaction%3Dlightbox%26settings%3DeyJpZCI6MjUxMywidXJsIjoiaHR0cHM6XC9cL2Nob3JrdW5zdC5kZVwvd3AtY29udGVudFwvdXBsb2Fkc1wvMjAyMlwvMDdcL2t1bHR1cmVmZXJhdC0xLmpwZyIsInNsaWRlc2hvdyI6ImY5NjMzOGMifQ%3D%3D\">\n\t\t\t\t\t<div class=\"e-gallery-image elementor-gallery-item__image\" data-thumbnail=\"https:\/\/chorkunst.de\/wp-content\/uploads\/2022\/07\/kultureferat-1.jpg\" data-width=\"350\" data-height=\"244\" aria-label=\"Logo Landeshauptstadt M\u00fcnchen Kulturreferat\" role=\"img\" ><\/div>\n\t\t\t\t\t\t\t\t\t\t\t<div class=\"elementor-gallery-item__overlay\"><\/div>\n\t\t\t\t\t\t\t\t\t\t\t\t\t\t<\/a>\n\t\t\t\t\t<\/div>\n\t\t\t\t\t<\/div>\n\t\t\t\t<\/div>\n\t\t\t\t\t<\/div>\n\t\t<\/div>\n\t\t\t\t<div class=\"elementor-column elementor-col-50 elementor-top-column elementor-element elementor-element-910ef58\" data-id=\"910ef58\" data-element_type=\"column\" data-settings=\"{&quot;background_background&quot;:&quot;classic&quot;}\">\n\t\t\t<div class=\"elementor-widget-wrap elementor-element-populated\">\n\t\t\t\t\t\t<div class=\"elementor-element elementor-element-869d43d elementor-widget elementor-widget-heading\" data-id=\"869d43d\" data-element_type=\"widget\" data-widget_type=\"heading.default\">\n\t\t\t\t<div class=\"elementor-widget-container\">\n\t\t\t\t\t<h4 class=\"elementor-heading-title elementor-size-default\">The School of Choral Art Munich is a member of the:<\/h4>\t\t\t\t<\/div>\n\t\t\t\t<\/div>\n\t\t\t\t<div class=\"elementor-element elementor-element-24d2506 elementor-widget elementor-widget-gallery\" data-id=\"24d2506\" data-element_type=\"widget\" data-settings=\"{&quot;columns&quot;:2,&quot;gap&quot;:{&quot;unit&quot;:&quot;px&quot;,&quot;size&quot;:15,&quot;sizes&quot;:[]},&quot;lazyload&quot;:&quot;yes&quot;,&quot;gallery_layout&quot;:&quot;grid&quot;,&quot;columns_tablet&quot;:2,&quot;columns_mobile&quot;:1,&quot;gap_tablet_extra&quot;:{&quot;unit&quot;:&quot;px&quot;,&quot;size&quot;:10,&quot;sizes&quot;:[]},&quot;gap_tablet&quot;:{&quot;unit&quot;:&quot;px&quot;,&quot;size&quot;:10,&quot;sizes&quot;:[]},&quot;gap_mobile&quot;:{&quot;unit&quot;:&quot;px&quot;,&quot;size&quot;:10,&quot;sizes&quot;:[]},&quot;link_to&quot;:&quot;file&quot;,&quot;aspect_ratio&quot;:&quot;3:2&quot;,&quot;overlay_background&quot;:&quot;yes&quot;,&quot;content_hover_animation&quot;:&quot;fade-in&quot;}\" data-widget_type=\"gallery.default\">\n\t\t\t\t<div class=\"elementor-widget-container\">\n\t\t\t\t\t\t\t<div class=\"elementor-gallery__container\">\n\t\t\t\t\t\t\t<a class=\"e-gallery-item elementor-gallery-item elementor-animated-content\" href=\"https:\/\/chorkunst.de\/wp-content\/uploads\/2022\/07\/bayerischer.jpg\" data-elementor-open-lightbox=\"yes\" data-elementor-lightbox-slideshow=\"24d2506\" data-e-action-hash=\"#elementor-action%3Aaction%3Dlightbox%26settings%3DeyJpZCI6MjUxNSwidXJsIjoiaHR0cHM6XC9cL2Nob3JrdW5zdC5kZVwvd3AtY29udGVudFwvdXBsb2Fkc1wvMjAyMlwvMDdcL2JheWVyaXNjaGVyLmpwZyIsInNsaWRlc2hvdyI6IjI0ZDI1MDYifQ%3D%3D\">\n\t\t\t\t\t<div class=\"e-gallery-image elementor-gallery-item__image\" data-thumbnail=\"https:\/\/chorkunst.de\/wp-content\/uploads\/2022\/07\/bayerischer.jpg\" data-width=\"350\" data-height=\"244\" aria-label=\"Logo Bayerischer S\u00e4ngerbund\" role=\"img\" ><\/div>\n\t\t\t\t\t\t\t\t\t\t\t<div class=\"elementor-gallery-item__overlay\"><\/div>\n\t\t\t\t\t\t\t\t\t\t\t\t\t\t<\/a>\n\t\t\t\t\t<\/div>\n\t\t\t\t\t<\/div>\n\t\t\t\t<\/div>\n\t\t\t\t\t<\/div>\n\t\t<\/div>\n\t\t\t\t\t<\/div>\n\t\t<\/section>\n\t\t\t\t<section class=\"elementor-section elementor-top-section elementor-element elementor-element-269e7d1 elementor-section-boxed elementor-section-height-default elementor-section-height-default\" data-id=\"269e7d1\" data-element_type=\"section\" data-settings=\"{&quot;background_background&quot;:&quot;classic&quot;}\">\n\t\t\t\t\t\t\t<div class=\"elementor-background-overlay\"><\/div>\n\t\t\t\t\t\t\t<div class=\"elementor-container elementor-column-gap-default\">\n\t\t\t\t\t<div class=\"elementor-column elementor-col-100 elementor-top-column elementor-element elementor-element-adf18de\" data-id=\"adf18de\" data-element_type=\"column\" data-settings=\"{&quot;background_background&quot;:&quot;classic&quot;}\">\n\t\t\t<div class=\"elementor-widget-wrap elementor-element-populated\">\n\t\t\t\t\t\t<div class=\"elementor-element elementor-element-389e2f6 elementor-widget elementor-widget-menu-anchor\" data-id=\"389e2f6\" data-element_type=\"widget\" data-widget_type=\"menu-anchor.default\">\n\t\t\t\t<div class=\"elementor-widget-container\">\n\t\t\t\t\t\t\t<div class=\"elementor-menu-anchor\" id=\"zumcasting\"><\/div>\n\t\t\t\t\t\t<\/div>\n\t\t\t\t<\/div>\n\t\t\t\t<div class=\"elementor-element elementor-element-87e5f82 elementor-widget elementor-widget-heading\" data-id=\"87e5f82\" data-element_type=\"widget\" data-widget_type=\"heading.default\">\n\t\t\t\t<div class=\"elementor-widget-container\">\n\t\t\t\t\t<h2 class=\"elementor-heading-title elementor-size-default\">If you would like to have a personal conversation with our music teachers,<\/h2>\t\t\t\t<\/div>\n\t\t\t\t<\/div>\n\t\t\t\t<div class=\"elementor-element elementor-element-83caca7 elementor-widget elementor-widget-heading\" data-id=\"83caca7\" data-element_type=\"widget\" data-widget_type=\"heading.default\">\n\t\t\t\t<div class=\"elementor-widget-container\">\n\t\t\t\t\t<h2 class=\"elementor-heading-title elementor-size-large\">feel free to call us at any time.<\/h2>\t\t\t\t<\/div>\n\t\t\t\t<\/div>\n\t\t\t\t<div class=\"elementor-element elementor-element-a87ee15 elementor-mobile-align-center elementor-align-center elementor-widget elementor-widget-button\" data-id=\"a87ee15\" data-element_type=\"widget\" data-widget_type=\"button.default\">\n\t\t\t\t<div class=\"elementor-widget-container\">\n\t\t\t\t\t\t\t\t\t<div class=\"elementor-button-wrapper\">\n\t\t\t\t\t<a class=\"elementor-button elementor-button-link elementor-size-sm\" href=\"tel:+498912597793\">\n\t\t\t\t\t\t<span class=\"elementor-button-content-wrapper\">\n\t\t\t\t\t\t\t\t\t<span class=\"elementor-button-text\">08912 597793<\/span>\n\t\t\t\t\t<\/span>\n\t\t\t\t\t<\/a>\n\t\t\t\t<\/div>\n\t\t\t\t\t\t\t\t<\/div>\n\t\t\t\t<\/div>\n\t\t\t\t\t<\/div>\n\t\t<\/div>\n\t\t\t\t\t<\/div>\n\t\t<\/section>\n\t\t\t\t<\/div>","protected":false},"excerpt":{"rendered":"<p>Erfahren Sie mehr \u00fcber unsere Schule f\u00fcr Chorkunst M\u00fcnchen Wir freuen uns sehr, dass Sie sich bis hierhin f\u00fcr unsere Musik- und Gesangsschule interessieren. Lernen Sie unsere Schule und das Team auf den folgenden Seiten gern n\u00e4her kennen. Nat\u00fcrlich sind wir auch pers\u00f6nlich f\u00fcr Ihr Anliegen da. 08912 597793 Unsere Schule f\u00fcr Chorkunst \u2013 wer [&hellip;]<\/p>","protected":false},"author":4,"featured_media":0,"parent":0,"menu_order":0,"comment_status":"closed","ping_status":"closed","template":"","meta":{"footnotes":""},"class_list":["post-2437","page","type-page","status-publish","hentry"],"yoast_head":"<!-- This site is optimized with the Yoast SEO plugin v19.2 - https:\/\/yoast.com\/wordpress\/plugins\/seo\/ -->\n<title>Schule f\u00fcr Musikunterricht | M\u00fcnchen | Schule f\u00fcr Chorkunst<\/title>\n<meta name=\"description\" content=\"Die Schule f\u00fcr Chorkunst M\u00fcnchen ist eine Schule f\u00fcr Musikunterricht mit 3 eigenen Kinderch\u00f6ren, die teils deutschlandweit bekannt sind. Erfahren Sie mehr.\" \/>\n<meta name=\"robots\" content=\"index, follow, max-snippet:-1, max-image-preview:large, max-video-preview:-1\" \/>\n<link rel=\"canonical\" href=\"https:\/\/chorkunst.de\/en\/ueber-uns\/\" \/>\n<meta property=\"og:locale\" content=\"en_US\" \/>\n<meta property=\"og:type\" content=\"article\" \/>\n<meta property=\"og:title\" content=\"Schule f\u00fcr Musikunterricht | M\u00fcnchen | Schule f\u00fcr Chorkunst\" \/>\n<meta property=\"og:description\" content=\"Die Schule f\u00fcr Chorkunst M\u00fcnchen ist eine Schule f\u00fcr Musikunterricht mit 3 eigenen Kinderch\u00f6ren, die teils deutschlandweit bekannt sind. Erfahren Sie mehr.\" \/>\n<meta property=\"og:url\" content=\"https:\/\/chorkunst.de\/en\/ueber-uns\/\" \/>\n<meta property=\"og:site_name\" content=\"Schule f\u00fcr Chorkunst M\u00fcnchen\" \/>\n<meta property=\"article:modified_time\" content=\"2026-01-10T09:26:27+00:00\" \/>\n<meta name=\"author\" content=\"design\" \/>\n<meta name=\"twitter:card\" content=\"summary_large_image\" \/>\n<meta name=\"twitter:label1\" content=\"Est. reading time\" \/>\n\t<meta name=\"twitter:data1\" content=\"3 minutes\" \/>\n<script type=\"application\/ld+json\" class=\"yoast-schema-graph\">{\"@context\":\"https:\/\/schema.org\",\"@graph\":[{\"@type\":\"WebSite\",\"@id\":\"https:\/\/chorkunst.de\/#website\",\"url\":\"https:\/\/chorkunst.de\/\",\"name\":\"Schule f\u00fcr Chorkunst M\u00fcnchen\",\"description\":\"\",\"potentialAction\":[{\"@type\":\"SearchAction\",\"target\":{\"@type\":\"EntryPoint\",\"urlTemplate\":\"https:\/\/chorkunst.de\/?s={search_term_string}\"},\"query-input\":\"required name=search_term_string\"}],\"inLanguage\":\"en-US\"},{\"@type\":\"WebPage\",\"@id\":\"https:\/\/chorkunst.de\/ueber-uns\/#webpage\",\"url\":\"https:\/\/chorkunst.de\/ueber-uns\/\",\"name\":\"Schule f\u00fcr Musikunterricht | M\u00fcnchen | Schule f\u00fcr Chorkunst\",\"isPartOf\":{\"@id\":\"https:\/\/chorkunst.de\/#website\"},\"datePublished\":\"2022-07-12T14:02:46+00:00\",\"dateModified\":\"2026-01-10T09:26:27+00:00\",\"description\":\"Die Schule f\u00fcr Chorkunst M\u00fcnchen ist eine Schule f\u00fcr Musikunterricht mit 3 eigenen Kinderch\u00f6ren, die teils deutschlandweit bekannt sind. Erfahren Sie mehr.\",\"breadcrumb\":{\"@id\":\"https:\/\/chorkunst.de\/ueber-uns\/#breadcrumb\"},\"inLanguage\":\"en-US\",\"potentialAction\":[{\"@type\":\"ReadAction\",\"target\":[\"https:\/\/chorkunst.de\/ueber-uns\/\"]}]},{\"@type\":\"BreadcrumbList\",\"@id\":\"https:\/\/chorkunst.de\/ueber-uns\/#breadcrumb\",\"itemListElement\":[{\"@type\":\"ListItem\",\"position\":1,\"name\":\"Startseite\",\"item\":\"https:\/\/chorkunst.de\/\"},{\"@type\":\"ListItem\",\"position\":2,\"name\":\"\u00dcber uns\"}]}]}<\/script>\n<!-- \/ Yoast SEO plugin. -->","yoast_head_json":{"title":"Schule f\u00fcr Musikunterricht | M\u00fcnchen | Schule f\u00fcr Chorkunst","description":"Die Schule f\u00fcr Chorkunst M\u00fcnchen ist eine Schule f\u00fcr Musikunterricht mit 3 eigenen Kinderch\u00f6ren, die teils deutschlandweit bekannt sind. Erfahren Sie mehr.","robots":{"index":"index","follow":"follow","max-snippet":"max-snippet:-1","max-image-preview":"max-image-preview:large","max-video-preview":"max-video-preview:-1"},"canonical":"https:\/\/chorkunst.de\/en\/ueber-uns\/","og_locale":"en_US","og_type":"article","og_title":"Schule f\u00fcr Musikunterricht | M\u00fcnchen | Schule f\u00fcr Chorkunst","og_description":"Die Schule f\u00fcr Chorkunst M\u00fcnchen ist eine Schule f\u00fcr Musikunterricht mit 3 eigenen Kinderch\u00f6ren, die teils deutschlandweit bekannt sind. Erfahren Sie mehr.","og_url":"https:\/\/chorkunst.de\/en\/ueber-uns\/","og_site_name":"Schule f\u00fcr Chorkunst M\u00fcnchen","article_modified_time":"2026-01-10T09:26:27+00:00","author":"design","twitter_card":"summary_large_image","twitter_misc":{"Est. reading time":"3 minutes"},"schema":{"@context":"https:\/\/schema.org","@graph":[{"@type":"WebSite","@id":"https:\/\/chorkunst.de\/#website","url":"https:\/\/chorkunst.de\/","name":"Schule f\u00fcr Chorkunst M\u00fcnchen","description":"","potentialAction":[{"@type":"SearchAction","target":{"@type":"EntryPoint","urlTemplate":"https:\/\/chorkunst.de\/?s={search_term_string}"},"query-input":"required name=search_term_string"}],"inLanguage":"en-US"},{"@type":"WebPage","@id":"https:\/\/chorkunst.de\/ueber-uns\/#webpage","url":"https:\/\/chorkunst.de\/ueber-uns\/","name":"Schule f\u00fcr Musikunterricht | M\u00fcnchen | Schule f\u00fcr Chorkunst","isPartOf":{"@id":"https:\/\/chorkunst.de\/#website"},"datePublished":"2022-07-12T14:02:46+00:00","dateModified":"2026-01-10T09:26:27+00:00","description":"Die Schule f\u00fcr Chorkunst M\u00fcnchen ist eine Schule f\u00fcr Musikunterricht mit 3 eigenen Kinderch\u00f6ren, die teils deutschlandweit bekannt sind. Erfahren Sie mehr.","breadcrumb":{"@id":"https:\/\/chorkunst.de\/ueber-uns\/#breadcrumb"},"inLanguage":"en-US","potentialAction":[{"@type":"ReadAction","target":["https:\/\/chorkunst.de\/ueber-uns\/"]}]},{"@type":"BreadcrumbList","@id":"https:\/\/chorkunst.de\/ueber-uns\/#breadcrumb","itemListElement":[{"@type":"ListItem","position":1,"name":"Startseite","item":"https:\/\/chorkunst.de\/"},{"@type":"ListItem","position":2,"name":"\u00dcber uns"}]}]}},"_links":{"self":[{"href":"https:\/\/chorkunst.de\/en\/wp-json\/wp\/v2\/pages\/2437","targetHints":{"allow":["GET"]}}],"collection":[{"href":"https:\/\/chorkunst.de\/en\/wp-json\/wp\/v2\/pages"}],"about":[{"href":"https:\/\/chorkunst.de\/en\/wp-json\/wp\/v2\/types\/page"}],"author":[{"embeddable":true,"href":"https:\/\/chorkunst.de\/en\/wp-json\/wp\/v2\/users\/4"}],"replies":[{"embeddable":true,"href":"https:\/\/chorkunst.de\/en\/wp-json\/wp\/v2\/comments?post=2437"}],"version-history":[{"count":0,"href":"https:\/\/chorkunst.de\/en\/wp-json\/wp\/v2\/pages\/2437\/revisions"}],"wp:attachment":[{"href":"https:\/\/chorkunst.de\/en\/wp-json\/wp\/v2\/media?parent=2437"}],"curies":[{"name":"wp","href":"https:\/\/api.w.org\/{rel}","templated":true}]}}