{"id":2426,"date":"2022-07-12T12:17:32","date_gmt":"2022-07-12T10:17:32","guid":{"rendered":"https:\/\/chorkunst.de\/?page_id=2426"},"modified":"2026-08-29T15:55:01","modified_gmt":"2026-08-29T13:55:01","slug":"voices-of-munich","status":"publish","type":"page","link":"https:\/\/chorkunst.de\/ru\/kinderchoere\/voices-of-munich\/","title":{"rendered":"Voices of Munich"},"content":{"rendered":"<div data-elementor-type=\"wp-page\" data-elementor-id=\"2426\" class=\"elementor elementor-2426\" data-elementor-post-type=\"page\">\n\t\t\t\t\t\t<section class=\"elementor-section elementor-top-section elementor-element elementor-element-6e84c18 elementor-section-height-min-height elementor-section-full_width elementor-section-height-default elementor-section-items-middle\" data-id=\"6e84c18\" data-element_type=\"section\" data-e-type=\"section\" data-settings=\"{&quot;background_background&quot;:&quot;classic&quot;}\">\n\t\t\t\t\t\t\t<div class=\"elementor-background-overlay\"><\/div>\n\t\t\t\t\t\t\t<div class=\"elementor-container elementor-column-gap-default\">\n\t\t\t\t\t<div class=\"elementor-column elementor-col-100 elementor-top-column elementor-element elementor-element-d9048ae\" data-id=\"d9048ae\" data-element_type=\"column\" data-e-type=\"column\" data-settings=\"{&quot;background_background&quot;:&quot;classic&quot;}\">\n\t\t\t<div class=\"elementor-widget-wrap\">\n\t\t\t\t\t\t\t<\/div>\n\t\t<\/div>\n\t\t\t\t\t<\/div>\n\t\t<\/section>\n\t\t\t\t<section class=\"elementor-section elementor-top-section elementor-element elementor-element-1a489bb elementor-section-boxed elementor-section-height-default elementor-section-height-default\" data-id=\"1a489bb\" data-element_type=\"section\" data-e-type=\"section\" data-settings=\"{&quot;background_background&quot;:&quot;classic&quot;}\">\n\t\t\t\t\t\t<div class=\"elementor-container elementor-column-gap-default\">\n\t\t\t\t\t<div class=\"elementor-column elementor-col-100 elementor-top-column elementor-element elementor-element-92ee0c2\" data-id=\"92ee0c2\" data-element_type=\"column\" data-e-type=\"column\" data-settings=\"{&quot;background_background&quot;:&quot;classic&quot;}\">\n\t\t\t<div class=\"elementor-widget-wrap elementor-element-populated\">\n\t\t\t\t\t\t<section class=\"elementor-section elementor-inner-section elementor-element elementor-element-8489f21 elementor-section-boxed elementor-section-height-default elementor-section-height-default\" data-id=\"8489f21\" data-element_type=\"section\" data-e-type=\"section\">\n\t\t\t\t\t\t<div class=\"elementor-container elementor-column-gap-default\">\n\t\t\t\t\t<div class=\"elementor-column elementor-col-100 elementor-inner-column elementor-element elementor-element-607adce\" data-id=\"607adce\" data-element_type=\"column\" data-e-type=\"column\">\n\t\t\t<div class=\"elementor-widget-wrap elementor-element-populated\">\n\t\t\t\t\t\t<div class=\"elementor-element elementor-element-c38f2a4 elementor-widget elementor-widget-heading\" data-id=\"c38f2a4\" data-element_type=\"widget\" data-e-type=\"widget\" data-widget_type=\"heading.default\">\n\t\t\t\t<div class=\"elementor-widget-container\">\n\t\t\t\t\t<h1 class=\"elementor-heading-title elementor-size-default\">\u0414\u0435\u0442\u0441\u043a\u0438\u0439 \u0438 \u044e\u043d\u043e\u0448\u0435\u0441\u043a\u0438\u0439 \u0445\u043e\u0440 \u00abVoices of Munich\u00bb<\/h1>\t\t\t\t<\/div>\n\t\t\t\t<\/div>\n\t\t\t\t<div class=\"elementor-element elementor-element-20edc70 elementor-widget elementor-widget-text-editor\" data-id=\"20edc70\" data-element_type=\"widget\" data-e-type=\"widget\" data-widget_type=\"text-editor.default\">\n\t\t\t\t<div class=\"elementor-widget-container\">\n\t\t\t\t\t\t\t\t\t<p class=\"PDq2pG_selectionAnchorContainer\" data-start=\"122\" data-end=\"376\"><strong data-start=\"122\" data-end=\"209\">\u00abVoices of Munich\u00bb \u2014 \u0434\u0435\u0442\u0441\u043a\u0438\u0439 \u0438 \u044e\u043d\u043e\u0448\u0435\u0441\u043a\u0438\u0439 \u0445\u043e\u0440 \u0428\u043a\u043e\u043b\u044b \u0445\u043e\u0440\u043e\u0432\u043e\u0433\u043e \u0438\u0441\u043a\u0443\u0441\u0441\u0442\u0432\u0430 \u041c\u044e\u043d\u0445\u0435\u043d\u0430.<\/strong> \u0414\u0435\u0442\u0438 \u0441 9 \u043b\u0435\u0442 \u0438 \u043f\u043e\u0434\u0440\u043e\u0441\u0442\u043a\u0438 \u043f\u043e\u043b\u0443\u0447\u0430\u044e\u0442 \u0437\u0434\u0435\u0441\u044c \u0443\u0433\u043b\u0443\u0431\u043b\u0451\u043d\u043d\u0443\u044e \u043c\u0443\u0437\u044b\u043a\u0430\u043b\u044c\u043d\u0443\u044e \u043f\u043e\u0434\u0433\u043e\u0442\u043e\u0432\u043a\u0443, \u0432\u043a\u043b\u044e\u0447\u0430\u044e\u0449\u0443\u044e \u0440\u0435\u0433\u0443\u043b\u044f\u0440\u043d\u044b\u0435 \u0445\u043e\u0440\u043e\u0432\u044b\u0435 \u0437\u0430\u043d\u044f\u0442\u0438\u044f \u0438 \u0440\u0430\u0431\u043e\u0442\u0443 \u043d\u0430\u0434 \u0433\u043e\u043b\u043e\u0441\u043e\u043c.<span class=\"PDq2pG_selectionAnchor\" aria-hidden=\"true\"><\/span><\/p><p data-start=\"378\" data-end=\"625\">\u041e\u0441\u043e\u0431\u043e\u0435 \u0432\u043d\u0438\u043c\u0430\u043d\u0438\u0435 \u0443\u0434\u0435\u043b\u044f\u0435\u0442\u0441\u044f \u0444\u043e\u0440\u043c\u0438\u0440\u043e\u0432\u0430\u043d\u0438\u044e \u0435\u0434\u0438\u043d\u043e\u0433\u043e \u0445\u043e\u0440\u043e\u0432\u043e\u0433\u043e \u0437\u0432\u0443\u0447\u0430\u043d\u0438\u044f, \u0440\u0430\u0437\u0432\u0438\u0442\u0438\u044e \u0432\u043e\u043a\u0430\u043b\u044c\u043d\u043e\u0439 \u0433\u0438\u0431\u043a\u043e\u0441\u0442\u0438 \u0438 \u043c\u0443\u0437\u044b\u043a\u0430\u043b\u044c\u043d\u043e\u0439 \u0441\u0430\u043c\u043e\u0441\u0442\u043e\u044f\u0442\u0435\u043b\u044c\u043d\u043e\u0441\u0442\u0438, \u0430 \u0442\u0430\u043a\u0436\u0435 \u0440\u0430\u0431\u043e\u0442\u0435 \u043d\u0430\u0434 \u0440\u0430\u0437\u043d\u043e\u043e\u0431\u0440\u0430\u0437\u043d\u044b\u043c \u0440\u0435\u043f\u0435\u0440\u0442\u0443\u0430\u0440\u043e\u043c \u2014 \u043e\u0442 \u043a\u043b\u0430\u0441\u0441\u0438\u0447\u0435\u0441\u043a\u043e\u0439 \u0438 \u0434\u0443\u0445\u043e\u0432\u043d\u043e\u0439 \u0445\u043e\u0440\u043e\u0432\u043e\u0439 \u043c\u0443\u0437\u044b\u043a\u0438 \u0434\u043e \u0441\u043e\u0432\u0440\u0435\u043c\u0435\u043d\u043d\u044b\u0445 \u043f\u0440\u043e\u0438\u0437\u0432\u0435\u0434\u0435\u043d\u0438\u0439.<\/p><p data-start=\"627\" data-end=\"987\">\u041a\u0430\u043a \u043a\u043e\u043d\u0446\u0435\u0440\u0442\u043d\u044b\u0439 \u0445\u043e\u0440 \u0448\u043a\u043e\u043b\u044b, \u00abVoices of Munich\u00bb \u043f\u0440\u0438\u043e\u0431\u0440\u0435\u0442\u0430\u0435\u0442 \u0431\u043e\u0433\u0430\u0442\u044b\u0439 \u0441\u0446\u0435\u043d\u0438\u0447\u0435\u0441\u043a\u0438\u0439 \u043e\u043f\u044b\u0442, \u0443\u0447\u0430\u0441\u0442\u0432\u0443\u044f \u0432 \u043a\u043e\u043d\u0446\u0435\u0440\u0442\u0430\u0445, \u0444\u0435\u0441\u0442\u0438\u0432\u0430\u043b\u044f\u0445, \u043a\u043e\u043d\u043a\u0443\u0440\u0441\u0430\u0445, \u043a\u043e\u043d\u0446\u0435\u0440\u0442\u043d\u044b\u0445 \u0442\u0443\u0440\u043d\u0435 \u0438 \u043f\u0440\u043e\u0444\u0435\u0441\u0441\u0438\u043e\u043d\u0430\u043b\u044c\u043d\u044b\u0445 \u043f\u043e\u0441\u0442\u0430\u043d\u043e\u0432\u043a\u0430\u0445. \u0425\u043e\u0440 \u0442\u0430\u043a\u0436\u0435 \u0441\u043e\u0442\u0440\u0443\u0434\u043d\u0438\u0447\u0430\u0435\u0442 \u0441 \u0438\u0437\u0432\u0435\u0441\u0442\u043d\u044b\u043c\u0438 \u0443\u0447\u0440\u0435\u0436\u0434\u0435\u043d\u0438\u044f\u043c\u0438 \u043a\u0443\u043b\u044c\u0442\u0443\u0440\u044b. \u041c\u0435\u0436\u0434\u0443\u043d\u0430\u0440\u043e\u0434\u043d\u044b\u0435 \u043a\u043e\u043d\u0446\u0435\u0440\u0442\u043d\u044b\u0435 \u0442\u0443\u0440\u043d\u0435 \u00abVoices of Munich\u00bb \u043f\u0440\u043e\u0445\u043e\u0434\u0438\u043b\u0438 \u0432 2024 \u0433\u043e\u0434\u0443 \u0432 \u0413\u0440\u0435\u0446\u0438\u0438 \u0438 \u0432 2026 \u0433\u043e\u0434\u0443 \u0432 \u041a\u0438\u0442\u0430\u0435.<\/p><p data-start=\"989\" data-end=\"1437\"><strong data-start=\"989\" data-end=\"1091\">\u00abVoices of Munich\u00bb \u043d\u0435\u043e\u0434\u043d\u043e\u043a\u0440\u0430\u0442\u043d\u043e \u0441\u0442\u0430\u043d\u043e\u0432\u0438\u043b\u0441\u044f \u043b\u0430\u0443\u0440\u0435\u0430\u0442\u043e\u043c \u043d\u0430\u0446\u0438\u043e\u043d\u0430\u043b\u044c\u043d\u044b\u0445 \u0438 \u043c\u0435\u0436\u0434\u0443\u043d\u0430\u0440\u043e\u0434\u043d\u044b\u0445 \u0445\u043e\u0440\u043e\u0432\u044b\u0445 \u043a\u043e\u043d\u043a\u0443\u0440\u0441\u043e\u0432:<\/strong> \u0432 2023 \u0433\u043e\u0434\u0443 \u0445\u043e\u0440 \u0437\u0430\u043d\u044f\u043b 3-\u0435 \u043c\u0435\u0441\u0442\u043e \u043d\u0430 \u041d\u0435\u043c\u0435\u0446\u043a\u043e\u043c \u0445\u043e\u0440\u043e\u0432\u043e\u043c \u043a\u043e\u043d\u043a\u0443\u0440\u0441\u0435, \u0432 2024 \u0433\u043e\u0434\u0443 \u043f\u043e\u043b\u0443\u0447\u0438\u043b \u0434\u0432\u0430 \u0437\u043e\u043b\u043e\u0442\u044b\u0445 \u0434\u0438\u043f\u043b\u043e\u043c\u0430 \u043d\u0430 \u043c\u0435\u0436\u0434\u0443\u043d\u0430\u0440\u043e\u0434\u043d\u043e\u043c \u0445\u043e\u0440\u043e\u0432\u043e\u043c \u043a\u043e\u043d\u043a\u0443\u0440\u0441\u0435 Vox Lucensis \u0432 \u041b\u0443\u043a\u043a\u0435, \u0430 \u0432 2025 \u0433\u043e\u0434\u0443 \u0437\u0430\u0432\u043e\u0435\u0432\u0430\u043b \u0434\u0432\u0435 \u0437\u043e\u043b\u043e\u0442\u044b\u0435 \u043c\u0435\u0434\u0430\u043b\u0438 \u043d\u0430 European Choir Games &amp; Grand Prix of Nations \u0432 \u041e\u0440\u0445\u0443\u0441\u0435 (\u0414\u0430\u043d\u0438\u044f). \u0412 2026 \u0433\u043e\u0434\u0443 \u043a \u044d\u0442\u0438\u043c \u0434\u043e\u0441\u0442\u0438\u0436\u0435\u043d\u0438\u044f\u043c \u0434\u043e\u0431\u0430\u0432\u0438\u043b\u0430\u0441\u044c \u0435\u0449\u0451 \u043e\u0434\u043d\u0430 \u0437\u043e\u043b\u043e\u0442\u0430\u044f \u043c\u0435\u0434\u0430\u043b\u044c \u0432 Champions Competition \u043d\u0430 World Choir Games \u0432 \u0425\u0435\u043b\u044c\u0441\u0438\u043d\u0433\u0431\u043e\u0440\u0433\u0435 (\u0428\u0432\u0435\u0446\u0438\u044f).<\/p><p data-start=\"1439\" data-end=\"1579\"><strong>\u041d\u0430\u0440\u044f\u0434\u0443 \u0441 \u0432\u044b\u0441\u043e\u043a\u0438\u043c\u0438 \u043c\u0443\u0437\u044b\u043a\u0430\u043b\u044c\u043d\u044b\u043c\u0438 \u0442\u0440\u0435\u0431\u043e\u0432\u0430\u043d\u0438\u044f\u043c\u0438 \u0432\u0430\u0436\u043d\u0435\u0439\u0448\u0443\u044e \u0440\u043e\u043b\u044c \u0432 \u0436\u0438\u0437\u043d\u0438 \u043a\u043e\u043b\u043b\u0435\u043a\u0442\u0438\u0432\u0430 \u0438\u0433\u0440\u0430\u044e\u0442 \u0447\u0443\u0432\u0441\u0442\u0432\u043e \u043e\u0431\u0449\u043d\u043e\u0441\u0442\u0438, \u043e\u0442\u0432\u0435\u0442\u0441\u0442\u0432\u0435\u043d\u043d\u043e\u0441\u0442\u044c \u0438 \u0440\u0430\u0434\u043e\u0441\u0442\u044c \u0441\u043e\u0432\u043c\u0435\u0441\u0442\u043d\u043e\u0433\u043e \u043c\u0443\u0437\u0438\u0446\u0438\u0440\u043e\u0432\u0430\u043d\u0438\u044f.<\/strong><\/p>\t\t\t\t\t\t\t\t<\/div>\n\t\t\t\t<\/div>\n\t\t\t\t\t<\/div>\n\t\t<\/div>\n\t\t\t\t\t<\/div>\n\t\t<\/section>\n\t\t\t\t<div class=\"elementor-element elementor-element-868c8ec elementor-mobile-align-center elementor-align-center elementor-widget elementor-widget-button\" data-id=\"868c8ec\" data-element_type=\"widget\" data-e-type=\"widget\" data-widget_type=\"button.default\">\n\t\t\t\t<div class=\"elementor-widget-container\">\n\t\t\t\t\t\t\t\t\t<div class=\"elementor-button-wrapper\">\n\t\t\t\t\t<a class=\"elementor-button elementor-button-link elementor-size-sm\" href=\"\/ru\/casting\/\">\n\t\t\t\t\t\t<span class=\"elementor-button-content-wrapper\">\n\t\t\t\t\t\t\t\t\t<span class=\"elementor-button-text\">\u0417\u0430\u043f\u0438\u0441\u0430\u0442\u044c\u0441\u044f \u043d\u0430 \u043f\u0440\u043e\u0441\u043b\u0443\u0448\u0438\u0432\u0430\u043d\u0438\u0435<\/span>\n\t\t\t\t\t<\/span>\n\t\t\t\t\t<\/a>\n\t\t\t\t<\/div>\n\t\t\t\t\t\t\t\t<\/div>\n\t\t\t\t<\/div>\n\t\t\t\t\t<\/div>\n\t\t<\/div>\n\t\t\t\t\t<\/div>\n\t\t<\/section>\n\t\t\t\t<section class=\"elementor-section elementor-top-section elementor-element elementor-element-ffa6fe6 elementor-section-boxed elementor-section-height-default elementor-section-height-default\" data-id=\"ffa6fe6\" data-element_type=\"section\" data-e-type=\"section\">\n\t\t\t\t\t\t<div class=\"elementor-container elementor-column-gap-default\">\n\t\t\t\t\t<div class=\"elementor-column elementor-col-100 elementor-top-column elementor-element elementor-element-b1101c2\" data-id=\"b1101c2\" data-element_type=\"column\" data-e-type=\"column\" data-settings=\"{&quot;background_background&quot;:&quot;classic&quot;}\">\n\t\t\t<div class=\"elementor-widget-wrap elementor-element-populated\">\n\t\t\t\t\t\t<section class=\"elementor-section elementor-inner-section elementor-element elementor-element-6c4f2e4 elementor-section-boxed elementor-section-height-default elementor-section-height-default\" data-id=\"6c4f2e4\" data-element_type=\"section\" data-e-type=\"section\">\n\t\t\t\t\t\t<div class=\"elementor-container elementor-column-gap-default\">\n\t\t\t\t\t<div class=\"elementor-column elementor-col-33 elementor-inner-column elementor-element elementor-element-f4739e5\" data-id=\"f4739e5\" data-element_type=\"column\" data-e-type=\"column\" data-settings=\"{&quot;background_background&quot;:&quot;classic&quot;}\">\n\t\t\t<div class=\"elementor-widget-wrap elementor-element-populated\">\n\t\t\t\t\t\t<div class=\"elementor-element elementor-element-0072eb3 elementor-widget elementor-widget-image\" data-id=\"0072eb3\" data-element_type=\"widget\" data-e-type=\"widget\" data-widget_type=\"image.default\">\n\t\t\t\t<div class=\"elementor-widget-container\">\n\t\t\t\t\t\t\t\t\t\t\t\t\t\t\t<img fetchpriority=\"high\" decoding=\"async\" width=\"1200\" height=\"1200\" src=\"https:\/\/chorkunst.de\/wp-content\/uploads\/2022\/07\/Kultur-EV-voice.png\" class=\"attachment-full size-full wp-image-2552\" alt=\"Icon Person\" srcset=\"https:\/\/chorkunst.de\/wp-content\/uploads\/2022\/07\/Kultur-EV-voice.png 1200w, https:\/\/chorkunst.de\/wp-content\/uploads\/2022\/07\/Kultur-EV-voice-300x300.png 300w, https:\/\/chorkunst.de\/wp-content\/uploads\/2022\/07\/Kultur-EV-voice-1024x1024.png 1024w, https:\/\/chorkunst.de\/wp-content\/uploads\/2022\/07\/Kultur-EV-voice-150x150.png 150w, https:\/\/chorkunst.de\/wp-content\/uploads\/2022\/07\/Kultur-EV-voice-768x768.png 768w\" sizes=\"(max-width: 1200px) 100vw, 1200px\" \/>\t\t\t\t\t\t\t\t\t\t\t\t\t\t\t<\/div>\n\t\t\t\t<\/div>\n\t\t\t\t<div class=\"elementor-element elementor-element-7f005f1 elementor-widget elementor-widget-heading\" data-id=\"7f005f1\" data-element_type=\"widget\" data-e-type=\"widget\" data-widget_type=\"heading.default\">\n\t\t\t\t<div class=\"elementor-widget-container\">\n\t\t\t\t\t<h3 class=\"elementor-heading-title elementor-size-default\">\u0413\u043e\u043b\u043e\u0441 \u0438 \u043c\u0443\u0437\u044b\u043a\u0430\u043b\u044c\u043d\u0430\u044f \u0432\u044b\u0440\u0430\u0437\u0438\u0442\u0435\u043b\u044c\u043d\u043e\u0441\u0442\u044c<\/h3>\t\t\t\t<\/div>\n\t\t\t\t<\/div>\n\t\t\t\t<div class=\"elementor-element elementor-element-f570671 elementor-widget elementor-widget-text-editor\" data-id=\"f570671\" data-element_type=\"widget\" data-e-type=\"widget\" data-widget_type=\"text-editor.default\">\n\t\t\t\t<div class=\"elementor-widget-container\">\n\t\t\t\t\t\t\t\t\t<p><span>\u042e\u043d\u044b\u0435 \u043f\u0435\u0432\u0446\u044b \u043f\u0440\u043e\u0434\u043e\u043b\u0436\u0430\u044e\u0442 \u0440\u0430\u0437\u0432\u0438\u0432\u0430\u0442\u044c \u0441\u0432\u043e\u0439 \u0433\u043e\u043b\u043e\u0441, \u0440\u0430\u0441\u0448\u0438\u0440\u044f\u044e\u0442 \u0432\u043e\u043a\u0430\u043b\u044c\u043d\u044b\u0435 \u0432\u043e\u0437\u043c\u043e\u0436\u043d\u043e\u0441\u0442\u0438 \u0438 \u0443\u0447\u0430\u0442\u0441\u044f \u043e\u0441\u043e\u0437\u043d\u0430\u043d\u043d\u043e \u0440\u0430\u0431\u043e\u0442\u0430\u0442\u044c \u043d\u0430\u0434 \u0437\u0432\u0443\u0447\u0430\u043d\u0438\u0435\u043c, \u0432\u044b\u0440\u0430\u0437\u0438\u0442\u0435\u043b\u044c\u043d\u043e\u0441\u0442\u044c\u044e \u0438 \u0430\u0440\u0442\u0438\u043a\u0443\u043b\u044f\u0446\u0438\u0435\u0439.<\/span><\/p>\t\t\t\t\t\t\t\t<\/div>\n\t\t\t\t<\/div>\n\t\t\t\t\t<\/div>\n\t\t<\/div>\n\t\t\t\t<div class=\"elementor-column elementor-col-33 elementor-inner-column elementor-element elementor-element-e41fccd\" data-id=\"e41fccd\" data-element_type=\"column\" data-e-type=\"column\" data-settings=\"{&quot;background_background&quot;:&quot;classic&quot;}\">\n\t\t\t<div class=\"elementor-widget-wrap elementor-element-populated\">\n\t\t\t\t\t\t<div class=\"elementor-element elementor-element-19eb561 elementor-widget elementor-widget-image\" data-id=\"19eb561\" data-element_type=\"widget\" data-e-type=\"widget\" data-widget_type=\"image.default\">\n\t\t\t\t<div class=\"elementor-widget-container\">\n\t\t\t\t\t\t\t\t\t\t\t\t\t\t\t<img decoding=\"async\" width=\"1200\" height=\"1200\" src=\"https:\/\/chorkunst.de\/wp-content\/uploads\/2022\/07\/Kultur-EV-concerts.png\" class=\"attachment-full size-full wp-image-2553\" alt=\"Icon B\u00fchne\" srcset=\"https:\/\/chorkunst.de\/wp-content\/uploads\/2022\/07\/Kultur-EV-concerts.png 1200w, https:\/\/chorkunst.de\/wp-content\/uploads\/2022\/07\/Kultur-EV-concerts-300x300.png 300w, https:\/\/chorkunst.de\/wp-content\/uploads\/2022\/07\/Kultur-EV-concerts-1024x1024.png 1024w, https:\/\/chorkunst.de\/wp-content\/uploads\/2022\/07\/Kultur-EV-concerts-150x150.png 150w, https:\/\/chorkunst.de\/wp-content\/uploads\/2022\/07\/Kultur-EV-concerts-768x768.png 768w\" sizes=\"(max-width: 1200px) 100vw, 1200px\" \/>\t\t\t\t\t\t\t\t\t\t\t\t\t\t\t<\/div>\n\t\t\t\t<\/div>\n\t\t\t\t<div class=\"elementor-element elementor-element-f99c060 elementor-widget elementor-widget-heading\" data-id=\"f99c060\" data-element_type=\"widget\" data-e-type=\"widget\" data-widget_type=\"heading.default\">\n\t\t\t\t<div class=\"elementor-widget-container\">\n\t\t\t\t\t<h3 class=\"elementor-heading-title elementor-size-default\">\u041a\u043e\u043d\u0446\u0435\u0440\u0442\u044b, \u043a\u043e\u043d\u043a\u0443\u0440\u0441\u044b \u0438 \u043c\u0435\u0436\u0434\u0443\u043d\u0430\u0440\u043e\u0434\u043d\u044b\u0435 \u043f\u0440\u043e\u0435\u043a\u0442\u044b<\/h3>\t\t\t\t<\/div>\n\t\t\t\t<\/div>\n\t\t\t\t<div class=\"elementor-element elementor-element-bc0cf0b elementor-widget elementor-widget-text-editor\" data-id=\"bc0cf0b\" data-element_type=\"widget\" data-e-type=\"widget\" data-widget_type=\"text-editor.default\">\n\t\t\t\t<div class=\"elementor-widget-container\">\n\t\t\t\t\t\t\t\t\t<p><span>\u0420\u0435\u0433\u0443\u043b\u044f\u0440\u043d\u044b\u0435 \u0432\u044b\u0441\u0442\u0443\u043f\u043b\u0435\u043d\u0438\u044f, \u043a\u043e\u043d\u043a\u0443\u0440\u0441\u044b, \u0444\u0435\u0441\u0442\u0438\u0432\u0430\u043b\u0438 \u0438 \u043a\u043e\u043d\u0446\u0435\u0440\u0442\u043d\u044b\u0435 \u0442\u0443\u0440\u043d\u0435 \u0434\u0430\u044e\u0442 \u0443\u0447\u0430\u0441\u0442\u043d\u0438\u043a\u0430\u043c \u0445\u043e\u0440\u0430 \u0432\u043e\u0437\u043c\u043e\u0436\u043d\u043e\u0441\u0442\u044c \u043f\u0440\u0438\u043e\u0431\u0440\u0435\u0442\u0430\u0442\u044c \u0441\u0446\u0435\u043d\u0438\u0447\u0435\u0441\u043a\u0438\u0439 \u043e\u043f\u044b\u0442 \u0438 \u0432\u043c\u0435\u0441\u0442\u0435 \u0438\u0441\u043f\u043e\u043b\u043d\u044f\u0442\u044c \u043c\u0443\u0437\u044b\u043a\u0443 \u043d\u0430 \u0432\u044b\u0441\u043e\u043a\u043e\u043c \u0443\u0440\u043e\u0432\u043d\u0435.<\/span><\/p>\t\t\t\t\t\t\t\t<\/div>\n\t\t\t\t<\/div>\n\t\t\t\t\t<\/div>\n\t\t<\/div>\n\t\t\t\t<div class=\"elementor-column elementor-col-33 elementor-inner-column elementor-element elementor-element-c2bded0\" data-id=\"c2bded0\" data-element_type=\"column\" data-e-type=\"column\" data-settings=\"{&quot;background_background&quot;:&quot;classic&quot;}\">\n\t\t\t<div class=\"elementor-widget-wrap elementor-element-populated\">\n\t\t\t\t\t\t<div class=\"elementor-element elementor-element-ed83412 elementor-widget elementor-widget-image\" data-id=\"ed83412\" data-element_type=\"widget\" data-e-type=\"widget\" data-widget_type=\"image.default\">\n\t\t\t\t<div class=\"elementor-widget-container\">\n\t\t\t\t\t\t\t\t\t\t\t\t\t\t\t<img decoding=\"async\" width=\"1200\" height=\"1200\" src=\"https:\/\/chorkunst.de\/wp-content\/uploads\/2022\/07\/Kultur-EV-choir.png\" class=\"attachment-full size-full wp-image-2554\" alt=\"Icon Personen mit Note\" srcset=\"https:\/\/chorkunst.de\/wp-content\/uploads\/2022\/07\/Kultur-EV-choir.png 1200w, https:\/\/chorkunst.de\/wp-content\/uploads\/2022\/07\/Kultur-EV-choir-300x300.png 300w, https:\/\/chorkunst.de\/wp-content\/uploads\/2022\/07\/Kultur-EV-choir-1024x1024.png 1024w, https:\/\/chorkunst.de\/wp-content\/uploads\/2022\/07\/Kultur-EV-choir-150x150.png 150w, https:\/\/chorkunst.de\/wp-content\/uploads\/2022\/07\/Kultur-EV-choir-768x768.png 768w\" sizes=\"(max-width: 1200px) 100vw, 1200px\" \/>\t\t\t\t\t\t\t\t\t\t\t\t\t\t\t<\/div>\n\t\t\t\t<\/div>\n\t\t\t\t<div class=\"elementor-element elementor-element-2bdc6a0 elementor-widget elementor-widget-heading\" data-id=\"2bdc6a0\" data-element_type=\"widget\" data-e-type=\"widget\" data-widget_type=\"heading.default\">\n\t\t\t\t<div class=\"elementor-widget-container\">\n\t\t\t\t\t<h3 class=\"elementor-heading-title elementor-size-default\">\u041c\u043d\u043e\u0433\u043e\u0433\u043e\u043b\u043e\u0441\u0438\u0435 \u0438 \u043f\u043e\u043b\u0438\u0444\u043e\u043d\u0438\u044f<\/h3>\t\t\t\t<\/div>\n\t\t\t\t<\/div>\n\t\t\t\t<div class=\"elementor-element elementor-element-036df58 elementor-widget elementor-widget-text-editor\" data-id=\"036df58\" data-element_type=\"widget\" data-e-type=\"widget\" data-widget_type=\"text-editor.default\">\n\t\t\t\t<div class=\"elementor-widget-container\">\n\t\t\t\t\t\t\t\t\t<p><span>\u0420\u0430\u0431\u043e\u0442\u0430 \u043d\u0430\u0434 \u0441\u043b\u043e\u0436\u043d\u044b\u043c \u043c\u043d\u043e\u0433\u043e\u0433\u043e\u043b\u043e\u0441\u043d\u044b\u043c \u0440\u0435\u043f\u0435\u0440\u0442\u0443\u0430\u0440\u043e\u043c \u0440\u0430\u0437\u0432\u0438\u0432\u0430\u0435\u0442 \u043c\u0443\u0437\u044b\u043a\u0430\u043b\u044c\u043d\u0443\u044e \u0441\u0430\u043c\u043e\u0441\u0442\u043e\u044f\u0442\u0435\u043b\u044c\u043d\u043e\u0441\u0442\u044c, \u0447\u0438\u0441\u0442\u043e\u0442\u0443 \u0438\u043d\u0442\u043e\u043d\u0430\u0446\u0438\u0438 \u0438 \u0443\u043c\u0435\u043d\u0438\u0435 \u0443\u0432\u0435\u0440\u0435\u043d\u043d\u043e \u0432\u0435\u0441\u0442\u0438 \u0441\u0432\u043e\u044e \u043f\u0430\u0440\u0442\u0438\u044e, \u0441\u043e\u0445\u0440\u0430\u043d\u044f\u044f \u0435\u0434\u0438\u043d\u0441\u0442\u0432\u043e \u043e\u0431\u0449\u0435\u0433\u043e \u0437\u0432\u0443\u0447\u0430\u043d\u0438\u044f \u0445\u043e\u0440\u0430.<\/span><\/p>\t\t\t\t\t\t\t\t<\/div>\n\t\t\t\t<\/div>\n\t\t\t\t\t<\/div>\n\t\t<\/div>\n\t\t\t\t\t<\/div>\n\t\t<\/section>\n\t\t\t\t\t<\/div>\n\t\t<\/div>\n\t\t\t\t\t<\/div>\n\t\t<\/section>\n\t\t\t\t<section class=\"elementor-section elementor-top-section elementor-element elementor-element-48aa7de elementor-section-boxed elementor-section-height-default elementor-section-height-default\" data-id=\"48aa7de\" data-element_type=\"section\" data-e-type=\"section\" data-settings=\"{&quot;background_background&quot;:&quot;classic&quot;}\">\n\t\t\t\t\t\t<div class=\"elementor-container elementor-column-gap-default\">\n\t\t\t\t\t<div class=\"elementor-column elementor-col-100 elementor-top-column elementor-element elementor-element-b6d2495\" data-id=\"b6d2495\" data-element_type=\"column\" data-e-type=\"column\" data-settings=\"{&quot;background_background&quot;:&quot;classic&quot;}\">\n\t\t\t<div class=\"elementor-widget-wrap elementor-element-populated\">\n\t\t\t\t\t\t<section class=\"elementor-section elementor-inner-section elementor-element elementor-element-7a3b9f0 elementor-section-boxed elementor-section-height-default elementor-section-height-default\" data-id=\"7a3b9f0\" data-element_type=\"section\" data-e-type=\"section\">\n\t\t\t\t\t\t<div class=\"elementor-container elementor-column-gap-default\">\n\t\t\t\t\t<div class=\"elementor-column elementor-col-100 elementor-inner-column elementor-element elementor-element-73930f7\" data-id=\"73930f7\" data-element_type=\"column\" data-e-type=\"column\">\n\t\t\t<div class=\"elementor-widget-wrap elementor-element-populated\">\n\t\t\t\t\t\t<div class=\"elementor-element elementor-element-8e55b10 elementor-widget elementor-widget-heading\" data-id=\"8e55b10\" data-element_type=\"widget\" data-e-type=\"widget\" data-widget_type=\"heading.default\">\n\t\t\t\t<div class=\"elementor-widget-container\">\n\t\t\t\t\t<h3 class=\"elementor-heading-title elementor-size-default\">\u041c\u0443\u0437\u044b\u043a\u0430\u043b\u044c\u043d\u0430\u044f \u0440\u0430\u0431\u043e\u0442\u0430 \u0432 \u043a\u043e\u043d\u0446\u0435\u0440\u0442\u043d\u043e\u043c \u0445\u043e\u0440\u0435<\/h3>\t\t\t\t<\/div>\n\t\t\t\t<\/div>\n\t\t\t\t<div class=\"elementor-element elementor-element-f412401 elementor-widget elementor-widget-text-editor\" data-id=\"f412401\" data-element_type=\"widget\" data-e-type=\"widget\" data-widget_type=\"text-editor.default\">\n\t\t\t\t<div class=\"elementor-widget-container\">\n\t\t\t\t\t\t\t\t\t<p class=\"PDq2pG_selectionAnchorContainer\" data-start=\"3495\" data-end=\"3794\">\u0412 \u043a\u043e\u043d\u0446\u0435\u0440\u0442\u043d\u043e\u043c \u0445\u043e\u0440\u0435 \u043f\u043e\u0441\u043b\u0435\u0434\u043e\u0432\u0430\u0442\u0435\u043b\u044c\u043d\u043e \u0440\u0430\u0437\u0432\u0438\u0432\u0430\u044e\u0442\u0441\u044f \u043c\u0443\u0437\u044b\u043a\u0430\u043b\u044c\u043d\u044b\u0435 \u043d\u0430\u0432\u044b\u043a\u0438, \u043f\u0440\u0438\u043e\u0431\u0440\u0435\u0442\u0451\u043d\u043d\u044b\u0435 \u0432 \u043c\u043b\u0430\u0434\u0448\u0438\u0445 \u0445\u043e\u0440\u043e\u0432\u044b\u0445 \u0433\u0440\u0443\u043f\u043f\u0430\u0445. \u0423\u0447\u0430\u0441\u0442\u043d\u0438\u043a\u0438 \u0440\u0430\u0431\u043e\u0442\u0430\u044e\u0442 \u043d\u0430\u0434 \u0441\u043b\u043e\u0436\u043d\u044b\u043c \u043c\u043d\u043e\u0433\u043e\u0433\u043e\u043b\u043e\u0441\u043d\u044b\u043c \u0438 \u043f\u043e\u043b\u0438\u0444\u043e\u043d\u0438\u0447\u0435\u0441\u043a\u0438\u043c \u0445\u043e\u0440\u043e\u0432\u044b\u043c \u0440\u0435\u043f\u0435\u0440\u0442\u0443\u0430\u0440\u043e\u043c.<span class=\"PDq2pG_selectionAnchor\" aria-hidden=\"true\"><\/span><\/p><p data-start=\"3799\" data-end=\"4034\">\u041e\u0441\u043e\u0431\u043e\u0435 \u0432\u043d\u0438\u043c\u0430\u043d\u0438\u0435 \u0443\u0434\u0435\u043b\u044f\u0435\u0442\u0441\u044f \u043e\u0441\u043e\u0437\u043d\u0430\u043d\u043d\u043e\u0439 \u0440\u0430\u0431\u043e\u0442\u0435 \u0441 \u0433\u043e\u043b\u043e\u0441\u043e\u043c: \u0438\u043d\u0442\u043e\u043d\u0430\u0446\u0438\u044f, \u0434\u044b\u0445\u0430\u043d\u0438\u0435, \u0430\u0440\u0442\u0438\u043a\u0443\u043b\u044f\u0446\u0438\u044f, \u0444\u043e\u0440\u043c\u0438\u0440\u043e\u0432\u0430\u043d\u0438\u0435 \u0437\u0432\u0443\u043a\u0430 \u0438 \u0432\u043e\u043a\u0430\u043b\u044c\u043d\u0430\u044f \u0433\u0438\u0431\u043a\u043e\u0441\u0442\u044c \u043f\u043e\u0441\u0442\u043e\u044f\u043d\u043d\u043e \u0441\u043e\u0432\u0435\u0440\u0448\u0435\u043d\u0441\u0442\u0432\u0443\u044e\u0442\u0441\u044f \u0438 \u043d\u0435\u043f\u043e\u0441\u0440\u0435\u0434\u0441\u0442\u0432\u0435\u043d\u043d\u043e \u0438\u043d\u0442\u0435\u0433\u0440\u0438\u0440\u0443\u044e\u0442\u0441\u044f \u0432 \u0445\u043e\u0440\u043e\u0432\u0443\u044e \u0440\u0430\u0431\u043e\u0442\u0443.<\/p><p data-start=\"4039\" data-end=\"4216\">\u041e\u0434\u043d\u043e\u0432\u0440\u0435\u043c\u0435\u043d\u043d\u043e \u0434\u0435\u0442\u0438 \u0438 \u043f\u043e\u0434\u0440\u043e\u0441\u0442\u043a\u0438 \u0443\u0447\u0430\u0442\u0441\u044f \u0432\u0441\u0451 \u0431\u043e\u043b\u0435\u0435 \u0441\u0430\u043c\u043e\u0441\u0442\u043e\u044f\u0442\u0435\u043b\u044c\u043d\u043e \u0440\u0430\u0431\u043e\u0442\u0430\u0442\u044c \u0441 \u043c\u0443\u0437\u044b\u043a\u0430\u043b\u044c\u043d\u044b\u043c \u043c\u0430\u0442\u0435\u0440\u0438\u0430\u043b\u043e\u043c, \u0441\u043b\u044b\u0448\u0430\u0442\u044c \u0434\u0440\u0443\u0433 \u0434\u0440\u0443\u0433\u0430 \u0438 \u0447\u0443\u0432\u0441\u0442\u0432\u043e\u0432\u0430\u0442\u044c \u043e\u0442\u0432\u0435\u0442\u0441\u0442\u0432\u0435\u043d\u043d\u043e\u0441\u0442\u044c \u0437\u0430 \u043e\u0431\u0449\u0435\u0435 \u0437\u0432\u0443\u0447\u0430\u043d\u0438\u0435 \u0445\u043e\u0440\u0430.<\/p><p data-start=\"4221\" data-end=\"4474\">\u041a\u043e\u043d\u0446\u0435\u0440\u0442\u044b, \u043a\u043e\u043d\u043a\u0443\u0440\u0441\u044b, \u0444\u0435\u0441\u0442\u0438\u0432\u0430\u043b\u0438, \u043e\u043f\u0435\u0440\u043d\u044b\u0435 \u043f\u043e\u0441\u0442\u0430\u043d\u043e\u0432\u043a\u0438 \u0438 \u043c\u0435\u0436\u0434\u0443\u043d\u0430\u0440\u043e\u0434\u043d\u044b\u0435 \u043f\u0440\u043e\u0435\u043a\u0442\u044b \u044f\u0432\u043b\u044f\u044e\u0442\u0441\u044f \u043d\u0435\u043e\u0442\u044a\u0435\u043c\u043b\u0435\u043c\u043e\u0439 \u0447\u0430\u0441\u0442\u044c\u044e \u0440\u0430\u0431\u043e\u0442\u044b \u00abVoices of Munich\u00bb \u0438 \u043f\u043e\u0437\u0432\u043e\u043b\u044f\u044e\u0442 \u0443\u0447\u0430\u0441\u0442\u043d\u0438\u043a\u0430\u043c \u0445\u043e\u0440\u0430 \u043f\u043e\u0441\u0442\u043e\u044f\u043d\u043d\u043e \u0440\u0430\u0441\u0448\u0438\u0440\u044f\u0442\u044c \u0441\u0432\u043e\u0439 \u043c\u0443\u0437\u044b\u043a\u0430\u043b\u044c\u043d\u044b\u0439 \u0438 \u0441\u0446\u0435\u043d\u0438\u0447\u0435\u0441\u043a\u0438\u0439 \u043e\u043f\u044b\u0442.<\/p><p data-start=\"4479\" data-end=\"4558\"><strong data-start=\"4479\" data-end=\"4558\">\u0420\u0435\u043f\u0435\u0442\u0438\u0446\u0438\u0438 \u0445\u043e\u0440\u0430 \u043f\u0440\u043e\u0445\u043e\u0434\u044f\u0442 \u043f\u043e \u0432\u0442\u043e\u0440\u043d\u0438\u043a\u0430\u043c \u0438 \u043f\u044f\u0442\u043d\u0438\u0446\u0430\u043c \u0441 17:00 \u0434\u043e 19:00.<\/strong><\/p>\t\t\t\t\t\t\t\t<\/div>\n\t\t\t\t<\/div>\n\t\t\t\t\t<\/div>\n\t\t<\/div>\n\t\t\t\t\t<\/div>\n\t\t<\/section>\n\t\t\t\t<div class=\"elementor-element elementor-element-d155a35 elementor-align-center elementor-widget elementor-widget-button\" data-id=\"d155a35\" data-element_type=\"widget\" data-e-type=\"widget\" data-widget_type=\"button.default\">\n\t\t\t\t<div class=\"elementor-widget-container\">\n\t\t\t\t\t\t\t\t\t<div class=\"elementor-button-wrapper\">\n\t\t\t\t\t<a class=\"elementor-button elementor-button-link elementor-size-md\" href=\"https:\/\/www.voicesofmunich.de\" target=\"_blank\">\n\t\t\t\t\t\t<span class=\"elementor-button-content-wrapper\">\n\t\t\t\t\t\t\t\t\t<span class=\"elementor-button-text\">\u0421\u0430\u0439\u0442<br>Voices of Munich<\/span>\n\t\t\t\t\t<\/span>\n\t\t\t\t\t<\/a>\n\t\t\t\t<\/div>\n\t\t\t\t\t\t\t\t<\/div>\n\t\t\t\t<\/div>\n\t\t\t\t\t<\/div>\n\t\t<\/div>\n\t\t\t\t\t<\/div>\n\t\t<\/section>\n\t\t\t\t<section class=\"elementor-section elementor-top-section elementor-element elementor-element-eba625c elementor-section-boxed elementor-section-height-default elementor-section-height-default\" data-id=\"eba625c\" data-element_type=\"section\" data-e-type=\"section\" data-settings=\"{&quot;background_background&quot;:&quot;classic&quot;}\">\n\t\t\t\t\t\t\t<div class=\"elementor-background-overlay\"><\/div>\n\t\t\t\t\t\t\t<div class=\"elementor-container elementor-column-gap-default\">\n\t\t\t\t\t<div class=\"elementor-column elementor-col-100 elementor-top-column elementor-element elementor-element-8155d58\" data-id=\"8155d58\" data-element_type=\"column\" data-e-type=\"column\" data-settings=\"{&quot;background_background&quot;:&quot;classic&quot;}\">\n\t\t\t<div class=\"elementor-widget-wrap elementor-element-populated\">\n\t\t\t\t\t\t<div class=\"elementor-element elementor-element-4138bcb elementor-widget elementor-widget-menu-anchor\" data-id=\"4138bcb\" data-element_type=\"widget\" data-e-type=\"widget\" data-widget_type=\"menu-anchor.default\">\n\t\t\t\t<div class=\"elementor-widget-container\">\n\t\t\t\t\t\t\t<div class=\"elementor-menu-anchor\" id=\"zumcasting\"><\/div>\n\t\t\t\t\t\t<\/div>\n\t\t\t\t<\/div>\n\t\t\t\t<div class=\"elementor-element elementor-element-2744289 elementor-widget elementor-widget-heading\" data-id=\"2744289\" data-element_type=\"widget\" data-e-type=\"widget\" data-widget_type=\"heading.default\">\n\t\t\t\t<div class=\"elementor-widget-container\">\n\t\t\t\t\t<h2 class=\"elementor-heading-title elementor-size-default\">\u0425\u043e\u0442\u0438\u0442\u0435, \u0447\u0442\u043e\u0431\u044b \u0432\u0430\u0448 \u0440\u0435\u0431\u0451\u043d\u043e\u043a \u0441\u0442\u0430\u043b \u0447\u0430\u0441\u0442\u044c\u044e \u00abVoices of Munich\u00bb? \u041f\u043e\u0437\u043d\u0430\u043a\u043e\u043c\u044c\u0442\u0435\u0441\u044c \u0441 \u043d\u0430\u043c\u0438 \u043d\u0430 \u0431\u0435\u0441\u043f\u043b\u0430\u0442\u043d\u043e\u043c \u043f\u0440\u043e\u0441\u043b\u0443\u0448\u0438\u0432\u0430\u043d\u0438\u0438.<\/h2>\t\t\t\t<\/div>\n\t\t\t\t<\/div>\n\t\t\t\t<div class=\"elementor-element elementor-element-1ca56a0 elementor-mobile-align-center elementor-align-center elementor-widget elementor-widget-button\" data-id=\"1ca56a0\" data-element_type=\"widget\" data-e-type=\"widget\" data-widget_type=\"button.default\">\n\t\t\t\t<div class=\"elementor-widget-container\">\n\t\t\t\t\t\t\t\t\t<div class=\"elementor-button-wrapper\">\n\t\t\t\t\t<a class=\"elementor-button elementor-button-link elementor-size-sm\" href=\"\/ru\/casting\/\">\n\t\t\t\t\t\t<span class=\"elementor-button-content-wrapper\">\n\t\t\t\t\t\t\t\t\t<span class=\"elementor-button-text\">\u0417\u0430\u043f\u0438\u0441\u0430\u0442\u044c\u0441\u044f \u043d\u0430 \u043f\u0440\u043e\u0441\u043b\u0443\u0448\u0438\u0432\u0430\u043d\u0438\u0435<\/span>\n\t\t\t\t\t<\/span>\n\t\t\t\t\t<\/a>\n\t\t\t\t<\/div>\n\t\t\t\t\t\t\t\t<\/div>\n\t\t\t\t<\/div>\n\t\t\t\t\t<\/div>\n\t\t<\/div>\n\t\t\t\t\t<\/div>\n\t\t<\/section>\n\t\t\t\t<\/div>","protected":false},"excerpt":{"rendered":"<p>Kinder- und Jugendchor \u201eVoices of Munich\u201c \u201eVoices of Munich\u201c ist der Kinder- und Jugendchor der Schule f\u00fcr Chorkunst M\u00fcnchen. Kinder und Jugendliche ab 9 Jahren erhalten hier eine anspruchsvolle musikalische Ausbildung mit regelm\u00e4\u00dfigen Chorproben und Stimmbildung. Im Mittelpunkt stehen die Entwicklung eines gemeinsamen Chorklangs, stimmliche Flexibilit\u00e4t, musikalische Selbstst\u00e4ndigkeit und die Arbeit an einem vielseitigen Repertoire [&hellip;]<\/p>","protected":false},"author":4,"featured_media":0,"parent":2421,"menu_order":0,"comment_status":"closed","ping_status":"closed","template":"","meta":{"footnotes":""},"class_list":["post-2426","page","type-page","status-publish","hentry"],"yoast_head":"<!-- This site is optimized with the Yoast SEO plugin v27.4 - https:\/\/yoast.com\/product\/yoast-seo-wordpress\/ -->\n<title>Kinder- und Jugendchor M\u00fcnchen | Voices of Munich<\/title>\n<meta name=\"description\" content=\"Voices of Munich ist der Kinder- und Jugendchor der Schule f\u00fcr Chorkunst M\u00fcnchen f\u00fcr junge S\u00e4ngerinnen und S\u00e4nger ab 9 Jahren. Lernen Sie den Chor kennen.\" \/>\n<meta name=\"robots\" content=\"index, follow, max-snippet:-1, max-image-preview:large, max-video-preview:-1\" \/>\n<link rel=\"canonical\" href=\"https:\/\/chorkunst.de\/ru\/kinderchoere\/voices-of-munich\/\" \/>\n<meta property=\"og:locale\" content=\"ru_RU\" \/>\n<meta property=\"og:type\" content=\"article\" \/>\n<meta property=\"og:title\" content=\"Kinder- und Jugendchor M\u00fcnchen | Voices of Munich\" \/>\n<meta property=\"og:description\" content=\"Voices of Munich ist der Kinder- und Jugendchor der Schule f\u00fcr Chorkunst M\u00fcnchen f\u00fcr junge S\u00e4ngerinnen und S\u00e4nger ab 9 Jahren. Lernen Sie den Chor kennen.\" \/>\n<meta property=\"og:url\" content=\"https:\/\/chorkunst.de\/ru\/kinderchoere\/voices-of-munich\/\" \/>\n<meta property=\"og:site_name\" content=\"Schule f\u00fcr Chorkunst M\u00fcnchen\" \/>\n<meta property=\"article:modified_time\" content=\"2026-08-29T13:55:01+00:00\" \/>\n<meta property=\"og:image\" content=\"https:\/\/chorkunst.de\/wp-content\/uploads\/2022\/07\/Kultur-EV-voice.png\" \/>\n<meta name=\"twitter:card\" content=\"summary_large_image\" \/>\n<meta name=\"twitter:label1\" content=\"\u041f\u0440\u0438\u043c\u0435\u0440\u043d\u043e\u0435 \u0432\u0440\u0435\u043c\u044f \u0434\u043b\u044f \u0447\u0442\u0435\u043d\u0438\u044f\" \/>\n\t<meta name=\"twitter:data1\" content=\"3 \u043c\u0438\u043d\u0443\u0442\u044b\" \/>\n<script type=\"application\/ld+json\" class=\"yoast-schema-graph\">{\"@context\":\"https:\\\/\\\/schema.org\",\"@graph\":[{\"@type\":\"WebPage\",\"@id\":\"https:\\\/\\\/chorkunst.de\\\/kinderchoere\\\/voices-of-munich\\\/\",\"url\":\"https:\\\/\\\/chorkunst.de\\\/kinderchoere\\\/voices-of-munich\\\/\",\"name\":\"Kinder- und Jugendchor M\u00fcnchen | Voices of Munich\",\"isPartOf\":{\"@id\":\"https:\\\/\\\/chorkunst.de\\\/#website\"},\"primaryImageOfPage\":{\"@id\":\"https:\\\/\\\/chorkunst.de\\\/kinderchoere\\\/voices-of-munich\\\/#primaryimage\"},\"image\":{\"@id\":\"https:\\\/\\\/chorkunst.de\\\/kinderchoere\\\/voices-of-munich\\\/#primaryimage\"},\"thumbnailUrl\":\"https:\\\/\\\/chorkunst.de\\\/wp-content\\\/uploads\\\/2022\\\/07\\\/Kultur-EV-voice.png\",\"datePublished\":\"2022-07-12T10:17:32+00:00\",\"dateModified\":\"2026-08-29T13:55:01+00:00\",\"description\":\"Voices of Munich ist der Kinder- und Jugendchor der Schule f\u00fcr Chorkunst M\u00fcnchen f\u00fcr junge S\u00e4ngerinnen und S\u00e4nger ab 9 Jahren. Lernen Sie den Chor kennen.\",\"breadcrumb\":{\"@id\":\"https:\\\/\\\/chorkunst.de\\\/kinderchoere\\\/voices-of-munich\\\/#breadcrumb\"},\"inLanguage\":\"ru-RU\",\"potentialAction\":[{\"@type\":\"ReadAction\",\"target\":[\"https:\\\/\\\/chorkunst.de\\\/kinderchoere\\\/voices-of-munich\\\/\"]}]},{\"@type\":\"ImageObject\",\"inLanguage\":\"ru-RU\",\"@id\":\"https:\\\/\\\/chorkunst.de\\\/kinderchoere\\\/voices-of-munich\\\/#primaryimage\",\"url\":\"https:\\\/\\\/chorkunst.de\\\/wp-content\\\/uploads\\\/2022\\\/07\\\/Kultur-EV-voice.png\",\"contentUrl\":\"https:\\\/\\\/chorkunst.de\\\/wp-content\\\/uploads\\\/2022\\\/07\\\/Kultur-EV-voice.png\"},{\"@type\":\"BreadcrumbList\",\"@id\":\"https:\\\/\\\/chorkunst.de\\\/kinderchoere\\\/voices-of-munich\\\/#breadcrumb\",\"itemListElement\":[{\"@type\":\"ListItem\",\"position\":1,\"name\":\"Startseite\",\"item\":\"https:\\\/\\\/chorkunst.de\\\/\"},{\"@type\":\"ListItem\",\"position\":2,\"name\":\"Kinderch\u00f6re\",\"item\":\"https:\\\/\\\/chorkunst.de\\\/kinderchoere\\\/\"},{\"@type\":\"ListItem\",\"position\":3,\"name\":\"Voices of Munich\"}]},{\"@type\":\"WebSite\",\"@id\":\"https:\\\/\\\/chorkunst.de\\\/#website\",\"url\":\"https:\\\/\\\/chorkunst.de\\\/\",\"name\":\"Schule f\u00fcr Chorkunst M\u00fcnchen\",\"description\":\"\",\"publisher\":{\"@id\":\"https:\\\/\\\/chorkunst.de\\\/#organization\"},\"potentialAction\":[{\"@type\":\"SearchAction\",\"target\":{\"@type\":\"EntryPoint\",\"urlTemplate\":\"https:\\\/\\\/chorkunst.de\\\/?s={search_term_string}\"},\"query-input\":{\"@type\":\"PropertyValueSpecification\",\"valueRequired\":true,\"valueName\":\"search_term_string\"}}],\"inLanguage\":\"ru-RU\"},{\"@type\":\"Organization\",\"@id\":\"https:\\\/\\\/chorkunst.de\\\/#organization\",\"name\":\"Schule f\u00fcr Chorkunst M\u00fcnchen\",\"url\":\"https:\\\/\\\/chorkunst.de\\\/\",\"logo\":{\"@type\":\"ImageObject\",\"inLanguage\":\"ru-RU\",\"@id\":\"https:\\\/\\\/chorkunst.de\\\/#\\\/schema\\\/logo\\\/image\\\/\",\"url\":\"https:\\\/\\\/chorkunst.de\\\/wp-content\\\/uploads\\\/2022\\\/07\\\/BlauKopie.jpg\",\"contentUrl\":\"https:\\\/\\\/chorkunst.de\\\/wp-content\\\/uploads\\\/2022\\\/07\\\/BlauKopie.jpg\",\"width\":350,\"height\":350,\"caption\":\"Schule f\u00fcr Chorkunst M\u00fcnchen\"},\"image\":{\"@id\":\"https:\\\/\\\/chorkunst.de\\\/#\\\/schema\\\/logo\\\/image\\\/\"}}]}<\/script>\n<!-- \/ Yoast SEO plugin. -->","yoast_head_json":{"title":"Kinder- und Jugendchor M\u00fcnchen | Voices of Munich","description":"Voices of Munich ist der Kinder- und Jugendchor der Schule f\u00fcr Chorkunst M\u00fcnchen f\u00fcr junge S\u00e4ngerinnen und S\u00e4nger ab 9 Jahren. Lernen Sie den Chor kennen.","robots":{"index":"index","follow":"follow","max-snippet":"max-snippet:-1","max-image-preview":"max-image-preview:large","max-video-preview":"max-video-preview:-1"},"canonical":"https:\/\/chorkunst.de\/ru\/kinderchoere\/voices-of-munich\/","og_locale":"ru_RU","og_type":"article","og_title":"Kinder- und Jugendchor M\u00fcnchen | Voices of Munich","og_description":"Voices of Munich ist der Kinder- und Jugendchor der Schule f\u00fcr Chorkunst M\u00fcnchen f\u00fcr junge S\u00e4ngerinnen und S\u00e4nger ab 9 Jahren. Lernen Sie den Chor kennen.","og_url":"https:\/\/chorkunst.de\/ru\/kinderchoere\/voices-of-munich\/","og_site_name":"Schule f\u00fcr Chorkunst M\u00fcnchen","article_modified_time":"2026-08-29T13:55:01+00:00","og_image":[{"url":"https:\/\/chorkunst.de\/wp-content\/uploads\/2022\/07\/Kultur-EV-voice.png","type":"","width":"","height":""}],"twitter_card":"summary_large_image","twitter_misc":{"\u041f\u0440\u0438\u043c\u0435\u0440\u043d\u043e\u0435 \u0432\u0440\u0435\u043c\u044f \u0434\u043b\u044f \u0447\u0442\u0435\u043d\u0438\u044f":"3 \u043c\u0438\u043d\u0443\u0442\u044b"},"schema":{"@context":"https:\/\/schema.org","@graph":[{"@type":"WebPage","@id":"https:\/\/chorkunst.de\/kinderchoere\/voices-of-munich\/","url":"https:\/\/chorkunst.de\/kinderchoere\/voices-of-munich\/","name":"Kinder- und Jugendchor M\u00fcnchen | Voices of Munich","isPartOf":{"@id":"https:\/\/chorkunst.de\/#website"},"primaryImageOfPage":{"@id":"https:\/\/chorkunst.de\/kinderchoere\/voices-of-munich\/#primaryimage"},"image":{"@id":"https:\/\/chorkunst.de\/kinderchoere\/voices-of-munich\/#primaryimage"},"thumbnailUrl":"https:\/\/chorkunst.de\/wp-content\/uploads\/2022\/07\/Kultur-EV-voice.png","datePublished":"2022-07-12T10:17:32+00:00","dateModified":"2026-08-29T13:55:01+00:00","description":"Voices of Munich ist der Kinder- und Jugendchor der Schule f\u00fcr Chorkunst M\u00fcnchen f\u00fcr junge S\u00e4ngerinnen und S\u00e4nger ab 9 Jahren. Lernen Sie den Chor kennen.","breadcrumb":{"@id":"https:\/\/chorkunst.de\/kinderchoere\/voices-of-munich\/#breadcrumb"},"inLanguage":"ru-RU","potentialAction":[{"@type":"ReadAction","target":["https:\/\/chorkunst.de\/kinderchoere\/voices-of-munich\/"]}]},{"@type":"ImageObject","inLanguage":"ru-RU","@id":"https:\/\/chorkunst.de\/kinderchoere\/voices-of-munich\/#primaryimage","url":"https:\/\/chorkunst.de\/wp-content\/uploads\/2022\/07\/Kultur-EV-voice.png","contentUrl":"https:\/\/chorkunst.de\/wp-content\/uploads\/2022\/07\/Kultur-EV-voice.png"},{"@type":"BreadcrumbList","@id":"https:\/\/chorkunst.de\/kinderchoere\/voices-of-munich\/#breadcrumb","itemListElement":[{"@type":"ListItem","position":1,"name":"Startseite","item":"https:\/\/chorkunst.de\/"},{"@type":"ListItem","position":2,"name":"Kinderch\u00f6re","item":"https:\/\/chorkunst.de\/kinderchoere\/"},{"@type":"ListItem","position":3,"name":"Voices of Munich"}]},{"@type":"WebSite","@id":"https:\/\/chorkunst.de\/#website","url":"https:\/\/chorkunst.de\/","name":"Schule f\u00fcr Chorkunst M\u00fcnchen","description":"","publisher":{"@id":"https:\/\/chorkunst.de\/#organization"},"potentialAction":[{"@type":"SearchAction","target":{"@type":"EntryPoint","urlTemplate":"https:\/\/chorkunst.de\/?s={search_term_string}"},"query-input":{"@type":"PropertyValueSpecification","valueRequired":true,"valueName":"search_term_string"}}],"inLanguage":"ru-RU"},{"@type":"Organization","@id":"https:\/\/chorkunst.de\/#organization","name":"Schule f\u00fcr Chorkunst M\u00fcnchen","url":"https:\/\/chorkunst.de\/","logo":{"@type":"ImageObject","inLanguage":"ru-RU","@id":"https:\/\/chorkunst.de\/#\/schema\/logo\/image\/","url":"https:\/\/chorkunst.de\/wp-content\/uploads\/2022\/07\/BlauKopie.jpg","contentUrl":"https:\/\/chorkunst.de\/wp-content\/uploads\/2022\/07\/BlauKopie.jpg","width":350,"height":350,"caption":"Schule f\u00fcr Chorkunst M\u00fcnchen"},"image":{"@id":"https:\/\/chorkunst.de\/#\/schema\/logo\/image\/"}}]}},"_links":{"self":[{"href":"https:\/\/chorkunst.de\/ru\/wp-json\/wp\/v2\/pages\/2426","targetHints":{"allow":["GET"]}}],"collection":[{"href":"https:\/\/chorkunst.de\/ru\/wp-json\/wp\/v2\/pages"}],"about":[{"href":"https:\/\/chorkunst.de\/ru\/wp-json\/wp\/v2\/types\/page"}],"author":[{"embeddable":true,"href":"https:\/\/chorkunst.de\/ru\/wp-json\/wp\/v2\/users\/4"}],"replies":[{"embeddable":true,"href":"https:\/\/chorkunst.de\/ru\/wp-json\/wp\/v2\/comments?post=2426"}],"version-history":[{"count":25,"href":"https:\/\/chorkunst.de\/ru\/wp-json\/wp\/v2\/pages\/2426\/revisions"}],"predecessor-version":[{"id":3179,"href":"https:\/\/chorkunst.de\/ru\/wp-json\/wp\/v2\/pages\/2426\/revisions\/3179"}],"up":[{"embeddable":true,"href":"https:\/\/chorkunst.de\/ru\/wp-json\/wp\/v2\/pages\/2421"}],"wp:attachment":[{"href":"https:\/\/chorkunst.de\/ru\/wp-json\/wp\/v2\/media?parent=2426"}],"curies":[{"name":"wp","href":"https:\/\/api.w.org\/{rel}","templated":true}]}}