{"id":2433,"date":"2022-07-12T13:03:35","date_gmt":"2022-07-12T11:03:35","guid":{"rendered":"https:\/\/chorkunst.de\/?page_id=2433"},"modified":"2026-01-25T20:45:39","modified_gmt":"2026-01-25T19:45:39","slug":"konzerte","status":"publish","type":"page","link":"https:\/\/chorkunst.de\/ru\/konzerte\/","title":{"rendered":"\u041a\u043e\u043d\u0446\u0435\u0440\u0442\u044b"},"content":{"rendered":"<div data-elementor-type=\"wp-page\" data-elementor-id=\"2433\" class=\"elementor elementor-2433\" data-elementor-post-type=\"page\">\n\t\t\t\t\t\t<section class=\"elementor-section elementor-top-section elementor-element elementor-element-701229a elementor-section-height-min-height elementor-section-boxed elementor-section-height-default elementor-section-items-middle\" data-id=\"701229a\" data-element_type=\"section\" data-settings=\"{&quot;background_background&quot;:&quot;classic&quot;}\">\n\t\t\t\t\t\t\t<div class=\"elementor-background-overlay\"><\/div>\n\t\t\t\t\t\t\t<div class=\"elementor-container elementor-column-gap-default\">\n\t\t\t\t\t<div class=\"elementor-column elementor-col-100 elementor-top-column elementor-element elementor-element-7b3dce8\" data-id=\"7b3dce8\" data-element_type=\"column\" data-settings=\"{&quot;background_background&quot;:&quot;classic&quot;}\">\n\t\t\t<div class=\"elementor-widget-wrap\">\n\t\t\t\t\t\t\t<\/div>\n\t\t<\/div>\n\t\t\t\t\t<\/div>\n\t\t<\/section>\n\t\t\t\t<section class=\"elementor-section elementor-top-section elementor-element elementor-element-e9d7f47 elementor-section-boxed elementor-section-height-default elementor-section-height-default\" data-id=\"e9d7f47\" data-element_type=\"section\" data-settings=\"{&quot;background_background&quot;:&quot;classic&quot;}\">\n\t\t\t\t\t\t<div class=\"elementor-container elementor-column-gap-default\">\n\t\t\t\t\t<div class=\"elementor-column elementor-col-100 elementor-top-column elementor-element elementor-element-a947316\" data-id=\"a947316\" data-element_type=\"column\" data-settings=\"{&quot;background_background&quot;:&quot;classic&quot;}\">\n\t\t\t<div class=\"elementor-widget-wrap elementor-element-populated\">\n\t\t\t\t\t\t<section class=\"elementor-section elementor-inner-section elementor-element elementor-element-11acd2a elementor-section-boxed elementor-section-height-default elementor-section-height-default\" data-id=\"11acd2a\" data-element_type=\"section\">\n\t\t\t\t\t\t<div class=\"elementor-container elementor-column-gap-default\">\n\t\t\t\t\t<div class=\"elementor-column elementor-col-100 elementor-inner-column elementor-element elementor-element-b4f9b61\" data-id=\"b4f9b61\" data-element_type=\"column\">\n\t\t\t<div class=\"elementor-widget-wrap elementor-element-populated\">\n\t\t\t\t\t\t<div class=\"elementor-element elementor-element-5f93f1f elementor-widget elementor-widget-heading\" data-id=\"5f93f1f\" data-element_type=\"widget\" data-widget_type=\"heading.default\">\n\t\t\t\t<div class=\"elementor-widget-container\">\n\t\t\t\t\t<h1 class=\"elementor-heading-title elementor-size-default\">\u041f\u043b\u0430\u043d\u0438\u0440\u0443\u0435\u043c\u044b\u0435 \u0438 \u043f\u0440\u0435\u0434\u044b\u0434\u0443\u0449\u0438\u0435 \u043a\u043e\u043d\u0446\u0435\u0440\u0442\u044b \u043d\u0430\u0448\u0438\u0445 \u0445\u043e\u0440\u043e\u0432\u044b\u0445 \u043a\u043e\u043b\u043b\u0435\u043a\u0442\u0438\u0432\u043e\u0432 \u0432 \u041c\u044e\u043d\u0445\u0435\u043d\u0435 \u0438 \u043e\u043a\u0440\u0435\u0441\u0442\u043d\u043e\u0441\u0442\u044f\u0445<\/h1>\t\t\t\t<\/div>\n\t\t\t\t<\/div>\n\t\t\t\t<div class=\"elementor-element elementor-element-0fec11c elementor-widget elementor-widget-text-editor\" data-id=\"0fec11c\" data-element_type=\"widget\" data-widget_type=\"text-editor.default\">\n\t\t\t\t<div class=\"elementor-widget-container\">\n\t\t\t\t\t\t\t\t\t<p>\u041d\u0430 \u044d\u0442\u043e\u0439 \u0441\u0442\u0440\u0430\u043d\u0438\u0446\u0435 \u0432\u044b \u043d\u0430\u0439\u0434\u0435\u0442\u0435 \u043f\u043e\u0434\u0440\u043e\u0431\u043d\u044b\u0439 \u043e\u0431\u0437\u043e\u0440 \u0432\u0441\u0435\u0445 \u043f\u0440\u043e\u0448\u0435\u0434\u0448\u0438\u0445 \u0438 \u043f\u043b\u0430\u043d\u0438\u0440\u0443\u0435\u043c\u044b\u0445 \u043a\u043e\u043d\u0446\u0435\u0440\u0442\u043e\u0432 \u043d\u0430\u0448\u0438\u0445 \u0434\u0435\u0442\u0441\u043a\u0438\u0445 \u0445\u043e\u0440\u043e\u0432\u044b\u0445 \u043a\u043e\u043b\u043b\u0435\u043a\u0442\u0438\u0432\u043e\u0432.<\/p><p>\u0423 \u0432\u0430\u0441 \u0435\u0441\u0442\u044c \u0432\u043e\u043f\u0440\u043e\u0441\u044b \u043e\u0431 \u043e\u0442\u0434\u0435\u043b\u044c\u043d\u044b\u0445 \u043c\u0435\u0440\u043e\u043f\u0440\u0438\u044f\u0442\u0438\u044f\u0445? \u041d\u0435 \u0441\u0442\u0435\u0441\u043d\u044f\u0439\u0442\u0435\u0441\u044c \u0437\u0432\u043e\u043d\u0438\u0442\u044c \u043d\u0430\u043c \u043d\u0430\u043f\u0440\u044f\u043c\u0443\u044e.<\/p>\t\t\t\t\t\t\t\t<\/div>\n\t\t\t\t<\/div>\n\t\t\t\t\t<\/div>\n\t\t<\/div>\n\t\t\t\t\t<\/div>\n\t\t<\/section>\n\t\t\t\t<div class=\"elementor-element elementor-element-786fae5 elementor-mobile-align-center elementor-align-center elementor-widget elementor-widget-button\" data-id=\"786fae5\" data-element_type=\"widget\" data-widget_type=\"button.default\">\n\t\t\t\t<div class=\"elementor-widget-container\">\n\t\t\t\t\t\t\t\t\t<div class=\"elementor-button-wrapper\">\n\t\t\t\t\t<a class=\"elementor-button elementor-button-link elementor-size-sm\" href=\"tel:+498912597793\">\n\t\t\t\t\t\t<span class=\"elementor-button-content-wrapper\">\n\t\t\t\t\t\t\t\t\t<span class=\"elementor-button-text\">08912 597793<\/span>\n\t\t\t\t\t<\/span>\n\t\t\t\t\t<\/a>\n\t\t\t\t<\/div>\n\t\t\t\t\t\t\t\t<\/div>\n\t\t\t\t<\/div>\n\t\t\t\t\t<\/div>\n\t\t<\/div>\n\t\t\t\t\t<\/div>\n\t\t<\/section>\n\t\t\t\t<section class=\"elementor-section elementor-top-section elementor-element elementor-element-9523602 elementor-section-boxed elementor-section-height-default elementor-section-height-default\" data-id=\"9523602\" data-element_type=\"section\" data-settings=\"{&quot;background_background&quot;:&quot;classic&quot;}\">\n\t\t\t\t\t\t<div class=\"elementor-container elementor-column-gap-default\">\n\t\t\t\t\t<div class=\"elementor-column elementor-col-100 elementor-top-column elementor-element elementor-element-8218141\" data-id=\"8218141\" data-element_type=\"column\" data-settings=\"{&quot;background_background&quot;:&quot;classic&quot;}\">\n\t\t\t<div class=\"elementor-widget-wrap elementor-element-populated\">\n\t\t\t\t\t\t<section class=\"elementor-section elementor-inner-section elementor-element elementor-element-a20c576 elementor-section-boxed elementor-section-height-default elementor-section-height-default\" data-id=\"a20c576\" data-element_type=\"section\">\n\t\t\t\t\t\t<div class=\"elementor-container elementor-column-gap-default\">\n\t\t\t\t\t<div class=\"elementor-column elementor-col-100 elementor-inner-column elementor-element elementor-element-0a7b685\" data-id=\"0a7b685\" data-element_type=\"column\">\n\t\t\t<div class=\"elementor-widget-wrap elementor-element-populated\">\n\t\t\t\t\t\t<div class=\"elementor-element elementor-element-adefd40 elementor-widget elementor-widget-heading\" data-id=\"adefd40\" data-element_type=\"widget\" data-widget_type=\"heading.default\">\n\t\t\t\t<div class=\"elementor-widget-container\">\n\t\t\t\t\t<h3 class=\"elementor-heading-title elementor-size-default\">\u0411\u043b\u0438\u0436\u0430\u0439\u0448\u0438\u0435 \u043a\u043e\u043d\u0446\u0435\u0440\u0442\u043d\u044b\u0435 \u043c\u0435\u0440\u043e\u043f\u0440\u0438\u044f\u0442\u0438\u044f<\/h3>\t\t\t\t<\/div>\n\t\t\t\t<\/div>\n\t\t\t\t<div class=\"elementor-element elementor-element-30721f2 elementor-widget elementor-widget-accordion\" data-id=\"30721f2\" data-element_type=\"widget\" data-widget_type=\"accordion.default\">\n\t\t\t\t<div class=\"elementor-widget-container\">\n\t\t\t\t\t\t\t<div class=\"elementor-accordion\">\n\t\t\t\t\t\t\t<div class=\"elementor-accordion-item\">\n\t\t\t\t\t<div id=\"elementor-tab-title-5071\" class=\"elementor-tab-title\" data-tab=\"1\" role=\"button\" aria-controls=\"elementor-tab-content-5071\" aria-expanded=\"false\">\n\t\t\t\t\t\t\t\t\t\t\t\t\t<span class=\"elementor-accordion-icon elementor-accordion-icon-right\" aria-hidden=\"true\">\n\t\t\t\t\t\t\t\t\t\t\t\t\t\t\t<span class=\"elementor-accordion-icon-closed\"><svg class=\"e-font-icon-svg e-fas-plus\" viewbox=\"0 0 448 512\" xmlns=\"http:\/\/www.w3.org\/2000\/svg\"><path d=\"M416 208H272V64c0-17.67-14.33-32-32-32h-32c-17.67 0-32 14.33-32 32v144H32c-17.67 0-32 14.33-32 32v32c0 17.67 14.33 32 32 32h144v144c0 17.67 14.33 32 32 32h32c17.67 0 32-14.33 32-32V304h144c17.67 0 32-14.33 32-32v-32c0-17.67-14.33-32-32-32z\"><\/path><\/svg><\/span>\n\t\t\t\t\t\t\t\t<span class=\"elementor-accordion-icon-opened\"><svg class=\"e-font-icon-svg e-fas-minus\" viewbox=\"0 0 448 512\" xmlns=\"http:\/\/www.w3.org\/2000\/svg\"><path d=\"M416 208H32c-17.67 0-32 14.33-32 32v32c0 17.67 14.33 32 32 32h384c17.67 0 32-14.33 32-32v-32c0-17.67-14.33-32-32-32z\"><\/path><\/svg><\/span>\n\t\t\t\t\t\t\t\t\t\t\t\t\t\t<\/span>\n\t\t\t\t\t\t\t\t\t\t\t\t<a class=\"elementor-accordion-title\" tabindex=\"0\">Konzertreise nach China: Konzert in der Tianjin Concert Hall <\/a>\n\t\t\t\t\t<\/div>\n\t\t\t\t\t<div id=\"elementor-tab-content-5071\" class=\"elementor-tab-content elementor-clearfix\" data-tab=\"1\" role=\"region\" aria-labelledby=\"elementor-tab-title-5071\"><h6><strong><span class=\"s1\">24. Mai 2026, 19 Uhr \u2013 Tianjin<\/span><\/strong><\/h6><p><span class=\"s3\">Konzert in der <span class=\"s4\">Tianjin Concert Hall<\/span><\/span><\/p><p><span class=\"s2\">Am <\/span><span class=\"s3\">24. Mai 2026<\/span><span class=\"s2\"> gastiert der Chor <em>Voices of Munich<\/em> in der <\/span><span class=\"s3\">Tianjin Concert Hall<\/span><span class=\"s2\"> in Tianjin.<\/span><\/p><p><span class=\"s2\">Das Konzert ist Teil der China-Konzertreise und pr\u00e4sentiert ein internationales Repertoire mit Werken aus verschiedenen musikalischen Epochen und Kulturr\u00e4umen.<\/span><\/p><\/div>\n\t\t\t\t<\/div>\n\t\t\t\t\t\t\t<div class=\"elementor-accordion-item\">\n\t\t\t\t\t<div id=\"elementor-tab-title-5072\" class=\"elementor-tab-title\" data-tab=\"2\" role=\"button\" aria-controls=\"elementor-tab-content-5072\" aria-expanded=\"false\">\n\t\t\t\t\t\t\t\t\t\t\t\t\t<span class=\"elementor-accordion-icon elementor-accordion-icon-right\" aria-hidden=\"true\">\n\t\t\t\t\t\t\t\t\t\t\t\t\t\t\t<span class=\"elementor-accordion-icon-closed\"><svg class=\"e-font-icon-svg e-fas-plus\" viewbox=\"0 0 448 512\" xmlns=\"http:\/\/www.w3.org\/2000\/svg\"><path d=\"M416 208H272V64c0-17.67-14.33-32-32-32h-32c-17.67 0-32 14.33-32 32v144H32c-17.67 0-32 14.33-32 32v32c0 17.67 14.33 32 32 32h144v144c0 17.67 14.33 32 32 32h32c17.67 0 32-14.33 32-32V304h144c17.67 0 32-14.33 32-32v-32c0-17.67-14.33-32-32-32z\"><\/path><\/svg><\/span>\n\t\t\t\t\t\t\t\t<span class=\"elementor-accordion-icon-opened\"><svg class=\"e-font-icon-svg e-fas-minus\" viewbox=\"0 0 448 512\" xmlns=\"http:\/\/www.w3.org\/2000\/svg\"><path d=\"M416 208H32c-17.67 0-32 14.33-32 32v32c0 17.67 14.33 32 32 32h384c17.67 0 32-14.33 32-32v-32c0-17.67-14.33-32-32-32z\"><\/path><\/svg><\/span>\n\t\t\t\t\t\t\t\t\t\t\t\t\t\t<\/span>\n\t\t\t\t\t\t\t\t\t\t\t\t<a class=\"elementor-accordion-title\" tabindex=\"0\">Konzertreise nach China: Konzert im Konzertsaal des Shanghai Symphony Orchestra<\/a>\n\t\t\t\t\t<\/div>\n\t\t\t\t\t<div id=\"elementor-tab-content-5072\" class=\"elementor-tab-content elementor-clearfix\" data-tab=\"2\" role=\"region\" aria-labelledby=\"elementor-tab-title-5072\"><h6><strong>27. Mai 2026, 19:30 Uhr \u2013 Shanghai<\/strong><\/h6><p class=\"p1\"><span class=\"s1\">Konzert im Konzertsaal des <span class=\"s2\">Shanghai Symphony Orchestra<\/span><\/span><\/p><p class=\"p1\"><span class=\"s3\">Am <\/span><span class=\"s1\">27. Mai 2026<\/span><span class=\"s3\"> findet ein Konzert im <\/span><span class=\"s1\">Konzertsaal des Shanghai Symphony Orchestra<\/span><span class=\"s3\"> statt.<\/span><\/p><p class=\"p1\"><span class=\"s3\">Der Auftritt in einem der bedeutendsten Konzerth\u00e4user Chinas bildet einen besonderen H\u00f6hepunkt der Tournee.<\/span><\/p><\/div>\n\t\t\t\t<\/div>\n\t\t\t\t\t\t\t<div class=\"elementor-accordion-item\">\n\t\t\t\t\t<div id=\"elementor-tab-title-5073\" class=\"elementor-tab-title\" data-tab=\"3\" role=\"button\" aria-controls=\"elementor-tab-content-5073\" aria-expanded=\"false\">\n\t\t\t\t\t\t\t\t\t\t\t\t\t<span class=\"elementor-accordion-icon elementor-accordion-icon-right\" aria-hidden=\"true\">\n\t\t\t\t\t\t\t\t\t\t\t\t\t\t\t<span class=\"elementor-accordion-icon-closed\"><svg class=\"e-font-icon-svg e-fas-plus\" viewbox=\"0 0 448 512\" xmlns=\"http:\/\/www.w3.org\/2000\/svg\"><path d=\"M416 208H272V64c0-17.67-14.33-32-32-32h-32c-17.67 0-32 14.33-32 32v144H32c-17.67 0-32 14.33-32 32v32c0 17.67 14.33 32 32 32h144v144c0 17.67 14.33 32 32 32h32c17.67 0 32-14.33 32-32V304h144c17.67 0 32-14.33 32-32v-32c0-17.67-14.33-32-32-32z\"><\/path><\/svg><\/span>\n\t\t\t\t\t\t\t\t<span class=\"elementor-accordion-icon-opened\"><svg class=\"e-font-icon-svg e-fas-minus\" viewbox=\"0 0 448 512\" xmlns=\"http:\/\/www.w3.org\/2000\/svg\"><path d=\"M416 208H32c-17.67 0-32 14.33-32 32v32c0 17.67 14.33 32 32 32h384c17.67 0 32-14.33 32-32v-32c0-17.67-14.33-32-32-32z\"><\/path><\/svg><\/span>\n\t\t\t\t\t\t\t\t\t\t\t\t\t\t<\/span>\n\t\t\t\t\t\t\t\t\t\t\t\t<a class=\"elementor-accordion-title\" tabindex=\"0\">Konzertreise nach China: Konzert in der Wuxi Concert Hall<\/a>\n\t\t\t\t\t<\/div>\n\t\t\t\t\t<div id=\"elementor-tab-content-5073\" class=\"elementor-tab-content elementor-clearfix\" data-tab=\"3\" role=\"region\" aria-labelledby=\"elementor-tab-title-5073\"><h6><strong><span class=\"s1\">30. Mai 2026, 19:30 Uhr \u2013 Wuxi<\/span><\/strong><\/h6><p class=\"p3\"><span class=\"s3\">Konzert in der <span class=\"s4\">Wuxi Concert Hall<\/span><\/span><\/p><p class=\"p3\"><span class=\"s2\">Am <\/span><span class=\"s3\">30. Mai 2026<\/span><span class=\"s2\"> ist der Chor <em>Voices of Munich<\/em> mit einem Konzert in der <\/span><span class=\"s3\">Wuxi Concert Hall<\/span><span class=\"s2\"> zu erleben.<\/span><\/p><p class=\"p3\"><span class=\"s2\">Das Programm verbindet internationale Chormusik mit stilistischer Vielfalt und klanglicher Bandbreite.<\/span><\/p><\/div>\n\t\t\t\t<\/div>\n\t\t\t\t\t\t\t<div class=\"elementor-accordion-item\">\n\t\t\t\t\t<div id=\"elementor-tab-title-5074\" class=\"elementor-tab-title\" data-tab=\"4\" role=\"button\" aria-controls=\"elementor-tab-content-5074\" aria-expanded=\"false\">\n\t\t\t\t\t\t\t\t\t\t\t\t\t<span class=\"elementor-accordion-icon elementor-accordion-icon-right\" aria-hidden=\"true\">\n\t\t\t\t\t\t\t\t\t\t\t\t\t\t\t<span class=\"elementor-accordion-icon-closed\"><svg class=\"e-font-icon-svg e-fas-plus\" viewbox=\"0 0 448 512\" xmlns=\"http:\/\/www.w3.org\/2000\/svg\"><path d=\"M416 208H272V64c0-17.67-14.33-32-32-32h-32c-17.67 0-32 14.33-32 32v144H32c-17.67 0-32 14.33-32 32v32c0 17.67 14.33 32 32 32h144v144c0 17.67 14.33 32 32 32h32c17.67 0 32-14.33 32-32V304h144c17.67 0 32-14.33 32-32v-32c0-17.67-14.33-32-32-32z\"><\/path><\/svg><\/span>\n\t\t\t\t\t\t\t\t<span class=\"elementor-accordion-icon-opened\"><svg class=\"e-font-icon-svg e-fas-minus\" viewbox=\"0 0 448 512\" xmlns=\"http:\/\/www.w3.org\/2000\/svg\"><path d=\"M416 208H32c-17.67 0-32 14.33-32 32v32c0 17.67 14.33 32 32 32h384c17.67 0 32-14.33 32-32v-32c0-17.67-14.33-32-32-32z\"><\/path><\/svg><\/span>\n\t\t\t\t\t\t\t\t\t\t\t\t\t\t<\/span>\n\t\t\t\t\t\t\t\t\t\t\t\t<a class=\"elementor-accordion-title\" tabindex=\"0\">Konzertreise nach China: Konzert im Konzertsaal des Qingdao Grand Theatre<\/a>\n\t\t\t\t\t<\/div>\n\t\t\t\t\t<div id=\"elementor-tab-content-5074\" class=\"elementor-tab-content elementor-clearfix\" data-tab=\"4\" role=\"region\" aria-labelledby=\"elementor-tab-title-5074\"><h6><strong><span class=\"s1\">31. Mai 2026, 19:30 Uhr \u2013 Qingdao<\/span><\/strong><\/h6><p class=\"p3\"><span class=\"s3\">Konzert im Konzertsaal des <span class=\"s4\">Qingdao Grand Theatre<\/span><\/span><\/p><p class=\"p3\"><span class=\"s2\">Am <\/span><span class=\"s3\">31. Mai 2026<\/span><span class=\"s2\"> gastiert der Chor im <\/span><span class=\"s3\">Konzertsaal des Qingdao Grand Theatre<\/span><span class=\"s2\">.<\/span><\/p><\/div>\n\t\t\t\t<\/div>\n\t\t\t\t\t\t\t<div class=\"elementor-accordion-item\">\n\t\t\t\t\t<div id=\"elementor-tab-title-5075\" class=\"elementor-tab-title\" data-tab=\"5\" role=\"button\" aria-controls=\"elementor-tab-content-5075\" aria-expanded=\"false\">\n\t\t\t\t\t\t\t\t\t\t\t\t\t<span class=\"elementor-accordion-icon elementor-accordion-icon-right\" aria-hidden=\"true\">\n\t\t\t\t\t\t\t\t\t\t\t\t\t\t\t<span class=\"elementor-accordion-icon-closed\"><svg class=\"e-font-icon-svg e-fas-plus\" viewbox=\"0 0 448 512\" xmlns=\"http:\/\/www.w3.org\/2000\/svg\"><path d=\"M416 208H272V64c0-17.67-14.33-32-32-32h-32c-17.67 0-32 14.33-32 32v144H32c-17.67 0-32 14.33-32 32v32c0 17.67 14.33 32 32 32h144v144c0 17.67 14.33 32 32 32h32c17.67 0 32-14.33 32-32V304h144c17.67 0 32-14.33 32-32v-32c0-17.67-14.33-32-32-32z\"><\/path><\/svg><\/span>\n\t\t\t\t\t\t\t\t<span class=\"elementor-accordion-icon-opened\"><svg class=\"e-font-icon-svg e-fas-minus\" viewbox=\"0 0 448 512\" xmlns=\"http:\/\/www.w3.org\/2000\/svg\"><path d=\"M416 208H32c-17.67 0-32 14.33-32 32v32c0 17.67 14.33 32 32 32h384c17.67 0 32-14.33 32-32v-32c0-17.67-14.33-32-32-32z\"><\/path><\/svg><\/span>\n\t\t\t\t\t\t\t\t\t\t\t\t\t\t<\/span>\n\t\t\t\t\t\t\t\t\t\t\t\t<a class=\"elementor-accordion-title\" tabindex=\"0\">Konzertreise nach China: Konzert im Konzertsaal des Shandong Provincial Capital Grand Theater<\/a>\n\t\t\t\t\t<\/div>\n\t\t\t\t\t<div id=\"elementor-tab-content-5075\" class=\"elementor-tab-content elementor-clearfix\" data-tab=\"5\" role=\"region\" aria-labelledby=\"elementor-tab-title-5075\"><h6 data-start=\"1462\" data-end=\"1503\"><strong>1. Juni 2026, 19:30 Uhr \u2013 Jinan<\/strong><\/h6><p class=\"p1\"><span class=\"s1\">Konzert im Konzertsaal des <span class=\"s2\">Shandong Provincial Capital Grand Theater<\/span><\/span><\/p><p data-start=\"1574\" data-end=\"1769\">Am <strong data-start=\"1577\" data-end=\"1593\">1. Juni 2026<\/strong> findet ein Konzert im <strong data-start=\"1616\" data-end=\"1677\">Konzertsaal des Shandong Provincial Capital Grand Theater<\/strong> statt.<br data-start=\"1684\" data-end=\"1687\" \/>Das Konzert setzt die Tournee durch zentrale Kultur- und Musikzentren Chinas fort.<\/p><\/div>\n\t\t\t\t<\/div>\n\t\t\t\t\t\t\t<div class=\"elementor-accordion-item\">\n\t\t\t\t\t<div id=\"elementor-tab-title-5076\" class=\"elementor-tab-title\" data-tab=\"6\" role=\"button\" aria-controls=\"elementor-tab-content-5076\" aria-expanded=\"false\">\n\t\t\t\t\t\t\t\t\t\t\t\t\t<span class=\"elementor-accordion-icon elementor-accordion-icon-right\" aria-hidden=\"true\">\n\t\t\t\t\t\t\t\t\t\t\t\t\t\t\t<span class=\"elementor-accordion-icon-closed\"><svg class=\"e-font-icon-svg e-fas-plus\" viewbox=\"0 0 448 512\" xmlns=\"http:\/\/www.w3.org\/2000\/svg\"><path d=\"M416 208H272V64c0-17.67-14.33-32-32-32h-32c-17.67 0-32 14.33-32 32v144H32c-17.67 0-32 14.33-32 32v32c0 17.67 14.33 32 32 32h144v144c0 17.67 14.33 32 32 32h32c17.67 0 32-14.33 32-32V304h144c17.67 0 32-14.33 32-32v-32c0-17.67-14.33-32-32-32z\"><\/path><\/svg><\/span>\n\t\t\t\t\t\t\t\t<span class=\"elementor-accordion-icon-opened\"><svg class=\"e-font-icon-svg e-fas-minus\" viewbox=\"0 0 448 512\" xmlns=\"http:\/\/www.w3.org\/2000\/svg\"><path d=\"M416 208H32c-17.67 0-32 14.33-32 32v32c0 17.67 14.33 32 32 32h384c17.67 0 32-14.33 32-32v-32c0-17.67-14.33-32-32-32z\"><\/path><\/svg><\/span>\n\t\t\t\t\t\t\t\t\t\t\t\t\t\t<\/span>\n\t\t\t\t\t\t\t\t\t\t\t\t<a class=\"elementor-accordion-title\" tabindex=\"0\">Konzertreise nach China: Konzert im Beijing National Library Art Center Concert Hall<\/a>\n\t\t\t\t\t<\/div>\n\t\t\t\t\t<div id=\"elementor-tab-content-5076\" class=\"elementor-tab-content elementor-clearfix\" data-tab=\"6\" role=\"region\" aria-labelledby=\"elementor-tab-title-5076\"><h6 data-start=\"1462\" data-end=\"1503\"><strong>3. Juni 2026 \u2013 Beijing<\/strong><\/h6><p data-start=\"1400\" data-end=\"1454\"><strong data-start=\"1400\" data-end=\"1452\">Konzert im <span class=\"hover:entity-accent entity-underline inline cursor-pointer align-baseline\"><span class=\"whitespace-normal\">Beijing National Library Art Center Concert Hall<\/span><\/span><\/strong><\/p><p data-start=\"1456\" data-end=\"1630\">Konzert in einem der bedeutendsten Kulturzentren der chinesischen Hauptstadt, eingebettet in ein umfangreiches Programm aus kulturellem Austausch und offiziellen Begegnungen.<\/p><\/div>\n\t\t\t\t<\/div>\n\t\t\t\t\t\t\t<div class=\"elementor-accordion-item\">\n\t\t\t\t\t<div id=\"elementor-tab-title-5077\" class=\"elementor-tab-title\" data-tab=\"7\" role=\"button\" aria-controls=\"elementor-tab-content-5077\" aria-expanded=\"false\">\n\t\t\t\t\t\t\t\t\t\t\t\t\t<span class=\"elementor-accordion-icon elementor-accordion-icon-right\" aria-hidden=\"true\">\n\t\t\t\t\t\t\t\t\t\t\t\t\t\t\t<span class=\"elementor-accordion-icon-closed\"><svg class=\"e-font-icon-svg e-fas-plus\" viewbox=\"0 0 448 512\" xmlns=\"http:\/\/www.w3.org\/2000\/svg\"><path d=\"M416 208H272V64c0-17.67-14.33-32-32-32h-32c-17.67 0-32 14.33-32 32v144H32c-17.67 0-32 14.33-32 32v32c0 17.67 14.33 32 32 32h144v144c0 17.67 14.33 32 32 32h32c17.67 0 32-14.33 32-32V304h144c17.67 0 32-14.33 32-32v-32c0-17.67-14.33-32-32-32z\"><\/path><\/svg><\/span>\n\t\t\t\t\t\t\t\t<span class=\"elementor-accordion-icon-opened\"><svg class=\"e-font-icon-svg e-fas-minus\" viewbox=\"0 0 448 512\" xmlns=\"http:\/\/www.w3.org\/2000\/svg\"><path d=\"M416 208H32c-17.67 0-32 14.33-32 32v32c0 17.67 14.33 32 32 32h384c17.67 0 32-14.33 32-32v-32c0-17.67-14.33-32-32-32z\"><\/path><\/svg><\/span>\n\t\t\t\t\t\t\t\t\t\t\t\t\t\t<\/span>\n\t\t\t\t\t\t\t\t\t\t\t\t<a class=\"elementor-accordion-title\" tabindex=\"0\">Konzertreise nach China: Konzert in der Xi'an Concert Hall<\/a>\n\t\t\t\t\t<\/div>\n\t\t\t\t\t<div id=\"elementor-tab-content-5077\" class=\"elementor-tab-content elementor-clearfix\" data-tab=\"7\" role=\"region\" aria-labelledby=\"elementor-tab-title-5077\"><h6 data-start=\"1776\" data-end=\"1806\"><strong data-start=\"1780\" data-end=\"1804\">5. Juni 2026, 19:30 \u2013 Xi\u2019an<\/strong><\/h6><p data-start=\"1668\" data-end=\"1737\"><strong data-start=\"1668\" data-end=\"1720\">Konzert im <span class=\"hover:entity-accent entity-underline inline cursor-pointer align-baseline\"><span class=\"whitespace-normal\">Xi\u2019an Concert Hall<\/span><\/span><\/strong><\/p><p data-start=\"1739\" data-end=\"1855\">Konzert in der traditionsreichen Kulturmetropole Xi\u2019an, erg\u00e4nzt durch schulischen und kulturellen Austausch vor Ort.<\/p><\/div>\n\t\t\t\t<\/div>\n\t\t\t\t\t\t\t<div class=\"elementor-accordion-item\">\n\t\t\t\t\t<div id=\"elementor-tab-title-5078\" class=\"elementor-tab-title\" data-tab=\"8\" role=\"button\" aria-controls=\"elementor-tab-content-5078\" aria-expanded=\"false\">\n\t\t\t\t\t\t\t\t\t\t\t\t\t<span class=\"elementor-accordion-icon elementor-accordion-icon-right\" aria-hidden=\"true\">\n\t\t\t\t\t\t\t\t\t\t\t\t\t\t\t<span class=\"elementor-accordion-icon-closed\"><svg class=\"e-font-icon-svg e-fas-plus\" viewbox=\"0 0 448 512\" xmlns=\"http:\/\/www.w3.org\/2000\/svg\"><path d=\"M416 208H272V64c0-17.67-14.33-32-32-32h-32c-17.67 0-32 14.33-32 32v144H32c-17.67 0-32 14.33-32 32v32c0 17.67 14.33 32 32 32h144v144c0 17.67 14.33 32 32 32h32c17.67 0 32-14.33 32-32V304h144c17.67 0 32-14.33 32-32v-32c0-17.67-14.33-32-32-32z\"><\/path><\/svg><\/span>\n\t\t\t\t\t\t\t\t<span class=\"elementor-accordion-icon-opened\"><svg class=\"e-font-icon-svg e-fas-minus\" viewbox=\"0 0 448 512\" xmlns=\"http:\/\/www.w3.org\/2000\/svg\"><path d=\"M416 208H32c-17.67 0-32 14.33-32 32v32c0 17.67 14.33 32 32 32h384c17.67 0 32-14.33 32-32v-32c0-17.67-14.33-32-32-32z\"><\/path><\/svg><\/span>\n\t\t\t\t\t\t\t\t\t\t\t\t\t\t<\/span>\n\t\t\t\t\t\t\t\t\t\t\t\t<a class=\"elementor-accordion-title\" tabindex=\"0\">Konzertreise nach China: Konzert im Shenzhen Guangming Culture Art Center \u2013 Concert Hall<\/a>\n\t\t\t\t\t<\/div>\n\t\t\t\t\t<div id=\"elementor-tab-content-5078\" class=\"elementor-tab-content elementor-clearfix\" data-tab=\"8\" role=\"region\" aria-labelledby=\"elementor-tab-title-5078\"><h6 data-start=\"1776\" data-end=\"1806\"><strong data-start=\"1780\" data-end=\"1804\">6. Juni 2026, 19:30 \u2013 <span class=\"hover:entity-accent entity-underline inline cursor-pointer align-baseline\"><span class=\"whitespace-normal\">Shenzhen<\/span><\/span><\/strong><\/h6><p data-start=\"1896\" data-end=\"1974\"><strong data-start=\"1896\" data-end=\"1957\">Abschlusskonzert im <span class=\"hover:entity-accent entity-underline inline cursor-pointer align-baseline\"><span class=\"whitespace-normal\">Shenzhen Guangming Culture Art Center \u2013 Concert Hall<\/span><\/span><\/strong><\/p><p data-start=\"1976\" data-end=\"2110\">Feierliches Abschlusskonzert der China-Tour 2026 in einer der modernsten Kulturst\u00e4tten des Landes \u2013 in der Zukunftsmetropole Shenzhen.<\/p><\/div>\n\t\t\t\t<\/div>\n\t\t\t\t\t\t\t<div class=\"elementor-accordion-item\">\n\t\t\t\t\t<div id=\"elementor-tab-title-5079\" class=\"elementor-tab-title\" data-tab=\"9\" role=\"button\" aria-controls=\"elementor-tab-content-5079\" aria-expanded=\"false\">\n\t\t\t\t\t\t\t\t\t\t\t\t\t<span class=\"elementor-accordion-icon elementor-accordion-icon-right\" aria-hidden=\"true\">\n\t\t\t\t\t\t\t\t\t\t\t\t\t\t\t<span class=\"elementor-accordion-icon-closed\"><svg class=\"e-font-icon-svg e-fas-plus\" viewbox=\"0 0 448 512\" xmlns=\"http:\/\/www.w3.org\/2000\/svg\"><path d=\"M416 208H272V64c0-17.67-14.33-32-32-32h-32c-17.67 0-32 14.33-32 32v144H32c-17.67 0-32 14.33-32 32v32c0 17.67 14.33 32 32 32h144v144c0 17.67 14.33 32 32 32h32c17.67 0 32-14.33 32-32V304h144c17.67 0 32-14.33 32-32v-32c0-17.67-14.33-32-32-32z\"><\/path><\/svg><\/span>\n\t\t\t\t\t\t\t\t<span class=\"elementor-accordion-icon-opened\"><svg class=\"e-font-icon-svg e-fas-minus\" viewbox=\"0 0 448 512\" xmlns=\"http:\/\/www.w3.org\/2000\/svg\"><path d=\"M416 208H32c-17.67 0-32 14.33-32 32v32c0 17.67 14.33 32 32 32h384c17.67 0 32-14.33 32-32v-32c0-17.67-14.33-32-32-32z\"><\/path><\/svg><\/span>\n\t\t\t\t\t\t\t\t\t\t\t\t\t\t<\/span>\n\t\t\t\t\t\t\t\t\t\t\t\t<a class=\"elementor-accordion-title\" tabindex=\"0\">TIROLER FESTSPIELE - Giacomo Puccini: SUOR ANGELICA<\/a>\n\t\t\t\t\t<\/div>\n\t\t\t\t\t<div id=\"elementor-tab-content-5079\" class=\"elementor-tab-content elementor-clearfix\" data-tab=\"9\" role=\"region\" aria-labelledby=\"elementor-tab-title-5079\"><p><strong>Freitag, 3<span class=\"tag\">. Juli <\/span><span class=\"monat\">2026, <\/span>19:00 Uhr<\/strong><\/p><p>Tiroler Festspiele, Festspielhaus Erl<\/p><p><em><i>M\u00fchlgraben 56a\u00a0<\/i><\/em><em><i><br \/><\/i><\/em><em><i>Erl,\u00a06343\u00a0\u00d6sterreich<\/i><\/em><\/p><p>Tickets sind <a href=\"https:\/\/tickets.tiroler-festspiele.at\/webshop\/webticket\/seatmap?eventId=103\">HIER<\/a> erh\u00e4ltlich<\/p><\/div>\n\t\t\t\t<\/div>\n\t\t\t\t\t\t\t<div class=\"elementor-accordion-item\">\n\t\t\t\t\t<div id=\"elementor-tab-title-50710\" class=\"elementor-tab-title\" data-tab=\"10\" role=\"button\" aria-controls=\"elementor-tab-content-50710\" aria-expanded=\"false\">\n\t\t\t\t\t\t\t\t\t\t\t\t\t<span class=\"elementor-accordion-icon elementor-accordion-icon-right\" aria-hidden=\"true\">\n\t\t\t\t\t\t\t\t\t\t\t\t\t\t\t<span class=\"elementor-accordion-icon-closed\"><svg class=\"e-font-icon-svg e-fas-plus\" viewbox=\"0 0 448 512\" xmlns=\"http:\/\/www.w3.org\/2000\/svg\"><path d=\"M416 208H272V64c0-17.67-14.33-32-32-32h-32c-17.67 0-32 14.33-32 32v144H32c-17.67 0-32 14.33-32 32v32c0 17.67 14.33 32 32 32h144v144c0 17.67 14.33 32 32 32h32c17.67 0 32-14.33 32-32V304h144c17.67 0 32-14.33 32-32v-32c0-17.67-14.33-32-32-32z\"><\/path><\/svg><\/span>\n\t\t\t\t\t\t\t\t<span class=\"elementor-accordion-icon-opened\"><svg class=\"e-font-icon-svg e-fas-minus\" viewbox=\"0 0 448 512\" xmlns=\"http:\/\/www.w3.org\/2000\/svg\"><path d=\"M416 208H32c-17.67 0-32 14.33-32 32v32c0 17.67 14.33 32 32 32h384c17.67 0 32-14.33 32-32v-32c0-17.67-14.33-32-32-32z\"><\/path><\/svg><\/span>\n\t\t\t\t\t\t\t\t\t\t\t\t\t\t<\/span>\n\t\t\t\t\t\t\t\t\t\t\t\t<a class=\"elementor-accordion-title\" tabindex=\"0\">TIROLER FESTSPIELE - Giacomo Puccini: SUOR ANGELICA<\/a>\n\t\t\t\t\t<\/div>\n\t\t\t\t\t<div id=\"elementor-tab-content-50710\" class=\"elementor-tab-content elementor-clearfix\" data-tab=\"10\" role=\"region\" aria-labelledby=\"elementor-tab-title-50710\"><p><strong>Freitag, 10<span class=\"tag\">. Juli <\/span><span class=\"monat\">2026, <\/span>19:00 Uhr<\/strong><\/p><p>Tiroler Festspiele, Festspielhaus Erl<\/p><p><em><i>M\u00fchlgraben 56a\u00a0<\/i><\/em><em><i><br \/><\/i><\/em><em><i>Erl,\u00a06343\u00a0\u00d6sterreich<\/i><\/em><\/p><p>Tickets sind <a href=\"https:\/\/tickets.tiroler-festspiele.at\/webshop\/webticket\/seatmap?eventId=106\">HIER<\/a> erh\u00e4ltlich<\/p><\/div>\n\t\t\t\t<\/div>\n\t\t\t\t\t\t\t<div class=\"elementor-accordion-item\">\n\t\t\t\t\t<div id=\"elementor-tab-title-50711\" class=\"elementor-tab-title\" data-tab=\"11\" role=\"button\" aria-controls=\"elementor-tab-content-50711\" aria-expanded=\"false\">\n\t\t\t\t\t\t\t\t\t\t\t\t\t<span class=\"elementor-accordion-icon elementor-accordion-icon-right\" aria-hidden=\"true\">\n\t\t\t\t\t\t\t\t\t\t\t\t\t\t\t<span class=\"elementor-accordion-icon-closed\"><svg class=\"e-font-icon-svg e-fas-plus\" viewbox=\"0 0 448 512\" xmlns=\"http:\/\/www.w3.org\/2000\/svg\"><path d=\"M416 208H272V64c0-17.67-14.33-32-32-32h-32c-17.67 0-32 14.33-32 32v144H32c-17.67 0-32 14.33-32 32v32c0 17.67 14.33 32 32 32h144v144c0 17.67 14.33 32 32 32h32c17.67 0 32-14.33 32-32V304h144c17.67 0 32-14.33 32-32v-32c0-17.67-14.33-32-32-32z\"><\/path><\/svg><\/span>\n\t\t\t\t\t\t\t\t<span class=\"elementor-accordion-icon-opened\"><svg class=\"e-font-icon-svg e-fas-minus\" viewbox=\"0 0 448 512\" xmlns=\"http:\/\/www.w3.org\/2000\/svg\"><path d=\"M416 208H32c-17.67 0-32 14.33-32 32v32c0 17.67 14.33 32 32 32h384c17.67 0 32-14.33 32-32v-32c0-17.67-14.33-32-32-32z\"><\/path><\/svg><\/span>\n\t\t\t\t\t\t\t\t\t\t\t\t\t\t<\/span>\n\t\t\t\t\t\t\t\t\t\t\t\t<a class=\"elementor-accordion-title\" tabindex=\"0\">CHORKONZERT IM HERKULESSAAL<\/a>\n\t\t\t\t\t<\/div>\n\t\t\t\t\t<div id=\"elementor-tab-content-50711\" class=\"elementor-tab-content elementor-clearfix\" data-tab=\"11\" role=\"region\" aria-labelledby=\"elementor-tab-title-50711\"><p class=\"\" data-start=\"105\" data-end=\"196\"><strong data-start=\"1780\" data-end=\"1804\">14. Juli 2026, 19:30 Uhr \u2013 Chork<\/strong><strong data-start=\"1807\" data-end=\"1863\">onzert im Herkulessaal<\/strong><\/p><\/div>\n\t\t\t\t<\/div>\n\t\t\t\t\t\t\t<div class=\"elementor-accordion-item\">\n\t\t\t\t\t<div id=\"elementor-tab-title-50712\" class=\"elementor-tab-title\" data-tab=\"12\" role=\"button\" aria-controls=\"elementor-tab-content-50712\" aria-expanded=\"false\">\n\t\t\t\t\t\t\t\t\t\t\t\t\t<span class=\"elementor-accordion-icon elementor-accordion-icon-right\" aria-hidden=\"true\">\n\t\t\t\t\t\t\t\t\t\t\t\t\t\t\t<span class=\"elementor-accordion-icon-closed\"><svg class=\"e-font-icon-svg e-fas-plus\" viewbox=\"0 0 448 512\" xmlns=\"http:\/\/www.w3.org\/2000\/svg\"><path d=\"M416 208H272V64c0-17.67-14.33-32-32-32h-32c-17.67 0-32 14.33-32 32v144H32c-17.67 0-32 14.33-32 32v32c0 17.67 14.33 32 32 32h144v144c0 17.67 14.33 32 32 32h32c17.67 0 32-14.33 32-32V304h144c17.67 0 32-14.33 32-32v-32c0-17.67-14.33-32-32-32z\"><\/path><\/svg><\/span>\n\t\t\t\t\t\t\t\t<span class=\"elementor-accordion-icon-opened\"><svg class=\"e-font-icon-svg e-fas-minus\" viewbox=\"0 0 448 512\" xmlns=\"http:\/\/www.w3.org\/2000\/svg\"><path d=\"M416 208H32c-17.67 0-32 14.33-32 32v32c0 17.67 14.33 32 32 32h384c17.67 0 32-14.33 32-32v-32c0-17.67-14.33-32-32-32z\"><\/path><\/svg><\/span>\n\t\t\t\t\t\t\t\t\t\t\t\t\t\t<\/span>\n\t\t\t\t\t\t\t\t\t\t\t\t<a class=\"elementor-accordion-title\" tabindex=\"0\">TIROLER FESTSPIELE - Giacomo Puccini: SUOR ANGELICA<\/a>\n\t\t\t\t\t<\/div>\n\t\t\t\t\t<div id=\"elementor-tab-content-50712\" class=\"elementor-tab-content elementor-clearfix\" data-tab=\"12\" role=\"region\" aria-labelledby=\"elementor-tab-title-50712\"><p><strong>Sonntag, 19<span class=\"tag\">. Juli <\/span><span class=\"monat\">2026, <\/span>18:00 Uhr<\/strong><\/p><p>Tiroler Festspiele, Festspielhaus Erl<\/p><p><em><i>M\u00fchlgraben 56a\u00a0<\/i><\/em><em><i><br \/><\/i><\/em><em><i>Erl,\u00a06343\u00a0\u00d6sterreich<\/i><\/em><\/p><p>Tickets sind <a href=\"https:\/\/tickets.tiroler-festspiele.at\/webshop\/webticket\/seatmap?eventId=111\">HIER<\/a> erh\u00e4ltlich<\/p><\/div>\n\t\t\t\t<\/div>\n\t\t\t\t\t\t\t<div class=\"elementor-accordion-item\">\n\t\t\t\t\t<div id=\"elementor-tab-title-50713\" class=\"elementor-tab-title\" data-tab=\"13\" role=\"button\" aria-controls=\"elementor-tab-content-50713\" aria-expanded=\"false\">\n\t\t\t\t\t\t\t\t\t\t\t\t\t<span class=\"elementor-accordion-icon elementor-accordion-icon-right\" aria-hidden=\"true\">\n\t\t\t\t\t\t\t\t\t\t\t\t\t\t\t<span class=\"elementor-accordion-icon-closed\"><svg class=\"e-font-icon-svg e-fas-plus\" viewbox=\"0 0 448 512\" xmlns=\"http:\/\/www.w3.org\/2000\/svg\"><path d=\"M416 208H272V64c0-17.67-14.33-32-32-32h-32c-17.67 0-32 14.33-32 32v144H32c-17.67 0-32 14.33-32 32v32c0 17.67 14.33 32 32 32h144v144c0 17.67 14.33 32 32 32h32c17.67 0 32-14.33 32-32V304h144c17.67 0 32-14.33 32-32v-32c0-17.67-14.33-32-32-32z\"><\/path><\/svg><\/span>\n\t\t\t\t\t\t\t\t<span class=\"elementor-accordion-icon-opened\"><svg class=\"e-font-icon-svg e-fas-minus\" viewbox=\"0 0 448 512\" xmlns=\"http:\/\/www.w3.org\/2000\/svg\"><path d=\"M416 208H32c-17.67 0-32 14.33-32 32v32c0 17.67 14.33 32 32 32h384c17.67 0 32-14.33 32-32v-32c0-17.67-14.33-32-32-32z\"><\/path><\/svg><\/span>\n\t\t\t\t\t\t\t\t\t\t\t\t\t\t<\/span>\n\t\t\t\t\t\t\t\t\t\t\t\t<a class=\"elementor-accordion-title\" tabindex=\"0\">TIROLER FESTSPIELE - Georges Bizet: CARMEN<\/a>\n\t\t\t\t\t<\/div>\n\t\t\t\t\t<div id=\"elementor-tab-content-50713\" class=\"elementor-tab-content elementor-clearfix\" data-tab=\"13\" role=\"region\" aria-labelledby=\"elementor-tab-title-50713\"><p><strong>Samstag, 25<span class=\"tag\">. Juli <\/span><span class=\"monat\">2026, <\/span>18:00 Uhr<\/strong><\/p><p>Tiroler Festspiele, Festspielhaus Erl<\/p><p><em><i>M\u00fchlgraben 56a\u00a0<\/i><\/em><em><i><br \/><\/i><\/em><em><i>Erl,\u00a06343\u00a0\u00d6sterreich<\/i><\/em><\/p><p>Tickets sind <a href=\"https:\/\/www.tiroler-festspiele.at\/events\/25_26-georges-bizet-carmen-konzertant#2026-07-25\">HIER<\/a> erh\u00e4ltlich<\/p><\/div>\n\t\t\t\t<\/div>\n\t\t\t\t\t\t\t<div class=\"elementor-accordion-item\">\n\t\t\t\t\t<div id=\"elementor-tab-title-50714\" class=\"elementor-tab-title\" data-tab=\"14\" role=\"button\" aria-controls=\"elementor-tab-content-50714\" aria-expanded=\"false\">\n\t\t\t\t\t\t\t\t\t\t\t\t\t<span class=\"elementor-accordion-icon elementor-accordion-icon-right\" aria-hidden=\"true\">\n\t\t\t\t\t\t\t\t\t\t\t\t\t\t\t<span class=\"elementor-accordion-icon-closed\"><svg class=\"e-font-icon-svg e-fas-plus\" viewbox=\"0 0 448 512\" xmlns=\"http:\/\/www.w3.org\/2000\/svg\"><path d=\"M416 208H272V64c0-17.67-14.33-32-32-32h-32c-17.67 0-32 14.33-32 32v144H32c-17.67 0-32 14.33-32 32v32c0 17.67 14.33 32 32 32h144v144c0 17.67 14.33 32 32 32h32c17.67 0 32-14.33 32-32V304h144c17.67 0 32-14.33 32-32v-32c0-17.67-14.33-32-32-32z\"><\/path><\/svg><\/span>\n\t\t\t\t\t\t\t\t<span class=\"elementor-accordion-icon-opened\"><svg class=\"e-font-icon-svg e-fas-minus\" viewbox=\"0 0 448 512\" xmlns=\"http:\/\/www.w3.org\/2000\/svg\"><path d=\"M416 208H32c-17.67 0-32 14.33-32 32v32c0 17.67 14.33 32 32 32h384c17.67 0 32-14.33 32-32v-32c0-17.67-14.33-32-32-32z\"><\/path><\/svg><\/span>\n\t\t\t\t\t\t\t\t\t\t\t\t\t\t<\/span>\n\t\t\t\t\t\t\t\t\t\t\t\t<a class=\"elementor-accordion-title\" tabindex=\"0\">WORLD CHOIR GAMES HELSINGBORG SCHWEDEN<\/a>\n\t\t\t\t\t<\/div>\n\t\t\t\t\t<div id=\"elementor-tab-content-50714\" class=\"elementor-tab-content elementor-clearfix\" data-tab=\"14\" role=\"region\" aria-labelledby=\"elementor-tab-title-50714\"><p class=\"\" data-start=\"105\" data-end=\"196\"><strong>6. \u2013 10. August 2026<\/strong><br \/>Auftritt des Chores Voices of Munich in der Wettbewerbskategorie <strong>\u0414\u0435\u0442\u0441\u043a\u0438\u0435 \u0445\u043e\u0440\u044b<\/strong><\/p><\/div>\n\t\t\t\t<\/div>\n\t\t\t\t\t\t\t<div class=\"elementor-accordion-item\">\n\t\t\t\t\t<div id=\"elementor-tab-title-50715\" class=\"elementor-tab-title\" data-tab=\"15\" role=\"button\" aria-controls=\"elementor-tab-content-50715\" aria-expanded=\"false\">\n\t\t\t\t\t\t\t\t\t\t\t\t\t<span class=\"elementor-accordion-icon elementor-accordion-icon-right\" aria-hidden=\"true\">\n\t\t\t\t\t\t\t\t\t\t\t\t\t\t\t<span class=\"elementor-accordion-icon-closed\"><svg class=\"e-font-icon-svg e-fas-plus\" viewbox=\"0 0 448 512\" xmlns=\"http:\/\/www.w3.org\/2000\/svg\"><path d=\"M416 208H272V64c0-17.67-14.33-32-32-32h-32c-17.67 0-32 14.33-32 32v144H32c-17.67 0-32 14.33-32 32v32c0 17.67 14.33 32 32 32h144v144c0 17.67 14.33 32 32 32h32c17.67 0 32-14.33 32-32V304h144c17.67 0 32-14.33 32-32v-32c0-17.67-14.33-32-32-32z\"><\/path><\/svg><\/span>\n\t\t\t\t\t\t\t\t<span class=\"elementor-accordion-icon-opened\"><svg class=\"e-font-icon-svg e-fas-minus\" viewbox=\"0 0 448 512\" xmlns=\"http:\/\/www.w3.org\/2000\/svg\"><path d=\"M416 208H32c-17.67 0-32 14.33-32 32v32c0 17.67 14.33 32 32 32h384c17.67 0 32-14.33 32-32v-32c0-17.67-14.33-32-32-32z\"><\/path><\/svg><\/span>\n\t\t\t\t\t\t\t\t\t\t\t\t\t\t<\/span>\n\t\t\t\t\t\t\t\t\t\t\t\t<a class=\"elementor-accordion-title\" tabindex=\"0\">FESTLICHES WEIHNACHTSKONZERT IM HERKULESSAAL<\/a>\n\t\t\t\t\t<\/div>\n\t\t\t\t\t<div id=\"elementor-tab-content-50715\" class=\"elementor-tab-content elementor-clearfix\" data-tab=\"15\" role=\"region\" aria-labelledby=\"elementor-tab-title-50715\"><p class=\"\" data-start=\"105\" data-end=\"196\"><strong>Sonntag, 20. Dezember 2026, Herkulessaal, M\u00fcnchen<\/strong><\/p><\/div>\n\t\t\t\t<\/div>\n\t\t\t\t\t\t\t\t<\/div>\n\t\t\t\t\t\t<\/div>\n\t\t\t\t<\/div>\n\t\t\t\t\t<\/div>\n\t\t<\/div>\n\t\t\t\t\t<\/div>\n\t\t<\/section>\n\t\t\t\t\t<\/div>\n\t\t<\/div>\n\t\t\t\t\t<\/div>\n\t\t<\/section>\n\t\t\t\t<section class=\"elementor-section elementor-top-section elementor-element elementor-element-8d6cef7 elementor-section-boxed elementor-section-height-default elementor-section-height-default\" data-id=\"8d6cef7\" data-element_type=\"section\" data-settings=\"{&quot;background_background&quot;:&quot;classic&quot;}\">\n\t\t\t\t\t\t<div class=\"elementor-container elementor-column-gap-default\">\n\t\t\t\t\t<div class=\"elementor-column elementor-col-100 elementor-top-column elementor-element elementor-element-3079fc3\" data-id=\"3079fc3\" data-element_type=\"column\" data-settings=\"{&quot;background_background&quot;:&quot;classic&quot;}\">\n\t\t\t<div class=\"elementor-widget-wrap elementor-element-populated\">\n\t\t\t\t\t\t<section class=\"elementor-section elementor-inner-section elementor-element elementor-element-37b92f1 elementor-section-boxed elementor-section-height-default elementor-section-height-default\" data-id=\"37b92f1\" data-element_type=\"section\">\n\t\t\t\t\t\t<div class=\"elementor-container elementor-column-gap-default\">\n\t\t\t\t\t<div class=\"elementor-column elementor-col-100 elementor-inner-column elementor-element elementor-element-0188ba0\" data-id=\"0188ba0\" data-element_type=\"column\">\n\t\t\t<div class=\"elementor-widget-wrap elementor-element-populated\">\n\t\t\t\t\t\t<div class=\"elementor-element elementor-element-b313110 elementor-widget elementor-widget-heading\" data-id=\"b313110\" data-element_type=\"widget\" data-widget_type=\"heading.default\">\n\t\t\t\t<div class=\"elementor-widget-container\">\n\t\t\t\t\t<h3 class=\"elementor-heading-title elementor-size-default\">\u041f\u0440\u043e\u0448\u0435\u0434\u0448\u0438\u0435 \u043a\u043e\u043d\u0446\u0435\u0440\u0442\u043d\u044b\u0435 \u043c\u0435\u0440\u043e\u043f\u0440\u0438\u044f\u0442\u0438\u044f<\/h3>\t\t\t\t<\/div>\n\t\t\t\t<\/div>\n\t\t\t\t<div class=\"elementor-element elementor-element-63f15aa elementor-widget elementor-widget-text-editor\" data-id=\"63f15aa\" data-element_type=\"widget\" data-widget_type=\"text-editor.default\">\n\t\t\t\t<div class=\"elementor-widget-container\">\n\t\t\t\t\t\t\t\t\t<p>\u041d\u0438\u0436\u0435 \u0432\u044b \u043d\u0430\u0439\u0434\u0435\u0442\u0435 \u043f\u043e\u043b\u043d\u044b\u0439 \u0441\u043f\u0438\u0441\u043e\u043a \u0432\u0441\u0435\u0445 \u043f\u0440\u043e\u0448\u0435\u0434\u0448\u0438\u0445 \u043a\u043e\u043d\u0446\u0435\u0440\u0442\u043d\u044b\u0445 \u043c\u0435\u0440\u043e\u043f\u0440\u0438\u044f\u0442\u0438\u0439, \u0432 \u043a\u043e\u0442\u043e\u0440\u044b\u0445 \u043f\u0440\u0438\u043d\u0438\u043c\u0430\u043b\u0438 \u0443\u0447\u0430\u0441\u0442\u0438\u0435 \u0434\u0435\u0442\u0441\u043a\u0438\u0435 \u0445\u043e\u0440\u044b \u043d\u0430\u0448\u0435\u0439 \u0448\u043a\u043e\u043b\u044b \u0445\u043e\u0440\u043e\u0432\u043e\u0433\u043e \u0438\u0441\u043a\u0443\u0441\u0441\u0442\u0432\u0430 \u0432 \u041c\u044e\u043d\u0445\u0435\u043d\u0435.<\/p>\t\t\t\t\t\t\t\t<\/div>\n\t\t\t\t<\/div>\n\t\t\t\t<div class=\"elementor-element elementor-element-93b3aa2 elementor-widget elementor-widget-accordion\" data-id=\"93b3aa2\" data-element_type=\"widget\" data-widget_type=\"accordion.default\">\n\t\t\t\t<div class=\"elementor-widget-container\">\n\t\t\t\t\t\t\t<div class=\"elementor-accordion\">\n\t\t\t\t\t\t\t<div class=\"elementor-accordion-item\">\n\t\t\t\t\t<div id=\"elementor-tab-title-1541\" class=\"elementor-tab-title\" data-tab=\"1\" role=\"button\" aria-controls=\"elementor-tab-content-1541\" aria-expanded=\"false\">\n\t\t\t\t\t\t\t\t\t\t\t\t\t<span class=\"elementor-accordion-icon elementor-accordion-icon-right\" aria-hidden=\"true\">\n\t\t\t\t\t\t\t\t\t\t\t\t\t\t\t<span class=\"elementor-accordion-icon-closed\"><svg class=\"e-font-icon-svg e-fas-plus\" viewbox=\"0 0 448 512\" xmlns=\"http:\/\/www.w3.org\/2000\/svg\"><path d=\"M416 208H272V64c0-17.67-14.33-32-32-32h-32c-17.67 0-32 14.33-32 32v144H32c-17.67 0-32 14.33-32 32v32c0 17.67 14.33 32 32 32h144v144c0 17.67 14.33 32 32 32h32c17.67 0 32-14.33 32-32V304h144c17.67 0 32-14.33 32-32v-32c0-17.67-14.33-32-32-32z\"><\/path><\/svg><\/span>\n\t\t\t\t\t\t\t\t<span class=\"elementor-accordion-icon-opened\"><svg class=\"e-font-icon-svg e-fas-minus\" viewbox=\"0 0 448 512\" xmlns=\"http:\/\/www.w3.org\/2000\/svg\"><path d=\"M416 208H32c-17.67 0-32 14.33-32 32v32c0 17.67 14.33 32 32 32h384c17.67 0 32-14.33 32-32v-32c0-17.67-14.33-32-32-32z\"><\/path><\/svg><\/span>\n\t\t\t\t\t\t\t\t\t\t\t\t\t\t<\/span>\n\t\t\t\t\t\t\t\t\t\t\t\t<a class=\"elementor-accordion-title\" tabindex=\"0\">EWIGER GLANZ - VIVALDI: GLORIA & BRITTEN: A CEREMONY OF CAROLS - HERKULESSAAL<\/a>\n\t\t\t\t\t<\/div>\n\t\t\t\t\t<div id=\"elementor-tab-content-1541\" class=\"elementor-tab-content elementor-clearfix\" data-tab=\"1\" role=\"region\" aria-labelledby=\"elementor-tab-title-1541\"><p data-start=\"105\" data-end=\"196\"><strong data-start=\"105\" data-end=\"156\">Mittwoch, 17. Dezember 2025 \u00b7 19:30 \u2013 21:30 Uhr<\/strong><br data-start=\"156\" data-end=\"159\" \/><strong data-start=\"159\" data-end=\"196\">Herkulessaal der Residenz M\u00fcnchen<\/strong><\/p><p><span>Festlicher Glanz im Herkulessaal: Britten \u201eA Ceremony of Carols\u201c &amp; Vivaldi \u201eGloria\u201c<\/span><\/p><p>Am Mittwoch, den 17. Dezember 2025 um 19:30 Uhr l\u00e4dt der Kinder- und Jugendchor Voices of Munich zu einem besonderen Weihnachtskonzert in den prachtvollen Herkulessaal der M\u00fcnchner Residenz ein.<\/p><p><span>Auf dem Programm stehen zwei Meisterwerke der Chormusik:<\/span><\/p><ul><li><p><span>Benjamin Britten: A Ceremony of Carols<\/span>\u00a0\u2013 ein stimmungsvolles Werk f\u00fcr Chor und Solisten mit Harfenbegleitung, das die weihnachtliche Vorfreude in leuchtenden Klangfarben einf\u00e4ngt.<\/p><\/li><li><p><span>Antonio Vivaldi: Gloria<\/span>\u00a0\u2013 eines der bekanntesten geistlichen Werke des Barock, das mit strahlenden Solopartien sowie lebendigen Chors\u00e4tzen begeistert.<\/p><\/li><\/ul><p>Es musizieren die jungen S\u00e4ngerinnen und S\u00e4nger des Kinder- und Jugendchores Voices of Munich gemeinsam mit ihren Solistinnen und Solisten.<br \/>Begleitet werden sie von Harfe und Streichensemble.<\/p><p>Das Publikum darf sich auf einen Abend voll jugendlicher Energie, Reinheit der Stimmen und festlicher Klangpracht freuen \u2013 ein musikalischer H\u00f6hepunkt in der Adventszeit im Herzen M\u00fcnchens.<\/p><p data-start=\"356\" data-end=\"461\"><strong data-start=\"356\" data-end=\"425\">\u201eVoices of Munich\u201c \u2013 Konzertchor der Schule f\u00fcr Chorkunst M\u00fcnchen<\/strong><br data-start=\"425\" data-end=\"428\" \/><strong data-start=\"428\" data-end=\"461\">Leitung: Maksim Matsiushenkau<\/strong><\/p><\/div>\n\t\t\t\t<\/div>\n\t\t\t\t\t\t\t<div class=\"elementor-accordion-item\">\n\t\t\t\t\t<div id=\"elementor-tab-title-1542\" class=\"elementor-tab-title\" data-tab=\"2\" role=\"button\" aria-controls=\"elementor-tab-content-1542\" aria-expanded=\"false\">\n\t\t\t\t\t\t\t\t\t\t\t\t\t<span class=\"elementor-accordion-icon elementor-accordion-icon-right\" aria-hidden=\"true\">\n\t\t\t\t\t\t\t\t\t\t\t\t\t\t\t<span class=\"elementor-accordion-icon-closed\"><svg class=\"e-font-icon-svg e-fas-plus\" viewbox=\"0 0 448 512\" xmlns=\"http:\/\/www.w3.org\/2000\/svg\"><path d=\"M416 208H272V64c0-17.67-14.33-32-32-32h-32c-17.67 0-32 14.33-32 32v144H32c-17.67 0-32 14.33-32 32v32c0 17.67 14.33 32 32 32h144v144c0 17.67 14.33 32 32 32h32c17.67 0 32-14.33 32-32V304h144c17.67 0 32-14.33 32-32v-32c0-17.67-14.33-32-32-32z\"><\/path><\/svg><\/span>\n\t\t\t\t\t\t\t\t<span class=\"elementor-accordion-icon-opened\"><svg class=\"e-font-icon-svg e-fas-minus\" viewbox=\"0 0 448 512\" xmlns=\"http:\/\/www.w3.org\/2000\/svg\"><path d=\"M416 208H32c-17.67 0-32 14.33-32 32v32c0 17.67 14.33 32 32 32h384c17.67 0 32-14.33 32-32v-32c0-17.67-14.33-32-32-32z\"><\/path><\/svg><\/span>\n\t\t\t\t\t\t\t\t\t\t\t\t\t\t<\/span>\n\t\t\t\t\t\t\t\t\t\t\t\t<a class=\"elementor-accordion-title\" tabindex=\"0\">AUFTRITT MIT THE KING\u2019S SINGERS - AUDIMAX REGENSBURG<\/a>\n\t\t\t\t\t<\/div>\n\t\t\t\t\t<div id=\"elementor-tab-content-1542\" class=\"elementor-tab-content elementor-clearfix\" data-tab=\"2\" role=\"region\" aria-labelledby=\"elementor-tab-title-1542\"><p><strong>Sonntag, 28. September 2025, 17:30 Uhr<\/strong><\/p><p>Audimax, Regensburg<\/p><\/div>\n\t\t\t\t<\/div>\n\t\t\t\t\t\t\t<div class=\"elementor-accordion-item\">\n\t\t\t\t\t<div id=\"elementor-tab-title-1543\" class=\"elementor-tab-title\" data-tab=\"3\" role=\"button\" aria-controls=\"elementor-tab-content-1543\" aria-expanded=\"false\">\n\t\t\t\t\t\t\t\t\t\t\t\t\t<span class=\"elementor-accordion-icon elementor-accordion-icon-right\" aria-hidden=\"true\">\n\t\t\t\t\t\t\t\t\t\t\t\t\t\t\t<span class=\"elementor-accordion-icon-closed\"><svg class=\"e-font-icon-svg e-fas-plus\" viewbox=\"0 0 448 512\" xmlns=\"http:\/\/www.w3.org\/2000\/svg\"><path d=\"M416 208H272V64c0-17.67-14.33-32-32-32h-32c-17.67 0-32 14.33-32 32v144H32c-17.67 0-32 14.33-32 32v32c0 17.67 14.33 32 32 32h144v144c0 17.67 14.33 32 32 32h32c17.67 0 32-14.33 32-32V304h144c17.67 0 32-14.33 32-32v-32c0-17.67-14.33-32-32-32z\"><\/path><\/svg><\/span>\n\t\t\t\t\t\t\t\t<span class=\"elementor-accordion-icon-opened\"><svg class=\"e-font-icon-svg e-fas-minus\" viewbox=\"0 0 448 512\" xmlns=\"http:\/\/www.w3.org\/2000\/svg\"><path d=\"M416 208H32c-17.67 0-32 14.33-32 32v32c0 17.67 14.33 32 32 32h384c17.67 0 32-14.33 32-32v-32c0-17.67-14.33-32-32-32z\"><\/path><\/svg><\/span>\n\t\t\t\t\t\t\t\t\t\t\t\t\t\t<\/span>\n\t\t\t\t\t\t\t\t\t\t\t\t<a class=\"elementor-accordion-title\" tabindex=\"0\">VOX BAVARIAE \u2013 CHORFESTIVAL IM HERKULESSAAL<\/a>\n\t\t\t\t\t<\/div>\n\t\t\t\t\t<div id=\"elementor-tab-content-1543\" class=\"elementor-tab-content elementor-clearfix\" data-tab=\"3\" role=\"region\" aria-labelledby=\"elementor-tab-title-1543\"><ul><li><h6 style=\"font-weight: 400;\"><strong>Freitag, 26. September 2025 | 19:30 Uhr | Herkulessaal der M\u00fcnchner Residenz<\/strong><\/h6><p style=\"font-weight: 400;\">Ein Abend \u2013 viele Stimmen: Beim gro\u00dfen Chorfestival\u00a0<strong>VOX BAVARIAE<\/strong>\u00a0pr\u00e4sentieren sich herausragende Ch\u00f6re aus M\u00fcnchen und Bayern auf einer der sch\u00f6nsten Konzertb\u00fchnen der Stadt \u2013 dem Herkulessaal der Residenz.<\/p><p style=\"font-weight: 400;\">Freuen Sie sich auf ein abwechslungsreiches Programm mit Kinder- und Jugendch\u00f6ren, Vokalensembles und ambitionierten Laiench\u00f6ren. Jeder Chor bringt einen eigenen musikalischen Beitrag mit \u2013 das gro\u00dfe Finale: ein gemeinsames Werk aller Beteiligten, kraftvoll und bewegend.<\/p><p style=\"font-weight: 400;\">Mit diesen Ch\u00f6ren wird\u2019s unvergesslich:<\/p><ul><li>Kinder- und Jugendchor\u00a0<strong><em>Voices of Munich<\/em><\/strong><\/li><li><strong><em>Chorkids Illertissen<\/em><\/strong><\/li><li>Gesangsensemble\u00a0<strong><em>Herzensst\u00fccke<\/em><\/strong><\/li><li>Rock &amp; JazzChor <strong><em>VoicesInTime<\/em><\/strong><\/li><li>Vokalensemble<strong><em> VOLLTON<\/em><\/strong><\/li><\/ul><p style=\"font-weight: 400;\">Ein Abend voller Musik, Gemeinschaft und kultureller Vielfalt \u2013 von klassischer Chormusik bis Jazz und Pop, Vielf\u00e4ltig in Alter und Stil \u2013 vereint durch musikalisches K\u00f6nnen und Ausdruck. Generationen\u00fcbergreifend, vielf\u00e4ltig, inspirierend!<\/p><\/li><\/ul><\/div>\n\t\t\t\t<\/div>\n\t\t\t\t\t\t\t<div class=\"elementor-accordion-item\">\n\t\t\t\t\t<div id=\"elementor-tab-title-1544\" class=\"elementor-tab-title\" data-tab=\"4\" role=\"button\" aria-controls=\"elementor-tab-content-1544\" aria-expanded=\"false\">\n\t\t\t\t\t\t\t\t\t\t\t\t\t<span class=\"elementor-accordion-icon elementor-accordion-icon-right\" aria-hidden=\"true\">\n\t\t\t\t\t\t\t\t\t\t\t\t\t\t\t<span class=\"elementor-accordion-icon-closed\"><svg class=\"e-font-icon-svg e-fas-plus\" viewbox=\"0 0 448 512\" xmlns=\"http:\/\/www.w3.org\/2000\/svg\"><path d=\"M416 208H272V64c0-17.67-14.33-32-32-32h-32c-17.67 0-32 14.33-32 32v144H32c-17.67 0-32 14.33-32 32v32c0 17.67 14.33 32 32 32h144v144c0 17.67 14.33 32 32 32h32c17.67 0 32-14.33 32-32V304h144c17.67 0 32-14.33 32-32v-32c0-17.67-14.33-32-32-32z\"><\/path><\/svg><\/span>\n\t\t\t\t\t\t\t\t<span class=\"elementor-accordion-icon-opened\"><svg class=\"e-font-icon-svg e-fas-minus\" viewbox=\"0 0 448 512\" xmlns=\"http:\/\/www.w3.org\/2000\/svg\"><path d=\"M416 208H32c-17.67 0-32 14.33-32 32v32c0 17.67 14.33 32 32 32h384c17.67 0 32-14.33 32-32v-32c0-17.67-14.33-32-32-32z\"><\/path><\/svg><\/span>\n\t\t\t\t\t\t\t\t\t\t\t\t\t\t<\/span>\n\t\t\t\t\t\t\t\t\t\t\t\t<a class=\"elementor-accordion-title\" tabindex=\"0\">WORLD PEACE CHORAL FESTIVAL - SPECIAL CONCERT - M\u00dcNCHNER K\u00dcNSTLERHAUS<\/a>\n\t\t\t\t\t<\/div>\n\t\t\t\t\t<div id=\"elementor-tab-content-1544\" class=\"elementor-tab-content elementor-clearfix\" data-tab=\"4\" role=\"region\" aria-labelledby=\"elementor-tab-title-1544\"><ul><li><h6 style=\"font-weight: 400;\"><strong>Dienstag, 22. Juli 2025 | 19:30 Uhr | K\u00fcnstlerhaus M\u00fcnchen<\/strong><\/h6><p class=\"p1\"><span class=\"s1\">Im Rahmen des <strong>14. <\/strong><\/span><strong><span class=\"s2\">World Peace Choral Festival<\/span><\/strong><span class=\"s1\"> laden <\/span><strong><span class=\"s3\">The Choir of Inner Mongolia Art Theater<\/span><\/strong><span class=\"s1\"> und der <\/span><strong><span class=\"s3\">Kinder- und Jugendchor Voices of Munich<\/span><\/strong><span class=\"s1\"> der <\/span><span class=\"s3\">\u0432 \u0428\u043a\u043e\u043b\u0435 \u0445\u043e\u0440\u043e\u0432\u043e\u0433\u043e \u0438\u0441\u043a\u0443\u0441\u0441\u0442\u0432\u0430 \u041c\u044e\u043d\u0445\u0435\u043d\u0430<\/span><span class=\"s1\"> zu einem besonderen Konzert ins <\/span><span class=\"s3\">M\u00fcnchner K\u00fcnstlerhaus<\/span><span class=\"s1\"> ein.<\/span><\/p><p class=\"p1\"><span class=\"s1\">Freuen Sie sich auf einen Abend voller au\u00dfergew\u00f6hnlicher Musik und kultureller Begegnungen.<\/span><\/p><p class=\"p1\"><strong><span class=\"s3\">Eintritt frei<\/span><\/strong><span class=\"s1\"> \u2013 wir freuen uns auf Ihr Kommen!<\/span><\/p><\/li><\/ul><\/div>\n\t\t\t\t<\/div>\n\t\t\t\t\t\t\t<div class=\"elementor-accordion-item\">\n\t\t\t\t\t<div id=\"elementor-tab-title-1545\" class=\"elementor-tab-title\" data-tab=\"5\" role=\"button\" aria-controls=\"elementor-tab-content-1545\" aria-expanded=\"false\">\n\t\t\t\t\t\t\t\t\t\t\t\t\t<span class=\"elementor-accordion-icon elementor-accordion-icon-right\" aria-hidden=\"true\">\n\t\t\t\t\t\t\t\t\t\t\t\t\t\t\t<span class=\"elementor-accordion-icon-closed\"><svg class=\"e-font-icon-svg e-fas-plus\" viewbox=\"0 0 448 512\" xmlns=\"http:\/\/www.w3.org\/2000\/svg\"><path d=\"M416 208H272V64c0-17.67-14.33-32-32-32h-32c-17.67 0-32 14.33-32 32v144H32c-17.67 0-32 14.33-32 32v32c0 17.67 14.33 32 32 32h144v144c0 17.67 14.33 32 32 32h32c17.67 0 32-14.33 32-32V304h144c17.67 0 32-14.33 32-32v-32c0-17.67-14.33-32-32-32z\"><\/path><\/svg><\/span>\n\t\t\t\t\t\t\t\t<span class=\"elementor-accordion-icon-opened\"><svg class=\"e-font-icon-svg e-fas-minus\" viewbox=\"0 0 448 512\" xmlns=\"http:\/\/www.w3.org\/2000\/svg\"><path d=\"M416 208H32c-17.67 0-32 14.33-32 32v32c0 17.67 14.33 32 32 32h384c17.67 0 32-14.33 32-32v-32c0-17.67-14.33-32-32-32z\"><\/path><\/svg><\/span>\n\t\t\t\t\t\t\t\t\t\t\t\t\t\t<\/span>\n\t\t\t\t\t\t\t\t\t\t\t\t<a class=\"elementor-accordion-title\" tabindex=\"0\">6. EUROPEAN CHOIR GAMES & GRAND PRIX OF NATIONS AARHUS, D\u00c4NEMARK<\/a>\n\t\t\t\t\t<\/div>\n\t\t\t\t\t<div id=\"elementor-tab-content-1545\" class=\"elementor-tab-content elementor-clearfix\" data-tab=\"5\" role=\"region\" aria-labelledby=\"elementor-tab-title-1545\"><ul><li><p><strong>2. &#8211; 7. Juli 2025<\/strong><br \/>Auftritte des Konzertchores &#8222;Voices of Munich&#8220; in den Wettbewerbskategorien <strong>\u0414\u0435\u0442\u0441\u043a\u0438\u0435 \u0445\u043e\u0440\u044b<\/strong> und <strong>Sakrale Musik\u00a0a capella<\/strong><\/p><\/li><\/ul><\/div>\n\t\t\t\t<\/div>\n\t\t\t\t\t\t\t<div class=\"elementor-accordion-item\">\n\t\t\t\t\t<div id=\"elementor-tab-title-1546\" class=\"elementor-tab-title\" data-tab=\"6\" role=\"button\" aria-controls=\"elementor-tab-content-1546\" aria-expanded=\"false\">\n\t\t\t\t\t\t\t\t\t\t\t\t\t<span class=\"elementor-accordion-icon elementor-accordion-icon-right\" aria-hidden=\"true\">\n\t\t\t\t\t\t\t\t\t\t\t\t\t\t\t<span class=\"elementor-accordion-icon-closed\"><svg class=\"e-font-icon-svg e-fas-plus\" viewbox=\"0 0 448 512\" xmlns=\"http:\/\/www.w3.org\/2000\/svg\"><path d=\"M416 208H272V64c0-17.67-14.33-32-32-32h-32c-17.67 0-32 14.33-32 32v144H32c-17.67 0-32 14.33-32 32v32c0 17.67 14.33 32 32 32h144v144c0 17.67 14.33 32 32 32h32c17.67 0 32-14.33 32-32V304h144c17.67 0 32-14.33 32-32v-32c0-17.67-14.33-32-32-32z\"><\/path><\/svg><\/span>\n\t\t\t\t\t\t\t\t<span class=\"elementor-accordion-icon-opened\"><svg class=\"e-font-icon-svg e-fas-minus\" viewbox=\"0 0 448 512\" xmlns=\"http:\/\/www.w3.org\/2000\/svg\"><path d=\"M416 208H32c-17.67 0-32 14.33-32 32v32c0 17.67 14.33 32 32 32h384c17.67 0 32-14.33 32-32v-32c0-17.67-14.33-32-32-32z\"><\/path><\/svg><\/span>\n\t\t\t\t\t\t\t\t\t\t\t\t\t\t<\/span>\n\t\t\t\t\t\t\t\t\t\t\t\t<a class=\"elementor-accordion-title\" tabindex=\"0\">Auftritt im Rahmen der 61. BAD FEILNBACHER CHORWOCHE<\/a>\n\t\t\t\t\t<\/div>\n\t\t\t\t\t<div id=\"elementor-tab-content-1546\" class=\"elementor-tab-content elementor-clearfix\" data-tab=\"6\" role=\"region\" aria-labelledby=\"elementor-tab-title-1546\"><ul><li><p><strong>Mittwoch, 23. April 2025, 20 Uhr<\/strong><br \/><span>Bad Feilnbach<\/span><br \/><span>N\u00e4here Informationen sind <a href=\"https:\/\/www.bayerischersaengerbund.de\/aktuelles\/61-bad-feilnbacher-chorwoche-2025.html\">HIER<\/a> \u043c\u043e\u0436\u043d\u043e \u043f\u0440\u0438\u043e\u0431\u0440\u0435\u0441\u0442\u0438<\/span><\/p><\/li><\/ul><\/div>\n\t\t\t\t<\/div>\n\t\t\t\t\t\t\t<div class=\"elementor-accordion-item\">\n\t\t\t\t\t<div id=\"elementor-tab-title-1547\" class=\"elementor-tab-title\" data-tab=\"7\" role=\"button\" aria-controls=\"elementor-tab-content-1547\" aria-expanded=\"false\">\n\t\t\t\t\t\t\t\t\t\t\t\t\t<span class=\"elementor-accordion-icon elementor-accordion-icon-right\" aria-hidden=\"true\">\n\t\t\t\t\t\t\t\t\t\t\t\t\t\t\t<span class=\"elementor-accordion-icon-closed\"><svg class=\"e-font-icon-svg e-fas-plus\" viewbox=\"0 0 448 512\" xmlns=\"http:\/\/www.w3.org\/2000\/svg\"><path d=\"M416 208H272V64c0-17.67-14.33-32-32-32h-32c-17.67 0-32 14.33-32 32v144H32c-17.67 0-32 14.33-32 32v32c0 17.67 14.33 32 32 32h144v144c0 17.67 14.33 32 32 32h32c17.67 0 32-14.33 32-32V304h144c17.67 0 32-14.33 32-32v-32c0-17.67-14.33-32-32-32z\"><\/path><\/svg><\/span>\n\t\t\t\t\t\t\t\t<span class=\"elementor-accordion-icon-opened\"><svg class=\"e-font-icon-svg e-fas-minus\" viewbox=\"0 0 448 512\" xmlns=\"http:\/\/www.w3.org\/2000\/svg\"><path d=\"M416 208H32c-17.67 0-32 14.33-32 32v32c0 17.67 14.33 32 32 32h384c17.67 0 32-14.33 32-32v-32c0-17.67-14.33-32-32-32z\"><\/path><\/svg><\/span>\n\t\t\t\t\t\t\t\t\t\t\t\t\t\t<\/span>\n\t\t\t\t\t\t\t\t\t\t\t\t<a class=\"elementor-accordion-title\" tabindex=\"0\">TIROLER FESTSPIELE - J. S. BACH: MATTH\u00c4US-PASSION<\/a>\n\t\t\t\t\t<\/div>\n\t\t\t\t\t<div id=\"elementor-tab-content-1547\" class=\"elementor-tab-content elementor-clearfix\" data-tab=\"7\" role=\"region\" aria-labelledby=\"elementor-tab-title-1547\"><ul><li><p><strong>Freitag, 18. April 2025, 15:00 Uhr<\/strong><\/p><div class=\"d-i-b\"><p>Tiroler Festspiele, Festspielhaus Erl<\/p><p><em><i>M\u00fchlgraben 56a\u00a0<\/i><\/em><em><i><br \/><\/i><\/em><em><i>Erl,\u00a06343\u00a0\u00d6sterreich<\/i><\/em><\/p><p>Tickets sind <a href=\"https:\/\/www.tiroler-festspiele.at\">HIER<\/a> erh\u00e4ltlich<\/p><\/div><\/li><\/ul><\/div>\n\t\t\t\t<\/div>\n\t\t\t\t\t\t\t<div class=\"elementor-accordion-item\">\n\t\t\t\t\t<div id=\"elementor-tab-title-1548\" class=\"elementor-tab-title\" data-tab=\"8\" role=\"button\" aria-controls=\"elementor-tab-content-1548\" aria-expanded=\"false\">\n\t\t\t\t\t\t\t\t\t\t\t\t\t<span class=\"elementor-accordion-icon elementor-accordion-icon-right\" aria-hidden=\"true\">\n\t\t\t\t\t\t\t\t\t\t\t\t\t\t\t<span class=\"elementor-accordion-icon-closed\"><svg class=\"e-font-icon-svg e-fas-plus\" viewbox=\"0 0 448 512\" xmlns=\"http:\/\/www.w3.org\/2000\/svg\"><path d=\"M416 208H272V64c0-17.67-14.33-32-32-32h-32c-17.67 0-32 14.33-32 32v144H32c-17.67 0-32 14.33-32 32v32c0 17.67 14.33 32 32 32h144v144c0 17.67 14.33 32 32 32h32c17.67 0 32-14.33 32-32V304h144c17.67 0 32-14.33 32-32v-32c0-17.67-14.33-32-32-32z\"><\/path><\/svg><\/span>\n\t\t\t\t\t\t\t\t<span class=\"elementor-accordion-icon-opened\"><svg class=\"e-font-icon-svg e-fas-minus\" viewbox=\"0 0 448 512\" xmlns=\"http:\/\/www.w3.org\/2000\/svg\"><path d=\"M416 208H32c-17.67 0-32 14.33-32 32v32c0 17.67 14.33 32 32 32h384c17.67 0 32-14.33 32-32v-32c0-17.67-14.33-32-32-32z\"><\/path><\/svg><\/span>\n\t\t\t\t\t\t\t\t\t\t\t\t\t\t<\/span>\n\t\t\t\t\t\t\t\t\t\t\t\t<a class=\"elementor-accordion-title\" tabindex=\"0\">WORKSHOP UND AUFTRITT MIT THE KING\u2019S SINGERS - PRINZREGENTENTHEATER<\/a>\n\t\t\t\t\t<\/div>\n\t\t\t\t\t<div id=\"elementor-tab-content-1548\" class=\"elementor-tab-content elementor-clearfix\" data-tab=\"8\" role=\"region\" aria-labelledby=\"elementor-tab-title-1548\"><ul><li><p><strong>Mittwoch, 26. M\u00e4rz 2025,<\/strong><\/p><p>Prinzregententheater, M\u00fcnchen<\/p><\/li><\/ul><\/div>\n\t\t\t\t<\/div>\n\t\t\t\t\t\t\t<div class=\"elementor-accordion-item\">\n\t\t\t\t\t<div id=\"elementor-tab-title-1549\" class=\"elementor-tab-title\" data-tab=\"9\" role=\"button\" aria-controls=\"elementor-tab-content-1549\" aria-expanded=\"false\">\n\t\t\t\t\t\t\t\t\t\t\t\t\t<span class=\"elementor-accordion-icon elementor-accordion-icon-right\" aria-hidden=\"true\">\n\t\t\t\t\t\t\t\t\t\t\t\t\t\t\t<span class=\"elementor-accordion-icon-closed\"><svg class=\"e-font-icon-svg e-fas-plus\" viewbox=\"0 0 448 512\" xmlns=\"http:\/\/www.w3.org\/2000\/svg\"><path d=\"M416 208H272V64c0-17.67-14.33-32-32-32h-32c-17.67 0-32 14.33-32 32v144H32c-17.67 0-32 14.33-32 32v32c0 17.67 14.33 32 32 32h144v144c0 17.67 14.33 32 32 32h32c17.67 0 32-14.33 32-32V304h144c17.67 0 32-14.33 32-32v-32c0-17.67-14.33-32-32-32z\"><\/path><\/svg><\/span>\n\t\t\t\t\t\t\t\t<span class=\"elementor-accordion-icon-opened\"><svg class=\"e-font-icon-svg e-fas-minus\" viewbox=\"0 0 448 512\" xmlns=\"http:\/\/www.w3.org\/2000\/svg\"><path d=\"M416 208H32c-17.67 0-32 14.33-32 32v32c0 17.67 14.33 32 32 32h384c17.67 0 32-14.33 32-32v-32c0-17.67-14.33-32-32-32z\"><\/path><\/svg><\/span>\n\t\t\t\t\t\t\t\t\t\t\t\t\t\t<\/span>\n\t\t\t\t\t\t\t\t\t\t\t\t<a class=\"elementor-accordion-title\" tabindex=\"0\">JOHANN STRAUSS INTERNATIONAL MUSIC FESTIVAL - WIEN<\/a>\n\t\t\t\t\t<\/div>\n\t\t\t\t\t<div id=\"elementor-tab-content-1549\" class=\"elementor-tab-content elementor-clearfix\" data-tab=\"9\" role=\"region\" aria-labelledby=\"elementor-tab-title-1549\"><ul><li><p style=\"caret-color: #000000; color: #000000;\"><strong>Dienstag, 4. Februar 2025, 19:30 Uhr<\/strong><\/p><p style=\"caret-color: #000000; color: #000000;\">Musikverein Wien, Goldener Saal<\/p><p style=\"caret-color: #000000; color: #000000;\">Musikvereinsplatz 1, 1010 Wien<\/p><\/li><\/ul><\/div>\n\t\t\t\t<\/div>\n\t\t\t\t\t\t\t<div class=\"elementor-accordion-item\">\n\t\t\t\t\t<div id=\"elementor-tab-title-15410\" class=\"elementor-tab-title\" data-tab=\"10\" role=\"button\" aria-controls=\"elementor-tab-content-15410\" aria-expanded=\"false\">\n\t\t\t\t\t\t\t\t\t\t\t\t\t<span class=\"elementor-accordion-icon elementor-accordion-icon-right\" aria-hidden=\"true\">\n\t\t\t\t\t\t\t\t\t\t\t\t\t\t\t<span class=\"elementor-accordion-icon-closed\"><svg class=\"e-font-icon-svg e-fas-plus\" viewbox=\"0 0 448 512\" xmlns=\"http:\/\/www.w3.org\/2000\/svg\"><path d=\"M416 208H272V64c0-17.67-14.33-32-32-32h-32c-17.67 0-32 14.33-32 32v144H32c-17.67 0-32 14.33-32 32v32c0 17.67 14.33 32 32 32h144v144c0 17.67 14.33 32 32 32h32c17.67 0 32-14.33 32-32V304h144c17.67 0 32-14.33 32-32v-32c0-17.67-14.33-32-32-32z\"><\/path><\/svg><\/span>\n\t\t\t\t\t\t\t\t<span class=\"elementor-accordion-icon-opened\"><svg class=\"e-font-icon-svg e-fas-minus\" viewbox=\"0 0 448 512\" xmlns=\"http:\/\/www.w3.org\/2000\/svg\"><path d=\"M416 208H32c-17.67 0-32 14.33-32 32v32c0 17.67 14.33 32 32 32h384c17.67 0 32-14.33 32-32v-32c0-17.67-14.33-32-32-32z\"><\/path><\/svg><\/span>\n\t\t\t\t\t\t\t\t\t\t\t\t\t\t<\/span>\n\t\t\t\t\t\t\t\t\t\t\t\t<a class=\"elementor-accordion-title\" tabindex=\"0\">JOHANN STRAUSS INTERNATIONAL MUSIC FESTIVAL - WIEN<\/a>\n\t\t\t\t\t<\/div>\n\t\t\t\t\t<div id=\"elementor-tab-content-15410\" class=\"elementor-tab-content elementor-clearfix\" data-tab=\"10\" role=\"region\" aria-labelledby=\"elementor-tab-title-15410\"><ul><li><p><strong style=\"caret-color: #000000; color: #000000; font-size: 1rem;\">Montag, 3<span class=\"tag\">. Februar\u00a0<\/span><span class=\"monat\">2025, 18:30 Uhr<\/span><\/strong><\/p><p style=\"caret-color: #000000; color: #000000;\">Haydnsaal &#8211; Schloss Esterh\u00e1zy<\/p><p style=\"caret-color: #000000; color: #000000;\">Esterhazyplatz. 1, 7000 Eisenstadt<\/p><\/li><\/ul><\/div>\n\t\t\t\t<\/div>\n\t\t\t\t\t\t\t<div class=\"elementor-accordion-item\">\n\t\t\t\t\t<div id=\"elementor-tab-title-15411\" class=\"elementor-tab-title\" data-tab=\"11\" role=\"button\" aria-controls=\"elementor-tab-content-15411\" aria-expanded=\"false\">\n\t\t\t\t\t\t\t\t\t\t\t\t\t<span class=\"elementor-accordion-icon elementor-accordion-icon-right\" aria-hidden=\"true\">\n\t\t\t\t\t\t\t\t\t\t\t\t\t\t\t<span class=\"elementor-accordion-icon-closed\"><svg class=\"e-font-icon-svg e-fas-plus\" viewbox=\"0 0 448 512\" xmlns=\"http:\/\/www.w3.org\/2000\/svg\"><path d=\"M416 208H272V64c0-17.67-14.33-32-32-32h-32c-17.67 0-32 14.33-32 32v144H32c-17.67 0-32 14.33-32 32v32c0 17.67 14.33 32 32 32h144v144c0 17.67 14.33 32 32 32h32c17.67 0 32-14.33 32-32V304h144c17.67 0 32-14.33 32-32v-32c0-17.67-14.33-32-32-32z\"><\/path><\/svg><\/span>\n\t\t\t\t\t\t\t\t<span class=\"elementor-accordion-icon-opened\"><svg class=\"e-font-icon-svg e-fas-minus\" viewbox=\"0 0 448 512\" xmlns=\"http:\/\/www.w3.org\/2000\/svg\"><path d=\"M416 208H32c-17.67 0-32 14.33-32 32v32c0 17.67 14.33 32 32 32h384c17.67 0 32-14.33 32-32v-32c0-17.67-14.33-32-32-32z\"><\/path><\/svg><\/span>\n\t\t\t\t\t\t\t\t\t\t\t\t\t\t<\/span>\n\t\t\t\t\t\t\t\t\t\t\t\t<a class=\"elementor-accordion-title\" tabindex=\"0\">TIROLER FESTSPIELE - \"LA BOH\u00c8ME\", die Oper von GIACOMO PUCCINI<\/a>\n\t\t\t\t\t<\/div>\n\t\t\t\t\t<div id=\"elementor-tab-content-15411\" class=\"elementor-tab-content elementor-clearfix\" data-tab=\"11\" role=\"region\" aria-labelledby=\"elementor-tab-title-15411\"><ul><li><p><strong>Sonntag, 05<span class=\"tag\">. Januar <\/span><span class=\"monat\">2025, <\/span>18:00 Uhr<\/strong><\/p><p>Tiroler Festspiele, Festspielhaus Erl<\/p><p><em><i>M\u00fchlgraben 56a\u00a0<\/i><\/em><em><i><br \/><\/i><\/em><em><i>Erl,\u00a06343\u00a0\u00d6sterreich<\/i><\/em><\/p><p>Tickets sind <a href=\"https:\/\/tickets.tiroler-festspiele.at\/webshop\/webticket\/seatmap?eventId=14\">HIER<\/a> erh\u00e4ltlich<\/p><\/li><\/ul><\/div>\n\t\t\t\t<\/div>\n\t\t\t\t\t\t\t<div class=\"elementor-accordion-item\">\n\t\t\t\t\t<div id=\"elementor-tab-title-15412\" class=\"elementor-tab-title\" data-tab=\"12\" role=\"button\" aria-controls=\"elementor-tab-content-15412\" aria-expanded=\"false\">\n\t\t\t\t\t\t\t\t\t\t\t\t\t<span class=\"elementor-accordion-icon elementor-accordion-icon-right\" aria-hidden=\"true\">\n\t\t\t\t\t\t\t\t\t\t\t\t\t\t\t<span class=\"elementor-accordion-icon-closed\"><svg class=\"e-font-icon-svg e-fas-plus\" viewbox=\"0 0 448 512\" xmlns=\"http:\/\/www.w3.org\/2000\/svg\"><path d=\"M416 208H272V64c0-17.67-14.33-32-32-32h-32c-17.67 0-32 14.33-32 32v144H32c-17.67 0-32 14.33-32 32v32c0 17.67 14.33 32 32 32h144v144c0 17.67 14.33 32 32 32h32c17.67 0 32-14.33 32-32V304h144c17.67 0 32-14.33 32-32v-32c0-17.67-14.33-32-32-32z\"><\/path><\/svg><\/span>\n\t\t\t\t\t\t\t\t<span class=\"elementor-accordion-icon-opened\"><svg class=\"e-font-icon-svg e-fas-minus\" viewbox=\"0 0 448 512\" xmlns=\"http:\/\/www.w3.org\/2000\/svg\"><path d=\"M416 208H32c-17.67 0-32 14.33-32 32v32c0 17.67 14.33 32 32 32h384c17.67 0 32-14.33 32-32v-32c0-17.67-14.33-32-32-32z\"><\/path><\/svg><\/span>\n\t\t\t\t\t\t\t\t\t\t\t\t\t\t<\/span>\n\t\t\t\t\t\t\t\t\t\t\t\t<a class=\"elementor-accordion-title\" tabindex=\"0\">TIROLER FESTSPIELE - \"LA BOH\u00c8ME\", die Oper von GIACOMO PUCCINI<\/a>\n\t\t\t\t\t<\/div>\n\t\t\t\t\t<div id=\"elementor-tab-content-15412\" class=\"elementor-tab-content elementor-clearfix\" data-tab=\"12\" role=\"region\" aria-labelledby=\"elementor-tab-title-15412\"><ul><li><p><strong>Freitag, 03<span class=\"tag\">. Januar <\/span><span class=\"monat\">2025, <\/span>18:00 Uhr<\/strong><\/p><p>Tiroler Festspiele, Festspielhaus Erl<\/p><p><em><i>M\u00fchlgraben 56a\u00a0<\/i><\/em><em><i><br \/><\/i><\/em><em><i>Erl,\u00a06343\u00a0\u00d6sterreich<\/i><\/em><\/p><p>Tickets sind <a href=\"https:\/\/tickets.tiroler-festspiele.at\/webshop\/webticket\/seatmap?eventId=12\">HIER<\/a> erh\u00e4ltlich<\/p><\/li><\/ul><\/div>\n\t\t\t\t<\/div>\n\t\t\t\t\t\t\t<div class=\"elementor-accordion-item\">\n\t\t\t\t\t<div id=\"elementor-tab-title-15413\" class=\"elementor-tab-title\" data-tab=\"13\" role=\"button\" aria-controls=\"elementor-tab-content-15413\" aria-expanded=\"false\">\n\t\t\t\t\t\t\t\t\t\t\t\t\t<span class=\"elementor-accordion-icon elementor-accordion-icon-right\" aria-hidden=\"true\">\n\t\t\t\t\t\t\t\t\t\t\t\t\t\t\t<span class=\"elementor-accordion-icon-closed\"><svg class=\"e-font-icon-svg e-fas-plus\" viewbox=\"0 0 448 512\" xmlns=\"http:\/\/www.w3.org\/2000\/svg\"><path d=\"M416 208H272V64c0-17.67-14.33-32-32-32h-32c-17.67 0-32 14.33-32 32v144H32c-17.67 0-32 14.33-32 32v32c0 17.67 14.33 32 32 32h144v144c0 17.67 14.33 32 32 32h32c17.67 0 32-14.33 32-32V304h144c17.67 0 32-14.33 32-32v-32c0-17.67-14.33-32-32-32z\"><\/path><\/svg><\/span>\n\t\t\t\t\t\t\t\t<span class=\"elementor-accordion-icon-opened\"><svg class=\"e-font-icon-svg e-fas-minus\" viewbox=\"0 0 448 512\" xmlns=\"http:\/\/www.w3.org\/2000\/svg\"><path d=\"M416 208H32c-17.67 0-32 14.33-32 32v32c0 17.67 14.33 32 32 32h384c17.67 0 32-14.33 32-32v-32c0-17.67-14.33-32-32-32z\"><\/path><\/svg><\/span>\n\t\t\t\t\t\t\t\t\t\t\t\t\t\t<\/span>\n\t\t\t\t\t\t\t\t\t\t\t\t<a class=\"elementor-accordion-title\" tabindex=\"0\">TIROLER FESTSPIELE - \"LA BOH\u00c8ME\", die Oper von GIACOMO PUCCINI<\/a>\n\t\t\t\t\t<\/div>\n\t\t\t\t\t<div id=\"elementor-tab-content-15413\" class=\"elementor-tab-content elementor-clearfix\" data-tab=\"13\" role=\"region\" aria-labelledby=\"elementor-tab-title-15413\"><ul><li><p><strong>Freitag, 27<span class=\"tag\">. Dezember <\/span><span class=\"monat\">2024, <\/span>18:00 Uhr<\/strong><\/p><p>Tiroler Festspiele, Festspielhaus Erl<\/p><p><em><i>M\u00fchlgraben 56a\u00a0<\/i><\/em><em><i><br \/><\/i><\/em><em><i>Erl,\u00a06343\u00a0\u00d6sterreich<\/i><\/em><\/p><p>Tickets sind <a href=\"https:\/\/tickets.tiroler-festspiele.at\/webshop\/webticket\/seatmap?eventId=6\">HIER<\/a> erh\u00e4ltlich<\/p><\/li><\/ul><\/div>\n\t\t\t\t<\/div>\n\t\t\t\t\t\t\t<div class=\"elementor-accordion-item\">\n\t\t\t\t\t<div id=\"elementor-tab-title-15414\" class=\"elementor-tab-title\" data-tab=\"14\" role=\"button\" aria-controls=\"elementor-tab-content-15414\" aria-expanded=\"false\">\n\t\t\t\t\t\t\t\t\t\t\t\t\t<span class=\"elementor-accordion-icon elementor-accordion-icon-right\" aria-hidden=\"true\">\n\t\t\t\t\t\t\t\t\t\t\t\t\t\t\t<span class=\"elementor-accordion-icon-closed\"><svg class=\"e-font-icon-svg e-fas-plus\" viewbox=\"0 0 448 512\" xmlns=\"http:\/\/www.w3.org\/2000\/svg\"><path d=\"M416 208H272V64c0-17.67-14.33-32-32-32h-32c-17.67 0-32 14.33-32 32v144H32c-17.67 0-32 14.33-32 32v32c0 17.67 14.33 32 32 32h144v144c0 17.67 14.33 32 32 32h32c17.67 0 32-14.33 32-32V304h144c17.67 0 32-14.33 32-32v-32c0-17.67-14.33-32-32-32z\"><\/path><\/svg><\/span>\n\t\t\t\t\t\t\t\t<span class=\"elementor-accordion-icon-opened\"><svg class=\"e-font-icon-svg e-fas-minus\" viewbox=\"0 0 448 512\" xmlns=\"http:\/\/www.w3.org\/2000\/svg\"><path d=\"M416 208H32c-17.67 0-32 14.33-32 32v32c0 17.67 14.33 32 32 32h384c17.67 0 32-14.33 32-32v-32c0-17.67-14.33-32-32-32z\"><\/path><\/svg><\/span>\n\t\t\t\t\t\t\t\t\t\t\t\t\t\t<\/span>\n\t\t\t\t\t\t\t\t\t\t\t\t<a class=\"elementor-accordion-title\" tabindex=\"0\">ZAUBERHAFTE CHORKL\u00c4NGE ZUR ADVENTSZEIT - ALT\u00d6TTING<\/a>\n\t\t\t\t\t<\/div>\n\t\t\t\t\t<div id=\"elementor-tab-content-15414\" class=\"elementor-tab-content elementor-clearfix\" data-tab=\"14\" role=\"region\" aria-labelledby=\"elementor-tab-title-15414\"><ul><li><p><strong>Sonntag, 15.12.2024, 17:00 &#8211; 18:15 Uhr<\/strong><\/p><p>Pfarrkirche St. Josef<br \/>Ostpreu\u00dfenstra\u00dfe 2<br \/>84503 Alt\u00f6tting<\/p><p><b>Antonio Vivaldi &#8222;GLORIA&#8220;<\/b><\/p><p><strong>Internationale Weihnachtshymnen, traditionelle Weisen, Kinder- und Volkslieder.<\/strong><\/p><p>&#8222;Voices of Munich&#8220; &#8211; Konzertchor der Schule f\u00fcr Chorkunst M\u00fcnchen.<\/p><p>Leitung: Maksim Matsiushenkau<\/p><p><strong>Eintritt frei \u2013 Spenden erbeten<\/strong><\/p><\/li><\/ul><\/div>\n\t\t\t\t<\/div>\n\t\t\t\t\t\t\t<div class=\"elementor-accordion-item\">\n\t\t\t\t\t<div id=\"elementor-tab-title-15415\" class=\"elementor-tab-title\" data-tab=\"15\" role=\"button\" aria-controls=\"elementor-tab-content-15415\" aria-expanded=\"false\">\n\t\t\t\t\t\t\t\t\t\t\t\t\t<span class=\"elementor-accordion-icon elementor-accordion-icon-right\" aria-hidden=\"true\">\n\t\t\t\t\t\t\t\t\t\t\t\t\t\t\t<span class=\"elementor-accordion-icon-closed\"><svg class=\"e-font-icon-svg e-fas-plus\" viewbox=\"0 0 448 512\" xmlns=\"http:\/\/www.w3.org\/2000\/svg\"><path d=\"M416 208H272V64c0-17.67-14.33-32-32-32h-32c-17.67 0-32 14.33-32 32v144H32c-17.67 0-32 14.33-32 32v32c0 17.67 14.33 32 32 32h144v144c0 17.67 14.33 32 32 32h32c17.67 0 32-14.33 32-32V304h144c17.67 0 32-14.33 32-32v-32c0-17.67-14.33-32-32-32z\"><\/path><\/svg><\/span>\n\t\t\t\t\t\t\t\t<span class=\"elementor-accordion-icon-opened\"><svg class=\"e-font-icon-svg e-fas-minus\" viewbox=\"0 0 448 512\" xmlns=\"http:\/\/www.w3.org\/2000\/svg\"><path d=\"M416 208H32c-17.67 0-32 14.33-32 32v32c0 17.67 14.33 32 32 32h384c17.67 0 32-14.33 32-32v-32c0-17.67-14.33-32-32-32z\"><\/path><\/svg><\/span>\n\t\t\t\t\t\t\t\t\t\t\t\t\t\t<\/span>\n\t\t\t\t\t\t\t\t\t\t\t\t<a class=\"elementor-accordion-title\" tabindex=\"0\">ZDF LIVE Musikshow \u201eDie sch\u00f6nsten Weihnachts-Hits\u201c<\/a>\n\t\t\t\t\t<\/div>\n\t\t\t\t\t<div id=\"elementor-tab-content-15415\" class=\"elementor-tab-content elementor-clearfix\" data-tab=\"15\" role=\"region\" aria-labelledby=\"elementor-tab-title-15415\"><ul><li><p><strong>Donnerstag, 5. Dezember 2024, 20.15 Uhr, LIVE im ZDF<\/strong><\/p><p>\u0413\u0430\u043b\u0430-\u0432\u0435\u0447\u0435\u0440 \u043f\u043e \u0441\u0431\u043e\u0440\u0443 \u0441\u0440\u0435\u0434\u0441\u0442\u0432 \u0432 \u043f\u043e\u043c\u043e\u0449\u044c \u043e\u0440\u0433\u0430\u043d\u0438\u0437\u0430\u0446\u0438\u044f\u043c \u043f\u043e \u043e\u043a\u0430\u0437\u0430\u043d\u0438\u044e \u043f\u043e\u043c\u043e\u0449\u0438 BROT F\u00dcR DIE WELT \u0438 MISEREOR<\/p><\/li><\/ul><\/div>\n\t\t\t\t<\/div>\n\t\t\t\t\t\t\t<div class=\"elementor-accordion-item\">\n\t\t\t\t\t<div id=\"elementor-tab-title-15416\" class=\"elementor-tab-title\" data-tab=\"16\" role=\"button\" aria-controls=\"elementor-tab-content-15416\" aria-expanded=\"false\">\n\t\t\t\t\t\t\t\t\t\t\t\t\t<span class=\"elementor-accordion-icon elementor-accordion-icon-right\" aria-hidden=\"true\">\n\t\t\t\t\t\t\t\t\t\t\t\t\t\t\t<span class=\"elementor-accordion-icon-closed\"><svg class=\"e-font-icon-svg e-fas-plus\" viewbox=\"0 0 448 512\" xmlns=\"http:\/\/www.w3.org\/2000\/svg\"><path d=\"M416 208H272V64c0-17.67-14.33-32-32-32h-32c-17.67 0-32 14.33-32 32v144H32c-17.67 0-32 14.33-32 32v32c0 17.67 14.33 32 32 32h144v144c0 17.67 14.33 32 32 32h32c17.67 0 32-14.33 32-32V304h144c17.67 0 32-14.33 32-32v-32c0-17.67-14.33-32-32-32z\"><\/path><\/svg><\/span>\n\t\t\t\t\t\t\t\t<span class=\"elementor-accordion-icon-opened\"><svg class=\"e-font-icon-svg e-fas-minus\" viewbox=\"0 0 448 512\" xmlns=\"http:\/\/www.w3.org\/2000\/svg\"><path d=\"M416 208H32c-17.67 0-32 14.33-32 32v32c0 17.67 14.33 32 32 32h384c17.67 0 32-14.33 32-32v-32c0-17.67-14.33-32-32-32z\"><\/path><\/svg><\/span>\n\t\t\t\t\t\t\t\t\t\t\t\t\t\t<\/span>\n\t\t\t\t\t\t\t\t\t\t\t\t<a class=\"elementor-accordion-title\" tabindex=\"0\">World Peace Choral Festival 2024 - WIEN<\/a>\n\t\t\t\t\t<\/div>\n\t\t\t\t\t<div id=\"elementor-tab-content-15416\" class=\"elementor-tab-content elementor-clearfix\" data-tab=\"16\" role=\"region\" aria-labelledby=\"elementor-tab-title-15416\"><h6><strong>Sa. 20. &#8211; So. 21. Juli 2024<\/strong><\/h6><p>Auftritte im Rahmen des Festivals finden beim Freundschaftskonzert im MuTh und beim Galakonzert im Goldenen Saal des Wiener Musikvereins statt.<\/p><\/div>\n\t\t\t\t<\/div>\n\t\t\t\t\t\t\t<div class=\"elementor-accordion-item\">\n\t\t\t\t\t<div id=\"elementor-tab-title-15417\" class=\"elementor-tab-title\" data-tab=\"17\" role=\"button\" aria-controls=\"elementor-tab-content-15417\" aria-expanded=\"false\">\n\t\t\t\t\t\t\t\t\t\t\t\t\t<span class=\"elementor-accordion-icon elementor-accordion-icon-right\" aria-hidden=\"true\">\n\t\t\t\t\t\t\t\t\t\t\t\t\t\t\t<span class=\"elementor-accordion-icon-closed\"><svg class=\"e-font-icon-svg e-fas-plus\" viewbox=\"0 0 448 512\" xmlns=\"http:\/\/www.w3.org\/2000\/svg\"><path d=\"M416 208H272V64c0-17.67-14.33-32-32-32h-32c-17.67 0-32 14.33-32 32v144H32c-17.67 0-32 14.33-32 32v32c0 17.67 14.33 32 32 32h144v144c0 17.67 14.33 32 32 32h32c17.67 0 32-14.33 32-32V304h144c17.67 0 32-14.33 32-32v-32c0-17.67-14.33-32-32-32z\"><\/path><\/svg><\/span>\n\t\t\t\t\t\t\t\t<span class=\"elementor-accordion-icon-opened\"><svg class=\"e-font-icon-svg e-fas-minus\" viewbox=\"0 0 448 512\" xmlns=\"http:\/\/www.w3.org\/2000\/svg\"><path d=\"M416 208H32c-17.67 0-32 14.33-32 32v32c0 17.67 14.33 32 32 32h384c17.67 0 32-14.33 32-32v-32c0-17.67-14.33-32-32-32z\"><\/path><\/svg><\/span>\n\t\t\t\t\t\t\t\t\t\t\t\t\t\t<\/span>\n\t\t\t\t\t\t\t\t\t\t\t\t<a class=\"elementor-accordion-title\" tabindex=\"0\">Jubil\u00e4umskonzert FREUNDSCHAFT IN CRESCENDO - Herkulessaal, Residenz M\u00fcnchen<\/a>\n\t\t\t\t\t<\/div>\n\t\t\t\t\t<div id=\"elementor-tab-content-15417\" class=\"elementor-tab-content elementor-clearfix\" data-tab=\"17\" role=\"region\" aria-labelledby=\"elementor-tab-title-15417\"><p><strong>Dienstag, 09.07.2024, 19:30 &#8211; 21:30 Uhr<\/strong><\/p><p><strong>Herkulessaal, Residenz M\u00fcnchen<\/strong><\/p><h5 style=\"font-weight: 400;\"><strong>CHORKONZERT &#8222;FREUNDSCHAFT IN CRESCENDO&#8220;<\/strong><\/h5><p style=\"font-weight: 400;\"><span>Kinder- und Jugendch\u00f6re auf top Niveau<\/span><\/p><p style=\"font-weight: 400;\">Preistr\u00e4ger des 11. Deutschen Chorwettbewerbs 2023<\/p><p style=\"font-weight: 400;\"><strong>Mitwirkende:<\/strong><\/p><p style=\"font-weight: 400;\"><strong>\u041a\u043e\u043d\u0446\u0435\u0440\u0442\u043d\u044b\u0439 \u0445\u043e\u0440 \u041c\u044e\u043d\u0445\u0435\u043d\u0441\u043a\u043e\u0439 \u0448\u043a\u043e\u043b\u044b \u0445\u043e\u0440\u043e\u0432\u043e\u0433\u043e \u0438\u0441\u043a\u0443\u0441\u0441\u0442\u0432\u0430<\/strong><\/p><p style=\"font-weight: 400;\"><strong>Kinderch\u00f6re der Akademie f\u00fcr Gesang NRW (Dortmund)<\/strong><\/p><p>Erleben Sie Kinder- und Jugendch\u00f6re auf h\u00f6chstem Niveau!<br \/>Wir pr\u00e4sentieren die Preistr\u00e4ger des 11. Deutschen Chorwettbewerbs 2023 sowie internationaler Chorwettbewerbe.\u00a0<\/p><p>Tauchen Sie ein in eine musikalische Welt voller Freundschaft und Harmonie! Erleben Sie ein einzigartiges Konzert, bei dem zwei herausragende Chorschulen aus verschiedenen Regionen Deutschlands zusammenkommen, um gemeinsam zu singen und zu begeistern.<\/p><p><a href=\"https:\/\/www.akademie-gesang.de\"><strong>Die Akademie f\u00fcr Gesang NRW<\/strong><\/a> aus Dortmund und die <strong>\u0432 \u0428\u043a\u043e\u043b\u0435 \u0445\u043e\u0440\u043e\u0432\u043e\u0433\u043e \u0438\u0441\u043a\u0443\u0441\u0441\u0442\u0432\u0430 \u041c\u044e\u043d\u0445\u0435\u043d\u0430<\/strong> treffen sich erneut \u2013 diesmal jedoch nicht als Konkurrenten, sondern als Freunde auf der B\u00fchne. Beim 11. Deutschen Chorwettbewerb 2023 in Hannover kreuzten sich ihre Wege noch im Wettkampf gegeneinander. Nun vereinen sie ihre Stimmen in einer freundschaftlichen Atmosph\u00e4re, um Ihnen ein unvergessliches Konzerterlebnis zu bieten.<\/p><p>Unter dem Titel &#8222;<strong>Freundschaft in Crescendo<\/strong>&#8220; pr\u00e4sentieren die beiden Ch\u00f6re ein vielf\u00e4ltiges Repertoire, das die Bandbreite ihres K\u00f6nnens und ihrer k\u00fcnstlerischen Ausdruckskraft widerspiegelt. Von klassischen Meisterwerken bis hin zu modernen Kompositionen \u2013 lassen Sie sich von der Vielfalt und Intensit\u00e4t der Chorwerke mitrei\u00dfen.<\/p><p>Besonders bemerkenswert ist, dass dieses Konzert im Rahmen des gemeinsamen Projekts mit <strong><a href=\"https:\/\/www.jmd.info\/bayern\">Jeunesses Musicales Bayern e.V.<\/a> <a href=\"https:\/\/www.jmd.info\/bayern-startseite-1\/im-einklang-mit-den-grundwerten\">\u201eim einKLANG \u2013 jugendensembles leben WERTE\u201c <\/a><\/strong>stattfindet. Hierbei haben junge Chors\u00e4ngerinnen und -s\u00e4nger die M\u00f6glichkeit, aktiv an der Organisation des Konzerts mitzuwirken. Von der Auswahl des Themas \u00fcber die Zusammenstellung des Repertoires bis hin zur Moderation \u2013 sie gestalten und f\u00fchren das Konzert selbstst\u00e4ndig durch und zeigen dabei ihr Engagement und ihre Leidenschaft f\u00fcr die Musik.<\/p><p>Seien Sie dabei, wenn sich Freundschaft und Musik zu einem harmonischen Crescendo vereinen! Lassen Sie sich von den herausragenden Stimmen unserer jungen Talente begeistern! Sichern Sie sich jetzt Ihre Tickets und erleben Sie einen Abend voller Emotionen und musikalischer H\u00f6hepunkte.<\/p><p><strong>Wir freuen uns auf Ihr Kommen!<\/strong><\/p><p style=\"font-weight: 400;\"><span>\u041e\u0440\u0433\u0430\u043d\u0438\u0437\u0430\u0442\u043e\u0440: <a href=\"https:\/\/chorkunst.de\/ru\/ueber-uns\/traegerverein\/\">CHORKUNST INTERNATIONAL e.V.<\/a><\/span><\/p><p style=\"font-weight: 400;\"><span style=\"caret-color: #000000; color: #000000; font-size: medium;\">Gef\u00f6rdert vom Migrationsbeirat M\u00fcnchen.<\/span><\/p><\/div>\n\t\t\t\t<\/div>\n\t\t\t\t\t\t\t<div class=\"elementor-accordion-item\">\n\t\t\t\t\t<div id=\"elementor-tab-title-15418\" class=\"elementor-tab-title\" data-tab=\"18\" role=\"button\" aria-controls=\"elementor-tab-content-15418\" aria-expanded=\"false\">\n\t\t\t\t\t\t\t\t\t\t\t\t\t<span class=\"elementor-accordion-icon elementor-accordion-icon-right\" aria-hidden=\"true\">\n\t\t\t\t\t\t\t\t\t\t\t\t\t\t\t<span class=\"elementor-accordion-icon-closed\"><svg class=\"e-font-icon-svg e-fas-plus\" viewbox=\"0 0 448 512\" xmlns=\"http:\/\/www.w3.org\/2000\/svg\"><path d=\"M416 208H272V64c0-17.67-14.33-32-32-32h-32c-17.67 0-32 14.33-32 32v144H32c-17.67 0-32 14.33-32 32v32c0 17.67 14.33 32 32 32h144v144c0 17.67 14.33 32 32 32h32c17.67 0 32-14.33 32-32V304h144c17.67 0 32-14.33 32-32v-32c0-17.67-14.33-32-32-32z\"><\/path><\/svg><\/span>\n\t\t\t\t\t\t\t\t<span class=\"elementor-accordion-icon-opened\"><svg class=\"e-font-icon-svg e-fas-minus\" viewbox=\"0 0 448 512\" xmlns=\"http:\/\/www.w3.org\/2000\/svg\"><path d=\"M416 208H32c-17.67 0-32 14.33-32 32v32c0 17.67 14.33 32 32 32h384c17.67 0 32-14.33 32-32v-32c0-17.67-14.33-32-32-32z\"><\/path><\/svg><\/span>\n\t\t\t\t\t\t\t\t\t\t\t\t\t\t<\/span>\n\t\t\t\t\t\t\t\t\t\t\t\t<a class=\"elementor-accordion-title\" tabindex=\"0\">Konzert- und Kulturaustauschreise - GRIECHENLAND - Korinth, Egio, Lechaina, Pyrgos<\/a>\n\t\t\t\t\t<\/div>\n\t\t\t\t\t<div id=\"elementor-tab-content-15418\" class=\"elementor-tab-content elementor-clearfix\" data-tab=\"18\" role=\"region\" aria-labelledby=\"elementor-tab-title-15418\"><p style=\"font-weight: 400;\"><strong>Sa. 18. &#8211; Sa. 25. Mai 2024 &#8211; GRIECHENLAND &#8211; <em>Korinth, Egio, Lechaina, Pyrgos<\/em><\/strong><\/p><p>Das Projekt beinhaltet eine intensive musikalische Kooperation zwischen der Schule f\u00fcr Chorkunst M\u00fcnchen und verschiedenen griechischen Jugendch\u00f6ren sowie einem Jugendorchester. In enger Zusammenarbeit mit lokalen griechischen Ch\u00f6ren und einem Orchester werden insgesamt vier Konzerte in verschiedenen St\u00e4dten Griechenlands veranstaltet. Das Ziel des Projekts ist es, durch die Fusion unterschiedlicher kultureller und musikalischer Einfl\u00fcsse ein inspirierendes und bereicherndes Erlebnis f\u00fcr die Teilnehmer beider L\u00e4nder zu schaffen.<\/p><p>Das Projekt umfasst vier Hauptkonzerte in den St\u00e4dten Korinth, Egio, Lechaina und Pyrgos. Diese Konzerte werden in Zusammenarbeit mit lokalen Jugendch\u00f6ren und Jugendorchestern durchgef\u00fchrt und sollen die kulturelle Vielfalt sowie die harmonische Verschmelzung der musikalischen Traditionen beider L\u00e4nder pr\u00e4sentieren.<\/p><h6><strong>Termine:<\/strong><\/h6><ul><li style=\"list-style-type: none;\"><ul><li><h6><strong>So., 19.05.2024, 11:00 Uhr, Stadt Pyrgos, Saal der apostolischen Diakonie.<\/strong><\/h6><h6><strong>Krestenitou 32, Pirgos 271 00<\/strong><\/h6><\/li><\/ul><\/li><\/ul><p><span style=\"text-decoration: underline;\"><em><strong>Konzert im Rahmen des Andravidas-Kyllinis Festivals mit dem Chor des 2. Gymnasiums von Pyrgos.<\/strong><\/em><\/span><\/p><ul><li style=\"list-style-type: none;\"><ul><li><h6><strong>So., 19.05.2024, 19:00 Uhr, Stadt Lechaina, Theater \u201eAstron\u201c.<\/strong><\/h6><h6><strong>Dimisianou 7, Lechaina 270 53<\/strong><\/h6><\/li><\/ul><\/li><\/ul><p><span style=\"text-decoration: underline;\"><em><strong>Konzert im Rahmen des Andravidas-Kyllinis Festivals mit dem Chor des 2. Gymnasiums von Pyrgos.<\/strong><\/em><\/span><\/p><ul><li style=\"list-style-type: none;\"><ul><li><h6><strong>Mo., 20.05.2024, 11:00 Uhr, Stadt Egio, Kulturzentrum Alekos Megaris.<\/strong><\/h6><h6><strong>Kanellopoulou 10, Egio 251 00<\/strong><\/h6><\/li><\/ul><\/li><\/ul><p><span style=\"text-decoration: underline;\"><em><strong>Gemeinsamer Workshop und Probe mit dem Chor der 2. Junior High School von Egio.<\/strong><\/em><\/span><\/p><ul><li style=\"list-style-type: none;\"><ul><li><h6><strong>Mi., 22.05.2024, 19:30 Uhr, Stadt Egio, Kulturzentrum Alekos Megaris.<\/strong><\/h6><h6><strong>Kanellopoulou 10, Egio 251 00<\/strong><\/h6><\/li><\/ul><\/li><\/ul><p><span style=\"text-decoration: underline;\"><em><strong>Konzert mit dem Chor der 2. Junior High School von Egio.<\/strong><\/em><\/span><\/p><ul><li style=\"list-style-type: none;\"><ul><li><h6><strong>Fr., 24.05.2024, 19:00 Uhr, Stadt Korinth, Municipal Theatre.<\/strong><\/h6><h6><strong>Damaskinou 57, Korinthos 201 00<\/strong><\/h6><\/li><\/ul><\/li><\/ul><p><span style=\"text-decoration: underline;\"><em><strong>Konzert mit dem Kaloy Jugendorchester.<\/strong><\/em><\/span><\/p><p>Das Projekt wird vom Goethe-Institut gef\u00f6rdert.<\/p><p><img decoding=\"async\" class=\"alignnone wp-image-2757\" src=\"https:\/\/chorkunst.de\/wp-content\/uploads\/2024\/02\/GI_Logo_horizontal_green-300x140.jpg\" alt=\"\" width=\"200\" height=\"94\" srcset=\"https:\/\/chorkunst.de\/wp-content\/uploads\/2024\/02\/GI_Logo_horizontal_green-300x140.jpg 300w, https:\/\/chorkunst.de\/wp-content\/uploads\/2024\/02\/GI_Logo_horizontal_green-1024x479.jpg 1024w, https:\/\/chorkunst.de\/wp-content\/uploads\/2024\/02\/GI_Logo_horizontal_green-768x359.jpg 768w, https:\/\/chorkunst.de\/wp-content\/uploads\/2024\/02\/GI_Logo_horizontal_green-18x8.jpg 18w, https:\/\/chorkunst.de\/wp-content\/uploads\/2024\/02\/GI_Logo_horizontal_green.jpg 1413w\" sizes=\"(max-width: 200px) 100vw, 200px\" \/><\/p><\/div>\n\t\t\t\t<\/div>\n\t\t\t\t\t\t\t<div class=\"elementor-accordion-item\">\n\t\t\t\t\t<div id=\"elementor-tab-title-15419\" class=\"elementor-tab-title\" data-tab=\"19\" role=\"button\" aria-controls=\"elementor-tab-content-15419\" aria-expanded=\"false\">\n\t\t\t\t\t\t\t\t\t\t\t\t\t<span class=\"elementor-accordion-icon elementor-accordion-icon-right\" aria-hidden=\"true\">\n\t\t\t\t\t\t\t\t\t\t\t\t\t\t\t<span class=\"elementor-accordion-icon-closed\"><svg class=\"e-font-icon-svg e-fas-plus\" viewbox=\"0 0 448 512\" xmlns=\"http:\/\/www.w3.org\/2000\/svg\"><path d=\"M416 208H272V64c0-17.67-14.33-32-32-32h-32c-17.67 0-32 14.33-32 32v144H32c-17.67 0-32 14.33-32 32v32c0 17.67 14.33 32 32 32h144v144c0 17.67 14.33 32 32 32h32c17.67 0 32-14.33 32-32V304h144c17.67 0 32-14.33 32-32v-32c0-17.67-14.33-32-32-32z\"><\/path><\/svg><\/span>\n\t\t\t\t\t\t\t\t<span class=\"elementor-accordion-icon-opened\"><svg class=\"e-font-icon-svg e-fas-minus\" viewbox=\"0 0 448 512\" xmlns=\"http:\/\/www.w3.org\/2000\/svg\"><path d=\"M416 208H32c-17.67 0-32 14.33-32 32v32c0 17.67 14.33 32 32 32h384c17.67 0 32-14.33 32-32v-32c0-17.67-14.33-32-32-32z\"><\/path><\/svg><\/span>\n\t\t\t\t\t\t\t\t\t\t\t\t\t\t<\/span>\n\t\t\t\t\t\t\t\t\t\t\t\t<a class=\"elementor-accordion-title\" tabindex=\"0\">LICHTERKINDER - Das Familien-Konzert - Muffathalle, M\u00fcnchen<\/a>\n\t\t\t\t\t<\/div>\n\t\t\t\t\t<div id=\"elementor-tab-content-15419\" class=\"elementor-tab-content elementor-clearfix\" data-tab=\"19\" role=\"region\" aria-labelledby=\"elementor-tab-title-15419\"><p><b>Sonntag, 07. April 2024\u00a0<\/b><\/p><p><b>Muffathalle, Zellstr. 4, 81667 M\u00fcnchen<\/b><\/p><p><b>Beginn: 15:30 Uhr<\/b><\/p><p><b>Einlass: 14:30 Uhr<\/b><\/p><p><b>Singen, Tanzen, Lachen, Stampfen, Klatschen!<\/b><\/p><p><b>Es ist soweit &#8211; die Lichterkinder Hits bekannt durch mehr als 400 Millionen YouTube Aufrufe, kommen auf die B\u00fchne und es wird eine gro\u00dfe Party f\u00fcr die ganze Familie.\u00a0<\/b><\/p><p>Die 7-k\u00f6pfige Lichterkinder-Liveband animiert Kinder und Eltern mit Ohrw\u00fcrmern, Choreografien, Kost\u00fcmen und viel Spa\u00df und macht das Publikum zum Mittelpunkt der Show.\u00a0<\/p><p>Die ersten Events 2023 in Hamburg in der Fabrik und Planten un Blomen waren ein voller Erfolg und komplett ausverkauft. Songs wie \u201eDer K\u00f6rperteil Blues\u201c oder \u201eGuck mal diese Biene da\u201c sind seit Jahren in tausenden von Kitas und Kinderzimmern bekannt und l\u00e4ngst zu Hause. Jetzt kann man die vielen Tanz-, Bewegungs- und Lernlieder live erleben und die Lichterkinder Band l\u00e4dt dazu mit viel Energie Gro\u00df und Klein zum gemeinsamen Singen und Tanzen ein.\u00a0<\/p><p>Alle sind dabei und machen mit und so ist das Publikum selbst der Star, die B\u00fchne ist der Saal und das Erlebnis einzigartig!<\/p><p><span><a href=\"https:\/\/lichterkinder-musik.de\/live\/fruehjahrskonzert-in-muenchen\">Weitere Informationen und Tickets<\/a><\/span><\/p><p style=\"border: 0px solid #e5e7eb; margin: 1.333333em 0px 0px; caret-color: #374151; color: #374151; font-family: ui-sans-serif, system-ui, -apple-system, BlinkMacSystemFont, 'Segoe UI', Roboto, 'Helvetica Neue', Arial, 'Noto Sans', sans-serif, 'Apple Color Emoji', 'Segoe UI Emoji', 'Segoe UI Symbol', 'Noto Color Emoji'; font-size: 18px;\">\u00a0<\/p><\/div>\n\t\t\t\t<\/div>\n\t\t\t\t\t\t\t<div class=\"elementor-accordion-item\">\n\t\t\t\t\t<div id=\"elementor-tab-title-15420\" class=\"elementor-tab-title\" data-tab=\"20\" role=\"button\" aria-controls=\"elementor-tab-content-15420\" aria-expanded=\"false\">\n\t\t\t\t\t\t\t\t\t\t\t\t\t<span class=\"elementor-accordion-icon elementor-accordion-icon-right\" aria-hidden=\"true\">\n\t\t\t\t\t\t\t\t\t\t\t\t\t\t\t<span class=\"elementor-accordion-icon-closed\"><svg class=\"e-font-icon-svg e-fas-plus\" viewbox=\"0 0 448 512\" xmlns=\"http:\/\/www.w3.org\/2000\/svg\"><path d=\"M416 208H272V64c0-17.67-14.33-32-32-32h-32c-17.67 0-32 14.33-32 32v144H32c-17.67 0-32 14.33-32 32v32c0 17.67 14.33 32 32 32h144v144c0 17.67 14.33 32 32 32h32c17.67 0 32-14.33 32-32V304h144c17.67 0 32-14.33 32-32v-32c0-17.67-14.33-32-32-32z\"><\/path><\/svg><\/span>\n\t\t\t\t\t\t\t\t<span class=\"elementor-accordion-icon-opened\"><svg class=\"e-font-icon-svg e-fas-minus\" viewbox=\"0 0 448 512\" xmlns=\"http:\/\/www.w3.org\/2000\/svg\"><path d=\"M416 208H32c-17.67 0-32 14.33-32 32v32c0 17.67 14.33 32 32 32h384c17.67 0 32-14.33 32-32v-32c0-17.67-14.33-32-32-32z\"><\/path><\/svg><\/span>\n\t\t\t\t\t\t\t\t\t\t\t\t\t\t<\/span>\n\t\t\t\t\t\t\t\t\t\t\t\t<a class=\"elementor-accordion-title\" tabindex=\"0\">Internationaler Chorwettbewerb VOX LUCENSIS -  Lucca, Italien<\/a>\n\t\t\t\t\t<\/div>\n\t\t\t\t\t<div id=\"elementor-tab-content-15420\" class=\"elementor-tab-content elementor-clearfix\" data-tab=\"20\" role=\"region\" aria-labelledby=\"elementor-tab-title-15420\"><p><strong>Montag, 25.03.2024, 10:00 Uhr<\/strong><\/p><div title=\"Page 1\"><div class=\"page\" title=\"Page 1\"><div class=\"layoutArea\"><div class=\"column\"><p><strong>Conservatorio Luigi Boccherini <\/strong><\/p><p><span>Piazza del Suffragio 6 <\/span><\/p><p><span>55100 Lucca<\/span><\/p><p><em><strong>Auftritt des Konzertchores der Schule f\u00fcr Chorkunst M\u00fcnchen in der Kategorie &#8222;G1 &#8211; Kinderch\u00f6re&#8220;<\/strong><\/em><\/p><\/div><\/div><\/div><\/div><\/div>\n\t\t\t\t<\/div>\n\t\t\t\t\t\t\t<div class=\"elementor-accordion-item\">\n\t\t\t\t\t<div id=\"elementor-tab-title-15421\" class=\"elementor-tab-title\" data-tab=\"21\" role=\"button\" aria-controls=\"elementor-tab-content-15421\" aria-expanded=\"false\">\n\t\t\t\t\t\t\t\t\t\t\t\t\t<span class=\"elementor-accordion-icon elementor-accordion-icon-right\" aria-hidden=\"true\">\n\t\t\t\t\t\t\t\t\t\t\t\t\t\t\t<span class=\"elementor-accordion-icon-closed\"><svg class=\"e-font-icon-svg e-fas-plus\" viewbox=\"0 0 448 512\" xmlns=\"http:\/\/www.w3.org\/2000\/svg\"><path d=\"M416 208H272V64c0-17.67-14.33-32-32-32h-32c-17.67 0-32 14.33-32 32v144H32c-17.67 0-32 14.33-32 32v32c0 17.67 14.33 32 32 32h144v144c0 17.67 14.33 32 32 32h32c17.67 0 32-14.33 32-32V304h144c17.67 0 32-14.33 32-32v-32c0-17.67-14.33-32-32-32z\"><\/path><\/svg><\/span>\n\t\t\t\t\t\t\t\t<span class=\"elementor-accordion-icon-opened\"><svg class=\"e-font-icon-svg e-fas-minus\" viewbox=\"0 0 448 512\" xmlns=\"http:\/\/www.w3.org\/2000\/svg\"><path d=\"M416 208H32c-17.67 0-32 14.33-32 32v32c0 17.67 14.33 32 32 32h384c17.67 0 32-14.33 32-32v-32c0-17.67-14.33-32-32-32z\"><\/path><\/svg><\/span>\n\t\t\t\t\t\t\t\t\t\t\t\t\t\t<\/span>\n\t\t\t\t\t\t\t\t\t\t\t\t<a class=\"elementor-accordion-title\" tabindex=\"0\">Freundschaftskonzert im Rahmen des Internationalen Chorwettbewerbs VOX LUCENSIS - Lucca, Italien<\/a>\n\t\t\t\t\t<\/div>\n\t\t\t\t\t<div id=\"elementor-tab-content-15421\" class=\"elementor-tab-content elementor-clearfix\" data-tab=\"21\" role=\"region\" aria-labelledby=\"elementor-tab-title-15421\"><p><strong>Sonntag, 24.03.2024, 18:00 Uhr<\/strong><\/p><div class=\"page\" title=\"Page 1\"><div class=\"layoutArea\"><div class=\"column\"><div class=\"page\" title=\"Page 1\"><div class=\"layoutArea\"><div class=\"column\"><p><span>Conservatorio Luigi Boccherini <\/span><\/p><p><span>Piazza del Suffragio 6<\/span><\/p><p><span>55100 Lucca<\/span><\/p><\/div><\/div><\/div><\/div><\/div><\/div><\/div>\n\t\t\t\t<\/div>\n\t\t\t\t\t\t\t<div class=\"elementor-accordion-item\">\n\t\t\t\t\t<div id=\"elementor-tab-title-15422\" class=\"elementor-tab-title\" data-tab=\"22\" role=\"button\" aria-controls=\"elementor-tab-content-15422\" aria-expanded=\"false\">\n\t\t\t\t\t\t\t\t\t\t\t\t\t<span class=\"elementor-accordion-icon elementor-accordion-icon-right\" aria-hidden=\"true\">\n\t\t\t\t\t\t\t\t\t\t\t\t\t\t\t<span class=\"elementor-accordion-icon-closed\"><svg class=\"e-font-icon-svg e-fas-plus\" viewbox=\"0 0 448 512\" xmlns=\"http:\/\/www.w3.org\/2000\/svg\"><path d=\"M416 208H272V64c0-17.67-14.33-32-32-32h-32c-17.67 0-32 14.33-32 32v144H32c-17.67 0-32 14.33-32 32v32c0 17.67 14.33 32 32 32h144v144c0 17.67 14.33 32 32 32h32c17.67 0 32-14.33 32-32V304h144c17.67 0 32-14.33 32-32v-32c0-17.67-14.33-32-32-32z\"><\/path><\/svg><\/span>\n\t\t\t\t\t\t\t\t<span class=\"elementor-accordion-icon-opened\"><svg class=\"e-font-icon-svg e-fas-minus\" viewbox=\"0 0 448 512\" xmlns=\"http:\/\/www.w3.org\/2000\/svg\"><path d=\"M416 208H32c-17.67 0-32 14.33-32 32v32c0 17.67 14.33 32 32 32h384c17.67 0 32-14.33 32-32v-32c0-17.67-14.33-32-32-32z\"><\/path><\/svg><\/span>\n\t\t\t\t\t\t\t\t\t\t\t\t\t\t<\/span>\n\t\t\t\t\t\t\t\t\t\t\t\t<a class=\"elementor-accordion-title\" tabindex=\"0\">Internationaler Chorwettbewerb VOX LUCENSIS -  Lucca, Italien<\/a>\n\t\t\t\t\t<\/div>\n\t\t\t\t\t<div id=\"elementor-tab-content-15422\" class=\"elementor-tab-content elementor-clearfix\" data-tab=\"22\" role=\"region\" aria-labelledby=\"elementor-tab-title-15422\"><p><strong>Sonntag, 24.03.2024, 10:30 Uhr<\/strong><\/p><div class=\"page\" title=\"Page 1\"><div class=\"layoutArea\"><div class=\"column\"><p><strong>Chiesa di San Pietro Somaldi <\/strong><\/p><p><span>Via Santa Gemma Galgani 38<\/span><\/p><p><span>55100 Lucca<\/span><\/p><p><em><strong>Auftritt des Konzertchores der Schule f\u00fcr Chorkunst M\u00fcnchen in der Kategorie S &#8211; Musica Sacra a cappella<\/strong><\/em><\/p><\/div><\/div><\/div><\/div>\n\t\t\t\t<\/div>\n\t\t\t\t\t\t\t<div class=\"elementor-accordion-item\">\n\t\t\t\t\t<div id=\"elementor-tab-title-15423\" class=\"elementor-tab-title\" data-tab=\"23\" role=\"button\" aria-controls=\"elementor-tab-content-15423\" aria-expanded=\"false\">\n\t\t\t\t\t\t\t\t\t\t\t\t\t<span class=\"elementor-accordion-icon elementor-accordion-icon-right\" aria-hidden=\"true\">\n\t\t\t\t\t\t\t\t\t\t\t\t\t\t\t<span class=\"elementor-accordion-icon-closed\"><svg class=\"e-font-icon-svg e-fas-plus\" viewbox=\"0 0 448 512\" xmlns=\"http:\/\/www.w3.org\/2000\/svg\"><path d=\"M416 208H272V64c0-17.67-14.33-32-32-32h-32c-17.67 0-32 14.33-32 32v144H32c-17.67 0-32 14.33-32 32v32c0 17.67 14.33 32 32 32h144v144c0 17.67 14.33 32 32 32h32c17.67 0 32-14.33 32-32V304h144c17.67 0 32-14.33 32-32v-32c0-17.67-14.33-32-32-32z\"><\/path><\/svg><\/span>\n\t\t\t\t\t\t\t\t<span class=\"elementor-accordion-icon-opened\"><svg class=\"e-font-icon-svg e-fas-minus\" viewbox=\"0 0 448 512\" xmlns=\"http:\/\/www.w3.org\/2000\/svg\"><path d=\"M416 208H32c-17.67 0-32 14.33-32 32v32c0 17.67 14.33 32 32 32h384c17.67 0 32-14.33 32-32v-32c0-17.67-14.33-32-32-32z\"><\/path><\/svg><\/span>\n\t\t\t\t\t\t\t\t\t\t\t\t\t\t<\/span>\n\t\t\t\t\t\t\t\t\t\t\t\t<a class=\"elementor-accordion-title\" tabindex=\"0\">TIROLER FESTSPIELE \u2013 \u201cSCHNEEFL\u00d6CKCHEN\u201d, die Oper von NIKOLAI RIMSKI-KORSAKOW <\/a>\n\t\t\t\t\t<\/div>\n\t\t\t\t\t<div id=\"elementor-tab-content-15423\" class=\"elementor-tab-content elementor-clearfix\" data-tab=\"23\" role=\"region\" aria-labelledby=\"elementor-tab-title-15423\"><p><strong>Samstag, 06<span class=\"tag\">.<\/span> Januar<span class=\"monat\"> 2024, <\/span>18:00 Uhr<\/strong><\/p><p>Tiroler Festspiele, Festspielhaus Erl<\/p><p><em><i>M\u00fchlgraben 56a\u00a0<\/i><\/em><em><i><br \/><\/i><\/em><em><i>Erl,\u00a06343\u00a0\u00d6sterreich<\/i><\/em><\/p><p>Tickets sind <a href=\"https:\/\/ticket.tiroler-festspiele.at\/index.php\/seats\/index\/848\">HIER<\/a> erh\u00e4ltlich<\/p><\/div>\n\t\t\t\t<\/div>\n\t\t\t\t\t\t\t<div class=\"elementor-accordion-item\">\n\t\t\t\t\t<div id=\"elementor-tab-title-15424\" class=\"elementor-tab-title\" data-tab=\"24\" role=\"button\" aria-controls=\"elementor-tab-content-15424\" aria-expanded=\"false\">\n\t\t\t\t\t\t\t\t\t\t\t\t\t<span class=\"elementor-accordion-icon elementor-accordion-icon-right\" aria-hidden=\"true\">\n\t\t\t\t\t\t\t\t\t\t\t\t\t\t\t<span class=\"elementor-accordion-icon-closed\"><svg class=\"e-font-icon-svg e-fas-plus\" viewbox=\"0 0 448 512\" xmlns=\"http:\/\/www.w3.org\/2000\/svg\"><path d=\"M416 208H272V64c0-17.67-14.33-32-32-32h-32c-17.67 0-32 14.33-32 32v144H32c-17.67 0-32 14.33-32 32v32c0 17.67 14.33 32 32 32h144v144c0 17.67 14.33 32 32 32h32c17.67 0 32-14.33 32-32V304h144c17.67 0 32-14.33 32-32v-32c0-17.67-14.33-32-32-32z\"><\/path><\/svg><\/span>\n\t\t\t\t\t\t\t\t<span class=\"elementor-accordion-icon-opened\"><svg class=\"e-font-icon-svg e-fas-minus\" viewbox=\"0 0 448 512\" xmlns=\"http:\/\/www.w3.org\/2000\/svg\"><path d=\"M416 208H32c-17.67 0-32 14.33-32 32v32c0 17.67 14.33 32 32 32h384c17.67 0 32-14.33 32-32v-32c0-17.67-14.33-32-32-32z\"><\/path><\/svg><\/span>\n\t\t\t\t\t\t\t\t\t\t\t\t\t\t<\/span>\n\t\t\t\t\t\t\t\t\t\t\t\t<a class=\"elementor-accordion-title\" tabindex=\"0\">TIROLER FESTSPIELE \u2013 \u201cSCHNEEFL\u00d6CKCHEN\u201d, die Oper von NIKOLAI RIMSKI-KORSAKOW <\/a>\n\t\t\t\t\t<\/div>\n\t\t\t\t\t<div id=\"elementor-tab-content-15424\" class=\"elementor-tab-content elementor-clearfix\" data-tab=\"24\" role=\"region\" aria-labelledby=\"elementor-tab-title-15424\"><p><strong>Mittwoch, 03<span class=\"tag\">.<\/span>\u00a0Januar<span class=\"monat\">\u00a02024,\u00a0<\/span>18:00 Uhr<\/strong><\/p><p>Tiroler Festspiele, Festspielhaus Erl<\/p><p><em><i>M\u00fchlgraben 56a\u00a0<\/i><\/em><em><i><br \/><\/i><\/em><em><i>Erl,\u00a06343\u00a0\u00d6sterreich<\/i><\/em><\/p><p>Tickets sind <a href=\"https:\/\/ticket.tiroler-festspiele.at\/index.php\/seats\/index\/842\">HIER<\/a> erh\u00e4ltlich<\/p><\/div>\n\t\t\t\t<\/div>\n\t\t\t\t\t\t\t<div class=\"elementor-accordion-item\">\n\t\t\t\t\t<div id=\"elementor-tab-title-15425\" class=\"elementor-tab-title\" data-tab=\"25\" role=\"button\" aria-controls=\"elementor-tab-content-15425\" aria-expanded=\"false\">\n\t\t\t\t\t\t\t\t\t\t\t\t\t<span class=\"elementor-accordion-icon elementor-accordion-icon-right\" aria-hidden=\"true\">\n\t\t\t\t\t\t\t\t\t\t\t\t\t\t\t<span class=\"elementor-accordion-icon-closed\"><svg class=\"e-font-icon-svg e-fas-plus\" viewbox=\"0 0 448 512\" xmlns=\"http:\/\/www.w3.org\/2000\/svg\"><path d=\"M416 208H272V64c0-17.67-14.33-32-32-32h-32c-17.67 0-32 14.33-32 32v144H32c-17.67 0-32 14.33-32 32v32c0 17.67 14.33 32 32 32h144v144c0 17.67 14.33 32 32 32h32c17.67 0 32-14.33 32-32V304h144c17.67 0 32-14.33 32-32v-32c0-17.67-14.33-32-32-32z\"><\/path><\/svg><\/span>\n\t\t\t\t\t\t\t\t<span class=\"elementor-accordion-icon-opened\"><svg class=\"e-font-icon-svg e-fas-minus\" viewbox=\"0 0 448 512\" xmlns=\"http:\/\/www.w3.org\/2000\/svg\"><path d=\"M416 208H32c-17.67 0-32 14.33-32 32v32c0 17.67 14.33 32 32 32h384c17.67 0 32-14.33 32-32v-32c0-17.67-14.33-32-32-32z\"><\/path><\/svg><\/span>\n\t\t\t\t\t\t\t\t\t\t\t\t\t\t<\/span>\n\t\t\t\t\t\t\t\t\t\t\t\t<a class=\"elementor-accordion-title\" tabindex=\"0\">TIROLER FESTSPIELE \u2013 \u201cSCHNEEFL\u00d6CKCHEN\u201d, die Oper von NIKOLAI RIMSKI-KORSAKOW <\/a>\n\t\t\t\t\t<\/div>\n\t\t\t\t\t<div id=\"elementor-tab-content-15425\" class=\"elementor-tab-content elementor-clearfix\" data-tab=\"25\" role=\"region\" aria-labelledby=\"elementor-tab-title-15425\"><p><strong>Mittwoch, 27<span class=\"tag\">.<\/span>\u00a0Dezember<span class=\"monat\">\u00a02023,\u00a0<\/span>18:00 Uhr<\/strong><\/p><p>Tiroler Festspiele, Festspielhaus Erl<\/p><p><em><i>M\u00fchlgraben 56a\u00a0<\/i><\/em><em><i><br \/><\/i><\/em><em><i>Erl,\u00a06343\u00a0\u00d6sterreich<\/i><\/em><\/p><p>Tickets sind <a href=\"https:\/\/ticket.tiroler-festspiele.at\/index.php\/seats\/index\/834\">HIER<\/a> erh\u00e4ltlich<\/p><ul><\/ul><\/div>\n\t\t\t\t<\/div>\n\t\t\t\t\t\t\t<div class=\"elementor-accordion-item\">\n\t\t\t\t\t<div id=\"elementor-tab-title-15426\" class=\"elementor-tab-title\" data-tab=\"26\" role=\"button\" aria-controls=\"elementor-tab-content-15426\" aria-expanded=\"false\">\n\t\t\t\t\t\t\t\t\t\t\t\t\t<span class=\"elementor-accordion-icon elementor-accordion-icon-right\" aria-hidden=\"true\">\n\t\t\t\t\t\t\t\t\t\t\t\t\t\t\t<span class=\"elementor-accordion-icon-closed\"><svg class=\"e-font-icon-svg e-fas-plus\" viewbox=\"0 0 448 512\" xmlns=\"http:\/\/www.w3.org\/2000\/svg\"><path d=\"M416 208H272V64c0-17.67-14.33-32-32-32h-32c-17.67 0-32 14.33-32 32v144H32c-17.67 0-32 14.33-32 32v32c0 17.67 14.33 32 32 32h144v144c0 17.67 14.33 32 32 32h32c17.67 0 32-14.33 32-32V304h144c17.67 0 32-14.33 32-32v-32c0-17.67-14.33-32-32-32z\"><\/path><\/svg><\/span>\n\t\t\t\t\t\t\t\t<span class=\"elementor-accordion-icon-opened\"><svg class=\"e-font-icon-svg e-fas-minus\" viewbox=\"0 0 448 512\" xmlns=\"http:\/\/www.w3.org\/2000\/svg\"><path d=\"M416 208H32c-17.67 0-32 14.33-32 32v32c0 17.67 14.33 32 32 32h384c17.67 0 32-14.33 32-32v-32c0-17.67-14.33-32-32-32z\"><\/path><\/svg><\/span>\n\t\t\t\t\t\t\t\t\t\t\t\t\t\t<\/span>\n\t\t\t\t\t\t\t\t\t\t\t\t<a class=\"elementor-accordion-title\" tabindex=\"0\">ZAUBERHAFTE CHORKL\u00c4NGE ZUR ADVENTSZEIT - ALT\u00d6TTING<\/a>\n\t\t\t\t\t<\/div>\n\t\t\t\t\t<div id=\"elementor-tab-content-15426\" class=\"elementor-tab-content elementor-clearfix\" data-tab=\"26\" role=\"region\" aria-labelledby=\"elementor-tab-title-15426\"><p><strong>Sonntag, 17.12.2023, 17:00 &#8211; 18:15 Uhr<\/strong><\/p><p>Pfarrkirche St. Josef<br \/>Ostpreu\u00dfenstra\u00dfe 2<br \/>84503 Alt\u00f6tting<\/p><p><strong>Benjamin Britten &#8222;A Ceremony of Carols&#8220;<\/strong><\/p><p><strong>John Rutter &#8222;Dancing Day&#8220;<\/strong><\/p><p><strong>Internationale Weihnachtshymnen, traditionelle Weisen, Kinder- und Volkslieder.<\/strong><\/p><p>Konzertchor der Schule f\u00fcr Chorkunst M\u00fcnchen.<\/p><p>Leitung: Maksim Matsiushenkau<\/p><p><span>Harfe: Olivia Debrabandere<\/span><\/p><p><strong>Eintritt frei \u2013 Spenden erbeten<\/strong><\/p><ul><\/ul><\/div>\n\t\t\t\t<\/div>\n\t\t\t\t\t\t\t<div class=\"elementor-accordion-item\">\n\t\t\t\t\t<div id=\"elementor-tab-title-15427\" class=\"elementor-tab-title\" data-tab=\"27\" role=\"button\" aria-controls=\"elementor-tab-content-15427\" aria-expanded=\"false\">\n\t\t\t\t\t\t\t\t\t\t\t\t\t<span class=\"elementor-accordion-icon elementor-accordion-icon-right\" aria-hidden=\"true\">\n\t\t\t\t\t\t\t\t\t\t\t\t\t\t\t<span class=\"elementor-accordion-icon-closed\"><svg class=\"e-font-icon-svg e-fas-plus\" viewbox=\"0 0 448 512\" xmlns=\"http:\/\/www.w3.org\/2000\/svg\"><path d=\"M416 208H272V64c0-17.67-14.33-32-32-32h-32c-17.67 0-32 14.33-32 32v144H32c-17.67 0-32 14.33-32 32v32c0 17.67 14.33 32 32 32h144v144c0 17.67 14.33 32 32 32h32c17.67 0 32-14.33 32-32V304h144c17.67 0 32-14.33 32-32v-32c0-17.67-14.33-32-32-32z\"><\/path><\/svg><\/span>\n\t\t\t\t\t\t\t\t<span class=\"elementor-accordion-icon-opened\"><svg class=\"e-font-icon-svg e-fas-minus\" viewbox=\"0 0 448 512\" xmlns=\"http:\/\/www.w3.org\/2000\/svg\"><path d=\"M416 208H32c-17.67 0-32 14.33-32 32v32c0 17.67 14.33 32 32 32h384c17.67 0 32-14.33 32-32v-32c0-17.67-14.33-32-32-32z\"><\/path><\/svg><\/span>\n\t\t\t\t\t\t\t\t\t\t\t\t\t\t<\/span>\n\t\t\t\t\t\t\t\t\t\t\t\t<a class=\"elementor-accordion-title\" tabindex=\"0\">ZDF LIVE Musikshow \u201eDie sch\u00f6nsten Weihnachts-Hits\u201c<\/a>\n\t\t\t\t\t<\/div>\n\t\t\t\t\t<div id=\"elementor-tab-content-15427\" class=\"elementor-tab-content elementor-clearfix\" data-tab=\"27\" role=\"region\" aria-labelledby=\"elementor-tab-title-15427\"><ul><li><p><strong>Donnerstag, 7. Dezember 2023, 20.15 Uhr, LIVE im ZDF<\/strong><\/p><p>\u0413\u0430\u043b\u0430-\u0432\u0435\u0447\u0435\u0440 \u043f\u043e \u0441\u0431\u043e\u0440\u0443 \u0441\u0440\u0435\u0434\u0441\u0442\u0432 \u0432 \u043f\u043e\u043c\u043e\u0449\u044c \u043e\u0440\u0433\u0430\u043d\u0438\u0437\u0430\u0446\u0438\u044f\u043c \u043f\u043e \u043e\u043a\u0430\u0437\u0430\u043d\u0438\u044e \u043f\u043e\u043c\u043e\u0449\u0438 BROT F\u00dcR DIE WELT \u0438 MISEREOR<\/p><\/li><\/ul><ul><\/ul><\/div>\n\t\t\t\t<\/div>\n\t\t\t\t\t\t\t<div class=\"elementor-accordion-item\">\n\t\t\t\t\t<div id=\"elementor-tab-title-15428\" class=\"elementor-tab-title\" data-tab=\"28\" role=\"button\" aria-controls=\"elementor-tab-content-15428\" aria-expanded=\"false\">\n\t\t\t\t\t\t\t\t\t\t\t\t\t<span class=\"elementor-accordion-icon elementor-accordion-icon-right\" aria-hidden=\"true\">\n\t\t\t\t\t\t\t\t\t\t\t\t\t\t\t<span class=\"elementor-accordion-icon-closed\"><svg class=\"e-font-icon-svg e-fas-plus\" viewbox=\"0 0 448 512\" xmlns=\"http:\/\/www.w3.org\/2000\/svg\"><path d=\"M416 208H272V64c0-17.67-14.33-32-32-32h-32c-17.67 0-32 14.33-32 32v144H32c-17.67 0-32 14.33-32 32v32c0 17.67 14.33 32 32 32h144v144c0 17.67 14.33 32 32 32h32c17.67 0 32-14.33 32-32V304h144c17.67 0 32-14.33 32-32v-32c0-17.67-14.33-32-32-32z\"><\/path><\/svg><\/span>\n\t\t\t\t\t\t\t\t<span class=\"elementor-accordion-icon-opened\"><svg class=\"e-font-icon-svg e-fas-minus\" viewbox=\"0 0 448 512\" xmlns=\"http:\/\/www.w3.org\/2000\/svg\"><path d=\"M416 208H32c-17.67 0-32 14.33-32 32v32c0 17.67 14.33 32 32 32h384c17.67 0 32-14.33 32-32v-32c0-17.67-14.33-32-32-32z\"><\/path><\/svg><\/span>\n\t\t\t\t\t\t\t\t\t\t\t\t\t\t<\/span>\n\t\t\t\t\t\t\t\t\t\t\t\t<a class=\"elementor-accordion-title\" tabindex=\"0\">ZAUBERHAFTE CHORKL\u00c4NGE ZUR ADVENTSZEIT - MIESBACH<\/a>\n\t\t\t\t\t<\/div>\n\t\t\t\t\t<div id=\"elementor-tab-content-15428\" class=\"elementor-tab-content elementor-clearfix\" data-tab=\"28\" role=\"region\" aria-labelledby=\"elementor-tab-title-15428\"><p><strong>Sonntag, 03.12.2023, 17:00 &#8211; 18:15 Uhr<\/strong><\/p><p><span>Apostelkirche &#8211; Evangelisch-Lutherische Kirchengemeinde Miesbach<\/span><br \/><span style=\"caret-color: #202124; color: #202124; font-family: arial, sans-serif; font-size: 14px; background-color: var( --e-global-color-1237ee86 );\">Rathausstra\u00dfe 12\u00a0<\/span><br \/><span style=\"caret-color: #202124; color: #202124; font-family: arial, sans-serif; font-size: 14px; background-color: var( --e-global-color-1237ee86 );\">83714 Miesbach<\/span><\/p><p><strong>Benjamin Britten &#8222;A Ceremony of Carols&#8220;<\/strong><\/p><p><strong>John Rutter &#8222;Dancing Day&#8220;<\/strong><\/p><p><strong>Internationale Weihnachtshymnen, traditionelle Weisen, Kinder- und Volkslieder.<\/strong><\/p><p>Konzertchor der Schule f\u00fcr Chorkunst M\u00fcnchen.<\/p><p>Leitung: Maksim Matsiushenkau<\/p><p>Harfe: Olivia Debrabandere<\/p><p><strong>Eintritt frei \u2013 Spenden erbeten<\/strong><\/p><ul><\/ul><\/div>\n\t\t\t\t<\/div>\n\t\t\t\t\t\t\t<div class=\"elementor-accordion-item\">\n\t\t\t\t\t<div id=\"elementor-tab-title-15429\" class=\"elementor-tab-title\" data-tab=\"29\" role=\"button\" aria-controls=\"elementor-tab-content-15429\" aria-expanded=\"false\">\n\t\t\t\t\t\t\t\t\t\t\t\t\t<span class=\"elementor-accordion-icon elementor-accordion-icon-right\" aria-hidden=\"true\">\n\t\t\t\t\t\t\t\t\t\t\t\t\t\t\t<span class=\"elementor-accordion-icon-closed\"><svg class=\"e-font-icon-svg e-fas-plus\" viewbox=\"0 0 448 512\" xmlns=\"http:\/\/www.w3.org\/2000\/svg\"><path d=\"M416 208H272V64c0-17.67-14.33-32-32-32h-32c-17.67 0-32 14.33-32 32v144H32c-17.67 0-32 14.33-32 32v32c0 17.67 14.33 32 32 32h144v144c0 17.67 14.33 32 32 32h32c17.67 0 32-14.33 32-32V304h144c17.67 0 32-14.33 32-32v-32c0-17.67-14.33-32-32-32z\"><\/path><\/svg><\/span>\n\t\t\t\t\t\t\t\t<span class=\"elementor-accordion-icon-opened\"><svg class=\"e-font-icon-svg e-fas-minus\" viewbox=\"0 0 448 512\" xmlns=\"http:\/\/www.w3.org\/2000\/svg\"><path d=\"M416 208H32c-17.67 0-32 14.33-32 32v32c0 17.67 14.33 32 32 32h384c17.67 0 32-14.33 32-32v-32c0-17.67-14.33-32-32-32z\"><\/path><\/svg><\/span>\n\t\t\t\t\t\t\t\t\t\t\t\t\t\t<\/span>\n\t\t\t\t\t\t\t\t\t\t\t\t<a class=\"elementor-accordion-title\" tabindex=\"0\">TIROLER FESTSPIELE \u2013 CHORKONZERT F\u00dcR FAMILIEN<\/a>\n\t\t\t\t\t<\/div>\n\t\t\t\t\t<div id=\"elementor-tab-content-15429\" class=\"elementor-tab-content elementor-clearfix\" data-tab=\"29\" role=\"region\" aria-labelledby=\"elementor-tab-title-15429\"><p><strong><span class=\"wochentag\">Donnerstag,<\/span>\u00a0<span class=\"tag\">20.<\/span> <span class=\"monat\">Juli 2023,\u00a0<\/span>19:00 Uhr<\/strong><\/p><p>Tiroler Festspiele, Festspielhaus Erl<\/p><p><em><i>M\u00fchlgraben 56a\u00a0<\/i><\/em><em><i><br \/><\/i><\/em><em><i>Erl,\u00a06343\u00a0\u00d6sterreich<\/i><\/em><\/p><p><strong>CAPELLA MINSK<\/strong><\/p><p>Chorleitung:\u00a0<strong>OLGA YANUM<\/strong><\/p><p><strong>KONZERTCHOR DER SCHULE F\u00dcR CHORKUNST M\u00dcNCHEN<\/strong><\/p><p>Chorleitung: <strong>Maksim Matsiushenkau<\/strong><\/p><p><strong>BUNDESMUSIKKAPELLE ERL<\/strong><\/p><p>Musikalische Leitung:\u00a0<strong>ANTON PFISTERER JUN.<\/strong><\/p><p>Tickets sind <a href=\"https:\/\/ticket.tiroler-festspiele.at\/index.php\/seats\/index\/811\">HIER<\/a> erh\u00e4ltlich<\/p><ul><\/ul><\/div>\n\t\t\t\t<\/div>\n\t\t\t\t\t\t\t<div class=\"elementor-accordion-item\">\n\t\t\t\t\t<div id=\"elementor-tab-title-15430\" class=\"elementor-tab-title\" data-tab=\"30\" role=\"button\" aria-controls=\"elementor-tab-content-15430\" aria-expanded=\"false\">\n\t\t\t\t\t\t\t\t\t\t\t\t\t<span class=\"elementor-accordion-icon elementor-accordion-icon-right\" aria-hidden=\"true\">\n\t\t\t\t\t\t\t\t\t\t\t\t\t\t\t<span class=\"elementor-accordion-icon-closed\"><svg class=\"e-font-icon-svg e-fas-plus\" viewbox=\"0 0 448 512\" xmlns=\"http:\/\/www.w3.org\/2000\/svg\"><path d=\"M416 208H272V64c0-17.67-14.33-32-32-32h-32c-17.67 0-32 14.33-32 32v144H32c-17.67 0-32 14.33-32 32v32c0 17.67 14.33 32 32 32h144v144c0 17.67 14.33 32 32 32h32c17.67 0 32-14.33 32-32V304h144c17.67 0 32-14.33 32-32v-32c0-17.67-14.33-32-32-32z\"><\/path><\/svg><\/span>\n\t\t\t\t\t\t\t\t<span class=\"elementor-accordion-icon-opened\"><svg class=\"e-font-icon-svg e-fas-minus\" viewbox=\"0 0 448 512\" xmlns=\"http:\/\/www.w3.org\/2000\/svg\"><path d=\"M416 208H32c-17.67 0-32 14.33-32 32v32c0 17.67 14.33 32 32 32h384c17.67 0 32-14.33 32-32v-32c0-17.67-14.33-32-32-32z\"><\/path><\/svg><\/span>\n\t\t\t\t\t\t\t\t\t\t\t\t\t\t<\/span>\n\t\t\t\t\t\t\t\t\t\t\t\t<a class=\"elementor-accordion-title\" tabindex=\"0\">CARL-ORFF-Kompositionswettbewerb<\/a>\n\t\t\t\t\t<\/div>\n\t\t\t\t\t<div id=\"elementor-tab-content-15430\" class=\"elementor-tab-content elementor-clearfix\" data-tab=\"30\" role=\"region\" aria-labelledby=\"elementor-tab-title-15430\"><h5 class=\"date_short m0\"><strong>Dienstag, 18. Juli 2023, 19:00 Uhr<\/strong><\/h5><p class=\"venue_short\"><strong><a title=\"Residenz, Allerheiligen-Hofkirche\" href=\"https:\/\/www.muenchenticket.de\/tickets\/spielstaetten\/location_lbz8yf8nc7pj\"><span itemprop=\"name\">Residenz, Allerheiligen-Hofkirche<\/span><\/a><\/strong><\/p><p><strong>Residenzstra\u00dfe 1<\/strong><\/p><p><strong>80333 \u041c\u044e\u043d\u0445\u0435\u043d<\/strong><\/p><p>Tickets sind <a href=\"https:\/\/www.muenchenticket.de\/tickets\/performances\/egogotj7x0ka\/Orff-Kompositionswettbewerb\">HIER<\/a> erh\u00e4ltlich<\/p><p><span>10 Volkslieder aus aller Welt, umgesetzt f\u00fcr Kinderch\u00f6re, begleitet mit Orff Instrumenten und einem Streichquintett.<\/span><br \/><span>Es singen die <\/span><strong>Kinderch\u00f6re Chorkunst M\u00fcnchen, Domkantorei<\/strong><span> und <\/span><strong>Unterstufenchor des Max Josef Stift.<\/strong><br \/><span>Der Carl-Orff-Kompositionswettbewerb findet nun schon zum f\u00fcnften Mal statt. H\u00f6hepunkt ist das Finale der zehn besten Kompositionen. Der Wettbewerb ist ein internationales Projekt zur F\u00f6rderung von Komponisten und neuer Musik.\u00a0<\/span><br \/><span>In diesem Carl-Orff-Kompositionswettbewerb wird der 125. Geburtstag von Carl Orff gefeiert. Neben der Carmina Burana ist wohl auch das &#8222;Orff-Schulwerk&#8220; weltweit bekannt. Aus diesem Anlass wurde Carl Orffs p\u00e4dagogisches Konzept f\u00fcr diesen Wettbewerb aufgegriffen. Grundlage des Orff-Schulwerks sind der kreative Umgang mit den Elementen Musik, Sprache und Bewegung als elementare Ausdrucksformen des Menschen und die Erkenntnis, dass Sprache, Tanz und Musik f\u00fcr das Kind noch nicht differenzierte Handlungsfelder sind. Zum Singen kommt von Anfang an auch das Spielen auf Instrumenten, und zur Wiedergabe von geh\u00f6rter oder notierter Musik oder zum Tanzen tradierter Formen geh\u00f6rt auch das Selbsterfinden und -gestalten. Das Orff-Schulwerk aktiviert als Elementare Musik- und Tanzp\u00e4dagogik ein in jedem Menschen vorhandenes Ausdruckspotential, aber auch kultur\u00fcbergreifende musikalische Verhaltensweisen.\u00a0<\/span><br \/><span>Die Kompositionen dieses Wettbewerbs sollten in diesem Sinne ein Verst\u00e4ndnis f\u00fcr andere Kulturen f\u00f6rdern. Darum war das Thema der Komposition ein frei w\u00e4hlbares, allseits bekanntes Volkslied aus der Muttersprache des Komponisten. Die Werke sollen von Kindern gesungen und mit einer Auswahl von Orff-Instrumenten gespielt werden.\u00a0<\/span><\/p><p><span>\u041e\u0440\u0433\u0430\u043d\u0438\u0437\u0430\u0442\u043e\u0440: <\/span><a href=\"https:\/\/www.carl-orff-competition.com\/de\/\"><span itemprop=\"organizer\">Carl Orff Competition e. V.<\/span><\/a><\/p><ul><\/ul><\/div>\n\t\t\t\t<\/div>\n\t\t\t\t\t\t\t<div class=\"elementor-accordion-item\">\n\t\t\t\t\t<div id=\"elementor-tab-title-15431\" class=\"elementor-tab-title\" data-tab=\"31\" role=\"button\" aria-controls=\"elementor-tab-content-15431\" aria-expanded=\"false\">\n\t\t\t\t\t\t\t\t\t\t\t\t\t<span class=\"elementor-accordion-icon elementor-accordion-icon-right\" aria-hidden=\"true\">\n\t\t\t\t\t\t\t\t\t\t\t\t\t\t\t<span class=\"elementor-accordion-icon-closed\"><svg class=\"e-font-icon-svg e-fas-plus\" viewbox=\"0 0 448 512\" xmlns=\"http:\/\/www.w3.org\/2000\/svg\"><path d=\"M416 208H272V64c0-17.67-14.33-32-32-32h-32c-17.67 0-32 14.33-32 32v144H32c-17.67 0-32 14.33-32 32v32c0 17.67 14.33 32 32 32h144v144c0 17.67 14.33 32 32 32h32c17.67 0 32-14.33 32-32V304h144c17.67 0 32-14.33 32-32v-32c0-17.67-14.33-32-32-32z\"><\/path><\/svg><\/span>\n\t\t\t\t\t\t\t\t<span class=\"elementor-accordion-icon-opened\"><svg class=\"e-font-icon-svg e-fas-minus\" viewbox=\"0 0 448 512\" xmlns=\"http:\/\/www.w3.org\/2000\/svg\"><path d=\"M416 208H32c-17.67 0-32 14.33-32 32v32c0 17.67 14.33 32 32 32h384c17.67 0 32-14.33 32-32v-32c0-17.67-14.33-32-32-32z\"><\/path><\/svg><\/span>\n\t\t\t\t\t\t\t\t\t\t\t\t\t\t<\/span>\n\t\t\t\t\t\t\t\t\t\t\t\t<a class=\"elementor-accordion-title\" tabindex=\"0\">TIROLER FESTSPIELE \u2013 \u201cK\u00d6NIGSKINDER\u201d, die Oper von ENGELBERT HUMPERDINCK<\/a>\n\t\t\t\t\t<\/div>\n\t\t\t\t\t<div id=\"elementor-tab-content-15431\" class=\"elementor-tab-content elementor-clearfix\" data-tab=\"31\" role=\"region\" aria-labelledby=\"elementor-tab-title-15431\"><p><strong><span class=\"wochentag\">Samstag<\/span>\u00a0<span class=\"tag\">15.<\/span> <span class=\"monat\">Juli 2023,\u00a0<\/span>18:00 Uhr<\/strong><\/p><p>Tiroler Festspiele, Festspielhaus Erl<\/p><p><em><i>M\u00fchlgraben 56a\u00a0<\/i><\/em><em><i><br \/><\/i><\/em><em><i>Erl,\u00a06343\u00a0\u00d6sterreich<\/i><\/em><\/p><p>Tickets sind <a href=\"https:\/\/ticket.tiroler-festspiele.at\/index.php\/seats\/index\/795\">HIER<\/a> erh\u00e4ltlich<\/p><ul><\/ul><\/div>\n\t\t\t\t<\/div>\n\t\t\t\t\t\t\t<div class=\"elementor-accordion-item\">\n\t\t\t\t\t<div id=\"elementor-tab-title-15432\" class=\"elementor-tab-title\" data-tab=\"32\" role=\"button\" aria-controls=\"elementor-tab-content-15432\" aria-expanded=\"false\">\n\t\t\t\t\t\t\t\t\t\t\t\t\t<span class=\"elementor-accordion-icon elementor-accordion-icon-right\" aria-hidden=\"true\">\n\t\t\t\t\t\t\t\t\t\t\t\t\t\t\t<span class=\"elementor-accordion-icon-closed\"><svg class=\"e-font-icon-svg e-fas-plus\" viewbox=\"0 0 448 512\" xmlns=\"http:\/\/www.w3.org\/2000\/svg\"><path d=\"M416 208H272V64c0-17.67-14.33-32-32-32h-32c-17.67 0-32 14.33-32 32v144H32c-17.67 0-32 14.33-32 32v32c0 17.67 14.33 32 32 32h144v144c0 17.67 14.33 32 32 32h32c17.67 0 32-14.33 32-32V304h144c17.67 0 32-14.33 32-32v-32c0-17.67-14.33-32-32-32z\"><\/path><\/svg><\/span>\n\t\t\t\t\t\t\t\t<span class=\"elementor-accordion-icon-opened\"><svg class=\"e-font-icon-svg e-fas-minus\" viewbox=\"0 0 448 512\" xmlns=\"http:\/\/www.w3.org\/2000\/svg\"><path d=\"M416 208H32c-17.67 0-32 14.33-32 32v32c0 17.67 14.33 32 32 32h384c17.67 0 32-14.33 32-32v-32c0-17.67-14.33-32-32-32z\"><\/path><\/svg><\/span>\n\t\t\t\t\t\t\t\t\t\t\t\t\t\t<\/span>\n\t\t\t\t\t\t\t\t\t\t\t\t<a class=\"elementor-accordion-title\" tabindex=\"0\">TIROLER FESTSPIELE \u2013 \u201cK\u00d6NIGSKINDER\u201d, die Oper von ENGELBERT HUMPERDINCK<\/a>\n\t\t\t\t\t<\/div>\n\t\t\t\t\t<div id=\"elementor-tab-content-15432\" class=\"elementor-tab-content elementor-clearfix\" data-tab=\"32\" role=\"region\" aria-labelledby=\"elementor-tab-title-15432\"><p><strong><span class=\"wochentag\">Freitag,<\/span>\u00a0<span class=\"tag\">07.<\/span> <span class=\"monat\">Juli 2023,\u00a0<\/span>18:00 Uhr<\/strong><\/p><p>Tiroler Festspiele, Festspielhaus Erl<\/p><p><em><i>M\u00fchlgraben 56a\u00a0<\/i><\/em><em><i><br \/><\/i><\/em><em><i>Erl,\u00a06343\u00a0\u00d6sterreich<\/i><\/em><\/p><p>Tickets sind <a href=\"https:\/\/ticket.tiroler-festspiele.at\/index.php\/seats\/index\/794\">HIER<\/a> erh\u00e4ltlich<\/p><ul><\/ul><\/div>\n\t\t\t\t<\/div>\n\t\t\t\t\t\t\t<div class=\"elementor-accordion-item\">\n\t\t\t\t\t<div id=\"elementor-tab-title-15433\" class=\"elementor-tab-title\" data-tab=\"33\" role=\"button\" aria-controls=\"elementor-tab-content-15433\" aria-expanded=\"false\">\n\t\t\t\t\t\t\t\t\t\t\t\t\t<span class=\"elementor-accordion-icon elementor-accordion-icon-right\" aria-hidden=\"true\">\n\t\t\t\t\t\t\t\t\t\t\t\t\t\t\t<span class=\"elementor-accordion-icon-closed\"><svg class=\"e-font-icon-svg e-fas-plus\" viewbox=\"0 0 448 512\" xmlns=\"http:\/\/www.w3.org\/2000\/svg\"><path d=\"M416 208H272V64c0-17.67-14.33-32-32-32h-32c-17.67 0-32 14.33-32 32v144H32c-17.67 0-32 14.33-32 32v32c0 17.67 14.33 32 32 32h144v144c0 17.67 14.33 32 32 32h32c17.67 0 32-14.33 32-32V304h144c17.67 0 32-14.33 32-32v-32c0-17.67-14.33-32-32-32z\"><\/path><\/svg><\/span>\n\t\t\t\t\t\t\t\t<span class=\"elementor-accordion-icon-opened\"><svg class=\"e-font-icon-svg e-fas-minus\" viewbox=\"0 0 448 512\" xmlns=\"http:\/\/www.w3.org\/2000\/svg\"><path d=\"M416 208H32c-17.67 0-32 14.33-32 32v32c0 17.67 14.33 32 32 32h384c17.67 0 32-14.33 32-32v-32c0-17.67-14.33-32-32-32z\"><\/path><\/svg><\/span>\n\t\t\t\t\t\t\t\t\t\t\t\t\t\t<\/span>\n\t\t\t\t\t\t\t\t\t\t\t\t<a class=\"elementor-accordion-title\" tabindex=\"0\">EUROPA-TAGE DER MUSIK \/ FESTKONZERT<\/a>\n\t\t\t\t\t<\/div>\n\t\t\t\t\t<div id=\"elementor-tab-content-15433\" class=\"elementor-tab-content elementor-clearfix\" data-tab=\"33\" role=\"region\" aria-labelledby=\"elementor-tab-title-15433\"><p><strong>Montag, 24. Juni 2023,\u00a019:00 Uhr.<\/strong><\/p><h6><a href=\"https:\/\/www.theater-selb.de\"><strong>Rosenthal-Theater<\/strong><\/a><\/h6><p><strong>Hohenberger Stra\u00dfe 9<\/strong><\/p><p><strong>95100 Selb<\/strong><\/p><ul><li>\u041f\u0440\u0430\u0437\u0434\u043d\u0438\u0447\u043d\u044b\u0439 \u043a\u043e\u043d\u0446\u0435\u0440\u0442 \u0432 \u0440\u0430\u043c\u043a\u0430\u0445 \u0414\u041d\u0415\u0419 \u041c\u0423\u0417\u042b\u041a\u0418 \u0415\u0412\u0420\u041e\u041f\u042b<\/li><li><p style=\"margin-right: 0px; margin-bottom: 15px; margin-left: 0px; caret-color: #777777; color: #777777; font-family: Roboto, sans-serif; font-size: 15px;\">Das Festkonzert ist der kr\u00f6nende Abschluss eines tollen Tages der Musik in Selb. Im Rosenthaltheater wird das Motto der Europa-Tage der Musik nochmal deutlich demonstriert: Musik verbindet! Zu h\u00f6ren sind deutsche und tschechische Ensembles, moderiert wird der Abend von Bara Prochazkova. Eintritt frei!<\/p><p style=\"margin-right: 0px; margin-bottom: 15px; margin-left: 0px; caret-color: #777777; color: #777777; font-family: Roboto, sans-serif; font-size: 15px;\"><strong style=\"font-weight: bold;\">Kammermusikensemble der Musikschule Liberec<br \/>Familienmusik Munzert<br \/>Saz-Musiker<br \/>Dudelsackkapelle Ledce<br \/>\u0432 \u0428\u043a\u043e\u043b\u0435 \u0445\u043e\u0440\u043e\u0432\u043e\u0433\u043e \u0438\u0441\u043a\u0443\u0441\u0441\u0442\u0432\u0430 \u041c\u044e\u043d\u0445\u0435\u043d\u0430<\/strong><\/p><p style=\"margin-right: 0px; margin-bottom: 15px; margin-left: 0px; caret-color: #777777; color: #777777; font-family: Roboto, sans-serif; font-size: 15px;\">Moderation: Bara Prochazkova<\/p><p style=\"margin-right: 0px; margin-bottom: 15px; margin-left: 0px; caret-color: #777777; color: #777777; font-family: Roboto, sans-serif; font-size: 15px;\">Eintritt frei!<\/p><\/li><\/ul><ul><li><span><\/span><b>\u041e\u0440\u0433\u0430\u043d\u0438\u0437\u0430\u0442\u043e\u0440:<\/b>: <a href=\"https:\/\/www.bayerischer-musikrat.de\/projekte\/europa-tage-der-musik\/aktuelles\/2023%20Festkonzert%20Selb\">Bayerischer Musikrat<\/a><\/li><\/ul><ul><\/ul><\/div>\n\t\t\t\t<\/div>\n\t\t\t\t\t\t\t<div class=\"elementor-accordion-item\">\n\t\t\t\t\t<div id=\"elementor-tab-title-15434\" class=\"elementor-tab-title\" data-tab=\"34\" role=\"button\" aria-controls=\"elementor-tab-content-15434\" aria-expanded=\"false\">\n\t\t\t\t\t\t\t\t\t\t\t\t\t<span class=\"elementor-accordion-icon elementor-accordion-icon-right\" aria-hidden=\"true\">\n\t\t\t\t\t\t\t\t\t\t\t\t\t\t\t<span class=\"elementor-accordion-icon-closed\"><svg class=\"e-font-icon-svg e-fas-plus\" viewbox=\"0 0 448 512\" xmlns=\"http:\/\/www.w3.org\/2000\/svg\"><path d=\"M416 208H272V64c0-17.67-14.33-32-32-32h-32c-17.67 0-32 14.33-32 32v144H32c-17.67 0-32 14.33-32 32v32c0 17.67 14.33 32 32 32h144v144c0 17.67 14.33 32 32 32h32c17.67 0 32-14.33 32-32V304h144c17.67 0 32-14.33 32-32v-32c0-17.67-14.33-32-32-32z\"><\/path><\/svg><\/span>\n\t\t\t\t\t\t\t\t<span class=\"elementor-accordion-icon-opened\"><svg class=\"e-font-icon-svg e-fas-minus\" viewbox=\"0 0 448 512\" xmlns=\"http:\/\/www.w3.org\/2000\/svg\"><path d=\"M416 208H32c-17.67 0-32 14.33-32 32v32c0 17.67 14.33 32 32 32h384c17.67 0 32-14.33 32-32v-32c0-17.67-14.33-32-32-32z\"><\/path><\/svg><\/span>\n\t\t\t\t\t\t\t\t\t\t\t\t\t\t<\/span>\n\t\t\t\t\t\t\t\t\t\t\t\t<a class=\"elementor-accordion-title\" tabindex=\"0\">SOMMERKONZERT - Kinderkonzert<\/a>\n\t\t\t\t\t<\/div>\n\t\t\t\t\t<div id=\"elementor-tab-content-15434\" class=\"elementor-tab-content elementor-clearfix\" data-tab=\"34\" role=\"region\" aria-labelledby=\"elementor-tab-title-15434\"><h5><strong>Sonntag, 25. Juni 2023, 16:00 Uhr<\/strong><\/h5><h6><strong><a href=\"https:\/\/www.gasteig.de\/raeume\/saal-x\" aria-label=\"Weitere Informationen zum Raum\">Saal X<\/a><span> | Gasteig HP8<\/span><\/strong><\/h6><ul><li><div class=\"grid nLLzUa\" data-hero=\"\" data-type=\"event\"><div class=\"container\"><div class=\"w-12 w-md-7 offset-md-1 Q-xcOp\"><p class=\"dLBS6p d-none d-md-block\">Solo- und Kammermusikwerke aus verschiedenen Epochen mit Erkl\u00e4rungen und Gespr\u00e4chen. Die Sch\u00fcler*innen des M\u00fcnchener Musikseminars musizieren zusammen mit den Gewinnern des Internationalen Musik- und Kunstwettbewerbs f\u00fcr Kinder und Jugendliche in M\u00fcnchen.<\/p><\/div><\/div><\/div><div class=\"grid\"><div class=\"container\"><div class=\"w-12 w-sm-8 w-md-6 offset-md-5\"><div class=\"xz9EsC\" data-container=\"text\"><p>Tickets sind <a href=\"https:\/\/www.muenchenticket.de\/tickets\/performances\/e1z8jqn2cpxu\/Sommerkonzert\">HIER<\/a> \u043c\u043e\u0436\u043d\u043e \u043f\u0440\u0438\u043e\u0431\u0440\u0435\u0441\u0442\u0438<\/p><\/div><\/div><\/div><\/div><\/li><li><span><\/span><b>\u041e\u0440\u0433\u0430\u043d\u0438\u0437\u0430\u0442\u043e\u0440:<\/b>: <a href=\"https:\/\/musikseminar.eu\/\" target=\"_blank\" rel=\"noopener noreferrer\" aria-label=\"Veranstaltende: M\u00fcnchener Musikseminar e. V.\">M\u00fcnchener Musikseminar e. V.<\/a><\/li><\/ul><\/div>\n\t\t\t\t<\/div>\n\t\t\t\t\t\t\t<div class=\"elementor-accordion-item\">\n\t\t\t\t\t<div id=\"elementor-tab-title-15435\" class=\"elementor-tab-title\" data-tab=\"35\" role=\"button\" aria-controls=\"elementor-tab-content-15435\" aria-expanded=\"false\">\n\t\t\t\t\t\t\t\t\t\t\t\t\t<span class=\"elementor-accordion-icon elementor-accordion-icon-right\" aria-hidden=\"true\">\n\t\t\t\t\t\t\t\t\t\t\t\t\t\t\t<span class=\"elementor-accordion-icon-closed\"><svg class=\"e-font-icon-svg e-fas-plus\" viewbox=\"0 0 448 512\" xmlns=\"http:\/\/www.w3.org\/2000\/svg\"><path d=\"M416 208H272V64c0-17.67-14.33-32-32-32h-32c-17.67 0-32 14.33-32 32v144H32c-17.67 0-32 14.33-32 32v32c0 17.67 14.33 32 32 32h144v144c0 17.67 14.33 32 32 32h32c17.67 0 32-14.33 32-32V304h144c17.67 0 32-14.33 32-32v-32c0-17.67-14.33-32-32-32z\"><\/path><\/svg><\/span>\n\t\t\t\t\t\t\t\t<span class=\"elementor-accordion-icon-opened\"><svg class=\"e-font-icon-svg e-fas-minus\" viewbox=\"0 0 448 512\" xmlns=\"http:\/\/www.w3.org\/2000\/svg\"><path d=\"M416 208H32c-17.67 0-32 14.33-32 32v32c0 17.67 14.33 32 32 32h384c17.67 0 32-14.33 32-32v-32c0-17.67-14.33-32-32-32z\"><\/path><\/svg><\/span>\n\t\t\t\t\t\t\t\t\t\t\t\t\t\t<\/span>\n\t\t\t\t\t\t\t\t\t\t\t\t<a class=\"elementor-accordion-title\" tabindex=\"0\">Lange Nacht der Ch\u00f6re - HANNOVER<\/a>\n\t\t\t\t\t<\/div>\n\t\t\t\t\t<div id=\"elementor-tab-content-15435\" class=\"elementor-tab-content elementor-clearfix\" data-tab=\"35\" role=\"region\" aria-labelledby=\"elementor-tab-title-15435\"><p>\u00a0<\/p><p style=\"font-weight: 400;\"><strong>Galerie Herrenhausen <\/strong><\/p><p style=\"font-weight: 400;\">Herrenh\u00e4user G\u00e4rten<\/p><p style=\"font-weight: 400;\">Herrenh\u00e4user Stra\u00dfe 3a<br \/>30419 Hannover<\/p><p><span style=\"font-weight: 400;\">Tickets: Eintritt frei<\/span><\/p><p><span style=\"font-weight: 400;\"><\/span>Im Programm:<\/p><p style=\"font-weight: 400;\">20:00 Konzertchor der Schule f\u00fcr Chorkunst M\u00fcnchen<\/p><p style=\"font-weight: 400;\">20:20 M\u00fcnchner Frauenchor<\/p><p style=\"font-weight: 400;\">20:40 Clazz<\/p><p style=\"font-weight: 400;\">21:00 4&#215;4 Frauenchor der PH Heidelberg<\/p><p style=\"font-weight: 400;\"><span>21:20 Quattro Formaggi <\/span><\/p><p style=\"font-weight: 400;\"><span>21:40 Chorda filiarum <\/span><\/p><p style=\"font-weight: 400;\"><span>22:00 Junges Ensemble Berlin <\/span><\/p><p style=\"font-weight: 400;\">22:20 Cantilena U\u0308berherrn<\/p><p><span style=\"font-weight: 400;\">22:40 Free Vocals <\/span><\/p><\/div>\n\t\t\t\t<\/div>\n\t\t\t\t\t\t\t<div class=\"elementor-accordion-item\">\n\t\t\t\t\t<div id=\"elementor-tab-title-15436\" class=\"elementor-tab-title\" data-tab=\"36\" role=\"button\" aria-controls=\"elementor-tab-content-15436\" aria-expanded=\"false\">\n\t\t\t\t\t\t\t\t\t\t\t\t\t<span class=\"elementor-accordion-icon elementor-accordion-icon-right\" aria-hidden=\"true\">\n\t\t\t\t\t\t\t\t\t\t\t\t\t\t\t<span class=\"elementor-accordion-icon-closed\"><svg class=\"e-font-icon-svg e-fas-plus\" viewbox=\"0 0 448 512\" xmlns=\"http:\/\/www.w3.org\/2000\/svg\"><path d=\"M416 208H272V64c0-17.67-14.33-32-32-32h-32c-17.67 0-32 14.33-32 32v144H32c-17.67 0-32 14.33-32 32v32c0 17.67 14.33 32 32 32h144v144c0 17.67 14.33 32 32 32h32c17.67 0 32-14.33 32-32V304h144c17.67 0 32-14.33 32-32v-32c0-17.67-14.33-32-32-32z\"><\/path><\/svg><\/span>\n\t\t\t\t\t\t\t\t<span class=\"elementor-accordion-icon-opened\"><svg class=\"e-font-icon-svg e-fas-minus\" viewbox=\"0 0 448 512\" xmlns=\"http:\/\/www.w3.org\/2000\/svg\"><path d=\"M416 208H32c-17.67 0-32 14.33-32 32v32c0 17.67 14.33 32 32 32h384c17.67 0 32-14.33 32-32v-32c0-17.67-14.33-32-32-32z\"><\/path><\/svg><\/span>\n\t\t\t\t\t\t\t\t\t\t\t\t\t\t<\/span>\n\t\t\t\t\t\t\t\t\t\t\t\t<a class=\"elementor-accordion-title\" tabindex=\"0\">DEUTSCHER CHORWETTBEWERB - HANNOVER<\/a>\n\t\t\t\t\t<\/div>\n\t\t\t\t\t<div id=\"elementor-tab-content-15436\" class=\"elementor-tab-content elementor-clearfix\" data-tab=\"36\" role=\"region\" aria-labelledby=\"elementor-tab-title-15436\"><ul><li><span><\/span><p><strong>Montag, 5. Juni 2023,\u00a015:10 Uhr.<\/strong><\/p><p><strong><a title=\"Schauspielhaus \" href=\"https:\/\/www.hannover.de\/Media\/02-GIS-Objekte\/Lokationsdatenbank\/Redaktion-Hannover.de\/A-Z\/S\/Schauspielhaus\">Schauspielhaus<\/a><\/strong><br \/><strong>Prinzenstra\u00dfe 9,<\/strong><br \/><strong>30159 Hannover<\/strong><\/p><\/li><\/ul><\/div>\n\t\t\t\t<\/div>\n\t\t\t\t\t\t\t<div class=\"elementor-accordion-item\">\n\t\t\t\t\t<div id=\"elementor-tab-title-15437\" class=\"elementor-tab-title\" data-tab=\"37\" role=\"button\" aria-controls=\"elementor-tab-content-15437\" aria-expanded=\"false\">\n\t\t\t\t\t\t\t\t\t\t\t\t\t<span class=\"elementor-accordion-icon elementor-accordion-icon-right\" aria-hidden=\"true\">\n\t\t\t\t\t\t\t\t\t\t\t\t\t\t\t<span class=\"elementor-accordion-icon-closed\"><svg class=\"e-font-icon-svg e-fas-plus\" viewbox=\"0 0 448 512\" xmlns=\"http:\/\/www.w3.org\/2000\/svg\"><path d=\"M416 208H272V64c0-17.67-14.33-32-32-32h-32c-17.67 0-32 14.33-32 32v144H32c-17.67 0-32 14.33-32 32v32c0 17.67 14.33 32 32 32h144v144c0 17.67 14.33 32 32 32h32c17.67 0 32-14.33 32-32V304h144c17.67 0 32-14.33 32-32v-32c0-17.67-14.33-32-32-32z\"><\/path><\/svg><\/span>\n\t\t\t\t\t\t\t\t<span class=\"elementor-accordion-icon-opened\"><svg class=\"e-font-icon-svg e-fas-minus\" viewbox=\"0 0 448 512\" xmlns=\"http:\/\/www.w3.org\/2000\/svg\"><path d=\"M416 208H32c-17.67 0-32 14.33-32 32v32c0 17.67 14.33 32 32 32h384c17.67 0 32-14.33 32-32v-32c0-17.67-14.33-32-32-32z\"><\/path><\/svg><\/span>\n\t\t\t\t\t\t\t\t\t\t\t\t\t\t<\/span>\n\t\t\t\t\t\t\t\t\t\t\t\t<a class=\"elementor-accordion-title\" tabindex=\"0\">Begegnungskonzert im Rahmen des DEUTSCHEN CHORWETTBEWERBS<\/a>\n\t\t\t\t\t<\/div>\n\t\t\t\t\t<div id=\"elementor-tab-content-15437\" class=\"elementor-tab-content elementor-clearfix\" data-tab=\"37\" role=\"region\" aria-labelledby=\"elementor-tab-title-15437\"><ul><li><span><\/span><div><b><span>Sonntag, 4. Juni 2023, 17 Uhr<\/span><\/b><\/div><p style=\"font-weight: 400;\"><a href=\"https:\/\/www.gartenkirche.de\"><strong>Gartenkirche St. Marien <\/strong><\/a><\/p><p style=\"font-weight: 400;\">Marienstra\u00dfe 31<\/p><p style=\"font-weight: 400;\">30171 Hannover<\/p><p><span style=\"font-weight: 400;\">Tickets: Eintritt frei<\/span><\/p><div class=\"\"><p>Im Programm:<\/p><p style=\"font-weight: 400;\">17:00 Ma\u0308dchenchor Hannover<\/p><p style=\"font-weight: 400;\">17:20 Vocalize &#8211; Ka\u0308the-Kollwitz-Musikgymnasium Rostock<\/p><p style=\"font-weight: 400;\">17:40 Konzertchor der Schule f\u00fcr Chorkunst M\u00fcnchen<\/p><p style=\"font-weight: 400;\">18:00 Kinderchor der VoGGS des Goethe-Gymnasiums Schwerin<\/p><p><span style=\"font-weight: 400;\">18:30 Vokalconsort des Berliner Ma\u0308dchenchores<\/span><\/p><\/div><\/li><\/ul><\/div>\n\t\t\t\t<\/div>\n\t\t\t\t\t\t\t<div class=\"elementor-accordion-item\">\n\t\t\t\t\t<div id=\"elementor-tab-title-15438\" class=\"elementor-tab-title\" data-tab=\"38\" role=\"button\" aria-controls=\"elementor-tab-content-15438\" aria-expanded=\"false\">\n\t\t\t\t\t\t\t\t\t\t\t\t\t<span class=\"elementor-accordion-icon elementor-accordion-icon-right\" aria-hidden=\"true\">\n\t\t\t\t\t\t\t\t\t\t\t\t\t\t\t<span class=\"elementor-accordion-icon-closed\"><svg class=\"e-font-icon-svg e-fas-plus\" viewbox=\"0 0 448 512\" xmlns=\"http:\/\/www.w3.org\/2000\/svg\"><path d=\"M416 208H272V64c0-17.67-14.33-32-32-32h-32c-17.67 0-32 14.33-32 32v144H32c-17.67 0-32 14.33-32 32v32c0 17.67 14.33 32 32 32h144v144c0 17.67 14.33 32 32 32h32c17.67 0 32-14.33 32-32V304h144c17.67 0 32-14.33 32-32v-32c0-17.67-14.33-32-32-32z\"><\/path><\/svg><\/span>\n\t\t\t\t\t\t\t\t<span class=\"elementor-accordion-icon-opened\"><svg class=\"e-font-icon-svg e-fas-minus\" viewbox=\"0 0 448 512\" xmlns=\"http:\/\/www.w3.org\/2000\/svg\"><path d=\"M416 208H32c-17.67 0-32 14.33-32 32v32c0 17.67 14.33 32 32 32h384c17.67 0 32-14.33 32-32v-32c0-17.67-14.33-32-32-32z\"><\/path><\/svg><\/span>\n\t\t\t\t\t\t\t\t\t\t\t\t\t\t<\/span>\n\t\t\t\t\t\t\t\t\t\t\t\t<a class=\"elementor-accordion-title\" tabindex=\"0\">Fr\u00fchlingskonzert. Kinderkonzert am Sonntagnachmittag<\/a>\n\t\t\t\t\t<\/div>\n\t\t\t\t\t<div id=\"elementor-tab-content-15438\" class=\"elementor-tab-content elementor-clearfix\" data-tab=\"38\" role=\"region\" aria-labelledby=\"elementor-tab-title-15438\"><ul><li><span><\/span><p><strong>Sonntag, 19. M\u00e4rz 2023\u00a0\u2013\u00a016:00 Uhr<\/strong><\/p><p><a href=\"https:\/\/www.gasteig.de\/raeume\/saal-x\" aria-label=\"Weitere Informationen zum Raum\">Saal X<\/a><span> | Gasteig HP8<\/span><\/p><div class=\"\"><span class=\"\">Am Sonntag, den 19. M\u00e4rz werden Sch\u00fcler*innen des M\u00fcnchener Musikseminars zusammen mit G\u00e4sten <\/span><span class=\"\">musizieren. Im Konzert spielen Preistr\u00e4ger von Jugend Musiziert und als Ehrengast tritt der Kinderchor der Schule f\u00fcr Chorkunst M\u00fcnchen auf.<\/span><\/div><div class=\"\"><span class=\"\">Die Veranstaltung wird vom Kulturreferat der Landeshauptstadt M\u00fcnchen unterst\u00fctzt.<\/span><\/div><\/li><li><span>Tickets zu \u20ac 8,- zzgl. Geb\u00fchren k\u00f6nnen bei der Konzertkasse in Gasteig, M\u00fcnchen-Ticket und bei allen anderen bekannten Vorverkaufsstellen erworben werden.<\/span><\/li><\/ul><\/div>\n\t\t\t\t<\/div>\n\t\t\t\t\t\t\t<div class=\"elementor-accordion-item\">\n\t\t\t\t\t<div id=\"elementor-tab-title-15439\" class=\"elementor-tab-title\" data-tab=\"39\" role=\"button\" aria-controls=\"elementor-tab-content-15439\" aria-expanded=\"false\">\n\t\t\t\t\t\t\t\t\t\t\t\t\t<span class=\"elementor-accordion-icon elementor-accordion-icon-right\" aria-hidden=\"true\">\n\t\t\t\t\t\t\t\t\t\t\t\t\t\t\t<span class=\"elementor-accordion-icon-closed\"><svg class=\"e-font-icon-svg e-fas-plus\" viewbox=\"0 0 448 512\" xmlns=\"http:\/\/www.w3.org\/2000\/svg\"><path d=\"M416 208H272V64c0-17.67-14.33-32-32-32h-32c-17.67 0-32 14.33-32 32v144H32c-17.67 0-32 14.33-32 32v32c0 17.67 14.33 32 32 32h144v144c0 17.67 14.33 32 32 32h32c17.67 0 32-14.33 32-32V304h144c17.67 0 32-14.33 32-32v-32c0-17.67-14.33-32-32-32z\"><\/path><\/svg><\/span>\n\t\t\t\t\t\t\t\t<span class=\"elementor-accordion-icon-opened\"><svg class=\"e-font-icon-svg e-fas-minus\" viewbox=\"0 0 448 512\" xmlns=\"http:\/\/www.w3.org\/2000\/svg\"><path d=\"M416 208H32c-17.67 0-32 14.33-32 32v32c0 17.67 14.33 32 32 32h384c17.67 0 32-14.33 32-32v-32c0-17.67-14.33-32-32-32z\"><\/path><\/svg><\/span>\n\t\t\t\t\t\t\t\t\t\t\t\t\t\t<\/span>\n\t\t\t\t\t\t\t\t\t\t\t\t<a class=\"elementor-accordion-title\" tabindex=\"0\">Zauberhafte Chorkl\u00e4nge zur Adventszei<\/a>\n\t\t\t\t\t<\/div>\n\t\t\t\t\t<div id=\"elementor-tab-content-15439\" class=\"elementor-tab-content elementor-clearfix\" data-tab=\"39\" role=\"region\" aria-labelledby=\"elementor-tab-title-15439\"><ul><li><span><\/span><p><strong>\u0412\u043e\u0441\u043a\u0440\u0435\u0441\u0435\u043d\u044c\u0435, 18.12.2022, 17:00 - 18:30 \u0447\u0430\u0441\u043e\u0432<\/strong><\/p><p>Pfarrkirche St. Josef<br \/>Ostpreu\u00dfenstra\u00dfe 2<br \/>84503 Alt\u00f6tting<\/p><p>Internationale Weihnachtshymnen, traditionelle Weisen, Kinder- und Volkslieder.<\/p><p>Basischor (Chor II) der Schule f\u00fcr Chorkunst M\u00fcnchen.<\/p><p>Konzertchor (Chor III) der Schule f\u00fcr Chorkunst M\u00fcnchen.<\/p><p>Klavier: Kaori Kashimoto<br \/>Leitung: Maksim Matsiushenkau<br \/>Eintritt frei \u2013 Spenden erbeten<\/p><\/li><\/ul><\/div>\n\t\t\t\t<\/div>\n\t\t\t\t\t\t\t<div class=\"elementor-accordion-item\">\n\t\t\t\t\t<div id=\"elementor-tab-title-15440\" class=\"elementor-tab-title\" data-tab=\"40\" role=\"button\" aria-controls=\"elementor-tab-content-15440\" aria-expanded=\"false\">\n\t\t\t\t\t\t\t\t\t\t\t\t\t<span class=\"elementor-accordion-icon elementor-accordion-icon-right\" aria-hidden=\"true\">\n\t\t\t\t\t\t\t\t\t\t\t\t\t\t\t<span class=\"elementor-accordion-icon-closed\"><svg class=\"e-font-icon-svg e-fas-plus\" viewbox=\"0 0 448 512\" xmlns=\"http:\/\/www.w3.org\/2000\/svg\"><path d=\"M416 208H272V64c0-17.67-14.33-32-32-32h-32c-17.67 0-32 14.33-32 32v144H32c-17.67 0-32 14.33-32 32v32c0 17.67 14.33 32 32 32h144v144c0 17.67 14.33 32 32 32h32c17.67 0 32-14.33 32-32V304h144c17.67 0 32-14.33 32-32v-32c0-17.67-14.33-32-32-32z\"><\/path><\/svg><\/span>\n\t\t\t\t\t\t\t\t<span class=\"elementor-accordion-icon-opened\"><svg class=\"e-font-icon-svg e-fas-minus\" viewbox=\"0 0 448 512\" xmlns=\"http:\/\/www.w3.org\/2000\/svg\"><path d=\"M416 208H32c-17.67 0-32 14.33-32 32v32c0 17.67 14.33 32 32 32h384c17.67 0 32-14.33 32-32v-32c0-17.67-14.33-32-32-32z\"><\/path><\/svg><\/span>\n\t\t\t\t\t\t\t\t\t\t\t\t\t\t<\/span>\n\t\t\t\t\t\t\t\t\t\t\t\t<a class=\"elementor-accordion-title\" tabindex=\"0\">BAYERISCHE STAATSOPER - \"SPRING DOCH\" - Kinderoper<\/a>\n\t\t\t\t\t<\/div>\n\t\t\t\t\t<div id=\"elementor-tab-content-15440\" class=\"elementor-tab-content elementor-clearfix\" data-tab=\"40\" role=\"region\" aria-labelledby=\"elementor-tab-title-15440\"><ul><li><span><\/span><p><strong>Freitag, 09. Dezember 2022, 14.00 Uhr \u2013 15.30 Uhr.<\/strong><br \/>\u041f\u0420\u0415\u041c\u042c\u0415\u0420\u0410!<br \/>\u041a\u043e\u043c\u043f\u043e\u0437\u0438\u0442\u043e\u0440 \u0413\u043e\u0440\u0434\u043e\u043d \u041a\u0430\u043c\u043f\u0435. \u041b\u0438\u0431\u0440\u0435\u0442\u0442\u043e \u0410\u043d\u0434\u0440\u0438 \u0411\u0435\u0439\u0435\u043b\u0435\u0440\u0430. \u041d\u043e\u0432\u0430\u044f \u043f\u043e\u0441\u0442\u0430\u043d\u043e\u0432\u043a\u0430.<br \/>\u0411\u0430\u0432\u0430\u0440\u0441\u043a\u0430\u044f \u0433\u043e\u0441\u0443\u0434\u0430\u0440\u0441\u0442\u0432\u0435\u043d\u043d\u0430\u044f \u043e\u043f\u0435\u0440\u0430, \u0437\u0430\u043b \u0420\u0435\u043d\u043d\u0435\u0440\u0442.<br \/>\u041f\u0440\u043e\u0434\u043e\u043b\u0436\u0438\u0442\u0435\u043b\u044c\u043d\u043e\u0441\u0442\u044c \u043e\u043a\u043e\u043b\u043e 1 \u0447\u0430\u0441\u0430 30 \u043c\u0438\u043d\u0443\u0442.<\/p><p>Tickets sind <a href=\"https:\/\/www.staatsoper.de\/kartenanfrage?tx_sfstaatsoper_cardorderlist%5Bactivity%5D=13491&amp;tx_sfstaatsoper_cardorderlist%5Bcontroller%5D=CardOrder&amp;cHash=9bcbb9bab1ad07b73356dad62643ae7c\" target=\"_blank\" rel=\"noopener\">HIER<\/a> \u043c\u043e\u0436\u043d\u043e \u043f\u0440\u0438\u043e\u0431\u0440\u0435\u0441\u0442\u0438<\/p><hr \/><p><strong>\u0412\u043e\u0441\u043a\u0440\u0435\u0441\u0435\u043d\u044c\u0435, 11 \u0434\u0435\u043a\u0430\u0431\u0440\u044f 2022 \u0433\u043e\u0434\u0430, 11.00 - 12.30.<\/strong><\/p><p>\u041a\u043e\u043c\u043f\u043e\u0437\u0438\u0442\u043e\u0440 \u0413\u043e\u0440\u0434\u043e\u043d \u041a\u0430\u043c\u043f\u0435. \u041b\u0438\u0431\u0440\u0435\u0442\u0442\u043e \u0410\u043d\u0434\u0440\u0438 \u0411\u0435\u0439\u0435\u043b\u0435\u0440\u0430. \u041d\u043e\u0432\u0430\u044f \u043f\u043e\u0441\u0442\u0430\u043d\u043e\u0432\u043a\u0430.<br \/>\u0411\u0430\u0432\u0430\u0440\u0441\u043a\u0430\u044f \u0433\u043e\u0441\u0443\u0434\u0430\u0440\u0441\u0442\u0432\u0435\u043d\u043d\u0430\u044f \u043e\u043f\u0435\u0440\u0430, \u0437\u0430\u043b \u0420\u0435\u043d\u043d\u0435\u0440\u0442.<br \/><strong>\u041f\u0440\u043e\u0434\u043e\u043b\u0436\u0438\u0442\u0435\u043b\u044c\u043d\u043e\u0441\u0442\u044c<\/strong>\u00a0\u043e\u043a\u043e\u043b\u043e 1 \u0447\u0430\u0441\u0430 30 \u043c\u0438\u043d\u0443\u0442.<br \/>Tickets sind <a href=\"https:\/\/www.staatsoper.de\/kartenanfrage?tx_sfstaatsoper_cardorderlist%5Bactivity%5D=13492&amp;tx_sfstaatsoper_cardorderlist%5Bcontroller%5D=CardOrder&amp;cHash=142b59d691ddc65fa7046c3dc45d96f0\" target=\"_blank\" rel=\"noopener\">HIER<\/a> \u043c\u043e\u0436\u043d\u043e \u043f\u0440\u0438\u043e\u0431\u0440\u0435\u0441\u0442\u0438<\/p><hr \/><p><strong>\u041f\u043e\u043d\u0435\u0434\u0435\u043b\u044c\u043d\u0438\u043a, 12 \u0434\u0435\u043a\u0430\u0431\u0440\u044f 2022 \u0433\u043e\u0434\u0430, 11.00 - 12.30.<\/strong><\/p><p>\u041a\u043e\u043c\u043f\u043e\u0437\u0438\u0442\u043e\u0440 \u0413\u043e\u0440\u0434\u043e\u043d \u041a\u0430\u043c\u043f\u0435. \u041b\u0438\u0431\u0440\u0435\u0442\u0442\u043e \u0410\u043d\u0434\u0440\u0438 \u0411\u0435\u0439\u0435\u043b\u0435\u0440\u0430. \u041d\u043e\u0432\u0430\u044f \u043f\u043e\u0441\u0442\u0430\u043d\u043e\u0432\u043a\u0430.<br \/>\u0411\u0430\u0432\u0430\u0440\u0441\u043a\u0430\u044f \u0433\u043e\u0441\u0443\u0434\u0430\u0440\u0441\u0442\u0432\u0435\u043d\u043d\u0430\u044f \u043e\u043f\u0435\u0440\u0430, \u0437\u0430\u043b \u0420\u0435\u043d\u043d\u0435\u0440\u0442.<br \/>\u041f\u0440\u043e\u0434\u043e\u043b\u0436\u0438\u0442\u0435\u043b\u044c\u043d\u043e\u0441\u0442\u044c \u043e\u043a\u043e\u043b\u043e 1 \u0447\u0430\u0441\u0430 30 \u043c\u0438\u043d\u0443\u0442.<br \/>Tickets sind <a href=\"https:\/\/www.staatsoper.de\/kartenanfrage?tx_sfstaatsoper_cardorderlist%5Bactivity%5D=13493&amp;tx_sfstaatsoper_cardorderlist%5Bcontroller%5D=CardOrder&amp;cHash=ad9f85303162b90187dc3e75661e0209\" target=\"_blank\" rel=\"noopener\">HIER<\/a> \u043c\u043e\u0436\u043d\u043e \u043f\u0440\u0438\u043e\u0431\u0440\u0435\u0441\u0442\u0438<\/p><hr \/><p><strong>\u0412\u0442\u043e\u0440\u043d\u0438\u043a, 13 \u0434\u0435\u043a\u0430\u0431\u0440\u044f 2022 \u0433\u043e\u0434\u0430, 11.00 - 12.30.<\/strong><br \/>\u041a\u043e\u043c\u043f\u043e\u0437\u0438\u0442\u043e\u0440 \u0413\u043e\u0440\u0434\u043e\u043d \u041a\u0430\u043c\u043f\u0435. \u041b\u0438\u0431\u0440\u0435\u0442\u0442\u043e \u0410\u043d\u0434\u0440\u0438 \u0411\u0435\u0439\u0435\u043b\u0435\u0440\u0430. \u041d\u043e\u0432\u0430\u044f \u043f\u043e\u0441\u0442\u0430\u043d\u043e\u0432\u043a\u0430.<br \/>\u0411\u0430\u0432\u0430\u0440\u0441\u043a\u0430\u044f \u0433\u043e\u0441\u0443\u0434\u0430\u0440\u0441\u0442\u0432\u0435\u043d\u043d\u0430\u044f \u043e\u043f\u0435\u0440\u0430, \u0437\u0430\u043b \u0420\u0435\u043d\u043d\u0435\u0440\u0442.<br \/><strong>\u041f\u0440\u043e\u0434\u043e\u043b\u0436\u0438\u0442\u0435\u043b\u044c\u043d\u043e\u0441\u0442\u044c\u00a0<\/strong>\u043e\u043a\u043e\u043b\u043e 1 \u0447\u0430\u0441\u0430 30 \u043c\u0438\u043d\u0443\u0442.<br \/>Tickets sind <a href=\"https:\/\/www.staatsoper.de\/kartenanfrage?tx_sfstaatsoper_cardorderlist%5Bactivity%5D=13494&amp;tx_sfstaatsoper_cardorderlist%5Bcontroller%5D=CardOrder&amp;cHash=4bbbc5de2fce6feb1f8e01bdaf5a419b\" target=\"_blank\" rel=\"noopener\">HIER<\/a> \u043c\u043e\u0436\u043d\u043e \u043f\u0440\u0438\u043e\u0431\u0440\u0435\u0441\u0442\u0438<\/p><hr \/><p><strong>\u0412\u0442\u043e\u0440\u043d\u0438\u043a, 13 \u0434\u0435\u043a\u0430\u0431\u0440\u044f 2022 \u0433\u043e\u0434\u0430, 17.00 - 18.30.<\/strong><br \/>\u041a\u043e\u043c\u043f\u043e\u0437\u0438\u0442\u043e\u0440 \u0413\u043e\u0440\u0434\u043e\u043d \u041a\u0430\u043c\u043f\u0435. \u041b\u0438\u0431\u0440\u0435\u0442\u0442\u043e \u0410\u043d\u0434\u0440\u0438 \u0411\u0435\u0439\u0435\u043b\u0435\u0440\u0430. \u041d\u043e\u0432\u0430\u044f \u043f\u043e\u0441\u0442\u0430\u043d\u043e\u0432\u043a\u0430.<br \/>\u0411\u0430\u0432\u0430\u0440\u0441\u043a\u0430\u044f \u0433\u043e\u0441\u0443\u0434\u0430\u0440\u0441\u0442\u0432\u0435\u043d\u043d\u0430\u044f \u043e\u043f\u0435\u0440\u0430, \u0437\u0430\u043b \u0420\u0435\u043d\u043d\u0435\u0440\u0442.<br \/>\u041f\u0440\u043e\u0434\u043e\u043b\u0436\u0438\u0442\u0435\u043b\u044c\u043d\u043e\u0441\u0442\u044c \u043e\u043a\u043e\u043b\u043e 1 \u0447\u0430\u0441\u0430 30 \u043c\u0438\u043d\u0443\u0442.<br \/>Tickets sind <a href=\"https:\/\/www.staatsoper.de\/kartenanfrage?tx_sfstaatsoper_cardorderlist%5Bactivity%5D=13495&amp;tx_sfstaatsoper_cardorderlist%5Bcontroller%5D=CardOrder&amp;cHash=2cbc92f189dfeaccf845e9af5f176b40\" target=\"_blank\" rel=\"noopener\">HIER<\/a> \u043c\u043e\u0436\u043d\u043e \u043f\u0440\u0438\u043e\u0431\u0440\u0435\u0441\u0442\u0438<\/p><hr \/><p><strong>\u0427\u0435\u0442\u0432\u0435\u0440\u0433, 15 \u0434\u0435\u043a\u0430\u0431\u0440\u044f 2022 \u0433\u043e\u0434\u0430, 11.00 - 12.30.<\/strong><br \/>\u041a\u043e\u043c\u043f\u043e\u0437\u0438\u0442\u043e\u0440 \u0413\u043e\u0440\u0434\u043e\u043d \u041a\u0430\u043c\u043f\u0435. \u041b\u0438\u0431\u0440\u0435\u0442\u0442\u043e \u0410\u043d\u0434\u0440\u0438 \u0411\u0435\u0439\u0435\u043b\u0435\u0440\u0430. \u041d\u043e\u0432\u0430\u044f \u043f\u043e\u0441\u0442\u0430\u043d\u043e\u0432\u043a\u0430.<br \/>\u0411\u0430\u0432\u0430\u0440\u0441\u043a\u0430\u044f \u0433\u043e\u0441\u0443\u0434\u0430\u0440\u0441\u0442\u0432\u0435\u043d\u043d\u0430\u044f \u043e\u043f\u0435\u0440\u0430, \u0437\u0430\u043b \u0420\u0435\u043d\u043d\u0435\u0440\u0442.<br \/><strong>\u041f\u0440\u043e\u0434\u043e\u043b\u0436\u0438\u0442\u0435\u043b\u044c\u043d\u043e\u0441\u0442\u044c\u00a0<\/strong>\u043e\u043a\u043e\u043b\u043e 1 \u0447\u0430\u0441\u0430 30 \u043c\u0438\u043d\u0443\u0442.<br \/>Tickets sind <a href=\"https:\/\/www.staatsoper.de\/kartenanfrage?tx_sfstaatsoper_cardorderlist%5Bactivity%5D=13496&amp;tx_sfstaatsoper_cardorderlist%5Bcontroller%5D=CardOrder&amp;cHash=7c052ce891225f7f12c903287eadf012\" target=\"_blank\" rel=\"noopener\">HIER<\/a> \u043c\u043e\u0436\u043d\u043e \u043f\u0440\u0438\u043e\u0431\u0440\u0435\u0441\u0442\u0438<\/p><hr \/><p><strong>\u041f\u044f\u0442\u043d\u0438\u0446\u0430, 16 \u0434\u0435\u043a\u0430\u0431\u0440\u044f 2022 \u0433\u043e\u0434\u0430, 15.00 - 16.30.<\/strong><br \/>\u041a\u043e\u043c\u043f\u043e\u0437\u0438\u0442\u043e\u0440 \u0413\u043e\u0440\u0434\u043e\u043d \u041a\u0430\u043c\u043f\u0435. \u041b\u0438\u0431\u0440\u0435\u0442\u0442\u043e \u0410\u043d\u0434\u0440\u0438 \u0411\u0435\u0439\u0435\u043b\u0435\u0440\u0430. \u041d\u043e\u0432\u0430\u044f \u043f\u043e\u0441\u0442\u0430\u043d\u043e\u0432\u043a\u0430.<br \/>\u0411\u0430\u0432\u0430\u0440\u0441\u043a\u0430\u044f \u0433\u043e\u0441\u0443\u0434\u0430\u0440\u0441\u0442\u0432\u0435\u043d\u043d\u0430\u044f \u043e\u043f\u0435\u0440\u0430, \u0437\u0430\u043b \u0420\u0435\u043d\u043d\u0435\u0440\u0442.<br \/><strong>\u041f\u0440\u043e\u0434\u043e\u043b\u0436\u0438\u0442\u0435\u043b\u044c\u043d\u043e\u0441\u0442\u044c\u00a0<\/strong>\u043e\u043a\u043e\u043b\u043e 1 \u0447\u0430\u0441\u0430 30 \u043c\u0438\u043d\u0443\u0442.<br \/>Tickets sind <a href=\"https:\/\/www.staatsoper.de\/kartenanfrage?tx_sfstaatsoper_cardorderlist%5Bactivity%5D=13497&amp;tx_sfstaatsoper_cardorderlist%5Bcontroller%5D=CardOrder&amp;cHash=5dab6bd5a9eab00660dad003e15231ab\" target=\"_blank\" rel=\"noopener\">HIER<\/a> \u043c\u043e\u0436\u043d\u043e \u043f\u0440\u0438\u043e\u0431\u0440\u0435\u0441\u0442\u0438<\/p><\/li><\/ul><\/div>\n\t\t\t\t<\/div>\n\t\t\t\t\t\t\t<div class=\"elementor-accordion-item\">\n\t\t\t\t\t<div id=\"elementor-tab-title-15441\" class=\"elementor-tab-title\" data-tab=\"41\" role=\"button\" aria-controls=\"elementor-tab-content-15441\" aria-expanded=\"false\">\n\t\t\t\t\t\t\t\t\t\t\t\t\t<span class=\"elementor-accordion-icon elementor-accordion-icon-right\" aria-hidden=\"true\">\n\t\t\t\t\t\t\t\t\t\t\t\t\t\t\t<span class=\"elementor-accordion-icon-closed\"><svg class=\"e-font-icon-svg e-fas-plus\" viewbox=\"0 0 448 512\" xmlns=\"http:\/\/www.w3.org\/2000\/svg\"><path d=\"M416 208H272V64c0-17.67-14.33-32-32-32h-32c-17.67 0-32 14.33-32 32v144H32c-17.67 0-32 14.33-32 32v32c0 17.67 14.33 32 32 32h144v144c0 17.67 14.33 32 32 32h32c17.67 0 32-14.33 32-32V304h144c17.67 0 32-14.33 32-32v-32c0-17.67-14.33-32-32-32z\"><\/path><\/svg><\/span>\n\t\t\t\t\t\t\t\t<span class=\"elementor-accordion-icon-opened\"><svg class=\"e-font-icon-svg e-fas-minus\" viewbox=\"0 0 448 512\" xmlns=\"http:\/\/www.w3.org\/2000\/svg\"><path d=\"M416 208H32c-17.67 0-32 14.33-32 32v32c0 17.67 14.33 32 32 32h384c17.67 0 32-14.33 32-32v-32c0-17.67-14.33-32-32-32z\"><\/path><\/svg><\/span>\n\t\t\t\t\t\t\t\t\t\t\t\t\t\t<\/span>\n\t\t\t\t\t\t\t\t\t\t\t\t<a class=\"elementor-accordion-title\" tabindex=\"0\">ZDF LIVE Musikshow \u201eDie sch\u00f6nsten Weihnachts-Hits\u201c<\/a>\n\t\t\t\t\t<\/div>\n\t\t\t\t\t<div id=\"elementor-tab-content-15441\" class=\"elementor-tab-content elementor-clearfix\" data-tab=\"41\" role=\"region\" aria-labelledby=\"elementor-tab-title-15441\"><ul><li><span><\/span><p><strong>\u0427\u0435\u0442\u0432\u0435\u0440\u0433, 8 \u0434\u0435\u043a\u0430\u0431\u0440\u044f 2022 \u0433\u043e\u0434\u0430, 20.15, \u043f\u0440\u044f\u043c\u043e\u0439 \u044d\u0444\u0438\u0440 \u043d\u0430 ZDF<\/strong><\/p><p>\u0413\u0430\u043b\u0430-\u0432\u0435\u0447\u0435\u0440 \u043f\u043e \u0441\u0431\u043e\u0440\u0443 \u0441\u0440\u0435\u0434\u0441\u0442\u0432 \u0432 \u043f\u043e\u043c\u043e\u0449\u044c \u043e\u0440\u0433\u0430\u043d\u0438\u0437\u0430\u0446\u0438\u044f\u043c \u043f\u043e \u043e\u043a\u0430\u0437\u0430\u043d\u0438\u044e \u043f\u043e\u043c\u043e\u0449\u0438 BROT F\u00dcR DIE WELT \u0438 MISEREOR<\/p><\/li><\/ul><\/div>\n\t\t\t\t<\/div>\n\t\t\t\t\t\t\t<div class=\"elementor-accordion-item\">\n\t\t\t\t\t<div id=\"elementor-tab-title-15442\" class=\"elementor-tab-title\" data-tab=\"42\" role=\"button\" aria-controls=\"elementor-tab-content-15442\" aria-expanded=\"false\">\n\t\t\t\t\t\t\t\t\t\t\t\t\t<span class=\"elementor-accordion-icon elementor-accordion-icon-right\" aria-hidden=\"true\">\n\t\t\t\t\t\t\t\t\t\t\t\t\t\t\t<span class=\"elementor-accordion-icon-closed\"><svg class=\"e-font-icon-svg e-fas-plus\" viewbox=\"0 0 448 512\" xmlns=\"http:\/\/www.w3.org\/2000\/svg\"><path d=\"M416 208H272V64c0-17.67-14.33-32-32-32h-32c-17.67 0-32 14.33-32 32v144H32c-17.67 0-32 14.33-32 32v32c0 17.67 14.33 32 32 32h144v144c0 17.67 14.33 32 32 32h32c17.67 0 32-14.33 32-32V304h144c17.67 0 32-14.33 32-32v-32c0-17.67-14.33-32-32-32z\"><\/path><\/svg><\/span>\n\t\t\t\t\t\t\t\t<span class=\"elementor-accordion-icon-opened\"><svg class=\"e-font-icon-svg e-fas-minus\" viewbox=\"0 0 448 512\" xmlns=\"http:\/\/www.w3.org\/2000\/svg\"><path d=\"M416 208H32c-17.67 0-32 14.33-32 32v32c0 17.67 14.33 32 32 32h384c17.67 0 32-14.33 32-32v-32c0-17.67-14.33-32-32-32z\"><\/path><\/svg><\/span>\n\t\t\t\t\t\t\t\t\t\t\t\t\t\t<\/span>\n\t\t\t\t\t\t\t\t\t\t\t\t<a class=\"elementor-accordion-title\" tabindex=\"0\">BAYERISCHER CHORWETTBEWERB<\/a>\n\t\t\t\t\t<\/div>\n\t\t\t\t\t<div id=\"elementor-tab-content-15442\" class=\"elementor-tab-content elementor-clearfix\" data-tab=\"42\" role=\"region\" aria-labelledby=\"elementor-tab-title-15442\"><ul><li><span><\/span><p><strong>\u0421\u0443\u0431\u0431\u043e\u0442\u0430, 12 \u043d\u043e\u044f\u0431\u0440\u044f 2022 \u0433\u043e\u0434\u0430, 12:30.<\/strong><\/p><p>\u0411\u0430\u0432\u0430\u0440\u0441\u043a\u043e\u0435 \u0440\u0430\u0434\u0438\u043e<br \/>\u0421\u0442\u0443\u0434\u0438\u044f 1<br \/>Rundfunkplatz 1<br \/>80335 \u041c\u044e\u043d\u0445\u0435\u043d<\/p><\/li><\/ul><\/div>\n\t\t\t\t<\/div>\n\t\t\t\t\t\t\t<div class=\"elementor-accordion-item\">\n\t\t\t\t\t<div id=\"elementor-tab-title-15443\" class=\"elementor-tab-title\" data-tab=\"43\" role=\"button\" aria-controls=\"elementor-tab-content-15443\" aria-expanded=\"false\">\n\t\t\t\t\t\t\t\t\t\t\t\t\t<span class=\"elementor-accordion-icon elementor-accordion-icon-right\" aria-hidden=\"true\">\n\t\t\t\t\t\t\t\t\t\t\t\t\t\t\t<span class=\"elementor-accordion-icon-closed\"><svg class=\"e-font-icon-svg e-fas-plus\" viewbox=\"0 0 448 512\" xmlns=\"http:\/\/www.w3.org\/2000\/svg\"><path d=\"M416 208H272V64c0-17.67-14.33-32-32-32h-32c-17.67 0-32 14.33-32 32v144H32c-17.67 0-32 14.33-32 32v32c0 17.67 14.33 32 32 32h144v144c0 17.67 14.33 32 32 32h32c17.67 0 32-14.33 32-32V304h144c17.67 0 32-14.33 32-32v-32c0-17.67-14.33-32-32-32z\"><\/path><\/svg><\/span>\n\t\t\t\t\t\t\t\t<span class=\"elementor-accordion-icon-opened\"><svg class=\"e-font-icon-svg e-fas-minus\" viewbox=\"0 0 448 512\" xmlns=\"http:\/\/www.w3.org\/2000\/svg\"><path d=\"M416 208H32c-17.67 0-32 14.33-32 32v32c0 17.67 14.33 32 32 32h384c17.67 0 32-14.33 32-32v-32c0-17.67-14.33-32-32-32z\"><\/path><\/svg><\/span>\n\t\t\t\t\t\t\t\t\t\t\t\t\t\t<\/span>\n\t\t\t\t\t\t\t\t\t\t\t\t<a class=\"elementor-accordion-title\" tabindex=\"0\">SOUNDS OF SUMMER<\/a>\n\t\t\t\t\t<\/div>\n\t\t\t\t\t<div id=\"elementor-tab-content-15443\" class=\"elementor-tab-content elementor-clearfix\" data-tab=\"43\" role=\"region\" aria-labelledby=\"elementor-tab-title-15443\"><ul><li><span><\/span>\u0417\u0432\u0443\u043a\u0438 \u043b\u0435\u0442\u0430<\/li><li><span><\/span>\u041c\u0435\u0436\u043a\u0443\u043b\u044c\u0442\u0443\u0440\u043d\u044b\u0439 \u0445\u043e\u0440\u043e\u0432\u043e\u0439 \u043a\u043e\u043d\u0446\u0435\u0440\u0442<\/li><li><span><\/span>\u041a\u043b\u0430\u0441\u0441\u0438\u0447\u0435\u0441\u043a\u0438\u0435 \u0438 \u0441\u043e\u0432\u0440\u0435\u043c\u0435\u043d\u043d\u044b\u0435 \u043f\u0440\u043e\u0438\u0437\u0432\u0435\u0434\u0435\u043d\u0438\u044f \u043c\u0435\u0436\u0434\u0443\u043d\u0430\u0440\u043e\u0434\u043d\u044b\u0445 \u043a\u043e\u043c\u043f\u043e\u0437\u0438\u0442\u043e\u0440\u043e\u0432<\/li><li><span><\/span>\u0421\u0443\u0431\u0431\u043e\u0442\u0430, 09 \u0438\u044e\u043b\u044f 2022 \u0433\u043e\u0434\u0430, 7:30 \u0432\u0435\u0447\u0435\u0440\u0430<\/li><li><span><\/span>\u0426\u0435\u0440\u043a\u043e\u0432\u044c \u0421\u0432\u044f\u0442\u043e\u0433\u043e \u041c\u0430\u0442\u0444\u0435\u044f \u0432 \u041c\u044e\u043d\u0445\u0435\u043d\u0435, Nu\u00dfbaumstra\u00dfe 1, 80336 \u041c\u044e\u043d\u0445\u0435\u043d<\/li><li><span><\/span><b>\u0414\u0435\u0442\u0441\u043a\u0438\u0439 \u0438 \u044e\u043d\u043e\u0448\u0435\u0441\u043a\u0438\u0439 \u0445\u043e\u0440\u044b \u041c\u044e\u043d\u0445\u0435\u043d\u0441\u043a\u043e\u0439 \u0448\u043a\u043e\u043b\u044b \u0445\u043e\u0440\u043e\u0432\u043e\u0433\u043e \u0438\u0441\u043a\u0443\u0441\u0441\u0442\u0432\u0430<\/b><\/li><li><span><\/span><b>\u0414\u0435\u0442\u0441\u043a\u0438\u0439 \u0445\u043e\u0440 \u0418\u043b\u043b\u0435\u0440\u0442\u0438\u0441\u0441\u0435\u043d\u0430, \u0434\u0435\u0442\u0441\u043a\u043e-\u044e\u043d\u043e\u0448\u0435\u0441\u043a\u0438\u0439 \u0445\u043e\u0440 \u0433\u0438\u043c\u043d\u0430\u0437\u0438\u0438 \u0418\u043b\u043b\u0435\u0440\u0442\u0438\u0441\u0441\u0435\u043d\u0430<\/b><\/li><li><span><\/span><b>Chorleitung: Michael Heinrichs, Maksim Matsiushenkau<\/b><\/li><li><span><\/span><b>\u0424\u043e\u0440\u0442\u0435\u043f\u0438\u0430\u043d\u043e: \u041c\u0430\u0440\u0438\u043d\u0430 \u0425\u0435\u043b\u044c\u0444\u0435\u043d\u0448\u0442\u0435\u0439\u043d, \u041a\u0430\u043e\u0440\u0438 \u041a\u0430\u0448\u0438\u043c\u043e\u0442\u043e<\/b><\/li><li><span><\/span><b>\u041e\u0440\u0433\u0430\u043d\u0438\u0437\u0430\u0442\u043e\u0440: <\/b>\u0432 \u0428\u043a\u043e\u043b\u0435 \u0445\u043e\u0440\u043e\u0432\u043e\u0433\u043e \u0438\u0441\u043a\u0443\u0441\u0441\u0442\u0432\u0430 \u041c\u044e\u043d\u0445\u0435\u043d\u0430<\/li><\/ul><\/div>\n\t\t\t\t<\/div>\n\t\t\t\t\t\t\t<div class=\"elementor-accordion-item\">\n\t\t\t\t\t<div id=\"elementor-tab-title-15444\" class=\"elementor-tab-title\" data-tab=\"44\" role=\"button\" aria-controls=\"elementor-tab-content-15444\" aria-expanded=\"false\">\n\t\t\t\t\t\t\t\t\t\t\t\t\t<span class=\"elementor-accordion-icon elementor-accordion-icon-right\" aria-hidden=\"true\">\n\t\t\t\t\t\t\t\t\t\t\t\t\t\t\t<span class=\"elementor-accordion-icon-closed\"><svg class=\"e-font-icon-svg e-fas-plus\" viewbox=\"0 0 448 512\" xmlns=\"http:\/\/www.w3.org\/2000\/svg\"><path d=\"M416 208H272V64c0-17.67-14.33-32-32-32h-32c-17.67 0-32 14.33-32 32v144H32c-17.67 0-32 14.33-32 32v32c0 17.67 14.33 32 32 32h144v144c0 17.67 14.33 32 32 32h32c17.67 0 32-14.33 32-32V304h144c17.67 0 32-14.33 32-32v-32c0-17.67-14.33-32-32-32z\"><\/path><\/svg><\/span>\n\t\t\t\t\t\t\t\t<span class=\"elementor-accordion-icon-opened\"><svg class=\"e-font-icon-svg e-fas-minus\" viewbox=\"0 0 448 512\" xmlns=\"http:\/\/www.w3.org\/2000\/svg\"><path d=\"M416 208H32c-17.67 0-32 14.33-32 32v32c0 17.67 14.33 32 32 32h384c17.67 0 32-14.33 32-32v-32c0-17.67-14.33-32-32-32z\"><\/path><\/svg><\/span>\n\t\t\t\t\t\t\t\t\t\t\t\t\t\t<\/span>\n\t\t\t\t\t\t\t\t\t\t\t\t<a class=\"elementor-accordion-title\" tabindex=\"0\">EUROPA-TAGE DER MUSIK \/ FESTKONZERT<\/a>\n\t\t\t\t\t<\/div>\n\t\t\t\t\t<div id=\"elementor-tab-content-15444\" class=\"elementor-tab-content elementor-clearfix\" data-tab=\"44\" role=\"region\" aria-labelledby=\"elementor-tab-title-15444\"><ul><li><span><\/span>\u041f\u0440\u0430\u0437\u0434\u043d\u0438\u0447\u043d\u044b\u0439 \u043a\u043e\u043d\u0446\u0435\u0440\u0442 \u0432 \u0440\u0430\u043c\u043a\u0430\u0445 \u0414\u041d\u0415\u0419 \u041c\u0423\u0417\u042b\u041a\u0418 \u0415\u0412\u0420\u041e\u041f\u042b<\/li><li><span><\/span>\u0421\u0443\u0431\u0431\u043e\u0442\u0430 02 \u0438\u044e\u043b\u044f 2022 \u0433\u043e\u0434\u0430, 18:30<\/li><li><span><\/span>\u0412\u044b\u0441\u0442\u0443\u043f\u043b\u0435\u043d\u0438\u0435 \u043a\u043e\u043d\u0446\u0435\u0440\u0442\u043d\u043e\u0433\u043e \u0445\u043e\u0440\u0430 \u041c\u044e\u043d\u0445\u0435\u043d\u0441\u043a\u043e\u0439 \u0448\u043a\u043e\u043b\u044b \u0445\u043e\u0440\u043e\u0432\u043e\u0433\u043e \u0438\u0441\u043a\u0443\u0441\u0441\u0442\u0432\u0430<\/li><\/ul><ul><li><span><\/span><b>\u041e\u0440\u0433\u0430\u043d\u0438\u0437\u0430\u0442\u043e\u0440:<\/b>\u0411\u0430\u0432\u0430\u0440\u0441\u043a\u0438\u0439 \u043c\u0443\u0437\u044b\u043a\u0430\u043b\u044c\u043d\u044b\u0439 \u0441\u043e\u0432\u0435\u0442<\/li><\/ul><\/div>\n\t\t\t\t<\/div>\n\t\t\t\t\t\t\t<div class=\"elementor-accordion-item\">\n\t\t\t\t\t<div id=\"elementor-tab-title-15445\" class=\"elementor-tab-title\" data-tab=\"45\" role=\"button\" aria-controls=\"elementor-tab-content-15445\" aria-expanded=\"false\">\n\t\t\t\t\t\t\t\t\t\t\t\t\t<span class=\"elementor-accordion-icon elementor-accordion-icon-right\" aria-hidden=\"true\">\n\t\t\t\t\t\t\t\t\t\t\t\t\t\t\t<span class=\"elementor-accordion-icon-closed\"><svg class=\"e-font-icon-svg e-fas-plus\" viewbox=\"0 0 448 512\" xmlns=\"http:\/\/www.w3.org\/2000\/svg\"><path d=\"M416 208H272V64c0-17.67-14.33-32-32-32h-32c-17.67 0-32 14.33-32 32v144H32c-17.67 0-32 14.33-32 32v32c0 17.67 14.33 32 32 32h144v144c0 17.67 14.33 32 32 32h32c17.67 0 32-14.33 32-32V304h144c17.67 0 32-14.33 32-32v-32c0-17.67-14.33-32-32-32z\"><\/path><\/svg><\/span>\n\t\t\t\t\t\t\t\t<span class=\"elementor-accordion-icon-opened\"><svg class=\"e-font-icon-svg e-fas-minus\" viewbox=\"0 0 448 512\" xmlns=\"http:\/\/www.w3.org\/2000\/svg\"><path d=\"M416 208H32c-17.67 0-32 14.33-32 32v32c0 17.67 14.33 32 32 32h384c17.67 0 32-14.33 32-32v-32c0-17.67-14.33-32-32-32z\"><\/path><\/svg><\/span>\n\t\t\t\t\t\t\t\t\t\t\t\t\t\t<\/span>\n\t\t\t\t\t\t\t\t\t\t\t\t<a class=\"elementor-accordion-title\" tabindex=\"0\">Online-Konzert - Zauberhafte Chorkl\u00e4nge zur Weihnachtszeit<\/a>\n\t\t\t\t\t<\/div>\n\t\t\t\t\t<div id=\"elementor-tab-content-15445\" class=\"elementor-tab-content elementor-clearfix\" data-tab=\"45\" role=\"region\" aria-labelledby=\"elementor-tab-title-15445\"><p><strong>Freitag, den 24. Juli 2021,\u00a016:00 Uhr<\/strong><\/p><p>&#8222;A Ceremony of Carols&#8220; von Benjamin Britten (1913-1976) interpretiert vom Konzertchor &amp; Solisten der Schule f\u00fcr Chorkunst M\u00fcnchen unter der Leitung von Maksim Matsiushenkau, die Harfe spielt Laudine Dard, sowie internationale Weihnachtshymnen.<\/p><p>\u0428\u043a\u043e\u043b\u0430 \u0445\u043e\u0440\u043e\u0432\u043e\u0433\u043e \u0438\u0441\u043a\u0443\u0441\u0441\u0442\u0432\u0430 \u041c\u044e\u043d\u0445\u0435\u043d\u0430 \u0436\u0435\u043b\u0430\u0435\u0442 \u0432\u0430\u043c \u0438 \u0432\u0430\u0448\u0438\u043c \u0431\u043b\u0438\u0437\u043a\u0438\u043c, \u0447\u0442\u043e\u0431\u044b \u0432\u044b \u043f\u0440\u043e\u043d\u0435\u0441\u043b\u0438 \u0432\u0441\u044e \u0440\u0430\u0434\u043e\u0441\u0442\u044c, \u0442\u0435\u043f\u043b\u043e \u0438 \u043d\u0430\u0434\u0435\u0436\u0434\u0443, \u043a\u043e\u0442\u043e\u0440\u044b\u0435 \u043d\u0435\u0441\u0435\u0442 \u043d\u0430\u043c \u0420\u043e\u0436\u0434\u0435\u0441\u0442\u0432\u043e, \u0432 \u0441\u0432\u043e\u0438\u0445 \u0441\u0435\u0440\u0434\u0446\u0430\u0445 \u0432 \u0442\u0435\u0447\u0435\u043d\u0438\u0435 \u0432\u0441\u0435\u0433\u043e \u0433\u043e\u0434\u0430 \u0434\u043e \u0441\u043b\u0435\u0434\u0443\u044e\u0449\u0435\u0433\u043e \u0420\u043e\u0436\u0434\u0435\u0441\u0442\u0432\u0430. \u0421\u0427\u0410\u0421\u0422\u041b\u0418\u0412\u041e\u0413\u041e \u0420\u041e\u0416\u0414\u0415\u0421\u0422\u0412\u0410!<\/p><p>\u041a\u043e\u043d\u0446\u0435\u0440\u0442\u043d\u044b\u0439 \u0445\u043e\u0440 \u041c\u044e\u043d\u0445\u0435\u043d\u0441\u043a\u043e\u0439 \u0448\u043a\u043e\u043b\u044b \u0445\u043e\u0440\u043e\u0432\u043e\u0433\u043e \u0438\u0441\u043a\u0443\u0441\u0441\u0442\u0432\u0430<\/p><p>\u0410\u0440\u0444\u0430: \u041b\u0430\u0443\u0434\u0438\u043d \u0414\u0430\u0440\u0434<\/p><p>\u0424\u043e\u0440\u0442\u0435\u043f\u0438\u0430\u043d\u043e: \u0421\u0443\u043d \u0425\u0438 \u041b\u0438<\/p><p>\u0412\u0435\u0434\u0443\u0449\u0430\u044f: \u041a\u0440\u0438\u0441\u0442\u0438\u043d\u0430 \u041f\u0438\u043a\u0430\u043b\u0435\u0432\u0430<\/p><p>Leitung: Maksim Matsiushenkau<\/p><ol><li>\u0427\u0430\u0441\u0442\u044c <span><a href=\"https:\/\/www.youtube.com\/watch?v=Y-kXTqtho4E&amp;t=125s\"><u>02:05<\/u><\/a><\/span>- \u0411\u0435\u043d\u0434\u0436\u0430\u043c\u0438\u043d \u0411\u0440\u0438\u0442\u0442\u0435\u043d: \"\u0426\u0435\u0440\u0435\u043c\u043e\u043d\u0438\u044f \u043a\u043e\u043b\u044f\u0434\u043e\u043a\"; \u0422\u0435\u043a\u0441\u0442: \u0410\u043d\u0433\u043b\u0438\u0439\u0441\u043a\u0430\u044f \u0433\u0430\u043b\u0430\u043a\u0442\u0438\u043a\u0430 \u043a\u043e\u0440\u043e\u0442\u043a\u0438\u0445 \u0441\u0442\u0438\u0445\u043e\u0442\u0432\u043e\u0440\u0435\u043d\u0438\u0439 \u0414\u0436\u0435\u0440\u0430\u043b\u044c\u0434\u0430 \u0411\u0443\u043b\u043b\u0435\u0442\u0442\u0430<\/li><li>\u0427\u0430\u0441\u0442\u044c. \u0428\u0435\u0441\u0442\u044c \u0440\u043e\u0436\u0434\u0435\u0441\u0442\u0432\u0435\u043d\u0441\u043a\u0438\u0445 \u043f\u0435\u0441\u0435\u043d<ul><li><a href=\"https:\/\/www.youtube.com\/watch?v=Y-kXTqtho4E&amp;t=1548s\"><u>25:48<\/u><\/a> - \"In dulci jubilo\". \u0410\u0440\u0430\u043d\u0436\u0438\u0440\u043e\u0432\u043a\u0430: \u0414\u0436\u043e\u043d \u0420\u0430\u0442\u0442\u0435\u0440 \u0438 \u0420.\u041b. \u0434\u0435 \u041f\u0438\u0440\u0441\u0430\u043b\u043b<\/li><li><a href=\"https:\/\/www.youtube.com\/watch?v=Y-kXTqtho4E&amp;t=1775s\"><u>29:35<\/u><\/a> - \"Gaudete, Christus est natus\". \u0410\u0440\u0430\u043d\u0436\u0438\u0440\u043e\u0432\u043a\u0430: \u0414\u0436\u0435\u0440\u0430\u043b\u044c\u0434 \u0412\u0438\u0440\u0442<\/li><li><a href=\"https:\/\/www.youtube.com\/watch?v=Y-kXTqtho4E&amp;t=1955s\"><u>32:35<\/u><\/a> - \"\u041a\u043e\u043b\u044f\u0434\u043a\u0430 \u043a\u043e\u043b\u043e\u043a\u043e\u043b\u044c\u0447\u0438\u043a\u043e\u0432, \u0429\u0435\u0434\u0440\u0438\u043a\". \u041c\u0443\u0437\u044b\u043a\u0430: \u041c\u0438\u043a\u043e\u043b\u0430 \u041b\u0435\u043e\u043d\u0442\u043e\u0432\u0438\u0447<\/li><li><a href=\"https:\/\/www.youtube.com\/watch?v=Y-kXTqtho4E&amp;t=2072s\"><u>34:32<\/u><\/a> - \"Riu riu chiu\". \u0410\u0440\u0430\u043d\u0436\u0438\u0440\u043e\u0432\u043a\u0430: \u042d\u0440\u0438\u043a\u0430 \u0424\u0430\u0440\u0435-\u0411\u0435\u0440\u0433<\/li><li><a href=\"https:\/\/www.youtube.com\/watch?v=Y-kXTqtho4E&amp;t=2228s\"><u>37:08<\/u><\/a> - \"Voil\u00e0 le P\u00e8re No\u00ebl\". \u041c\u0443\u0437\u044b\u043a\u0430: \u041c\u044d\u0440\u0438 \u0422\u0440\u044d\u0432\u0435\u0440\u0441, \u0430\u0440\u0430\u043d\u0436\u0438\u0440\u043e\u0432\u043a\u0430: \u042d\u0440\u0438\u043a\u0430 \u0424\u0430\u0440\u0435-\u0411\u0435\u0440\u0433<\/li><li><a href=\"https:\/\/www.youtube.com\/watch?v=Y-kXTqtho4E&amp;t=2380s\"><u>39:40<\/u><\/a>\u00a0- \"Walking in the Air\" \u0438\u0437 \u043c\u0443\u043b\u044c\u0442\u0444\u0438\u043b\u044c\u043c\u0430 \"\u0421\u043d\u0435\u0433\u043e\u0432\u0438\u043a\". \u041c\u0443\u0437\u044b\u043a\u0430 \u0438 \u043b\u0438\u0440\u0438\u043a\u0430: \u0413\u043e\u0432\u0430\u0440\u0434 \u0411\u043b\u0435\u0439\u043a<\/li><\/ul><\/li><\/ol><\/div>\n\t\t\t\t<\/div>\n\t\t\t\t\t\t\t<div class=\"elementor-accordion-item\">\n\t\t\t\t\t<div id=\"elementor-tab-title-15446\" class=\"elementor-tab-title\" data-tab=\"46\" role=\"button\" aria-controls=\"elementor-tab-content-15446\" aria-expanded=\"false\">\n\t\t\t\t\t\t\t\t\t\t\t\t\t<span class=\"elementor-accordion-icon elementor-accordion-icon-right\" aria-hidden=\"true\">\n\t\t\t\t\t\t\t\t\t\t\t\t\t\t\t<span class=\"elementor-accordion-icon-closed\"><svg class=\"e-font-icon-svg e-fas-plus\" viewbox=\"0 0 448 512\" xmlns=\"http:\/\/www.w3.org\/2000\/svg\"><path d=\"M416 208H272V64c0-17.67-14.33-32-32-32h-32c-17.67 0-32 14.33-32 32v144H32c-17.67 0-32 14.33-32 32v32c0 17.67 14.33 32 32 32h144v144c0 17.67 14.33 32 32 32h32c17.67 0 32-14.33 32-32V304h144c17.67 0 32-14.33 32-32v-32c0-17.67-14.33-32-32-32z\"><\/path><\/svg><\/span>\n\t\t\t\t\t\t\t\t<span class=\"elementor-accordion-icon-opened\"><svg class=\"e-font-icon-svg e-fas-minus\" viewbox=\"0 0 448 512\" xmlns=\"http:\/\/www.w3.org\/2000\/svg\"><path d=\"M416 208H32c-17.67 0-32 14.33-32 32v32c0 17.67 14.33 32 32 32h384c17.67 0 32-14.33 32-32v-32c0-17.67-14.33-32-32-32z\"><\/path><\/svg><\/span>\n\t\t\t\t\t\t\t\t\t\t\t\t\t\t<\/span>\n\t\t\t\t\t\t\t\t\t\t\t\t<a class=\"elementor-accordion-title\" tabindex=\"0\">Zauberhafte Chorkl\u00e4nge zur Adventszei<\/a>\n\t\t\t\t\t<\/div>\n\t\t\t\t\t<div id=\"elementor-tab-content-15446\" class=\"elementor-tab-content elementor-clearfix\" data-tab=\"46\" role=\"region\" aria-labelledby=\"elementor-tab-title-15446\"><p>\u041a\u043e\u043d\u0446\u0435\u0440\u0442\u043d\u044b\u0439 \u0445\u043e\u0440 \u041c\u044e\u043d\u0445\u0435\u043d\u0441\u043a\u043e\u0439 \u0448\u043a\u043e\u043b\u044b \u0445\u043e\u0440\u043e\u0432\u043e\u0433\u043e \u0438\u0441\u043a\u0443\u0441\u0441\u0442\u0432\u0430<br \/>\u0411\u0435\u043d\u0434\u0436\u0430\u043c\u0438\u043d \u0411\u0440\u0438\u0442\u0442\u0435\u043d \"\u0426\u0435\u0440\u0435\u043c\u043e\u043d\u0438\u044f \u043a\u043e\u043b\u044f\u0434\u043e\u043a\",<br \/>\u043c\u0435\u0436\u0434\u0443\u043d\u0430\u0440\u043e\u0434\u043d\u044b\u0435 \u0440\u043e\u0436\u0434\u0435\u0441\u0442\u0432\u0435\u043d\u0441\u043a\u0438\u0435 \u0433\u0438\u043c\u043d\u044b,<br \/>\u0442\u0440\u0430\u0434\u0438\u0446\u0438\u043e\u043d\u043d\u044b\u043c\u0438 \u0441\u043f\u043e\u0441\u043e\u0431\u0430\u043c\u0438,<br \/>\u0414\u0435\u0442\u0441\u043a\u0438\u0435 \u0438 \u043d\u0430\u0440\u043e\u0434\u043d\u044b\u0435 \u043f\u0435\u0441\u043d\u0438<\/p><p>\u0412\u043e\u0441\u043a\u0440\u0435\u0441\u0435\u043d\u044c\u0435, 19 \u0434\u0435\u043a\u0430\u0431\u0440\u044f 2021 \u0433\u043e\u0434\u0430, 17:00<br \/>Pfarrkirche St. Josef<br \/>Ostpreu\u00dfenstra\u00dfe 2<br \/>84503 Alt\u00f6tting<\/p><p>\u0410\u0440\u0444\u0430: \u041b\u0430\u0443\u0434\u0438\u043d \u0414\u0430\u0440\u0434<br \/>\u0424\u043e\u0440\u0442\u0435\u043f\u0438\u0430\u043d\u043e: \u0421\u0443\u043d \u0425\u0438 \u041b\u0438<br \/>Leitung: Maksim Matsiushenkau<br \/>Eintritt frei \u2013 Spenden erbeten<br \/>\u041d\u0430 \u0432\u0441\u0435\u0445 \u043c\u0435\u0440\u043e\u043f\u0440\u0438\u044f\u0442\u0438\u044f\u0445 \u0432 \u0411\u0430\u0432\u0430\u0440\u0438\u0438 \u0434\u0435\u0439\u0441\u0442\u0432\u0443\u0435\u0442 \u043f\u0440\u0430\u0432\u0438\u043b\u043e 2G plus: \u0432\u0430\u043a\u0446\u0438\u043d\u0438\u0440\u043e\u0432\u0430\u043d\u043d\u044b\u0435 \u0438\u043b\u0438 \u0432\u044b\u0437\u0434\u043e\u0440\u043e\u0432\u0435\u0432\u0448\u0438\u0435 \u0438 \u0434\u043e\u043f\u043e\u043b\u043d\u0438\u0442\u0435\u043b\u044c\u043d\u043e \u043f\u0440\u043e\u0442\u0435\u0441\u0442\u0438\u0440\u043e\u0432\u0430\u043d\u043d\u044b\u0435 (\u0442\u0435\u0441\u0442 \u043d\u0430 \u0430\u043d\u0442\u0438\u0433\u0435\u043d PoC \u0441 \u043f\u0438\u0441\u044c\u043c\u0435\u043d\u043d\u044b\u043c \u043f\u043e\u0434\u0442\u0432\u0435\u0440\u0436\u0434\u0435\u043d\u0438\u0435\u043c, \u043f\u0440\u043e\u0432\u0435\u0434\u0435\u043d\u043d\u044b\u0439 \u043d\u0435 \u0431\u043e\u043b\u0435\u0435 24 \u0447\u0430\u0441\u043e\u0432 \u043d\u0430\u0437\u0430\u0434).<\/p><\/div>\n\t\t\t\t<\/div>\n\t\t\t\t\t\t\t<div class=\"elementor-accordion-item\">\n\t\t\t\t\t<div id=\"elementor-tab-title-15447\" class=\"elementor-tab-title\" data-tab=\"47\" role=\"button\" aria-controls=\"elementor-tab-content-15447\" aria-expanded=\"false\">\n\t\t\t\t\t\t\t\t\t\t\t\t\t<span class=\"elementor-accordion-icon elementor-accordion-icon-right\" aria-hidden=\"true\">\n\t\t\t\t\t\t\t\t\t\t\t\t\t\t\t<span class=\"elementor-accordion-icon-closed\"><svg class=\"e-font-icon-svg e-fas-plus\" viewbox=\"0 0 448 512\" xmlns=\"http:\/\/www.w3.org\/2000\/svg\"><path d=\"M416 208H272V64c0-17.67-14.33-32-32-32h-32c-17.67 0-32 14.33-32 32v144H32c-17.67 0-32 14.33-32 32v32c0 17.67 14.33 32 32 32h144v144c0 17.67 14.33 32 32 32h32c17.67 0 32-14.33 32-32V304h144c17.67 0 32-14.33 32-32v-32c0-17.67-14.33-32-32-32z\"><\/path><\/svg><\/span>\n\t\t\t\t\t\t\t\t<span class=\"elementor-accordion-icon-opened\"><svg class=\"e-font-icon-svg e-fas-minus\" viewbox=\"0 0 448 512\" xmlns=\"http:\/\/www.w3.org\/2000\/svg\"><path d=\"M416 208H32c-17.67 0-32 14.33-32 32v32c0 17.67 14.33 32 32 32h384c17.67 0 32-14.33 32-32v-32c0-17.67-14.33-32-32-32z\"><\/path><\/svg><\/span>\n\t\t\t\t\t\t\t\t\t\t\t\t\t\t<\/span>\n\t\t\t\t\t\t\t\t\t\t\t\t<a class=\"elementor-accordion-title\" tabindex=\"0\">TIROLER FESTSPIELE \u2013 \u201cK\u00d6NIGSKINDER\u201d, die Oper von ENGELBERT HUMPERDINCK<\/a>\n\t\t\t\t\t<\/div>\n\t\t\t\t\t<div id=\"elementor-tab-content-15447\" class=\"elementor-tab-content elementor-clearfix\" data-tab=\"47\" role=\"region\" aria-labelledby=\"elementor-tab-title-15447\"><p><strong><b>17.07.2021, 18:00 - 21:30<\/b><\/strong><\/p><p><strong><b>11.07.2021, 15:00 - 19:00<\/b><\/strong><\/p><p><strong><b>09.07.2021, 18:00 - 21:30<\/b><\/strong><\/p><p>\u0422\u0438\u0440\u043e\u043b\u044c\u0441\u043a\u0438\u0439 \u0444\u0435\u0441\u0442\u0438\u0432\u0430\u043b\u044c, \u0424\u0435\u0441\u0442\u0438\u0432\u0430\u043b\u044c\u043d\u044b\u0439 \u0437\u0430\u043b\u00a0<\/p><p><em><i>M\u00fchlgraben 56a\u00a0<\/i><\/em><em><i><br \/><\/i><\/em><em><i>Erl,\u00a06343\u00a0\u00d6sterreich<\/i><\/em><\/p><\/div>\n\t\t\t\t<\/div>\n\t\t\t\t\t\t\t<div class=\"elementor-accordion-item\">\n\t\t\t\t\t<div id=\"elementor-tab-title-15448\" class=\"elementor-tab-title\" data-tab=\"48\" role=\"button\" aria-controls=\"elementor-tab-content-15448\" aria-expanded=\"false\">\n\t\t\t\t\t\t\t\t\t\t\t\t\t<span class=\"elementor-accordion-icon elementor-accordion-icon-right\" aria-hidden=\"true\">\n\t\t\t\t\t\t\t\t\t\t\t\t\t\t\t<span class=\"elementor-accordion-icon-closed\"><svg class=\"e-font-icon-svg e-fas-plus\" viewbox=\"0 0 448 512\" xmlns=\"http:\/\/www.w3.org\/2000\/svg\"><path d=\"M416 208H272V64c0-17.67-14.33-32-32-32h-32c-17.67 0-32 14.33-32 32v144H32c-17.67 0-32 14.33-32 32v32c0 17.67 14.33 32 32 32h144v144c0 17.67 14.33 32 32 32h32c17.67 0 32-14.33 32-32V304h144c17.67 0 32-14.33 32-32v-32c0-17.67-14.33-32-32-32z\"><\/path><\/svg><\/span>\n\t\t\t\t\t\t\t\t<span class=\"elementor-accordion-icon-opened\"><svg class=\"e-font-icon-svg e-fas-minus\" viewbox=\"0 0 448 512\" xmlns=\"http:\/\/www.w3.org\/2000\/svg\"><path d=\"M416 208H32c-17.67 0-32 14.33-32 32v32c0 17.67 14.33 32 32 32h384c17.67 0 32-14.33 32-32v-32c0-17.67-14.33-32-32-32z\"><\/path><\/svg><\/span>\n\t\t\t\t\t\t\t\t\t\t\t\t\t\t<\/span>\n\t\t\t\t\t\t\t\t\t\t\t\t<a class=\"elementor-accordion-title\" tabindex=\"0\">Zauberhafte Chorkl\u00e4nge zur Adventszei<\/a>\n\t\t\t\t\t<\/div>\n\t\t\t\t\t<div id=\"elementor-tab-content-15448\" class=\"elementor-tab-content elementor-clearfix\" data-tab=\"48\" role=\"region\" aria-labelledby=\"elementor-tab-title-15448\"><p><strong><b>Zauberhafte Chorkl\u00e4nge zur Adventszei<\/b><\/strong><\/p><p>5.12.2019, 17:00 - 19:00<br \/>\u041e\u0441\u043d\u043e\u0432\u043d\u043e\u0439 \u043a\u043e\u043d\u0446\u0435\u0440\u0442\u043d\u044b\u0439 \u0445\u043e\u0440 (\u0445\u043e\u0440 II) \u041c\u044e\u043d\u0445\u0435\u043d\u0441\u043a\u043e\u0439 \u0448\u043a\u043e\u043b\u044b \u0445\u043e\u0440\u043e\u0432\u043e\u0433\u043e \u0438\u0441\u043a\u0443\u0441\u0441\u0442\u0432\u0430<br \/>\u041a\u043e\u043d\u0446\u0435\u0440\u0442\u043d\u044b\u0439 \u0445\u043e\u0440 (\u0445\u043e\u0440 III) \u0428\u043a\u043e\u043b\u044b \u0445\u043e\u0440\u043e\u0432\u043e\u0433\u043e \u0438\u0441\u043a\u0443\u0441\u0441\u0442\u0432\u0430 \u041c\u044e\u043d\u0445\u0435\u043d\u0430<br \/>Eintritt frei \u2013 Spenden erbeten<\/p><p><strong>\u0410\u043b\u044c\u0442\u0451\u0442\u0442\u0438\u043d\u0433. \u0415\u0432\u0430\u043d\u0433\u0435\u043b\u0438\u0447\u0435\u0441\u043a\u0430\u044f \u0446\u0435\u0440\u043a\u043e\u0432\u044c \u0414\u043e\u0431\u0440\u043e\u0433\u043e \u043f\u0430\u0441\u0442\u044b\u0440\u044f\u00a0<\/strong><\/p><p><em><i>Eichendorffstrasse 2\u00a0<\/i><\/em><em><i><br \/><\/i><\/em><em><i>84503 Alt\u00f6tting<\/i><\/em><\/p><\/div>\n\t\t\t\t<\/div>\n\t\t\t\t\t\t\t<div class=\"elementor-accordion-item\">\n\t\t\t\t\t<div id=\"elementor-tab-title-15449\" class=\"elementor-tab-title\" data-tab=\"49\" role=\"button\" aria-controls=\"elementor-tab-content-15449\" aria-expanded=\"false\">\n\t\t\t\t\t\t\t\t\t\t\t\t\t<span class=\"elementor-accordion-icon elementor-accordion-icon-right\" aria-hidden=\"true\">\n\t\t\t\t\t\t\t\t\t\t\t\t\t\t\t<span class=\"elementor-accordion-icon-closed\"><svg class=\"e-font-icon-svg e-fas-plus\" viewbox=\"0 0 448 512\" xmlns=\"http:\/\/www.w3.org\/2000\/svg\"><path d=\"M416 208H272V64c0-17.67-14.33-32-32-32h-32c-17.67 0-32 14.33-32 32v144H32c-17.67 0-32 14.33-32 32v32c0 17.67 14.33 32 32 32h144v144c0 17.67 14.33 32 32 32h32c17.67 0 32-14.33 32-32V304h144c17.67 0 32-14.33 32-32v-32c0-17.67-14.33-32-32-32z\"><\/path><\/svg><\/span>\n\t\t\t\t\t\t\t\t<span class=\"elementor-accordion-icon-opened\"><svg class=\"e-font-icon-svg e-fas-minus\" viewbox=\"0 0 448 512\" xmlns=\"http:\/\/www.w3.org\/2000\/svg\"><path d=\"M416 208H32c-17.67 0-32 14.33-32 32v32c0 17.67 14.33 32 32 32h384c17.67 0 32-14.33 32-32v-32c0-17.67-14.33-32-32-32z\"><\/path><\/svg><\/span>\n\t\t\t\t\t\t\t\t\t\t\t\t\t\t<\/span>\n\t\t\t\t\t\t\t\t\t\t\t\t<a class=\"elementor-accordion-title\" tabindex=\"0\">LET ME FLY!<\/a>\n\t\t\t\t\t<\/div>\n\t\t\t\t\t<div id=\"elementor-tab-content-15449\" class=\"elementor-tab-content elementor-clearfix\" data-tab=\"49\" role=\"region\" aria-labelledby=\"elementor-tab-title-15449\"><p>\u041c\u0435\u0436\u043a\u0443\u043b\u044c\u0442\u0443\u0440\u043d\u044b\u0439 \u0445\u043e\u0440\u043e\u0432\u043e\u0439 \u043a\u043e\u043d\u0446\u0435\u0440\u0442.<\/p><p>\u041a\u043b\u0430\u0441\u0441\u0438\u0447\u0435\u0441\u043a\u0438\u0435 \u0438 \u0441\u043e\u0432\u0440\u0435\u043c\u0435\u043d\u043d\u044b\u0435 \u043f\u0440\u043e\u0438\u0437\u0432\u0435\u0434\u0435\u043d\u0438\u044f \u043c\u0435\u0436\u0434\u0443\u043d\u0430\u0440\u043e\u0434\u043d\u044b\u0445 \u043a\u043e\u043c\u043f\u043e\u0437\u0438\u0442\u043e\u0440\u043e\u0432.<\/p><p>\u0421\u0443\u0431\u0431\u043e\u0442\u0430, 16 \u043d\u043e\u044f\u0431\u0440\u044f 2019 \u0433\u043e\u0434\u0430, 18:00.<\/p><p>Sophiensaal Munich, Sophienstra\u00dfe 6, 80333 \u041c\u044e\u043d\u0445\u0435\u043d.<\/p><p>Leitung: Maksim Matsiushenkau<\/p><p>\u0426\u0435\u043d\u0430 \u0432\u0445\u043e\u0434\u043d\u043e\u0433\u043e \u0431\u0438\u043b\u0435\u0442\u0430: 12,60 \u0435\u0432\u0440\u043e \u0441 \u0447\u0435\u043b\u043e\u0432\u0435\u043a\u0430.<\/p><p>\u0421\u043a\u0438\u0434\u043a\u0430 \u0434\u043b\u044f \u0448\u043a\u043e\u043b\u044c\u043d\u0438\u043a\u043e\u0432 \u0438 \u0441\u0442\u0443\u0434\u0435\u043d\u0442\u043e\u0432: 8,50 \u0435\u0432\u0440\u043e.<\/p><p>\u0411\u0438\u043b\u0435\u0442\u044b \u043c\u043e\u0436\u043d\u043e \u043f\u0440\u0438\u043e\u0431\u0440\u0435\u0441\u0442\u0438\u00a0<span><a href=\"https:\/\/www.muenchenticket.de\/guide\/tickets\/296rq\/Let+me+fly+Jubilaeumskonzert+der+Schule+fuer+Chorkunst+Muenchen.html\"><u>HIER<\/u><\/a><\/span>\u00a0\u0438\u043b\u0438 \u0432 \u043a\u0430\u0441\u0441\u0435 \u0441 17:00 \u0432 \u0434\u0435\u043d\u044c \u043a\u043e\u043d\u0446\u0435\u0440\u0442\u0430.<\/p><p><strong><b>\u041a\u043e\u043d\u0446\u0435\u0440\u0442 \u043f\u0440\u043e\u0432\u043e\u0434\u0438\u0442\u0441\u044f \u043f\u0440\u0438 \u043f\u043e\u0434\u0434\u0435\u0440\u0436\u043a\u0435 \u0414\u0435\u043f\u0430\u0440\u0442\u0430\u043c\u0435\u043d\u0442\u0430 \u043a\u0443\u043b\u044c\u0442\u0443\u0440\u044b \u041c\u044e\u043d\u0445\u0435\u043d\u0430.<\/b><\/strong><\/p><p>16 \u043d\u043e\u044f\u0431\u0440\u044f \u043c\u044b \u0441\u0435\u0440\u0434\u0435\u0447\u043d\u043e \u043f\u0440\u0438\u0433\u043b\u0430\u0448\u0430\u0435\u043c \u0432\u0430\u0441 \u043d\u0430 \u043d\u0430\u0448 \u044e\u0431\u0438\u043b\u0435\u0439\u043d\u044b\u0439 \u043a\u043e\u043d\u0446\u0435\u0440\u0442. \u041d\u0430\u0448\u0430 \u044e\u0431\u0438\u043b\u0435\u0439\u043d\u0430\u044f \u043f\u0440\u043e\u0433\u0440\u0430\u043c\u043c\u0430 \u043f\u043e\u0441\u0432\u044f\u0449\u0435\u043d\u0430 \u0442\u0435\u043c\u0435 \"\u041f\u043e\u043b\u0435\u0442\". \u0416\u0435\u043b\u0430\u043d\u0438\u0435 \u0447\u0435\u043b\u043e\u0432\u0435\u043a\u0430 \u0443\u043c\u0435\u0442\u044c \u043b\u0435\u0442\u0430\u0442\u044c - \u043f\u043e\u0441\u0442\u043e\u044f\u043d\u043d\u0430\u044f \u0442\u0435\u043c\u0430 \u0432 \u043f\u043e\u044d\u0437\u0438\u0438 \u0438 \u043c\u0443\u0437\u044b\u043a\u0435, \u0430 \u043f\u043e\u043b\u0435\u0442 \u043f\u0440\u0435\u0434\u0441\u0442\u0430\u0432\u043b\u044f\u0435\u0442 \u0441\u043e\u0431\u043e\u0439 \u043e\u0434\u043d\u0443 \u0438\u0437 \u0441\u0430\u043c\u044b\u0445 \u044f\u0440\u043a\u0438\u0445 \u043c\u0435\u0442\u0430\u0444\u043e\u0440 \u0441\u0447\u0430\u0441\u0442\u044c\u044f \u0438 \u0441\u0432\u043e\u0431\u043e\u0434\u044b. \u041f\u043e\u043b\u0435\u0442 - \u043e\u0434\u043d\u0430 \u0438\u0437 \u0441\u0430\u043c\u044b\u0445 \u044f\u0440\u043a\u0438\u0445 \u043c\u0435\u0442\u0430\u0444\u043e\u0440 \u0441\u0447\u0430\u0441\u0442\u044c\u044f \u0438 \u0441\u0432\u043e\u0431\u043e\u0434\u044b. \u041e\u043d \u0441\u0438\u043c\u0432\u043e\u043b\u0438\u0437\u0438\u0440\u0443\u0435\u0442 \u043f\u0435\u0440\u0432\u043e\u0431\u044b\u0442\u043d\u0443\u044e \u043c\u0435\u0447\u0442\u0443 \u0447\u0435\u043b\u043e\u0432\u0435\u0447\u0435\u0441\u0442\u0432\u0430 \u043e\u0441\u0442\u0430\u0432\u0438\u0442\u044c \u0432\u0441\u0435 \u043d\u0435\u0432\u0437\u0433\u043e\u0434\u044b \u0438 \u0442\u0440\u0443\u0434\u043d\u043e\u0441\u0442\u0438 \u043d\u0430 \u0437\u0435\u043c\u043b\u0435 \u0438 \u0431\u0435\u0437\u0437\u0430\u0431\u043e\u0442\u043d\u043e \u0432\u0437\u043c\u044b\u0442\u044c \u0432 \u043d\u0435\u0431\u043e. \u0422\u0430\u043a\u0438\u0435 \u043c\u043e\u0442\u0438\u0432\u044b \u043f\u0435\u0441\u0435\u043d, \u043a\u0430\u043a \"\u043d\u0435\u0441\u0442\u0438\u0441\u044c \u043d\u0430 \u043a\u0440\u044b\u043b\u044c\u044f\u0445 \u0432\u0435\u0442\u0440\u0430\", \"\u043b\u0435\u0442\u0435\u0442\u044c \u0432\u044b\u0448\u0435 \u043e\u0431\u043b\u0430\u043a\u043e\u0432\", \"\u0431\u044b\u0442\u044c \u0441\u0432\u043e\u0431\u043e\u0434\u043d\u044b\u043c, \u043a\u0430\u043a \u043f\u0442\u0438\u0446\u0430\" \u0438\u043b\u0438 \"\u043f\u043e\u0440\u0445\u0430\u043d\u0438\u0435 \u0431\u0430\u0431\u043e\u0447\u043a\u0438\", \u043e\u0442\u0440\u0430\u0436\u0430\u044e\u0442 \u044d\u0442\u0443 \u043c\u0435\u0447\u0442\u0443.<\/p><p>\u041c\u044b \u043f\u0440\u0435\u0434\u043b\u0430\u0433\u0430\u0435\u043c \u0432\u0430\u043c \u043c\u0443\u0437\u044b\u043a\u0430\u043b\u044c\u043d\u044b\u0439 \u043f\u043e\u043b\u0435\u0442 \u0444\u0430\u043d\u0442\u0430\u0437\u0438\u0438! \u041f\u043e\u043a\u0430 \u043f\u043e\u043b\u0435\u0442 \u0431\u0435\u0437 \u043c\u0435\u0445\u0430\u043d\u0438\u0447\u0435\u0441\u043a\u043e\u0439 \u043f\u043e\u043c\u043e\u0449\u0438 \u043e\u0441\u0442\u0430\u0435\u0442\u0441\u044f \u043c\u0435\u0447\u0442\u043e\u0439, \u0432 \u044d\u0442\u043e\u0442 \u0432\u0435\u0447\u0435\u0440 \u043c\u044b \u043b\u0435\u0442\u0438\u043c \u043d\u0430 \u043a\u0440\u044b\u043b\u044c\u044f\u0445 \u043f\u0435\u0441\u043d\u0438 \u0447\u0435\u0440\u0435\u0437 \u0433\u0440\u0430\u043d\u0438\u0446\u044b, \u043a\u0443\u043b\u044c\u0442\u0443\u0440\u044b \u0438 \u044d\u043f\u043e\u0445\u0438.<\/p><p>\u0412 \u043a\u043e\u043d\u0446\u0435\u0440\u0442\u0435 \u043f\u0440\u0438\u043c\u0443\u0442 \u0443\u0447\u0430\u0441\u0442\u0438\u0435 2 \u0434\u0435\u0442\u0441\u043a\u0438\u0445 \u0445\u043e\u0440\u0430 \u0438\u0437 \u0428\u043a\u043e\u043b\u044b \u0445\u043e\u0440\u043e\u0432\u043e\u0433\u043e \u0438\u0441\u043a\u0443\u0441\u0441\u0442\u0432\u0430, \u0430 \u0442\u0430\u043a\u0436\u0435 \u043d\u043e\u0432\u044b\u0439 \u0432\u043e\u043a\u0430\u043b\u044c\u043d\u044b\u0439 \u0430\u043d\u0441\u0430\u043c\u0431\u043b\u044c \"The Voxxettes\".<\/p><p>\u041d\u0430\u0448 \u0441\u043f\u0435\u0446\u0438\u0430\u043b\u044c\u043d\u044b\u0439 \u0433\u043e\u0441\u0442\u044c \u0432 \u044d\u0442\u043e\u0442 \u0432\u0435\u0447\u0435\u0440 - \u043c\u043e\u043b\u043e\u0434\u043e\u0439 \u0440\u043e\u0441\u0441\u0438\u0439\u0441\u043a\u0438\u0439 \u043f\u0438\u0430\u043d\u0438\u0441\u0442, \u043b\u0430\u0443\u0440\u0435\u0430\u0442 \u043c\u0435\u0436\u0434\u0443\u043d\u0430\u0440\u043e\u0434\u043d\u044b\u0445 \u0444\u043e\u0440\u0442\u0435\u043f\u0438\u0430\u043d\u043d\u044b\u0445 \u043a\u043e\u043d\u043a\u0443\u0440\u0441\u043e\u0432 \u0418\u0432\u0430\u043d \u042f\u0440\u0447\u0435\u0432\u0441\u043a\u0438\u0439.<\/p><\/div>\n\t\t\t\t<\/div>\n\t\t\t\t\t\t\t<div class=\"elementor-accordion-item\">\n\t\t\t\t\t<div id=\"elementor-tab-title-15450\" class=\"elementor-tab-title\" data-tab=\"50\" role=\"button\" aria-controls=\"elementor-tab-content-15450\" aria-expanded=\"false\">\n\t\t\t\t\t\t\t\t\t\t\t\t\t<span class=\"elementor-accordion-icon elementor-accordion-icon-right\" aria-hidden=\"true\">\n\t\t\t\t\t\t\t\t\t\t\t\t\t\t\t<span class=\"elementor-accordion-icon-closed\"><svg class=\"e-font-icon-svg e-fas-plus\" viewbox=\"0 0 448 512\" xmlns=\"http:\/\/www.w3.org\/2000\/svg\"><path d=\"M416 208H272V64c0-17.67-14.33-32-32-32h-32c-17.67 0-32 14.33-32 32v144H32c-17.67 0-32 14.33-32 32v32c0 17.67 14.33 32 32 32h144v144c0 17.67 14.33 32 32 32h32c17.67 0 32-14.33 32-32V304h144c17.67 0 32-14.33 32-32v-32c0-17.67-14.33-32-32-32z\"><\/path><\/svg><\/span>\n\t\t\t\t\t\t\t\t<span class=\"elementor-accordion-icon-opened\"><svg class=\"e-font-icon-svg e-fas-minus\" viewbox=\"0 0 448 512\" xmlns=\"http:\/\/www.w3.org\/2000\/svg\"><path d=\"M416 208H32c-17.67 0-32 14.33-32 32v32c0 17.67 14.33 32 32 32h384c17.67 0 32-14.33 32-32v-32c0-17.67-14.33-32-32-32z\"><\/path><\/svg><\/span>\n\t\t\t\t\t\t\t\t\t\t\t\t\t\t<\/span>\n\t\t\t\t\t\t\t\t\t\t\t\t<a class=\"elementor-accordion-title\" tabindex=\"0\">Ballett in der Reaktorhalle (II)<\/a>\n\t\t\t\t\t<\/div>\n\t\t\t\t\t<div id=\"elementor-tab-content-15450\" class=\"elementor-tab-content elementor-clearfix\" data-tab=\"50\" role=\"region\" aria-labelledby=\"elementor-tab-title-15450\"><p><strong><b>21.12.2018,19:00\u00a0&#8211;\u00a021:00<\/b><\/strong><\/p><p>\u041a\u043e\u043d\u0446\u0435\u0440\u0442 \u0410\u043a\u0430\u0434\u0435\u043c\u0438\u0438 \u0431\u0430\u043b\u0435\u0442\u0430 \u0423\u043d\u0438\u0432\u0435\u0440\u0441\u0438\u0442\u0435\u0442\u0430 \u043c\u0443\u0437\u044b\u043a\u0438 \u0438 \u0438\u0441\u043f\u043e\u043b\u043d\u0438\u0442\u0435\u043b\u044c\u0441\u043a\u0438\u0445 \u0438\u0441\u043a\u0443\u0441\u0441\u0442\u0432 \u041c\u044e\u043d\u0445\u0435\u043d\u0430.<\/p><p>\u0421\u0446\u0435\u043d\u044b \u0438\u0437 \u0431\u0430\u043b\u0435\u0442\u0430\u00a0<strong><b>\"\u0429\u0435\u043b\u043a\u0443\u043d\u0447\u0438\u043a\"<\/b><\/strong>\u00a0\u041f\u0435\u0442\u0440\u0430\u00a0<strong><b>\u0418\u043b\u044c\u0438\u0447\u0430 \u0427\u0430\u0439\u043a\u043e\u0432\u0441\u043a\u043e\u0433\u043e \u043f\u0440\u0438 \u0443\u0447\u0430\u0441\u0442\u0438\u0438 \u041a\u043e\u043d\u0446\u0435\u0440\u0442\u043d\u043e\u0433\u043e \u0445\u043e\u0440\u0430 \u041c\u044e\u043d\u0445\u0435\u043d\u0441\u043a\u043e\u0439 \u0448\u043a\u043e\u043b\u044b \u0445\u043e\u0440\u043e\u0432\u043e\u0433\u043e \u0438\u0441\u043a\u0443\u0441\u0441\u0442\u0432\u0430.<\/b><\/strong><\/p><p>\u0420\u0435\u0430\u043a\u0442\u043e\u0440\u043d\u044b\u0439 \u0437\u0430\u043b\u00a0<br \/>Luisenstr. 37a\u00a0<br \/>80333 \u041c\u044e\u043d\u0445\u0435\u043d\u00a0<\/p><\/div>\n\t\t\t\t<\/div>\n\t\t\t\t\t\t\t<div class=\"elementor-accordion-item\">\n\t\t\t\t\t<div id=\"elementor-tab-title-15451\" class=\"elementor-tab-title\" data-tab=\"51\" role=\"button\" aria-controls=\"elementor-tab-content-15451\" aria-expanded=\"false\">\n\t\t\t\t\t\t\t\t\t\t\t\t\t<span class=\"elementor-accordion-icon elementor-accordion-icon-right\" aria-hidden=\"true\">\n\t\t\t\t\t\t\t\t\t\t\t\t\t\t\t<span class=\"elementor-accordion-icon-closed\"><svg class=\"e-font-icon-svg e-fas-plus\" viewbox=\"0 0 448 512\" xmlns=\"http:\/\/www.w3.org\/2000\/svg\"><path d=\"M416 208H272V64c0-17.67-14.33-32-32-32h-32c-17.67 0-32 14.33-32 32v144H32c-17.67 0-32 14.33-32 32v32c0 17.67 14.33 32 32 32h144v144c0 17.67 14.33 32 32 32h32c17.67 0 32-14.33 32-32V304h144c17.67 0 32-14.33 32-32v-32c0-17.67-14.33-32-32-32z\"><\/path><\/svg><\/span>\n\t\t\t\t\t\t\t\t<span class=\"elementor-accordion-icon-opened\"><svg class=\"e-font-icon-svg e-fas-minus\" viewbox=\"0 0 448 512\" xmlns=\"http:\/\/www.w3.org\/2000\/svg\"><path d=\"M416 208H32c-17.67 0-32 14.33-32 32v32c0 17.67 14.33 32 32 32h384c17.67 0 32-14.33 32-32v-32c0-17.67-14.33-32-32-32z\"><\/path><\/svg><\/span>\n\t\t\t\t\t\t\t\t\t\t\t\t\t\t<\/span>\n\t\t\t\t\t\t\t\t\t\t\t\t<a class=\"elementor-accordion-title\" tabindex=\"0\">Ballett in der Reaktorhalle (I)<\/a>\n\t\t\t\t\t<\/div>\n\t\t\t\t\t<div id=\"elementor-tab-content-15451\" class=\"elementor-tab-content elementor-clearfix\" data-tab=\"51\" role=\"region\" aria-labelledby=\"elementor-tab-title-15451\"><p><strong><b>20.12.2018,19:00\u00a0&#8211;\u00a021:00<\/b><\/strong><\/p><p>\u041a\u043e\u043d\u0446\u0435\u0440\u0442 \u0410\u043a\u0430\u0434\u0435\u043c\u0438\u0438 \u0431\u0430\u043b\u0435\u0442\u0430 \u0423\u043d\u0438\u0432\u0435\u0440\u0441\u0438\u0442\u0435\u0442\u0430 \u043c\u0443\u0437\u044b\u043a\u0438 \u0438 \u0438\u0441\u043f\u043e\u043b\u043d\u0438\u0442\u0435\u043b\u044c\u0441\u043a\u0438\u0445 \u0438\u0441\u043a\u0443\u0441\u0441\u0442\u0432 \u041c\u044e\u043d\u0445\u0435\u043d\u0430.<\/p><p>\u0421\u0446\u0435\u043d\u044b \u0438\u0437 \u0431\u0430\u043b\u0435\u0442\u0430\u00a0<strong><b>\"\u0429\u0435\u043b\u043a\u0443\u043d\u0447\u0438\u043a\"<\/b><\/strong>\u00a0\u041f\u0435\u0442\u0440\u0430\u00a0<strong><b>\u0418\u043b\u044c\u0438\u0447\u0430 \u0427\u0430\u0439\u043a\u043e\u0432\u0441\u043a\u043e\u0433\u043e \u043f\u0440\u0438 \u0443\u0447\u0430\u0441\u0442\u0438\u0438 \u041a\u043e\u043d\u0446\u0435\u0440\u0442\u043d\u043e\u0433\u043e \u0445\u043e\u0440\u0430 \u041c\u044e\u043d\u0445\u0435\u043d\u0441\u043a\u043e\u0439 \u0448\u043a\u043e\u043b\u044b \u0445\u043e\u0440\u043e\u0432\u043e\u0433\u043e \u0438\u0441\u043a\u0443\u0441\u0441\u0442\u0432\u0430.<\/b><\/strong><\/p><p>\u0420\u0435\u0430\u043a\u0442\u043e\u0440\u043d\u044b\u0439 \u0437\u0430\u043b\u00a0<br \/>Luisenstr. 37a\u00a0<br \/>80333 \u041c\u044e\u043d\u0445\u0435\u043d<\/p><\/div>\n\t\t\t\t<\/div>\n\t\t\t\t\t\t\t<div class=\"elementor-accordion-item\">\n\t\t\t\t\t<div id=\"elementor-tab-title-15452\" class=\"elementor-tab-title\" data-tab=\"52\" role=\"button\" aria-controls=\"elementor-tab-content-15452\" aria-expanded=\"false\">\n\t\t\t\t\t\t\t\t\t\t\t\t\t<span class=\"elementor-accordion-icon elementor-accordion-icon-right\" aria-hidden=\"true\">\n\t\t\t\t\t\t\t\t\t\t\t\t\t\t\t<span class=\"elementor-accordion-icon-closed\"><svg class=\"e-font-icon-svg e-fas-plus\" viewbox=\"0 0 448 512\" xmlns=\"http:\/\/www.w3.org\/2000\/svg\"><path d=\"M416 208H272V64c0-17.67-14.33-32-32-32h-32c-17.67 0-32 14.33-32 32v144H32c-17.67 0-32 14.33-32 32v32c0 17.67 14.33 32 32 32h144v144c0 17.67 14.33 32 32 32h32c17.67 0 32-14.33 32-32V304h144c17.67 0 32-14.33 32-32v-32c0-17.67-14.33-32-32-32z\"><\/path><\/svg><\/span>\n\t\t\t\t\t\t\t\t<span class=\"elementor-accordion-icon-opened\"><svg class=\"e-font-icon-svg e-fas-minus\" viewbox=\"0 0 448 512\" xmlns=\"http:\/\/www.w3.org\/2000\/svg\"><path d=\"M416 208H32c-17.67 0-32 14.33-32 32v32c0 17.67 14.33 32 32 32h384c17.67 0 32-14.33 32-32v-32c0-17.67-14.33-32-32-32z\"><\/path><\/svg><\/span>\n\t\t\t\t\t\t\t\t\t\t\t\t\t\t<\/span>\n\t\t\t\t\t\t\t\t\t\t\t\t<a class=\"elementor-accordion-title\" tabindex=\"0\">Vicky Leandros \u2013 Die Weihnachtskonzert-Tournee 2018<\/a>\n\t\t\t\t\t<\/div>\n\t\t\t\t\t<div id=\"elementor-tab-content-15452\" class=\"elementor-tab-content elementor-clearfix\" data-tab=\"52\" role=\"region\" aria-labelledby=\"elementor-tab-title-15452\"><p><strong><b>4.12.2018,20:00\u00a0&#8211;\u00a022:00<\/b><\/strong><\/p><p>\u041a\u043e\u043d\u0446\u0435\u0440\u0442\u043d\u044b\u0439 \u0445\u043e\u0440 (\u0445\u043e\u0440 III) \u0428\u043a\u043e\u043b\u044b \u0445\u043e\u0440\u043e\u0432\u043e\u0433\u043e \u0438\u0441\u043a\u0443\u0441\u0441\u0442\u0432\u0430 \u041c\u044e\u043d\u0445\u0435\u043d\u0430<\/p><\/div>\n\t\t\t\t<\/div>\n\t\t\t\t\t\t\t<div class=\"elementor-accordion-item\">\n\t\t\t\t\t<div id=\"elementor-tab-title-15453\" class=\"elementor-tab-title\" data-tab=\"53\" role=\"button\" aria-controls=\"elementor-tab-content-15453\" aria-expanded=\"false\">\n\t\t\t\t\t\t\t\t\t\t\t\t\t<span class=\"elementor-accordion-icon elementor-accordion-icon-right\" aria-hidden=\"true\">\n\t\t\t\t\t\t\t\t\t\t\t\t\t\t\t<span class=\"elementor-accordion-icon-closed\"><svg class=\"e-font-icon-svg e-fas-plus\" viewbox=\"0 0 448 512\" xmlns=\"http:\/\/www.w3.org\/2000\/svg\"><path d=\"M416 208H272V64c0-17.67-14.33-32-32-32h-32c-17.67 0-32 14.33-32 32v144H32c-17.67 0-32 14.33-32 32v32c0 17.67 14.33 32 32 32h144v144c0 17.67 14.33 32 32 32h32c17.67 0 32-14.33 32-32V304h144c17.67 0 32-14.33 32-32v-32c0-17.67-14.33-32-32-32z\"><\/path><\/svg><\/span>\n\t\t\t\t\t\t\t\t<span class=\"elementor-accordion-icon-opened\"><svg class=\"e-font-icon-svg e-fas-minus\" viewbox=\"0 0 448 512\" xmlns=\"http:\/\/www.w3.org\/2000\/svg\"><path d=\"M416 208H32c-17.67 0-32 14.33-32 32v32c0 17.67 14.33 32 32 32h384c17.67 0 32-14.33 32-32v-32c0-17.67-14.33-32-32-32z\"><\/path><\/svg><\/span>\n\t\t\t\t\t\t\t\t\t\t\t\t\t\t<\/span>\n\t\t\t\t\t\t\t\t\t\t\t\t<a class=\"elementor-accordion-title\" tabindex=\"0\">Cassandra Steen \u2013 Die Weihnachtskonzert-Tournee 2018<\/a>\n\t\t\t\t\t<\/div>\n\t\t\t\t\t<div id=\"elementor-tab-content-15453\" class=\"elementor-tab-content elementor-clearfix\" data-tab=\"53\" role=\"region\" aria-labelledby=\"elementor-tab-title-15453\"><p><strong><b>03.12.2018,20:00\u00a0&#8211;\u00a022:00<\/b><\/strong><\/p><p>\u041a\u043e\u043d\u0446\u0435\u0440\u0442\u043d\u044b\u0439 \u0445\u043e\u0440 (\u0445\u043e\u0440 III) \u0428\u043a\u043e\u043b\u044b \u0445\u043e\u0440\u043e\u0432\u043e\u0433\u043e \u0438\u0441\u043a\u0443\u0441\u0441\u0442\u0432\u0430 \u041c\u044e\u043d\u0445\u0435\u043d\u0430<\/p><\/div>\n\t\t\t\t<\/div>\n\t\t\t\t\t\t\t<div class=\"elementor-accordion-item\">\n\t\t\t\t\t<div id=\"elementor-tab-title-15454\" class=\"elementor-tab-title\" data-tab=\"54\" role=\"button\" aria-controls=\"elementor-tab-content-15454\" aria-expanded=\"false\">\n\t\t\t\t\t\t\t\t\t\t\t\t\t<span class=\"elementor-accordion-icon elementor-accordion-icon-right\" aria-hidden=\"true\">\n\t\t\t\t\t\t\t\t\t\t\t\t\t\t\t<span class=\"elementor-accordion-icon-closed\"><svg class=\"e-font-icon-svg e-fas-plus\" viewbox=\"0 0 448 512\" xmlns=\"http:\/\/www.w3.org\/2000\/svg\"><path d=\"M416 208H272V64c0-17.67-14.33-32-32-32h-32c-17.67 0-32 14.33-32 32v144H32c-17.67 0-32 14.33-32 32v32c0 17.67 14.33 32 32 32h144v144c0 17.67 14.33 32 32 32h32c17.67 0 32-14.33 32-32V304h144c17.67 0 32-14.33 32-32v-32c0-17.67-14.33-32-32-32z\"><\/path><\/svg><\/span>\n\t\t\t\t\t\t\t\t<span class=\"elementor-accordion-icon-opened\"><svg class=\"e-font-icon-svg e-fas-minus\" viewbox=\"0 0 448 512\" xmlns=\"http:\/\/www.w3.org\/2000\/svg\"><path d=\"M416 208H32c-17.67 0-32 14.33-32 32v32c0 17.67 14.33 32 32 32h384c17.67 0 32-14.33 32-32v-32c0-17.67-14.33-32-32-32z\"><\/path><\/svg><\/span>\n\t\t\t\t\t\t\t\t\t\t\t\t\t\t<\/span>\n\t\t\t\t\t\t\t\t\t\t\t\t<a class=\"elementor-accordion-title\" tabindex=\"0\">World Peace Choral Festival Wien 2018<\/a>\n\t\t\t\t\t<\/div>\n\t\t\t\t\t<div id=\"elementor-tab-content-15454\" class=\"elementor-tab-content elementor-clearfix\" data-tab=\"54\" role=\"region\" aria-labelledby=\"elementor-tab-title-15454\"><p><strong><b>25.07.2018\u00a0&#8211;\u00a030.07.2018<\/b><\/strong><\/p><p>Konzertchor (Chor III) der Schule f\u00fcr Chorkunst M\u00fcnchen.<\/p><\/div>\n\t\t\t\t<\/div>\n\t\t\t\t\t\t\t<div class=\"elementor-accordion-item\">\n\t\t\t\t\t<div id=\"elementor-tab-title-15455\" class=\"elementor-tab-title\" data-tab=\"55\" role=\"button\" aria-controls=\"elementor-tab-content-15455\" aria-expanded=\"false\">\n\t\t\t\t\t\t\t\t\t\t\t\t\t<span class=\"elementor-accordion-icon elementor-accordion-icon-right\" aria-hidden=\"true\">\n\t\t\t\t\t\t\t\t\t\t\t\t\t\t\t<span class=\"elementor-accordion-icon-closed\"><svg class=\"e-font-icon-svg e-fas-plus\" viewbox=\"0 0 448 512\" xmlns=\"http:\/\/www.w3.org\/2000\/svg\"><path d=\"M416 208H272V64c0-17.67-14.33-32-32-32h-32c-17.67 0-32 14.33-32 32v144H32c-17.67 0-32 14.33-32 32v32c0 17.67 14.33 32 32 32h144v144c0 17.67 14.33 32 32 32h32c17.67 0 32-14.33 32-32V304h144c17.67 0 32-14.33 32-32v-32c0-17.67-14.33-32-32-32z\"><\/path><\/svg><\/span>\n\t\t\t\t\t\t\t\t<span class=\"elementor-accordion-icon-opened\"><svg class=\"e-font-icon-svg e-fas-minus\" viewbox=\"0 0 448 512\" xmlns=\"http:\/\/www.w3.org\/2000\/svg\"><path d=\"M416 208H32c-17.67 0-32 14.33-32 32v32c0 17.67 14.33 32 32 32h384c17.67 0 32-14.33 32-32v-32c0-17.67-14.33-32-32-32z\"><\/path><\/svg><\/span>\n\t\t\t\t\t\t\t\t\t\t\t\t\t\t<\/span>\n\t\t\t\t\t\t\t\t\t\t\t\t<a class=\"elementor-accordion-title\" tabindex=\"0\">BAYERISCHE STAATSOPER - \"ZEIG MIR DEINE WUNDER\"<\/a>\n\t\t\t\t\t<\/div>\n\t\t\t\t\t<div id=\"elementor-tab-content-15455\" class=\"elementor-tab-content elementor-clearfix\" data-tab=\"55\" role=\"region\" aria-labelledby=\"elementor-tab-title-15455\"><p><strong><b>01.07.2018, 19:30 Uhr<\/b><\/strong><\/p><p><strong><b>09.06.2018, 19:30 - 21:30<\/b><\/strong><\/p><p><strong><b>26.06.2018, 19:30 - 21:30<\/b><\/strong><\/p><p>\u0410\u043d\u0442\u0438-\u0441\u043f\u0430\u0441\u0438\u0442\u0435\u043b\u044c\u043d\u0430\u044f \u0438\u0441\u0442\u043e\u0440\u0438\u044f \u043c\u0443\u0437\u044b\u043a\u0430\u043b\u044c\u043d\u043e\u0433\u043e \u0442\u0435\u0430\u0442\u0440\u0430\u043b\u044c\u043d\u043e\u0433\u043e \u043a\u043e\u043b\u043b\u0435\u043a\u0442\u0438\u0432\u0430 HAUEN \u2219 UND \u2219 STECHEN \u0438 \u0411\u0430\u0432\u0430\u0440\u0441\u043a\u043e\u0439 \u0433\u043e\u0441\u0443\u0434\u0430\u0440\u0441\u0442\u0432\u0435\u043d\u043d\u043e\u0439 \u043e\u043f\u0435\u0440\u044b \u043f\u043e \u043c\u043e\u0442\u0438\u0432\u0430\u043c \u0444\u0430\u043d\u0442\u0430\u0441\u0442\u0438\u0447\u0435\u0441\u043a\u043e\u0439 \u043e\u043f\u0435\u0440\u044b \u041d\u0438\u043a\u043e\u043b\u0430\u044f \u0420\u0438\u043c\u0441\u043a\u043e\u0433\u043e-\u041a\u043e\u0440\u0441\u0430\u043a\u043e\u0432\u0430 \"\u0421\u043d\u0435\u0433\u0443\u0440\u043e\u0447\u043a\u0430\".<\/p><p>\u041a\u043e\u043d\u0446\u0435\u0440\u0442\u043d\u044b\u0439 \u0445\u043e\u0440 (\u0445\u043e\u0440 III) \u0428\u043a\u043e\u043b\u044b \u0445\u043e\u0440\u043e\u0432\u043e\u0433\u043e \u0438\u0441\u043a\u0443\u0441\u0441\u0442\u0432\u0430 \u041c\u044e\u043d\u0445\u0435\u043d\u0430<\/p><\/div>\n\t\t\t\t<\/div>\n\t\t\t\t\t\t\t<div class=\"elementor-accordion-item\">\n\t\t\t\t\t<div id=\"elementor-tab-title-15456\" class=\"elementor-tab-title\" data-tab=\"56\" role=\"button\" aria-controls=\"elementor-tab-content-15456\" aria-expanded=\"false\">\n\t\t\t\t\t\t\t\t\t\t\t\t\t<span class=\"elementor-accordion-icon elementor-accordion-icon-right\" aria-hidden=\"true\">\n\t\t\t\t\t\t\t\t\t\t\t\t\t\t\t<span class=\"elementor-accordion-icon-closed\"><svg class=\"e-font-icon-svg e-fas-plus\" viewbox=\"0 0 448 512\" xmlns=\"http:\/\/www.w3.org\/2000\/svg\"><path d=\"M416 208H272V64c0-17.67-14.33-32-32-32h-32c-17.67 0-32 14.33-32 32v144H32c-17.67 0-32 14.33-32 32v32c0 17.67 14.33 32 32 32h144v144c0 17.67 14.33 32 32 32h32c17.67 0 32-14.33 32-32V304h144c17.67 0 32-14.33 32-32v-32c0-17.67-14.33-32-32-32z\"><\/path><\/svg><\/span>\n\t\t\t\t\t\t\t\t<span class=\"elementor-accordion-icon-opened\"><svg class=\"e-font-icon-svg e-fas-minus\" viewbox=\"0 0 448 512\" xmlns=\"http:\/\/www.w3.org\/2000\/svg\"><path d=\"M416 208H32c-17.67 0-32 14.33-32 32v32c0 17.67 14.33 32 32 32h384c17.67 0 32-14.33 32-32v-32c0-17.67-14.33-32-32-32z\"><\/path><\/svg><\/span>\n\t\t\t\t\t\t\t\t\t\t\t\t\t\t<\/span>\n\t\t\t\t\t\t\t\t\t\t\t\t<a class=\"elementor-accordion-title\" tabindex=\"0\">Durch Gesang \u00fcbersetzen<\/a>\n\t\t\t\t\t<\/div>\n\t\t\t\t\t<div id=\"elementor-tab-content-15456\" class=\"elementor-tab-content elementor-clearfix\" data-tab=\"56\" role=\"region\" aria-labelledby=\"elementor-tab-title-15456\"><p>\u041c\u0435\u0436\u043a\u0443\u043b\u044c\u0442\u0443\u0440\u043d\u044b\u0439 \u0445\u043e\u0440\u043e\u0432\u043e\u0439 \u043a\u043e\u043d\u0446\u0435\u0440\u0442<\/p><p><strong><b>\u0414\u0435\u0442\u0441\u043a\u0438\u0435 \u0445\u043e\u0440\u044b \u041c\u044e\u043d\u0445\u0435\u043d\u0441\u043a\u043e\u0439 \u0448\u043a\u043e\u043b\u044b \u0445\u043e\u0440\u043e\u0432\u043e\u0433\u043e \u0438\u0441\u043a\u0443\u0441\u0441\u0442\u0432\u0430<\/b><\/strong><\/p><p><strong><b>\u041f\u043e\u043f\u0443\u043b\u044f\u0440\u043d\u044b\u0435 \u043c\u0435\u0436\u0434\u0443\u043d\u0430\u0440\u043e\u0434\u043d\u044b\u0435 \u0434\u0435\u0442\u0441\u043a\u0438\u0435 \u0438 \u043d\u0430\u0440\u043e\u0434\u043d\u044b\u0435 \u043f\u0435\u0441\u043d\u0438, \u0442\u0440\u0430\u0434\u0438\u0446\u0438\u043e\u043d\u043d\u044b\u0435 \u043c\u0435\u043b\u043e\u0434\u0438\u0438<\/b><\/strong><\/p><p><strong><b>\u0412 \u0420\u0410\u041c\u041a\u0410\u0425 \"\u0428\u041b\u0415\u0419\u0421\u0421\u0425\u0410\u0419\u041c\u0415\u0420 \u0424\u0420\u042e\u041b\u0418\u041d\u0413<\/b><\/strong><\/p><p><strong><b>\u0412\u043e\u0441\u043a\u0440\u0435\u0441\u0435\u043d\u044c\u0435, 15 \u0430\u043f\u0440\u0435\u043b\u044f 2018 \u0433\u043e\u0434\u0430, 14:30<\/b><\/strong><\/p><p><strong><b>\u0412\u0438\u043b\u044c\u0433\u0435\u043b\u044c\u043c\u0441\u043a\u0430\u043f\u0435\u043b\u043b\u0435 \u0432 \u0421\u0442\u0430\u0440\u043e\u043c \u0434\u0432\u043e\u0440\u0446\u0435,\u00a0<\/b><\/strong><strong><b>Maximilianshof 1, 85764 \u041e\u0431\u0435\u0440\u0448\u043b\u044f\u0439\u0441\u0445\u0430\u0439\u043c<\/b><\/strong><\/p><p><strong><b>Leitung: Maksim Matsiushenkau<\/b><\/strong><\/p><p><strong><b>\u0414\u0435\u0442\u0441\u043a\u0438\u0435 \u0445\u043e\u0440\u044b \u041c\u044e\u043d\u0445\u0435\u043d\u0441\u043a\u043e\u0439 \u0448\u043a\u043e\u043b\u044b \u0445\u043e\u0440\u043e\u0432\u043e\u0433\u043e \u0438\u0441\u043a\u0443\u0441\u0441\u0442\u0432\u0430<\/b><\/strong><\/p><p><strong>\u0421\u0443\u0431\u0431\u043e\u0442\u0430, 3 \u0444\u0435\u0432\u0440\u0430\u043b\u044f 2018 \u0433\u043e\u0434\u0430, 17:00<\/strong><\/p><p><strong>\u00a0<\/strong><\/p><p><strong>Sophiensaal \u041c\u044e\u043d\u0445\u0435\u043d <\/strong><\/p><p><strong>Sophienstrasse 6<\/strong><\/p><p><strong>80333 \u041c\u044e\u043d\u0445\u0435\u043d<\/strong><\/p><p><strong>\u0420\u0435\u0436\u0438\u0441\u0441\u0435\u0440: \u041c\u0430\u043a\u0441\u0438\u043c \u041c\u0430\u0442\u044e\u0448\u0435\u043d\u043a\u043e\u0432<\/strong><\/p><p><strong>\u0424\u043e\u0440\u0442\u0435\u043f\u0438\u0430\u043d\u043e: \u041c\u0430\u0440\u0438\u044f \u041a\u043e\u0431\u0440\u043e<\/strong><\/p><p><strong>\u0421\u043a\u0440\u0438\u043f\u043a\u0430: \u0412\u0438\u043a\u0442\u043e\u0440\u0438\u044f \u0414\u0432\u043e\u0441\u043a\u0438\u043d\u0430<\/strong><\/p><\/div>\n\t\t\t\t<\/div>\n\t\t\t\t\t\t\t<div class=\"elementor-accordion-item\">\n\t\t\t\t\t<div id=\"elementor-tab-title-15457\" class=\"elementor-tab-title\" data-tab=\"57\" role=\"button\" aria-controls=\"elementor-tab-content-15457\" aria-expanded=\"false\">\n\t\t\t\t\t\t\t\t\t\t\t\t\t<span class=\"elementor-accordion-icon elementor-accordion-icon-right\" aria-hidden=\"true\">\n\t\t\t\t\t\t\t\t\t\t\t\t\t\t\t<span class=\"elementor-accordion-icon-closed\"><svg class=\"e-font-icon-svg e-fas-plus\" viewbox=\"0 0 448 512\" xmlns=\"http:\/\/www.w3.org\/2000\/svg\"><path d=\"M416 208H272V64c0-17.67-14.33-32-32-32h-32c-17.67 0-32 14.33-32 32v144H32c-17.67 0-32 14.33-32 32v32c0 17.67 14.33 32 32 32h144v144c0 17.67 14.33 32 32 32h32c17.67 0 32-14.33 32-32V304h144c17.67 0 32-14.33 32-32v-32c0-17.67-14.33-32-32-32z\"><\/path><\/svg><\/span>\n\t\t\t\t\t\t\t\t<span class=\"elementor-accordion-icon-opened\"><svg class=\"e-font-icon-svg e-fas-minus\" viewbox=\"0 0 448 512\" xmlns=\"http:\/\/www.w3.org\/2000\/svg\"><path d=\"M416 208H32c-17.67 0-32 14.33-32 32v32c0 17.67 14.33 32 32 32h384c17.67 0 32-14.33 32-32v-32c0-17.67-14.33-32-32-32z\"><\/path><\/svg><\/span>\n\t\t\t\t\t\t\t\t\t\t\t\t\t\t<\/span>\n\t\t\t\t\t\t\t\t\t\t\t\t<a class=\"elementor-accordion-title\" tabindex=\"0\">Vicky Leandros \u2013 Die Weihnachtskonzert-Tournee 2017<\/a>\n\t\t\t\t\t<\/div>\n\t\t\t\t\t<div id=\"elementor-tab-content-15457\" class=\"elementor-tab-content elementor-clearfix\" data-tab=\"57\" role=\"region\" aria-labelledby=\"elementor-tab-title-15457\"><p><strong><b>22.12.2017, 20:00 - 22:00 \u0447\u0430\u0441\u043e\u0432<\/b><\/strong><\/p><p>\u041a\u043e\u043d\u0446\u0435\u0440\u0442\u043d\u044b\u0439 \u0445\u043e\u0440 (\u0445\u043e\u0440 III) \u0428\u043a\u043e\u043b\u044b \u0445\u043e\u0440\u043e\u0432\u043e\u0433\u043e \u0438\u0441\u043a\u0443\u0441\u0441\u0442\u0432\u0430 \u041c\u044e\u043d\u0445\u0435\u043d\u0430<\/p><\/div>\n\t\t\t\t<\/div>\n\t\t\t\t\t\t\t<div class=\"elementor-accordion-item\">\n\t\t\t\t\t<div id=\"elementor-tab-title-15458\" class=\"elementor-tab-title\" data-tab=\"58\" role=\"button\" aria-controls=\"elementor-tab-content-15458\" aria-expanded=\"false\">\n\t\t\t\t\t\t\t\t\t\t\t\t\t<span class=\"elementor-accordion-icon elementor-accordion-icon-right\" aria-hidden=\"true\">\n\t\t\t\t\t\t\t\t\t\t\t\t\t\t\t<span class=\"elementor-accordion-icon-closed\"><svg class=\"e-font-icon-svg e-fas-plus\" viewbox=\"0 0 448 512\" xmlns=\"http:\/\/www.w3.org\/2000\/svg\"><path d=\"M416 208H272V64c0-17.67-14.33-32-32-32h-32c-17.67 0-32 14.33-32 32v144H32c-17.67 0-32 14.33-32 32v32c0 17.67 14.33 32 32 32h144v144c0 17.67 14.33 32 32 32h32c17.67 0 32-14.33 32-32V304h144c17.67 0 32-14.33 32-32v-32c0-17.67-14.33-32-32-32z\"><\/path><\/svg><\/span>\n\t\t\t\t\t\t\t\t<span class=\"elementor-accordion-icon-opened\"><svg class=\"e-font-icon-svg e-fas-minus\" viewbox=\"0 0 448 512\" xmlns=\"http:\/\/www.w3.org\/2000\/svg\"><path d=\"M416 208H32c-17.67 0-32 14.33-32 32v32c0 17.67 14.33 32 32 32h384c17.67 0 32-14.33 32-32v-32c0-17.67-14.33-32-32-32z\"><\/path><\/svg><\/span>\n\t\t\t\t\t\t\t\t\t\t\t\t\t\t<\/span>\n\t\t\t\t\t\t\t\t\t\t\t\t<a class=\"elementor-accordion-title\" tabindex=\"0\">Zauberhafte Chorkl\u00e4nge zur Adventszei<\/a>\n\t\t\t\t\t<\/div>\n\t\t\t\t\t<div id=\"elementor-tab-content-15458\" class=\"elementor-tab-content elementor-clearfix\" data-tab=\"58\" role=\"region\" aria-labelledby=\"elementor-tab-title-15458\"><p><strong>\u0414\u0435\u0442\u0441\u043a\u0438\u0435 \u0445\u043e\u0440\u044b \u041c\u044e\u043d\u0445\u0435\u043d\u0441\u043a\u043e\u0439 \u0448\u043a\u043e\u043b\u044b \u0445\u043e\u0440\u043e\u0432\u043e\u0433\u043e \u0438\u0441\u043a\u0443\u0441\u0441\u0442\u0432\u0430<\/strong><\/p><p>\u0412\u043e\u0441\u043a\u0440\u0435\u0441\u0435\u043d\u044c\u0435, 12 \u0434\u0435\u043a\u0430\u0431\u0440\u044f 2017 \u0433\u043e\u0434\u0430, 17:00<\/p><p>\u0415\u0432\u0430\u043d\u0433\u0435\u043b\u0438\u0447\u0435\u0441\u043a\u0430\u044f \u0446\u0435\u0440\u043a\u043e\u0432\u044c \u0414\u043e\u0431\u0440\u043e\u0433\u043e \u043f\u0430\u0441\u0442\u044b\u0440\u044f<\/p><p>Eichendorffstrasse 2<\/p><p>84503 Alt\u00f6tting<\/p><p>Leitung: Maksim Matsiushenkau<\/p><\/div>\n\t\t\t\t<\/div>\n\t\t\t\t\t\t\t<div class=\"elementor-accordion-item\">\n\t\t\t\t\t<div id=\"elementor-tab-title-15459\" class=\"elementor-tab-title\" data-tab=\"59\" role=\"button\" aria-controls=\"elementor-tab-content-15459\" aria-expanded=\"false\">\n\t\t\t\t\t\t\t\t\t\t\t\t\t<span class=\"elementor-accordion-icon elementor-accordion-icon-right\" aria-hidden=\"true\">\n\t\t\t\t\t\t\t\t\t\t\t\t\t\t\t<span class=\"elementor-accordion-icon-closed\"><svg class=\"e-font-icon-svg e-fas-plus\" viewbox=\"0 0 448 512\" xmlns=\"http:\/\/www.w3.org\/2000\/svg\"><path d=\"M416 208H272V64c0-17.67-14.33-32-32-32h-32c-17.67 0-32 14.33-32 32v144H32c-17.67 0-32 14.33-32 32v32c0 17.67 14.33 32 32 32h144v144c0 17.67 14.33 32 32 32h32c17.67 0 32-14.33 32-32V304h144c17.67 0 32-14.33 32-32v-32c0-17.67-14.33-32-32-32z\"><\/path><\/svg><\/span>\n\t\t\t\t\t\t\t\t<span class=\"elementor-accordion-icon-opened\"><svg class=\"e-font-icon-svg e-fas-minus\" viewbox=\"0 0 448 512\" xmlns=\"http:\/\/www.w3.org\/2000\/svg\"><path d=\"M416 208H32c-17.67 0-32 14.33-32 32v32c0 17.67 14.33 32 32 32h384c17.67 0 32-14.33 32-32v-32c0-17.67-14.33-32-32-32z\"><\/path><\/svg><\/span>\n\t\t\t\t\t\t\t\t\t\t\t\t\t\t<\/span>\n\t\t\t\t\t\t\t\t\t\t\t\t<a class=\"elementor-accordion-title\" tabindex=\"0\">I SUONI INCANTEVOLI<\/a>\n\t\t\t\t\t<\/div>\n\t\t\t\t\t<div id=\"elementor-tab-content-15459\" class=\"elementor-tab-content elementor-clearfix\" data-tab=\"59\" role=\"region\" aria-labelledby=\"elementor-tab-title-15459\"><p>\u0421\u0423\u0411\u0411\u041e\u0422\u0410, 27 \u043c\u0430\u044f 2017 - \u0432\u0441\u0435 15:00<\/p><p>\u0426\u0415\u0420\u041a\u041e\u0412\u042c \u0421\u0410\u041d-\u041b\u0415\u041e\u041d\u0410\u0420\u0414\u041e<\/p><p>Piazza San Leonardo 9, \u041c\u0430\u043d\u0442\u043e\u0432\u0430, \u0418\u0442\u0430\u043b\u0438\u044f<\/p><p>Direttore: Maksim Matsiushenkau<\/p><p>\u0412 \u043f\u0440\u043e\u0433\u0440\u0430\u043c\u043c\u0435: \u041f\u0415\u0421\u041d\u0418 \u0414\u041b\u042f \u0414\u0415\u0422\u0415\u0419,<\/p><p>\u0418\u041d\u0422\u0415\u0420\u041d\u0410\u0426\u0418\u041e\u041d\u0410\u041b\u042c\u041d\u042b\u0415 \u0418 \u041f\u041e\u041f\u0423\u041b\u042f\u0420\u041d\u042b\u0415, \u0422\u0420\u0410\u0414\u0418\u0426\u0418\u041e\u041d\u041d\u042b\u0415 \u041c\u0415\u041b\u041e\u0414\u0418\u0418<\/p><\/div>\n\t\t\t\t<\/div>\n\t\t\t\t\t\t\t\t<\/div>\n\t\t\t\t\t\t<\/div>\n\t\t\t\t<\/div>\n\t\t\t\t\t<\/div>\n\t\t<\/div>\n\t\t\t\t\t<\/div>\n\t\t<\/section>\n\t\t\t\t\t<\/div>\n\t\t<\/div>\n\t\t\t\t\t<\/div>\n\t\t<\/section>\n\t\t\t\t<section class=\"elementor-section elementor-top-section elementor-element elementor-element-08b6bc7 elementor-section-boxed elementor-section-height-default elementor-section-height-default\" data-id=\"08b6bc7\" data-element_type=\"section\" data-settings=\"{&quot;background_background&quot;:&quot;classic&quot;}\">\n\t\t\t\t\t\t\t<div class=\"elementor-background-overlay\"><\/div>\n\t\t\t\t\t\t\t<div class=\"elementor-container elementor-column-gap-default\">\n\t\t\t\t\t<div class=\"elementor-column elementor-col-100 elementor-top-column elementor-element elementor-element-3b53842\" data-id=\"3b53842\" data-element_type=\"column\" data-settings=\"{&quot;background_background&quot;:&quot;classic&quot;}\">\n\t\t\t<div class=\"elementor-widget-wrap elementor-element-populated\">\n\t\t\t\t\t\t<div class=\"elementor-element elementor-element-b9a0c11 elementor-widget elementor-widget-menu-anchor\" data-id=\"b9a0c11\" data-element_type=\"widget\" data-widget_type=\"menu-anchor.default\">\n\t\t\t\t<div class=\"elementor-widget-container\">\n\t\t\t\t\t\t\t<div class=\"elementor-menu-anchor\" id=\"zumcasting\"><\/div>\n\t\t\t\t\t\t<\/div>\n\t\t\t\t<\/div>\n\t\t\t\t<div class=\"elementor-element elementor-element-8f788c1 elementor-widget elementor-widget-heading\" data-id=\"8f788c1\" data-element_type=\"widget\" data-widget_type=\"heading.default\">\n\t\t\t\t<div class=\"elementor-widget-container\">\n\t\t\t\t\t<h2 class=\"elementor-heading-title elementor-size-default\">\u0423 \u0432\u0430\u0441 \u0435\u0441\u0442\u044c \u0432\u043e\u043f\u0440\u043e\u0441\u044b \u043e \u043d\u0430\u0448\u0438\u0445 \u043f\u0440\u0435\u0434\u044b\u0434\u0443\u0449\u0438\u0445 \u043a\u043e\u043d\u0446\u0435\u0440\u0442\u0430\u0445 \u0438\u043b\u0438 \u0432\u044b \u0445\u043e\u0442\u0438\u0442\u0435 \u0443\u0437\u043d\u0430\u0442\u044c \u043e \u043f\u0440\u0435\u0434\u0441\u0442\u043e\u044f\u0449\u0438\u0445 \u043a\u043e\u043d\u0446\u0435\u0440\u0442\u0430\u0445? \u041d\u0435 \u0441\u0442\u0435\u0441\u043d\u044f\u0439\u0442\u0435\u0441\u044c, \u0437\u0432\u043e\u043d\u0438\u0442\u0435 \u043d\u0430\u043c \u043f\u043e \u0442\u0435\u043b.<\/h2>\t\t\t\t<\/div>\n\t\t\t\t<\/div>\n\t\t\t\t<div class=\"elementor-element elementor-element-b8a5bf1 elementor-mobile-align-center elementor-align-center elementor-widget elementor-widget-button\" data-id=\"b8a5bf1\" data-element_type=\"widget\" data-widget_type=\"button.default\">\n\t\t\t\t<div class=\"elementor-widget-container\">\n\t\t\t\t\t\t\t\t\t<div class=\"elementor-button-wrapper\">\n\t\t\t\t\t<a class=\"elementor-button elementor-button-link elementor-size-sm\" href=\"tel:+498912597793\">\n\t\t\t\t\t\t<span class=\"elementor-button-content-wrapper\">\n\t\t\t\t\t\t\t\t\t<span class=\"elementor-button-text\">08912 597793<\/span>\n\t\t\t\t\t<\/span>\n\t\t\t\t\t<\/a>\n\t\t\t\t<\/div>\n\t\t\t\t\t\t\t\t<\/div>\n\t\t\t\t<\/div>\n\t\t\t\t\t<\/div>\n\t\t<\/div>\n\t\t\t\t\t<\/div>\n\t\t<\/section>\n\t\t\t\t<\/div>","protected":false},"excerpt":{"rendered":"<p>Geplante und vergangene Konzerte unserer Kinderch\u00f6re in M\u00fcnchen und Umgebung Auf dieser Seite finden Sie einen detaillierten \u00dcberblick \u00fcber alle vergangenen und geplanten Konzerte unserer Kinderch\u00f6re. Haben Sie Fragen zu einzelnen Veranstaltungen? Z\u00f6gern Sie nicht, uns direkt anzurufen. 08912 597793 Anstehende Konzertveranstaltungen Konzertreise nach China: Konzert in der Tianjin Concert Hall 24. Mai 2026, 19 [&hellip;]<\/p>","protected":false},"author":4,"featured_media":0,"parent":0,"menu_order":0,"comment_status":"closed","ping_status":"closed","template":"","meta":{"footnotes":""},"class_list":["post-2433","page","type-page","status-publish","hentry"],"yoast_head":"<!-- This site is optimized with the Yoast SEO plugin v19.2 - https:\/\/yoast.com\/wordpress\/plugins\/seo\/ -->\n<title>Konzertchor | M\u00fcnchen und Umgebung | Schule f\u00fcr Chorkunst<\/title>\n<meta name=\"description\" content=\"Der Konzertchor der Schule f\u00fcr Chorkunst M\u00fcnchen ist regelm\u00e4\u00dfig an Konzerten und Events in M\u00fcnchen und Umgebung beteiligt. Aktuelle Termine finden Sie hier.\" \/>\n<meta name=\"robots\" content=\"index, follow, max-snippet:-1, max-image-preview:large, max-video-preview:-1\" \/>\n<link rel=\"canonical\" href=\"https:\/\/chorkunst.de\/ru\/konzerte\/\" \/>\n<meta property=\"og:locale\" content=\"ru_RU\" \/>\n<meta property=\"og:type\" content=\"article\" \/>\n<meta property=\"og:title\" content=\"Konzertchor | M\u00fcnchen und Umgebung | Schule f\u00fcr Chorkunst\" \/>\n<meta property=\"og:description\" content=\"Der Konzertchor der Schule f\u00fcr Chorkunst M\u00fcnchen ist regelm\u00e4\u00dfig an Konzerten und Events in M\u00fcnchen und Umgebung beteiligt. Aktuelle Termine finden Sie hier.\" \/>\n<meta property=\"og:url\" content=\"https:\/\/chorkunst.de\/ru\/konzerte\/\" \/>\n<meta property=\"og:site_name\" content=\"Schule f\u00fcr Chorkunst M\u00fcnchen\" \/>\n<meta property=\"article:modified_time\" content=\"2026-01-25T19:45:39+00:00\" \/>\n<meta property=\"og:image\" content=\"https:\/\/chorkunst.de\/wp-content\/uploads\/2024\/02\/GI_Logo_horizontal_green-300x140.jpg\" \/>\n<meta name=\"author\" content=\"design\" \/>\n<meta name=\"twitter:card\" content=\"summary_large_image\" \/>\n<meta name=\"twitter:label1\" content=\"\u041f\u0440\u0438\u043c\u0435\u0440\u043d\u043e\u0435 \u0432\u0440\u0435\u043c\u044f \u0434\u043b\u044f \u0447\u0442\u0435\u043d\u0438\u044f\" \/>\n\t<meta name=\"twitter:data1\" content=\"12 \u043c\u0438\u043d\u0443\u0442\" \/>\n<script type=\"application\/ld+json\" class=\"yoast-schema-graph\">{\"@context\":\"https:\/\/schema.org\",\"@graph\":[{\"@type\":\"WebSite\",\"@id\":\"https:\/\/chorkunst.de\/#website\",\"url\":\"https:\/\/chorkunst.de\/\",\"name\":\"Schule f\u00fcr Chorkunst M\u00fcnchen\",\"description\":\"\",\"potentialAction\":[{\"@type\":\"SearchAction\",\"target\":{\"@type\":\"EntryPoint\",\"urlTemplate\":\"https:\/\/chorkunst.de\/?s={search_term_string}\"},\"query-input\":\"required name=search_term_string\"}],\"inLanguage\":\"ru-RU\"},{\"@type\":\"ImageObject\",\"inLanguage\":\"ru-RU\",\"@id\":\"https:\/\/chorkunst.de\/konzerte\/#primaryimage\",\"url\":\"https:\/\/chorkunst.de\/wp-content\/uploads\/2024\/02\/GI_Logo_horizontal_green.jpg\",\"contentUrl\":\"https:\/\/chorkunst.de\/wp-content\/uploads\/2024\/02\/GI_Logo_horizontal_green.jpg\",\"width\":1413,\"height\":661},{\"@type\":\"WebPage\",\"@id\":\"https:\/\/chorkunst.de\/konzerte\/#webpage\",\"url\":\"https:\/\/chorkunst.de\/konzerte\/\",\"name\":\"Konzertchor | M\u00fcnchen und Umgebung | Schule f\u00fcr Chorkunst\",\"isPartOf\":{\"@id\":\"https:\/\/chorkunst.de\/#website\"},\"primaryImageOfPage\":{\"@id\":\"https:\/\/chorkunst.de\/konzerte\/#primaryimage\"},\"datePublished\":\"2022-07-12T11:03:35+00:00\",\"dateModified\":\"2026-01-25T19:45:39+00:00\",\"description\":\"Der Konzertchor der Schule f\u00fcr Chorkunst M\u00fcnchen ist regelm\u00e4\u00dfig an Konzerten und Events in M\u00fcnchen und Umgebung beteiligt. Aktuelle Termine finden Sie hier.\",\"breadcrumb\":{\"@id\":\"https:\/\/chorkunst.de\/konzerte\/#breadcrumb\"},\"inLanguage\":\"ru-RU\",\"potentialAction\":[{\"@type\":\"ReadAction\",\"target\":[\"https:\/\/chorkunst.de\/konzerte\/\"]}]},{\"@type\":\"BreadcrumbList\",\"@id\":\"https:\/\/chorkunst.de\/konzerte\/#breadcrumb\",\"itemListElement\":[{\"@type\":\"ListItem\",\"position\":1,\"name\":\"Startseite\",\"item\":\"https:\/\/chorkunst.de\/\"},{\"@type\":\"ListItem\",\"position\":2,\"name\":\"Konzerte\"}]}]}<\/script>\n<!-- \/ Yoast SEO plugin. -->","yoast_head_json":{"title":"Konzertchor | M\u00fcnchen und Umgebung | Schule f\u00fcr Chorkunst","description":"Der Konzertchor der Schule f\u00fcr Chorkunst M\u00fcnchen ist regelm\u00e4\u00dfig an Konzerten und Events in M\u00fcnchen und Umgebung beteiligt. Aktuelle Termine finden Sie hier.","robots":{"index":"index","follow":"follow","max-snippet":"max-snippet:-1","max-image-preview":"max-image-preview:large","max-video-preview":"max-video-preview:-1"},"canonical":"https:\/\/chorkunst.de\/ru\/konzerte\/","og_locale":"ru_RU","og_type":"article","og_title":"Konzertchor | M\u00fcnchen und Umgebung | Schule f\u00fcr Chorkunst","og_description":"Der Konzertchor der Schule f\u00fcr Chorkunst M\u00fcnchen ist regelm\u00e4\u00dfig an Konzerten und Events in M\u00fcnchen und Umgebung beteiligt. Aktuelle Termine finden Sie hier.","og_url":"https:\/\/chorkunst.de\/ru\/konzerte\/","og_site_name":"Schule f\u00fcr Chorkunst M\u00fcnchen","article_modified_time":"2026-01-25T19:45:39+00:00","og_image":[{"url":"https:\/\/chorkunst.de\/wp-content\/uploads\/2024\/02\/GI_Logo_horizontal_green-300x140.jpg"}],"author":"design","twitter_card":"summary_large_image","twitter_misc":{"\u041f\u0440\u0438\u043c\u0435\u0440\u043d\u043e\u0435 \u0432\u0440\u0435\u043c\u044f \u0434\u043b\u044f \u0447\u0442\u0435\u043d\u0438\u044f":"12 \u043c\u0438\u043d\u0443\u0442"},"schema":{"@context":"https:\/\/schema.org","@graph":[{"@type":"WebSite","@id":"https:\/\/chorkunst.de\/#website","url":"https:\/\/chorkunst.de\/","name":"Schule f\u00fcr Chorkunst M\u00fcnchen","description":"","potentialAction":[{"@type":"SearchAction","target":{"@type":"EntryPoint","urlTemplate":"https:\/\/chorkunst.de\/?s={search_term_string}"},"query-input":"required name=search_term_string"}],"inLanguage":"ru-RU"},{"@type":"ImageObject","inLanguage":"ru-RU","@id":"https:\/\/chorkunst.de\/konzerte\/#primaryimage","url":"https:\/\/chorkunst.de\/wp-content\/uploads\/2024\/02\/GI_Logo_horizontal_green.jpg","contentUrl":"https:\/\/chorkunst.de\/wp-content\/uploads\/2024\/02\/GI_Logo_horizontal_green.jpg","width":1413,"height":661},{"@type":"WebPage","@id":"https:\/\/chorkunst.de\/konzerte\/#webpage","url":"https:\/\/chorkunst.de\/konzerte\/","name":"Konzertchor | M\u00fcnchen und Umgebung | Schule f\u00fcr Chorkunst","isPartOf":{"@id":"https:\/\/chorkunst.de\/#website"},"primaryImageOfPage":{"@id":"https:\/\/chorkunst.de\/konzerte\/#primaryimage"},"datePublished":"2022-07-12T11:03:35+00:00","dateModified":"2026-01-25T19:45:39+00:00","description":"Der Konzertchor der Schule f\u00fcr Chorkunst M\u00fcnchen ist regelm\u00e4\u00dfig an Konzerten und Events in M\u00fcnchen und Umgebung beteiligt. Aktuelle Termine finden Sie hier.","breadcrumb":{"@id":"https:\/\/chorkunst.de\/konzerte\/#breadcrumb"},"inLanguage":"ru-RU","potentialAction":[{"@type":"ReadAction","target":["https:\/\/chorkunst.de\/konzerte\/"]}]},{"@type":"BreadcrumbList","@id":"https:\/\/chorkunst.de\/konzerte\/#breadcrumb","itemListElement":[{"@type":"ListItem","position":1,"name":"Startseite","item":"https:\/\/chorkunst.de\/"},{"@type":"ListItem","position":2,"name":"Konzerte"}]}]}},"_links":{"self":[{"href":"https:\/\/chorkunst.de\/ru\/wp-json\/wp\/v2\/pages\/2433","targetHints":{"allow":["GET"]}}],"collection":[{"href":"https:\/\/chorkunst.de\/ru\/wp-json\/wp\/v2\/pages"}],"about":[{"href":"https:\/\/chorkunst.de\/ru\/wp-json\/wp\/v2\/types\/page"}],"author":[{"embeddable":true,"href":"https:\/\/chorkunst.de\/ru\/wp-json\/wp\/v2\/users\/4"}],"replies":[{"embeddable":true,"href":"https:\/\/chorkunst.de\/ru\/wp-json\/wp\/v2\/comments?post=2433"}],"version-history":[{"count":0,"href":"https:\/\/chorkunst.de\/ru\/wp-json\/wp\/v2\/pages\/2433\/revisions"}],"wp:attachment":[{"href":"https:\/\/chorkunst.de\/ru\/wp-json\/wp\/v2\/media?parent=2433"}],"curies":[{"name":"wp","href":"https:\/\/api.w.org\/{rel}","templated":true}]}}